{"version":"1.0","provider_name":"Exportaci\u00f3n del Caribe","provider_url":"https:\/\/content.carib-export.com\/es\/","author_name":"Shari Pollard-Payne","author_url":"https:\/\/content.carib-export.com\/es\/author\/shari\/","title":"Consultor\u00eda: Responsable T\u00e9cnico - Innovaci\u00f3n Social y Digital UE-ALC","type":"rich","width":600,"height":338,"html":"<blockquote class=\"wp-embedded-content\" data-secret=\"eR9Hs66pfa\"><a href=\"https:\/\/content.carib-export.com\/es\/opportunities\/consultancy-eu-lac-technical-officer\/\">Consultor\u00eda: Responsable T\u00e9cnico &#8211; Innovaci\u00f3n Social y Digital UE-ALC<\/a><\/blockquote><iframe sandbox=\"allow-scripts\" security=\"restricted\" src=\"https:\/\/content.carib-export.com\/es\/opportunities\/consultancy-eu-lac-technical-officer\/embed\/#?secret=eR9Hs66pfa\" width=\"600\" height=\"338\" title=\"\u00abConsultor\u00eda: Responsable T\u00e9cnico &#8211; Innovaci\u00f3n Social y Digital UE-ALC\u00bb \u2014 Exportaci\u00f3n del Caribe\" data-secret=\"eR9Hs66pfa\" frameborder=\"0\" marginwidth=\"0\" marginheight=\"0\" scrolling=\"no\" class=\"wp-embedded-content\"><\/iframe><script>\n\/*! This file is auto-generated *\/\n!function(d,l){\"use strict\";l.querySelector&&d.addEventListener&&\"undefined\"!=typeof URL&&(d.wp=d.wp||{},d.wp.receiveEmbedMessage||(d.wp.receiveEmbedMessage=function(e){var t=e.data;if((t||t.secret||t.message||t.value)&&!\/[^a-zA-Z0-9]\/.test(t.secret)){for(var s,r,n,a=l.querySelectorAll('iframe[data-secret=\"'+t.secret+'\"]'),o=l.querySelectorAll('blockquote[data-secret=\"'+t.secret+'\"]'),c=new RegExp(\"^https?:$\",\"i\"),i=0;i<o.length;i++)o[i].style.display=\"none\";for(i=0;i<a.length;i++)s=a[i],e.source===s.contentWindow&&(s.removeAttribute(\"style\"),\"height\"===t.message?(1e3<(r=parseInt(t.value,10))?r=1e3:~~r<200&&(r=200),s.height=r):\"link\"===t.message&&(r=new URL(s.getAttribute(\"src\")),n=new URL(t.value),c.test(n.protocol))&&n.host===r.host&&l.activeElement===s&&(d.top.location.href=t.value))}},d.addEventListener(\"message\",d.wp.receiveEmbedMessage,!1),l.addEventListener(\"DOMContentLoaded\",function(){for(var e,t,s=l.querySelectorAll(\"iframe.wp-embedded-content\"),r=0;r<s.length;r++)(t=(e=s[r]).getAttribute(\"data-secret\"))||(t=Math.random().toString(36).substring(2,12),e.src+=\"#?secret=\"+t,e.setAttribute(\"data-secret\",t)),e.contentWindow.postMessage({message:\"ready\",secret:t},\"*\")},!1)))}(window,document);\n\/\/# sourceURL=https:\/\/content.carib-export.com\/wp-includes\/js\/wp-embed.min.js\n<\/script>\n","thumbnail_url":"https:\/\/content.carib-export.com\/wp-content\/uploads\/2025\/03\/Website-Hero-Image-1-1-1024x576.png","thumbnail_width":600,"thumbnail_height":338,"description":"El Oficial T\u00e9cnico - Innovaci\u00f3n Social y Digital UE-ALC es responsable de apoyar la implementaci\u00f3n de programas de innovaci\u00f3n social y digital que promuevan asociaciones interregionales entre la Uni\u00f3n Europea, Am\u00e9rica Latina y el Caribe (UE-ALC), as\u00ed como otras iniciativas relevantes dentro de la cartera de Caribbean Export. La funci\u00f3n se centra en promover la innovaci\u00f3n social, la transformaci\u00f3n digital y el desarrollo econ\u00f3mico inclusivo en el Caribe. El Oficial desempe\u00f1a un papel operativo fundamental para garantizar la ejecuci\u00f3n oportuna y eficaz de los programas UE-ALC en los que Caribbean Export es socio ejecutor, con responsabilidades que abarcan la coordinaci\u00f3n de las intervenciones a nivel nacional, la gesti\u00f3n de las actividades regionales y el apoyo a las partes interesadas del proyecto."}