{"id":317755,"date":"2024-01-24T09:51:56","date_gmt":"2024-01-24T13:51:56","guid":{"rendered":"https:\/\/content.carib-export.com\/events\/webinar-for-business-accelerators-in-brazil-and-the-caribbean-region-explore-how-eu-lac-digital-accelerator-can-complement-your-services-to-startups-europe-latin-america-and-caribbean-connection\/"},"modified":"2024-01-25T11:46:59","modified_gmt":"2024-01-25T15:46:59","slug":"webinar-for-business-accelerators-in-brazil-and-the-caribbean-region-explore-how-eu-lac-digital-accelerator-can-complement-your-services-to-startups-europe-latin-america-and-caribbean-connection","status":"publish","type":"events","link":"https:\/\/content.carib-export.com\/es\/events\/webinar-for-business-accelerators-in-brazil-and-the-caribbean-region-explore-how-eu-lac-digital-accelerator-can-complement-your-services-to-startups-europe-latin-america-and-caribbean-connection\/","title":{"rendered":"Webinar para aceleradores de negocios en Brasil y la regi\u00f3n del Caribe: Explore c\u00f3mo EU-LAC Digital Accelerator puede complementar sus servicios a startups, Europa, Am\u00e9rica Latina y conexi\u00f3n con el Caribe."},"content":{"rendered":"\n<p>EU-LAC Digital Accelerator y Caribbean Export le invitan a nuestro pr\u00f3ximo webinar dirigido a Aceleradores de Negocio con sede en la regi\u00f3n del Caribe y pa\u00edses latinoamericanos no espa\u00f1oles: <strong>\u00bbExplore c\u00f3mo EU-LAC Digital Accelerator puede complementar sus servicios a startups: Conexi\u00f3n Europa, Am\u00e9rica Latina y Caribe\u00bb<\/strong>que se celebrar\u00e1 el jueves 2 de<sup>nd<\/sup> febrero de 2024, de 16.30 a 17.30 CET. (de 11.30 a 12.30, hora caribe\u00f1a). Esta sesi\u00f3n se impartir\u00e1 en ingl\u00e9s.<\/p>\n\n<p>Este evento es una gran oportunidad para encontrar <strong>oportunidades \u00fanicas e innovadoras para las PYME y las nuevas empresas apoyadas por su Acelerador de Empresas, para asociarse con empresas de Europa, Am\u00e9rica Latina y el Caribe.<\/strong><\/p>\n\n<p>En esta sesi\u00f3n en l\u00ednea, los Aceleradores de Empresas se familiarizar\u00e1n con el Acelerador Digital UE-ALC, una iniciativa que conecta los retos corporativos con las capacidades de start-ups y PYMEs innovadoras generando y acelerando Asociaciones UE-ALC. Representantes del proyecto subir\u00e1n al escenario y presentar\u00e1n sus retos corporativos de transformaci\u00f3n digital y compartir\u00e1n oportunidades para proyectos de colaboraci\u00f3n, respondiendo a las preguntas del p\u00fablico.<\/p>\n\n<p><a href=\"https:\/\/us06web.zoom.us\/meeting\/register\/tZcqduqgqT0qH9e8brCVV6VU_RKsan-Ph2bX\" target=\"_blank\" rel=\"noreferrer noopener\"><strong>\u00danete a nosotros<\/strong><\/a><strong> \u00a1para complementar la oferta de servicios a tus startups, conociendo retos dispuestos a asociarse con startups de tu regi\u00f3n!<\/strong><\/p>\n\n<p><a href=\"https:\/\/eulacdigitalaccelerator.com\/event\/explore-how-eu-lac-digital-accelerator-can-complement-your-services-to-startups-europe-latinamerica-and-caribbean-conection\/\" target=\"_blank\" rel=\"noreferrer noopener\">M\u00e1s informaci\u00f3n.<\/a><em> <\/em><\/p>\n\n<p><a href=\"https:\/\/us06web.zoom.us\/meeting\/register\/tZcqduqgqT0qH9e8brCVV6VU_RKsan-Ph2bX\" target=\"_blank\" rel=\"noreferrer noopener\">Reg\u00edstrese ahora.<\/a><\/p>\n","protected":false},"excerpt":{"rendered":"<p>EU-LAC Digital Accelerator y Caribbean Export le invitan a nuestro pr\u00f3ximo webinar dirigido a Aceleradores de Negocio con sede en la regi\u00f3n del Caribe y pa\u00edses latinoamericanos no espa\u00f1oles: \u00bbExplore c\u00f3mo EU-LAC Digital Accelerator puede complementar sus servicios a startups: Conexi\u00f3n Europa, Am\u00e9rica Latina y Caribe\u00bbque se celebrar\u00e1 el jueves 2 dend febrero de 2024, [&hellip;]<\/p>\n","protected":false},"author":26,"featured_media":317721,"menu_order":0,"template":"","tags":[],"class_list":["post-317755","events","type-events","status-publish","has-post-thumbnail","hentry"],"acf":[],"yoast_head":"<!-- This site is optimized with the Yoast SEO plugin v27.1.1 - https:\/\/yoast.com\/product\/yoast-seo-wordpress\/ -->\n<title>Webinar para aceleradores de negocios en Brasil y la regi\u00f3n del Caribe: Explore c\u00f3mo EU-LAC Digital Accelerator puede complementar sus servicios a startups, Europa, Am\u00e9rica Latina y conexi\u00f3n con el Caribe. - nombre del Exportaci\u00f3n del Caribe<\/title>\n<meta name=\"description\" content=\"EU-LAC Digital Accelerator y Caribbean Export le invitan a nuestro pr\u00f3ximo webinar dirigido a Aceleradoras de Empresas con sede en la regi\u00f3n del Caribe y pa\u00edses latinoamericanos no espa\u00f1oles: &#039;&#039;Explore c\u00f3mo EU-LAC Digital Accelerator puede complementar sus servicios a startups: Conexi\u00f3n Europa, Am\u00e9rica Latina y Caribe&#039;&#039;, que se celebrar\u00e1 el jueves 2 de febrero de 2024, de 16.30 a 17.30 CET. (de 11.30 a 12.30, hora caribe\u00f1a). Esta sesi\u00f3n se impartir\u00e1 en ingl\u00e9s.\" \/>\n<meta name=\"robots\" content=\"index, follow, max-snippet:-1, max-image-preview:large, max-video-preview:-1\" \/>\n<link rel=\"canonical\" href=\"https:\/\/content.carib-export.com\/es\/events\/webinar-for-business-accelerators-in-brazil-and-the-caribbean-region-explore-how-eu-lac-digital-accelerator-can-complement-your-services-to-startups-europe-latin-america-and-caribbean-connection\/\" \/>\n<meta property=\"og:locale\" content=\"es_ES\" \/>\n<meta property=\"og:type\" content=\"article\" \/>\n<meta property=\"og:title\" content=\"Webinar para aceleradores de negocios en Brasil y la regi\u00f3n del Caribe: Explore c\u00f3mo EU-LAC Digital Accelerator puede complementar sus servicios a startups, Europa, Am\u00e9rica Latina y conexi\u00f3n con el Caribe.\" \/>\n<meta property=\"og:description\" content=\"EU-LAC Digital Accelerator y Caribbean Export le invitan a nuestro pr\u00f3ximo webinar dirigido a Aceleradoras de Empresas con sede en la regi\u00f3n del Caribe y pa\u00edses latinoamericanos no espa\u00f1oles: &#039;&#039;Explore c\u00f3mo EU-LAC Digital Accelerator puede complementar sus servicios a startups: Conexi\u00f3n Europa, Am\u00e9rica Latina y Caribe&#039;&#039;, que se celebrar\u00e1 el jueves 2 de febrero de 2024, de 16.30 a 17.30 CET. (de 11.30 a 12.30, hora caribe\u00f1a). Esta sesi\u00f3n se impartir\u00e1 en ingl\u00e9s.\" \/>\n<meta property=\"og:url\" content=\"https:\/\/content.carib-export.com\/es\/events\/webinar-for-business-accelerators-in-brazil-and-the-caribbean-region-explore-how-eu-lac-digital-accelerator-can-complement-your-services-to-startups-europe-latin-america-and-caribbean-connection\/\" \/>\n<meta property=\"og:site_name\" content=\"Exportaci\u00f3n del Caribe\" \/>\n<meta property=\"article:publisher\" content=\"https:\/\/www.facebook.com\/CaribbeanExport\" \/>\n<meta property=\"article:modified_time\" content=\"2024-01-25T15:46:59+00:00\" \/>\n<meta property=\"og:image\" content=\"https:\/\/content.carib-export.com\/wp-content\/uploads\/2024\/01\/banner_aceleradora_eng-updated-1024x576.png\" \/>\n<meta name=\"twitter:card\" content=\"summary_large_image\" \/>\n<meta name=\"twitter:title\" content=\"Webinar para aceleradores de negocios en Brasil y la regi\u00f3n del Caribe: Explore c\u00f3mo EU-LAC Digital Accelerator puede complementar sus servicios a startups, Europa, Am\u00e9rica Latina y conexi\u00f3n con el Caribe.\" \/>\n<meta name=\"twitter:description\" content=\"EU-LAC Digital Accelerator y Caribbean Export le invitan a nuestro pr\u00f3ximo webinar dirigido a Aceleradoras de Empresas con sede en la regi\u00f3n del Caribe y pa\u00edses latinoamericanos no espa\u00f1oles: &#039;&#039;Explore c\u00f3mo EU-LAC Digital Accelerator puede complementar sus servicios a startups: Conexi\u00f3n Europa, Am\u00e9rica Latina y Caribe&#039;&#039;, que se celebrar\u00e1 el jueves 2 de febrero de 2024, de 16.30 a 17.30 CET. (de 11.30 a 12.30, hora caribe\u00f1a). Esta sesi\u00f3n se impartir\u00e1 en ingl\u00e9s.\" \/>\n<meta name=\"twitter:image\" content=\"https:\/\/content.carib-export.com\/wp-content\/uploads\/2024\/01\/banner_aceleradora_eng-updated-1024x576.png\" \/>\n<meta name=\"twitter:site\" content=\"@CaribXport\" \/>\n<meta name=\"twitter:label1\" content=\"Tiempo de lectura\" \/>\n\t<meta name=\"twitter:data1\" content=\"1 minuto\" \/>\n<script type=\"application\/ld+json\" class=\"yoast-schema-graph\">{\"@context\":\"https:\/\/schema.org\",\"@graph\":[{\"@type\":\"WebPage\",\"@id\":\"https:\/\/content.carib-export.com\/es\/events\/webinar-for-business-accelerators-in-brazil-and-the-caribbean-region-explore-how-eu-lac-digital-accelerator-can-complement-your-services-to-startups-europe-latin-america-and-caribbean-connection\/\",\"url\":\"https:\/\/content.carib-export.com\/es\/events\/webinar-for-business-accelerators-in-brazil-and-the-caribbean-region-explore-how-eu-lac-digital-accelerator-can-complement-your-services-to-startups-europe-latin-america-and-caribbean-connection\/\",\"name\":\"Webinar para aceleradores de negocios en Brasil y la regi\u00f3n del Caribe: Explore c\u00f3mo EU-LAC Digital Accelerator puede complementar sus servicios a startups, Europa, Am\u00e9rica Latina y conexi\u00f3n con el Caribe. - nombre del Exportaci\u00f3n del Caribe\",\"isPartOf\":{\"@id\":\"https:\/\/content.carib-export.com\/es\/#website\"},\"primaryImageOfPage\":{\"@id\":\"https:\/\/content.carib-export.com\/es\/events\/webinar-for-business-accelerators-in-brazil-and-the-caribbean-region-explore-how-eu-lac-digital-accelerator-can-complement-your-services-to-startups-europe-latin-america-and-caribbean-connection\/#primaryimage\"},\"image\":{\"@id\":\"https:\/\/content.carib-export.com\/es\/events\/webinar-for-business-accelerators-in-brazil-and-the-caribbean-region-explore-how-eu-lac-digital-accelerator-can-complement-your-services-to-startups-europe-latin-america-and-caribbean-connection\/#primaryimage\"},\"thumbnailUrl\":\"https:\/\/content.carib-export.com\/wp-content\/uploads\/2024\/01\/banner_aceleradora_eng-updated.png\",\"datePublished\":\"2024-01-24T13:51:56+00:00\",\"dateModified\":\"2024-01-25T15:46:59+00:00\",\"description\":\"EU-LAC Digital Accelerator y Caribbean Export le invitan a nuestro pr\u00f3ximo webinar dirigido a Aceleradoras de Empresas con sede en la regi\u00f3n del Caribe y pa\u00edses latinoamericanos no espa\u00f1oles: ''Explore c\u00f3mo EU-LAC Digital Accelerator puede complementar sus servicios a startups: Conexi\u00f3n Europa, Am\u00e9rica Latina y Caribe'', que se celebrar\u00e1 el jueves 2 de febrero de 2024, de 16.30 a 17.30 CET. (de 11.30 a 12.30, hora caribe\u00f1a). Esta sesi\u00f3n se impartir\u00e1 en ingl\u00e9s.\",\"breadcrumb\":{\"@id\":\"https:\/\/content.carib-export.com\/es\/events\/webinar-for-business-accelerators-in-brazil-and-the-caribbean-region-explore-how-eu-lac-digital-accelerator-can-complement-your-services-to-startups-europe-latin-america-and-caribbean-connection\/#breadcrumb\"},\"inLanguage\":\"es\",\"potentialAction\":[{\"@type\":\"ReadAction\",\"target\":[\"https:\/\/content.carib-export.com\/es\/events\/webinar-for-business-accelerators-in-brazil-and-the-caribbean-region-explore-how-eu-lac-digital-accelerator-can-complement-your-services-to-startups-europe-latin-america-and-caribbean-connection\/\"]}]},{\"@type\":\"ImageObject\",\"inLanguage\":\"es\",\"@id\":\"https:\/\/content.carib-export.com\/es\/events\/webinar-for-business-accelerators-in-brazil-and-the-caribbean-region-explore-how-eu-lac-digital-accelerator-can-complement-your-services-to-startups-europe-latin-america-and-caribbean-connection\/#primaryimage\",\"url\":\"https:\/\/content.carib-export.com\/wp-content\/uploads\/2024\/01\/banner_aceleradora_eng-updated.png\",\"contentUrl\":\"https:\/\/content.carib-export.com\/wp-content\/uploads\/2024\/01\/banner_aceleradora_eng-updated.png\",\"width\":1600,\"height\":900},{\"@type\":\"BreadcrumbList\",\"@id\":\"https:\/\/content.carib-export.com\/es\/events\/webinar-for-business-accelerators-in-brazil-and-the-caribbean-region-explore-how-eu-lac-digital-accelerator-can-complement-your-services-to-startups-europe-latin-america-and-caribbean-connection\/#breadcrumb\",\"itemListElement\":[{\"@type\":\"ListItem\",\"position\":1,\"name\":\"Casa\",\"item\":\"https:\/\/content.carib-export.com\/es\/home\/\"},{\"@type\":\"ListItem\",\"position\":2,\"name\":\"Events\",\"item\":\"https:\/\/content.carib-export.com\/es\/events\/\"},{\"@type\":\"ListItem\",\"position\":3,\"name\":\"Webinar para aceleradores de negocios en Brasil y la regi\u00f3n del Caribe: Explore c\u00f3mo EU-LAC Digital Accelerator puede complementar sus servicios a startups, Europa, Am\u00e9rica Latina y conexi\u00f3n con el Caribe.\"}]},{\"@type\":\"WebSite\",\"@id\":\"https:\/\/content.carib-export.com\/es\/#website\",\"url\":\"https:\/\/content.carib-export.com\/es\/\",\"name\":\"Exportaci\u00f3n del Caribe\",\"description\":\"La \u00fanica agencia regional de promoci\u00f3n del comercio y las inversiones en el grupo de \u00c1frica, el Caribe y el Pac\u00edfico.\",\"publisher\":{\"@id\":\"https:\/\/content.carib-export.com\/es\/#organization\"},\"potentialAction\":[{\"@type\":\"SearchAction\",\"target\":{\"@type\":\"EntryPoint\",\"urlTemplate\":\"https:\/\/content.carib-export.com\/es\/?s={search_term_string}\"},\"query-input\":{\"@type\":\"PropertyValueSpecification\",\"valueRequired\":true,\"valueName\":\"search_term_string\"}}],\"inLanguage\":\"es\"},{\"@type\":\"Organization\",\"@id\":\"https:\/\/content.carib-export.com\/es\/#organization\",\"name\":\"Agencia de Desarrollo de Exportaciones del Caribe\",\"url\":\"https:\/\/content.carib-export.com\/es\/\",\"logo\":{\"@type\":\"ImageObject\",\"inLanguage\":\"es\",\"@id\":\"https:\/\/content.carib-export.com\/es\/#\/schema\/logo\/image\/\",\"url\":\"https:\/\/content.carib-export.com\/wp-content\/uploads\/2013\/03\/CE-Logo-2013.jpg\",\"contentUrl\":\"https:\/\/content.carib-export.com\/wp-content\/uploads\/2013\/03\/CE-Logo-2013.jpg\",\"width\":1024,\"height\":244,\"caption\":\"Agencia de Desarrollo de Exportaciones del Caribe\"},\"image\":{\"@id\":\"https:\/\/content.carib-export.com\/es\/#\/schema\/logo\/image\/\"},\"sameAs\":[\"https:\/\/www.facebook.com\/CaribbeanExport\",\"https:\/\/x.com\/CaribXport\",\"https:\/\/www.instagram.com\/caribbeanexport\",\"https:\/\/www.linkedin.com\/company\/caribbeanexport\",\"https:\/\/www.youtube.com\/user\/TheCaribbeanExport\"]}]}<\/script>\n<!-- \/ Yoast SEO plugin. -->","yoast_head_json":{"title":"Webinar para aceleradores de negocios en Brasil y la regi\u00f3n del Caribe: Explore c\u00f3mo EU-LAC Digital Accelerator puede complementar sus servicios a startups, Europa, Am\u00e9rica Latina y conexi\u00f3n con el Caribe. - nombre del Exportaci\u00f3n del Caribe","description":"EU-LAC Digital Accelerator y Caribbean Export le invitan a nuestro pr\u00f3ximo webinar dirigido a Aceleradoras de Empresas con sede en la regi\u00f3n del Caribe y pa\u00edses latinoamericanos no espa\u00f1oles: ''Explore c\u00f3mo EU-LAC Digital Accelerator puede complementar sus servicios a startups: Conexi\u00f3n Europa, Am\u00e9rica Latina y Caribe'', que se celebrar\u00e1 el jueves 2 de febrero de 2024, de 16.30 a 17.30 CET. (de 11.30 a 12.30, hora caribe\u00f1a). Esta sesi\u00f3n se impartir\u00e1 en ingl\u00e9s.","robots":{"index":"index","follow":"follow","max-snippet":"max-snippet:-1","max-image-preview":"max-image-preview:large","max-video-preview":"max-video-preview:-1"},"canonical":"https:\/\/content.carib-export.com\/es\/events\/webinar-for-business-accelerators-in-brazil-and-the-caribbean-region-explore-how-eu-lac-digital-accelerator-can-complement-your-services-to-startups-europe-latin-america-and-caribbean-connection\/","og_locale":"es_ES","og_type":"article","og_title":"Webinar para aceleradores de negocios en Brasil y la regi\u00f3n del Caribe: Explore c\u00f3mo EU-LAC Digital Accelerator puede complementar sus servicios a startups, Europa, Am\u00e9rica Latina y conexi\u00f3n con el Caribe.","og_description":"EU-LAC Digital Accelerator y Caribbean Export le invitan a nuestro pr\u00f3ximo webinar dirigido a Aceleradoras de Empresas con sede en la regi\u00f3n del Caribe y pa\u00edses latinoamericanos no espa\u00f1oles: ''Explore c\u00f3mo EU-LAC Digital Accelerator puede complementar sus servicios a startups: Conexi\u00f3n Europa, Am\u00e9rica Latina y Caribe'', que se celebrar\u00e1 el jueves 2 de febrero de 2024, de 16.30 a 17.30 CET. (de 11.30 a 12.30, hora caribe\u00f1a). Esta sesi\u00f3n se impartir\u00e1 en ingl\u00e9s.","og_url":"https:\/\/content.carib-export.com\/es\/events\/webinar-for-business-accelerators-in-brazil-and-the-caribbean-region-explore-how-eu-lac-digital-accelerator-can-complement-your-services-to-startups-europe-latin-america-and-caribbean-connection\/","og_site_name":"Exportaci\u00f3n del Caribe","article_publisher":"https:\/\/www.facebook.com\/CaribbeanExport","article_modified_time":"2024-01-25T15:46:59+00:00","og_image":[{"url":"https:\/\/content.carib-export.com\/wp-content\/uploads\/2024\/01\/banner_aceleradora_eng-updated-1024x576.png","type":"","width":"","height":""}],"twitter_card":"summary_large_image","twitter_title":"Webinar para aceleradores de negocios en Brasil y la regi\u00f3n del Caribe: Explore c\u00f3mo EU-LAC Digital Accelerator puede complementar sus servicios a startups, Europa, Am\u00e9rica Latina y conexi\u00f3n con el Caribe.","twitter_description":"EU-LAC Digital Accelerator y Caribbean Export le invitan a nuestro pr\u00f3ximo webinar dirigido a Aceleradoras de Empresas con sede en la regi\u00f3n del Caribe y pa\u00edses latinoamericanos no espa\u00f1oles: ''Explore c\u00f3mo EU-LAC Digital Accelerator puede complementar sus servicios a startups: Conexi\u00f3n Europa, Am\u00e9rica Latina y Caribe'', que se celebrar\u00e1 el jueves 2 de febrero de 2024, de 16.30 a 17.30 CET. (de 11.30 a 12.30, hora caribe\u00f1a). Esta sesi\u00f3n se impartir\u00e1 en ingl\u00e9s.","twitter_image":"https:\/\/content.carib-export.com\/wp-content\/uploads\/2024\/01\/banner_aceleradora_eng-updated-1024x576.png","twitter_site":"@CaribXport","twitter_misc":{"Tiempo de lectura":"1 minuto"},"schema":{"@context":"https:\/\/schema.org","@graph":[{"@type":"WebPage","@id":"https:\/\/content.carib-export.com\/es\/events\/webinar-for-business-accelerators-in-brazil-and-the-caribbean-region-explore-how-eu-lac-digital-accelerator-can-complement-your-services-to-startups-europe-latin-america-and-caribbean-connection\/","url":"https:\/\/content.carib-export.com\/es\/events\/webinar-for-business-accelerators-in-brazil-and-the-caribbean-region-explore-how-eu-lac-digital-accelerator-can-complement-your-services-to-startups-europe-latin-america-and-caribbean-connection\/","name":"Webinar para aceleradores de negocios en Brasil y la regi\u00f3n del Caribe: Explore c\u00f3mo EU-LAC Digital Accelerator puede complementar sus servicios a startups, Europa, Am\u00e9rica Latina y conexi\u00f3n con el Caribe. - nombre del Exportaci\u00f3n del Caribe","isPartOf":{"@id":"https:\/\/content.carib-export.com\/es\/#website"},"primaryImageOfPage":{"@id":"https:\/\/content.carib-export.com\/es\/events\/webinar-for-business-accelerators-in-brazil-and-the-caribbean-region-explore-how-eu-lac-digital-accelerator-can-complement-your-services-to-startups-europe-latin-america-and-caribbean-connection\/#primaryimage"},"image":{"@id":"https:\/\/content.carib-export.com\/es\/events\/webinar-for-business-accelerators-in-brazil-and-the-caribbean-region-explore-how-eu-lac-digital-accelerator-can-complement-your-services-to-startups-europe-latin-america-and-caribbean-connection\/#primaryimage"},"thumbnailUrl":"https:\/\/content.carib-export.com\/wp-content\/uploads\/2024\/01\/banner_aceleradora_eng-updated.png","datePublished":"2024-01-24T13:51:56+00:00","dateModified":"2024-01-25T15:46:59+00:00","description":"EU-LAC Digital Accelerator y Caribbean Export le invitan a nuestro pr\u00f3ximo webinar dirigido a Aceleradoras de Empresas con sede en la regi\u00f3n del Caribe y pa\u00edses latinoamericanos no espa\u00f1oles: ''Explore c\u00f3mo EU-LAC Digital Accelerator puede complementar sus servicios a startups: Conexi\u00f3n Europa, Am\u00e9rica Latina y Caribe'', que se celebrar\u00e1 el jueves 2 de febrero de 2024, de 16.30 a 17.30 CET. (de 11.30 a 12.30, hora caribe\u00f1a). Esta sesi\u00f3n se impartir\u00e1 en ingl\u00e9s.","breadcrumb":{"@id":"https:\/\/content.carib-export.com\/es\/events\/webinar-for-business-accelerators-in-brazil-and-the-caribbean-region-explore-how-eu-lac-digital-accelerator-can-complement-your-services-to-startups-europe-latin-america-and-caribbean-connection\/#breadcrumb"},"inLanguage":"es","potentialAction":[{"@type":"ReadAction","target":["https:\/\/content.carib-export.com\/es\/events\/webinar-for-business-accelerators-in-brazil-and-the-caribbean-region-explore-how-eu-lac-digital-accelerator-can-complement-your-services-to-startups-europe-latin-america-and-caribbean-connection\/"]}]},{"@type":"ImageObject","inLanguage":"es","@id":"https:\/\/content.carib-export.com\/es\/events\/webinar-for-business-accelerators-in-brazil-and-the-caribbean-region-explore-how-eu-lac-digital-accelerator-can-complement-your-services-to-startups-europe-latin-america-and-caribbean-connection\/#primaryimage","url":"https:\/\/content.carib-export.com\/wp-content\/uploads\/2024\/01\/banner_aceleradora_eng-updated.png","contentUrl":"https:\/\/content.carib-export.com\/wp-content\/uploads\/2024\/01\/banner_aceleradora_eng-updated.png","width":1600,"height":900},{"@type":"BreadcrumbList","@id":"https:\/\/content.carib-export.com\/es\/events\/webinar-for-business-accelerators-in-brazil-and-the-caribbean-region-explore-how-eu-lac-digital-accelerator-can-complement-your-services-to-startups-europe-latin-america-and-caribbean-connection\/#breadcrumb","itemListElement":[{"@type":"ListItem","position":1,"name":"Casa","item":"https:\/\/content.carib-export.com\/es\/home\/"},{"@type":"ListItem","position":2,"name":"Events","item":"https:\/\/content.carib-export.com\/es\/events\/"},{"@type":"ListItem","position":3,"name":"Webinar para aceleradores de negocios en Brasil y la regi\u00f3n del Caribe: Explore c\u00f3mo EU-LAC Digital Accelerator puede complementar sus servicios a startups, Europa, Am\u00e9rica Latina y conexi\u00f3n con el Caribe."}]},{"@type":"WebSite","@id":"https:\/\/content.carib-export.com\/es\/#website","url":"https:\/\/content.carib-export.com\/es\/","name":"Exportaci\u00f3n del Caribe","description":"La \u00fanica agencia regional de promoci\u00f3n del comercio y las inversiones en el grupo de \u00c1frica, el Caribe y el Pac\u00edfico.","publisher":{"@id":"https:\/\/content.carib-export.com\/es\/#organization"},"potentialAction":[{"@type":"SearchAction","target":{"@type":"EntryPoint","urlTemplate":"https:\/\/content.carib-export.com\/es\/?s={search_term_string}"},"query-input":{"@type":"PropertyValueSpecification","valueRequired":true,"valueName":"search_term_string"}}],"inLanguage":"es"},{"@type":"Organization","@id":"https:\/\/content.carib-export.com\/es\/#organization","name":"Agencia de Desarrollo de Exportaciones del Caribe","url":"https:\/\/content.carib-export.com\/es\/","logo":{"@type":"ImageObject","inLanguage":"es","@id":"https:\/\/content.carib-export.com\/es\/#\/schema\/logo\/image\/","url":"https:\/\/content.carib-export.com\/wp-content\/uploads\/2013\/03\/CE-Logo-2013.jpg","contentUrl":"https:\/\/content.carib-export.com\/wp-content\/uploads\/2013\/03\/CE-Logo-2013.jpg","width":1024,"height":244,"caption":"Agencia de Desarrollo de Exportaciones del Caribe"},"image":{"@id":"https:\/\/content.carib-export.com\/es\/#\/schema\/logo\/image\/"},"sameAs":["https:\/\/www.facebook.com\/CaribbeanExport","https:\/\/x.com\/CaribXport","https:\/\/www.instagram.com\/caribbeanexport","https:\/\/www.linkedin.com\/company\/caribbeanexport","https:\/\/www.youtube.com\/user\/TheCaribbeanExport"]}]}},"_links":{"self":[{"href":"https:\/\/content.carib-export.com\/es\/wp-json\/wp\/v2\/events\/317755","targetHints":{"allow":["GET"]}}],"collection":[{"href":"https:\/\/content.carib-export.com\/es\/wp-json\/wp\/v2\/events"}],"about":[{"href":"https:\/\/content.carib-export.com\/es\/wp-json\/wp\/v2\/types\/events"}],"author":[{"embeddable":true,"href":"https:\/\/content.carib-export.com\/es\/wp-json\/wp\/v2\/users\/26"}],"wp:featuredmedia":[{"embeddable":true,"href":"https:\/\/content.carib-export.com\/es\/wp-json\/wp\/v2\/media\/317721"}],"wp:attachment":[{"href":"https:\/\/content.carib-export.com\/es\/wp-json\/wp\/v2\/media?parent=317755"}],"wp:term":[{"taxonomy":"post_tag","embeddable":true,"href":"https:\/\/content.carib-export.com\/es\/wp-json\/wp\/v2\/tags?post=317755"}],"curies":[{"name":"wp","href":"https:\/\/api.w.org\/{rel}","templated":true}]}}