{"id":318188,"date":"2024-02-13T10:44:52","date_gmt":"2024-02-13T14:44:52","guid":{"rendered":"https:\/\/content.carib-export.com\/events\/caribbean-investment-forum-2024\/"},"modified":"2024-04-18T18:20:11","modified_gmt":"2024-04-18T22:20:11","slug":"caribbean-investment-forum-2024","status":"publish","type":"events","link":"https:\/\/content.carib-export.com\/es\/events\/caribbean-investment-forum-2024\/","title":{"rendered":"Foro de Inversi\u00f3n del Caribe 2024"},"content":{"rendered":"","protected":false},"excerpt":{"rendered":"","protected":false},"author":9,"featured_media":318168,"menu_order":0,"template":"","tags":[],"class_list":["post-318188","events","type-events","status-publish","has-post-thumbnail","hentry"],"acf":[],"yoast_head":"<!-- This site is optimized with the Yoast SEO plugin v27.1.1 - https:\/\/yoast.com\/product\/yoast-seo-wordpress\/ -->\n<title>Foro de Inversi\u00f3n del Caribe 2024 - nombre del Exportaci\u00f3n del Caribe<\/title>\n<meta name=\"description\" content=\"El Foro de Inversiones del Caribe 2024 tendr\u00e1 lugar del 10 al 12 de julio de 2024 en el Centro de Conferencias Arthur Chung, Georgetown, Guyana.\" \/>\n<meta name=\"robots\" content=\"index, follow, max-snippet:-1, max-image-preview:large, max-video-preview:-1\" \/>\n<link rel=\"canonical\" href=\"https:\/\/content.carib-export.com\/es\/events\/caribbean-investment-forum-2024\/\" \/>\n<meta property=\"og:locale\" content=\"es_ES\" \/>\n<meta property=\"og:type\" content=\"article\" \/>\n<meta property=\"og:title\" content=\"Foro de Inversiones del Caribe 2024 - Reserve la fecha\" \/>\n<meta property=\"og:description\" content=\"El Foro de Inversiones del Caribe 2024 tendr\u00e1 lugar del 10 al 12 de julio de 2024 en el Centro de Conferencias Arthur Chung, Georgetown, Guyana.\" \/>\n<meta property=\"og:url\" content=\"https:\/\/content.carib-export.com\/es\/events\/caribbean-investment-forum-2024\/\" \/>\n<meta property=\"og:site_name\" content=\"Exportaci\u00f3n del Caribe\" \/>\n<meta property=\"article:publisher\" content=\"https:\/\/www.facebook.com\/CaribbeanExport\" \/>\n<meta property=\"article:modified_time\" content=\"2024-04-18T22:20:11+00:00\" \/>\n<meta property=\"og:image\" content=\"https:\/\/content.carib-export.com\/wp-content\/uploads\/2024\/02\/CIF-2024-FACEBOOK-BANNER-1024x450.jpg\" \/>\n<meta name=\"twitter:card\" content=\"summary_large_image\" \/>\n<meta name=\"twitter:title\" content=\"Foro de Inversiones del Caribe 2024 - Reserve la fecha\" \/>\n<meta name=\"twitter:description\" content=\"El Foro de Inversiones del Caribe 2024 tendr\u00e1 lugar del 10 al 12 de julio de 2024 en el Centro de Conferencias Arthur Chung, Georgetown, Guyana.\" \/>\n<meta name=\"twitter:image\" content=\"https:\/\/content.carib-export.com\/wp-content\/uploads\/2024\/02\/CIF-2024-FACEBOOK-BANNER-1024x450.jpg\" \/>\n<meta name=\"twitter:site\" content=\"@CaribXport\" \/>\n<script type=\"application\/ld+json\" class=\"yoast-schema-graph\">{\"@context\":\"https:\/\/schema.org\",\"@graph\":[{\"@type\":\"WebPage\",\"@id\":\"https:\/\/content.carib-export.com\/es\/events\/caribbean-investment-forum-2024\/\",\"url\":\"https:\/\/content.carib-export.com\/es\/events\/caribbean-investment-forum-2024\/\",\"name\":\"Foro de Inversi\u00f3n del Caribe 2024 - nombre del Exportaci\u00f3n del Caribe\",\"isPartOf\":{\"@id\":\"https:\/\/content.carib-export.com\/es\/#website\"},\"primaryImageOfPage\":{\"@id\":\"https:\/\/content.carib-export.com\/es\/events\/caribbean-investment-forum-2024\/#primaryimage\"},\"image\":{\"@id\":\"https:\/\/content.carib-export.com\/es\/events\/caribbean-investment-forum-2024\/#primaryimage\"},\"thumbnailUrl\":\"https:\/\/content.carib-export.com\/wp-content\/uploads\/2024\/02\/CIF2024-SAVE-THE-DATE-FLYER-1-scaled.jpg\",\"datePublished\":\"2024-02-13T14:44:52+00:00\",\"dateModified\":\"2024-04-18T22:20:11+00:00\",\"description\":\"El Foro de Inversiones del Caribe 2024 tendr\u00e1 lugar del 10 al 12 de julio de 2024 en el Centro de Conferencias Arthur Chung, Georgetown, Guyana.\",\"breadcrumb\":{\"@id\":\"https:\/\/content.carib-export.com\/es\/events\/caribbean-investment-forum-2024\/#breadcrumb\"},\"inLanguage\":\"es\",\"potentialAction\":[{\"@type\":\"ReadAction\",\"target\":[\"https:\/\/content.carib-export.com\/es\/events\/caribbean-investment-forum-2024\/\"]}]},{\"@type\":\"ImageObject\",\"inLanguage\":\"es\",\"@id\":\"https:\/\/content.carib-export.com\/es\/events\/caribbean-investment-forum-2024\/#primaryimage\",\"url\":\"https:\/\/content.carib-export.com\/wp-content\/uploads\/2024\/02\/CIF2024-SAVE-THE-DATE-FLYER-1-scaled.jpg\",\"contentUrl\":\"https:\/\/content.carib-export.com\/wp-content\/uploads\/2024\/02\/CIF2024-SAVE-THE-DATE-FLYER-1-scaled.jpg\",\"width\":2048,\"height\":2560},{\"@type\":\"BreadcrumbList\",\"@id\":\"https:\/\/content.carib-export.com\/es\/events\/caribbean-investment-forum-2024\/#breadcrumb\",\"itemListElement\":[{\"@type\":\"ListItem\",\"position\":1,\"name\":\"Casa\",\"item\":\"https:\/\/content.carib-export.com\/es\/home\/\"},{\"@type\":\"ListItem\",\"position\":2,\"name\":\"Events\",\"item\":\"https:\/\/content.carib-export.com\/es\/events\/\"},{\"@type\":\"ListItem\",\"position\":3,\"name\":\"Foro de Inversi\u00f3n del Caribe 2024\"}]},{\"@type\":\"WebSite\",\"@id\":\"https:\/\/content.carib-export.com\/es\/#website\",\"url\":\"https:\/\/content.carib-export.com\/es\/\",\"name\":\"Exportaci\u00f3n del Caribe\",\"description\":\"La \u00fanica agencia regional de promoci\u00f3n del comercio y las inversiones en el grupo de \u00c1frica, el Caribe y el Pac\u00edfico.\",\"publisher\":{\"@id\":\"https:\/\/content.carib-export.com\/es\/#organization\"},\"potentialAction\":[{\"@type\":\"SearchAction\",\"target\":{\"@type\":\"EntryPoint\",\"urlTemplate\":\"https:\/\/content.carib-export.com\/es\/?s={search_term_string}\"},\"query-input\":{\"@type\":\"PropertyValueSpecification\",\"valueRequired\":true,\"valueName\":\"search_term_string\"}}],\"inLanguage\":\"es\"},{\"@type\":\"Organization\",\"@id\":\"https:\/\/content.carib-export.com\/es\/#organization\",\"name\":\"Agencia de Desarrollo de Exportaciones del Caribe\",\"url\":\"https:\/\/content.carib-export.com\/es\/\",\"logo\":{\"@type\":\"ImageObject\",\"inLanguage\":\"es\",\"@id\":\"https:\/\/content.carib-export.com\/es\/#\/schema\/logo\/image\/\",\"url\":\"https:\/\/content.carib-export.com\/wp-content\/uploads\/2013\/03\/CE-Logo-2013.jpg\",\"contentUrl\":\"https:\/\/content.carib-export.com\/wp-content\/uploads\/2013\/03\/CE-Logo-2013.jpg\",\"width\":1024,\"height\":244,\"caption\":\"Agencia de Desarrollo de Exportaciones del Caribe\"},\"image\":{\"@id\":\"https:\/\/content.carib-export.com\/es\/#\/schema\/logo\/image\/\"},\"sameAs\":[\"https:\/\/www.facebook.com\/CaribbeanExport\",\"https:\/\/x.com\/CaribXport\",\"https:\/\/www.instagram.com\/caribbeanexport\",\"https:\/\/www.linkedin.com\/company\/caribbeanexport\",\"https:\/\/www.youtube.com\/user\/TheCaribbeanExport\"]}]}<\/script>\n<!-- \/ Yoast SEO plugin. -->","yoast_head_json":{"title":"Foro de Inversi\u00f3n del Caribe 2024 - nombre del Exportaci\u00f3n del Caribe","description":"El Foro de Inversiones del Caribe 2024 tendr\u00e1 lugar del 10 al 12 de julio de 2024 en el Centro de Conferencias Arthur Chung, Georgetown, Guyana.","robots":{"index":"index","follow":"follow","max-snippet":"max-snippet:-1","max-image-preview":"max-image-preview:large","max-video-preview":"max-video-preview:-1"},"canonical":"https:\/\/content.carib-export.com\/es\/events\/caribbean-investment-forum-2024\/","og_locale":"es_ES","og_type":"article","og_title":"Foro de Inversiones del Caribe 2024 - Reserve la fecha","og_description":"El Foro de Inversiones del Caribe 2024 tendr\u00e1 lugar del 10 al 12 de julio de 2024 en el Centro de Conferencias Arthur Chung, Georgetown, Guyana.","og_url":"https:\/\/content.carib-export.com\/es\/events\/caribbean-investment-forum-2024\/","og_site_name":"Exportaci\u00f3n del Caribe","article_publisher":"https:\/\/www.facebook.com\/CaribbeanExport","article_modified_time":"2024-04-18T22:20:11+00:00","og_image":[{"url":"https:\/\/content.carib-export.com\/wp-content\/uploads\/2024\/02\/CIF-2024-FACEBOOK-BANNER-1024x450.jpg","type":"","width":"","height":""}],"twitter_card":"summary_large_image","twitter_title":"Foro de Inversiones del Caribe 2024 - Reserve la fecha","twitter_description":"El Foro de Inversiones del Caribe 2024 tendr\u00e1 lugar del 10 al 12 de julio de 2024 en el Centro de Conferencias Arthur Chung, Georgetown, Guyana.","twitter_image":"https:\/\/content.carib-export.com\/wp-content\/uploads\/2024\/02\/CIF-2024-FACEBOOK-BANNER-1024x450.jpg","twitter_site":"@CaribXport","schema":{"@context":"https:\/\/schema.org","@graph":[{"@type":"WebPage","@id":"https:\/\/content.carib-export.com\/es\/events\/caribbean-investment-forum-2024\/","url":"https:\/\/content.carib-export.com\/es\/events\/caribbean-investment-forum-2024\/","name":"Foro de Inversi\u00f3n del Caribe 2024 - nombre del Exportaci\u00f3n del Caribe","isPartOf":{"@id":"https:\/\/content.carib-export.com\/es\/#website"},"primaryImageOfPage":{"@id":"https:\/\/content.carib-export.com\/es\/events\/caribbean-investment-forum-2024\/#primaryimage"},"image":{"@id":"https:\/\/content.carib-export.com\/es\/events\/caribbean-investment-forum-2024\/#primaryimage"},"thumbnailUrl":"https:\/\/content.carib-export.com\/wp-content\/uploads\/2024\/02\/CIF2024-SAVE-THE-DATE-FLYER-1-scaled.jpg","datePublished":"2024-02-13T14:44:52+00:00","dateModified":"2024-04-18T22:20:11+00:00","description":"El Foro de Inversiones del Caribe 2024 tendr\u00e1 lugar del 10 al 12 de julio de 2024 en el Centro de Conferencias Arthur Chung, Georgetown, Guyana.","breadcrumb":{"@id":"https:\/\/content.carib-export.com\/es\/events\/caribbean-investment-forum-2024\/#breadcrumb"},"inLanguage":"es","potentialAction":[{"@type":"ReadAction","target":["https:\/\/content.carib-export.com\/es\/events\/caribbean-investment-forum-2024\/"]}]},{"@type":"ImageObject","inLanguage":"es","@id":"https:\/\/content.carib-export.com\/es\/events\/caribbean-investment-forum-2024\/#primaryimage","url":"https:\/\/content.carib-export.com\/wp-content\/uploads\/2024\/02\/CIF2024-SAVE-THE-DATE-FLYER-1-scaled.jpg","contentUrl":"https:\/\/content.carib-export.com\/wp-content\/uploads\/2024\/02\/CIF2024-SAVE-THE-DATE-FLYER-1-scaled.jpg","width":2048,"height":2560},{"@type":"BreadcrumbList","@id":"https:\/\/content.carib-export.com\/es\/events\/caribbean-investment-forum-2024\/#breadcrumb","itemListElement":[{"@type":"ListItem","position":1,"name":"Casa","item":"https:\/\/content.carib-export.com\/es\/home\/"},{"@type":"ListItem","position":2,"name":"Events","item":"https:\/\/content.carib-export.com\/es\/events\/"},{"@type":"ListItem","position":3,"name":"Foro de Inversi\u00f3n del Caribe 2024"}]},{"@type":"WebSite","@id":"https:\/\/content.carib-export.com\/es\/#website","url":"https:\/\/content.carib-export.com\/es\/","name":"Exportaci\u00f3n del Caribe","description":"La \u00fanica agencia regional de promoci\u00f3n del comercio y las inversiones en el grupo de \u00c1frica, el Caribe y el Pac\u00edfico.","publisher":{"@id":"https:\/\/content.carib-export.com\/es\/#organization"},"potentialAction":[{"@type":"SearchAction","target":{"@type":"EntryPoint","urlTemplate":"https:\/\/content.carib-export.com\/es\/?s={search_term_string}"},"query-input":{"@type":"PropertyValueSpecification","valueRequired":true,"valueName":"search_term_string"}}],"inLanguage":"es"},{"@type":"Organization","@id":"https:\/\/content.carib-export.com\/es\/#organization","name":"Agencia de Desarrollo de Exportaciones del Caribe","url":"https:\/\/content.carib-export.com\/es\/","logo":{"@type":"ImageObject","inLanguage":"es","@id":"https:\/\/content.carib-export.com\/es\/#\/schema\/logo\/image\/","url":"https:\/\/content.carib-export.com\/wp-content\/uploads\/2013\/03\/CE-Logo-2013.jpg","contentUrl":"https:\/\/content.carib-export.com\/wp-content\/uploads\/2013\/03\/CE-Logo-2013.jpg","width":1024,"height":244,"caption":"Agencia de Desarrollo de Exportaciones del Caribe"},"image":{"@id":"https:\/\/content.carib-export.com\/es\/#\/schema\/logo\/image\/"},"sameAs":["https:\/\/www.facebook.com\/CaribbeanExport","https:\/\/x.com\/CaribXport","https:\/\/www.instagram.com\/caribbeanexport","https:\/\/www.linkedin.com\/company\/caribbeanexport","https:\/\/www.youtube.com\/user\/TheCaribbeanExport"]}]}},"_links":{"self":[{"href":"https:\/\/content.carib-export.com\/es\/wp-json\/wp\/v2\/events\/318188","targetHints":{"allow":["GET"]}}],"collection":[{"href":"https:\/\/content.carib-export.com\/es\/wp-json\/wp\/v2\/events"}],"about":[{"href":"https:\/\/content.carib-export.com\/es\/wp-json\/wp\/v2\/types\/events"}],"author":[{"embeddable":true,"href":"https:\/\/content.carib-export.com\/es\/wp-json\/wp\/v2\/users\/9"}],"wp:featuredmedia":[{"embeddable":true,"href":"https:\/\/content.carib-export.com\/es\/wp-json\/wp\/v2\/media\/318168"}],"wp:attachment":[{"href":"https:\/\/content.carib-export.com\/es\/wp-json\/wp\/v2\/media?parent=318188"}],"wp:term":[{"taxonomy":"post_tag","embeddable":true,"href":"https:\/\/content.carib-export.com\/es\/wp-json\/wp\/v2\/tags?post=318188"}],"curies":[{"name":"wp","href":"https:\/\/api.w.org\/{rel}","templated":true}]}}