{"id":316501,"date":"2023-11-16T12:41:37","date_gmt":"2023-11-16T16:41:37","guid":{"rendered":"https:\/\/content.carib-export.com\/opportunities\/vacancy-for-the-position-of-internal-auditor\/"},"modified":"2023-11-16T12:45:23","modified_gmt":"2023-11-16T16:45:23","slug":"vacancy-for-the-position-of-internal-auditor","status":"publish","type":"opportunities","link":"https:\/\/content.carib-export.com\/es\/opportunities\/vacancy-for-the-position-of-internal-auditor\/","title":{"rendered":"Vacante para el puesto de Auditor Interno"},"content":{"rendered":"\n<p>Se invita a los ciudadanos de los Estados miembros del Fondo de Desarrollo del CARICOM (CDF) y de la Agencia de Gesti\u00f3n de Emergencias en caso de Desastre en el Caribe (CDEMA) interesados y debidamente cualificados a presentar sus candidaturas para el puesto de Auditor Interno.<\/p>\n\n<p>Para obtener m\u00e1s informaci\u00f3n sobre este puesto, descargue el anuncio de vacante y la descripci\u00f3n del puesto que figuran a continuaci\u00f3n. <\/p>\n\n<p>Las candidaturas deber\u00e1n ir acompa\u00f1adas de un curr\u00edculum v\u00edtae completo que incluya la nacionalidad, la experiencia laboral, las cualificaciones acad\u00e9micas, un resumen de las competencias o conocimientos profesionales, el dominio de idiomas, las coordenadas (incluidas las direcciones de correo electr\u00f3nico) de dos (2) personas de referencia (al menos una de las cuales deber\u00e1 estar familiarizada con el trabajo del candidato) y otra informaci\u00f3n pertinente, y deber\u00e1n dirigirse a<\/p>\n\n<p>\u00abSolicitud para el puesto de Auditor Interno\u00bb<br\/>El Director General<br\/>Fondo de Desarrollo de la CARICOM<br\/>1\u00aa planta Este, SKY Mall<br\/>Haggatt Hall, St. Michael BB11063<br\/>BARBADOS<\/p>\n\n<p>y enviado por correo electr\u00f3nico a: opportunity@caricomdf.org y aparris@caricomdf.org.<\/p>\n\n<p>El plazo de presentaci\u00f3n de candidaturas finaliza el 30 de noviembre de 2023.<\/p>\n","protected":false},"excerpt":{"rendered":"<p>Se invita a los ciudadanos de los Estados miembros del Fondo de Desarrollo del CARICOM (CDF) y de la Agencia de Gesti\u00f3n de Emergencias en caso de Desastre en el Caribe (CDEMA) interesados y debidamente cualificados a presentar sus candidaturas para el puesto de Auditor Interno. Para obtener m\u00e1s informaci\u00f3n sobre este puesto, descargue el [&hellip;]<\/p>\n","protected":false},"author":9,"featured_media":316470,"menu_order":0,"template":"","tags":[],"class_list":["post-316501","opportunities","type-opportunities","status-publish","has-post-thumbnail","hentry"],"acf":[],"yoast_head":"<!-- This site is optimized with the Yoast SEO plugin v27.1.1 - https:\/\/yoast.com\/product\/yoast-seo-wordpress\/ -->\n<title>Vacante para el puesto de Auditor Interno - nombre del Exportaci\u00f3n del Caribe<\/title>\n<meta name=\"description\" content=\"Se invita a los ciudadanos de los Estados miembros del Fondo de Desarrollo del CARICOM (CDF) y de la Agencia de Gesti\u00f3n de Emergencias en caso de Desastre en el Caribe (CDEMA) interesados y debidamente cualificados a presentar sus candidaturas para el puesto de Auditor Interno.\" \/>\n<meta name=\"robots\" content=\"index, follow, max-snippet:-1, max-image-preview:large, max-video-preview:-1\" \/>\n<link rel=\"canonical\" href=\"https:\/\/content.carib-export.com\/es\/opportunities\/vacancy-for-the-position-of-internal-auditor\/\" \/>\n<meta property=\"og:locale\" content=\"es_ES\" \/>\n<meta property=\"og:type\" content=\"article\" \/>\n<meta property=\"og:title\" content=\"Vacante para el puesto de Auditor Interno\" \/>\n<meta property=\"og:description\" content=\"Se invita a los ciudadanos de los Estados miembros del Fondo de Desarrollo del CARICOM (CDF) y de la Agencia de Gesti\u00f3n de Emergencias en caso de Desastre en el Caribe (CDEMA) interesados y debidamente cualificados a presentar sus candidaturas para el puesto de Auditor Interno.\" \/>\n<meta property=\"og:url\" content=\"https:\/\/content.carib-export.com\/es\/opportunities\/vacancy-for-the-position-of-internal-auditor\/\" \/>\n<meta property=\"og:site_name\" content=\"Exportaci\u00f3n del Caribe\" \/>\n<meta property=\"article:publisher\" content=\"https:\/\/www.facebook.com\/CaribbeanExport\" \/>\n<meta property=\"article:modified_time\" content=\"2023-11-16T16:45:23+00:00\" \/>\n<meta property=\"og:image\" content=\"https:\/\/content.carib-export.com\/wp-content\/uploads\/2023\/11\/cdflogo.jpg\" \/>\n<meta name=\"twitter:card\" content=\"summary_large_image\" \/>\n<meta name=\"twitter:title\" content=\"Vacante para el puesto de Auditor Interno\" \/>\n<meta name=\"twitter:description\" content=\"Se invita a los ciudadanos de los Estados miembros del Fondo de Desarrollo del CARICOM (CDF) y de la Agencia de Gesti\u00f3n de Emergencias en caso de Desastre en el Caribe (CDEMA) interesados y debidamente cualificados a presentar sus candidaturas para el puesto de Auditor Interno.\" \/>\n<meta name=\"twitter:image\" content=\"https:\/\/content.carib-export.com\/wp-content\/uploads\/2023\/11\/cdflogo.jpg\" \/>\n<meta name=\"twitter:site\" content=\"@CaribXport\" \/>\n<meta name=\"twitter:label1\" content=\"Tiempo de lectura\" \/>\n\t<meta name=\"twitter:data1\" content=\"1 minuto\" \/>\n<script type=\"application\/ld+json\" class=\"yoast-schema-graph\">{\"@context\":\"https:\/\/schema.org\",\"@graph\":[{\"@type\":\"WebPage\",\"@id\":\"https:\/\/content.carib-export.com\/es\/opportunities\/vacancy-for-the-position-of-internal-auditor\/\",\"url\":\"https:\/\/content.carib-export.com\/es\/opportunities\/vacancy-for-the-position-of-internal-auditor\/\",\"name\":\"Vacante para el puesto de Auditor Interno - nombre del Exportaci\u00f3n del Caribe\",\"isPartOf\":{\"@id\":\"https:\/\/content.carib-export.com\/es\/#website\"},\"primaryImageOfPage\":{\"@id\":\"https:\/\/content.carib-export.com\/es\/opportunities\/vacancy-for-the-position-of-internal-auditor\/#primaryimage\"},\"image\":{\"@id\":\"https:\/\/content.carib-export.com\/es\/opportunities\/vacancy-for-the-position-of-internal-auditor\/#primaryimage\"},\"thumbnailUrl\":\"https:\/\/content.carib-export.com\/wp-content\/uploads\/2023\/11\/cdflogo.jpg\",\"datePublished\":\"2023-11-16T16:41:37+00:00\",\"dateModified\":\"2023-11-16T16:45:23+00:00\",\"description\":\"Se invita a los ciudadanos de los Estados miembros del Fondo de Desarrollo del CARICOM (CDF) y de la Agencia de Gesti\u00f3n de Emergencias en caso de Desastre en el Caribe (CDEMA) interesados y debidamente cualificados a presentar sus candidaturas para el puesto de Auditor Interno.\",\"breadcrumb\":{\"@id\":\"https:\/\/content.carib-export.com\/es\/opportunities\/vacancy-for-the-position-of-internal-auditor\/#breadcrumb\"},\"inLanguage\":\"es\",\"potentialAction\":[{\"@type\":\"ReadAction\",\"target\":[\"https:\/\/content.carib-export.com\/es\/opportunities\/vacancy-for-the-position-of-internal-auditor\/\"]}]},{\"@type\":\"ImageObject\",\"inLanguage\":\"es\",\"@id\":\"https:\/\/content.carib-export.com\/es\/opportunities\/vacancy-for-the-position-of-internal-auditor\/#primaryimage\",\"url\":\"https:\/\/content.carib-export.com\/wp-content\/uploads\/2023\/11\/cdflogo.jpg\",\"contentUrl\":\"https:\/\/content.carib-export.com\/wp-content\/uploads\/2023\/11\/cdflogo.jpg\",\"width\":800,\"height\":600},{\"@type\":\"BreadcrumbList\",\"@id\":\"https:\/\/content.carib-export.com\/es\/opportunities\/vacancy-for-the-position-of-internal-auditor\/#breadcrumb\",\"itemListElement\":[{\"@type\":\"ListItem\",\"position\":1,\"name\":\"Casa\",\"item\":\"https:\/\/content.carib-export.com\/es\/home\/\"},{\"@type\":\"ListItem\",\"position\":2,\"name\":\"Opportunities\",\"item\":\"https:\/\/content.carib-export.com\/es\/opportunities\/\"},{\"@type\":\"ListItem\",\"position\":3,\"name\":\"Vacante para el puesto de Auditor Interno\"}]},{\"@type\":\"WebSite\",\"@id\":\"https:\/\/content.carib-export.com\/es\/#website\",\"url\":\"https:\/\/content.carib-export.com\/es\/\",\"name\":\"Exportaci\u00f3n del Caribe\",\"description\":\"La \u00fanica agencia regional de promoci\u00f3n del comercio y las inversiones en el grupo de \u00c1frica, el Caribe y el Pac\u00edfico.\",\"publisher\":{\"@id\":\"https:\/\/content.carib-export.com\/es\/#organization\"},\"potentialAction\":[{\"@type\":\"SearchAction\",\"target\":{\"@type\":\"EntryPoint\",\"urlTemplate\":\"https:\/\/content.carib-export.com\/es\/?s={search_term_string}\"},\"query-input\":{\"@type\":\"PropertyValueSpecification\",\"valueRequired\":true,\"valueName\":\"search_term_string\"}}],\"inLanguage\":\"es\"},{\"@type\":\"Organization\",\"@id\":\"https:\/\/content.carib-export.com\/es\/#organization\",\"name\":\"Agencia de Desarrollo de Exportaciones del Caribe\",\"url\":\"https:\/\/content.carib-export.com\/es\/\",\"logo\":{\"@type\":\"ImageObject\",\"inLanguage\":\"es\",\"@id\":\"https:\/\/content.carib-export.com\/es\/#\/schema\/logo\/image\/\",\"url\":\"https:\/\/content.carib-export.com\/wp-content\/uploads\/2013\/03\/CE-Logo-2013.jpg\",\"contentUrl\":\"https:\/\/content.carib-export.com\/wp-content\/uploads\/2013\/03\/CE-Logo-2013.jpg\",\"width\":1024,\"height\":244,\"caption\":\"Agencia de Desarrollo de Exportaciones del Caribe\"},\"image\":{\"@id\":\"https:\/\/content.carib-export.com\/es\/#\/schema\/logo\/image\/\"},\"sameAs\":[\"https:\/\/www.facebook.com\/CaribbeanExport\",\"https:\/\/x.com\/CaribXport\",\"https:\/\/www.instagram.com\/caribbeanexport\",\"https:\/\/www.linkedin.com\/company\/caribbeanexport\",\"https:\/\/www.youtube.com\/user\/TheCaribbeanExport\"]}]}<\/script>\n<!-- \/ Yoast SEO plugin. -->","yoast_head_json":{"title":"Vacante para el puesto de Auditor Interno - nombre del Exportaci\u00f3n del Caribe","description":"Se invita a los ciudadanos de los Estados miembros del Fondo de Desarrollo del CARICOM (CDF) y de la Agencia de Gesti\u00f3n de Emergencias en caso de Desastre en el Caribe (CDEMA) interesados y debidamente cualificados a presentar sus candidaturas para el puesto de Auditor Interno.","robots":{"index":"index","follow":"follow","max-snippet":"max-snippet:-1","max-image-preview":"max-image-preview:large","max-video-preview":"max-video-preview:-1"},"canonical":"https:\/\/content.carib-export.com\/es\/opportunities\/vacancy-for-the-position-of-internal-auditor\/","og_locale":"es_ES","og_type":"article","og_title":"Vacante para el puesto de Auditor Interno","og_description":"Se invita a los ciudadanos de los Estados miembros del Fondo de Desarrollo del CARICOM (CDF) y de la Agencia de Gesti\u00f3n de Emergencias en caso de Desastre en el Caribe (CDEMA) interesados y debidamente cualificados a presentar sus candidaturas para el puesto de Auditor Interno.","og_url":"https:\/\/content.carib-export.com\/es\/opportunities\/vacancy-for-the-position-of-internal-auditor\/","og_site_name":"Exportaci\u00f3n del Caribe","article_publisher":"https:\/\/www.facebook.com\/CaribbeanExport","article_modified_time":"2023-11-16T16:45:23+00:00","og_image":[{"url":"https:\/\/content.carib-export.com\/wp-content\/uploads\/2023\/11\/cdflogo.jpg","type":"","width":"","height":""}],"twitter_card":"summary_large_image","twitter_title":"Vacante para el puesto de Auditor Interno","twitter_description":"Se invita a los ciudadanos de los Estados miembros del Fondo de Desarrollo del CARICOM (CDF) y de la Agencia de Gesti\u00f3n de Emergencias en caso de Desastre en el Caribe (CDEMA) interesados y debidamente cualificados a presentar sus candidaturas para el puesto de Auditor Interno.","twitter_image":"https:\/\/content.carib-export.com\/wp-content\/uploads\/2023\/11\/cdflogo.jpg","twitter_site":"@CaribXport","twitter_misc":{"Tiempo de lectura":"1 minuto"},"schema":{"@context":"https:\/\/schema.org","@graph":[{"@type":"WebPage","@id":"https:\/\/content.carib-export.com\/es\/opportunities\/vacancy-for-the-position-of-internal-auditor\/","url":"https:\/\/content.carib-export.com\/es\/opportunities\/vacancy-for-the-position-of-internal-auditor\/","name":"Vacante para el puesto de Auditor Interno - nombre del Exportaci\u00f3n del Caribe","isPartOf":{"@id":"https:\/\/content.carib-export.com\/es\/#website"},"primaryImageOfPage":{"@id":"https:\/\/content.carib-export.com\/es\/opportunities\/vacancy-for-the-position-of-internal-auditor\/#primaryimage"},"image":{"@id":"https:\/\/content.carib-export.com\/es\/opportunities\/vacancy-for-the-position-of-internal-auditor\/#primaryimage"},"thumbnailUrl":"https:\/\/content.carib-export.com\/wp-content\/uploads\/2023\/11\/cdflogo.jpg","datePublished":"2023-11-16T16:41:37+00:00","dateModified":"2023-11-16T16:45:23+00:00","description":"Se invita a los ciudadanos de los Estados miembros del Fondo de Desarrollo del CARICOM (CDF) y de la Agencia de Gesti\u00f3n de Emergencias en caso de Desastre en el Caribe (CDEMA) interesados y debidamente cualificados a presentar sus candidaturas para el puesto de Auditor Interno.","breadcrumb":{"@id":"https:\/\/content.carib-export.com\/es\/opportunities\/vacancy-for-the-position-of-internal-auditor\/#breadcrumb"},"inLanguage":"es","potentialAction":[{"@type":"ReadAction","target":["https:\/\/content.carib-export.com\/es\/opportunities\/vacancy-for-the-position-of-internal-auditor\/"]}]},{"@type":"ImageObject","inLanguage":"es","@id":"https:\/\/content.carib-export.com\/es\/opportunities\/vacancy-for-the-position-of-internal-auditor\/#primaryimage","url":"https:\/\/content.carib-export.com\/wp-content\/uploads\/2023\/11\/cdflogo.jpg","contentUrl":"https:\/\/content.carib-export.com\/wp-content\/uploads\/2023\/11\/cdflogo.jpg","width":800,"height":600},{"@type":"BreadcrumbList","@id":"https:\/\/content.carib-export.com\/es\/opportunities\/vacancy-for-the-position-of-internal-auditor\/#breadcrumb","itemListElement":[{"@type":"ListItem","position":1,"name":"Casa","item":"https:\/\/content.carib-export.com\/es\/home\/"},{"@type":"ListItem","position":2,"name":"Opportunities","item":"https:\/\/content.carib-export.com\/es\/opportunities\/"},{"@type":"ListItem","position":3,"name":"Vacante para el puesto de Auditor Interno"}]},{"@type":"WebSite","@id":"https:\/\/content.carib-export.com\/es\/#website","url":"https:\/\/content.carib-export.com\/es\/","name":"Exportaci\u00f3n del Caribe","description":"La \u00fanica agencia regional de promoci\u00f3n del comercio y las inversiones en el grupo de \u00c1frica, el Caribe y el Pac\u00edfico.","publisher":{"@id":"https:\/\/content.carib-export.com\/es\/#organization"},"potentialAction":[{"@type":"SearchAction","target":{"@type":"EntryPoint","urlTemplate":"https:\/\/content.carib-export.com\/es\/?s={search_term_string}"},"query-input":{"@type":"PropertyValueSpecification","valueRequired":true,"valueName":"search_term_string"}}],"inLanguage":"es"},{"@type":"Organization","@id":"https:\/\/content.carib-export.com\/es\/#organization","name":"Agencia de Desarrollo de Exportaciones del Caribe","url":"https:\/\/content.carib-export.com\/es\/","logo":{"@type":"ImageObject","inLanguage":"es","@id":"https:\/\/content.carib-export.com\/es\/#\/schema\/logo\/image\/","url":"https:\/\/content.carib-export.com\/wp-content\/uploads\/2013\/03\/CE-Logo-2013.jpg","contentUrl":"https:\/\/content.carib-export.com\/wp-content\/uploads\/2013\/03\/CE-Logo-2013.jpg","width":1024,"height":244,"caption":"Agencia de Desarrollo de Exportaciones del Caribe"},"image":{"@id":"https:\/\/content.carib-export.com\/es\/#\/schema\/logo\/image\/"},"sameAs":["https:\/\/www.facebook.com\/CaribbeanExport","https:\/\/x.com\/CaribXport","https:\/\/www.instagram.com\/caribbeanexport","https:\/\/www.linkedin.com\/company\/caribbeanexport","https:\/\/www.youtube.com\/user\/TheCaribbeanExport"]}]}},"_links":{"self":[{"href":"https:\/\/content.carib-export.com\/es\/wp-json\/wp\/v2\/opportunities\/316501","targetHints":{"allow":["GET"]}}],"collection":[{"href":"https:\/\/content.carib-export.com\/es\/wp-json\/wp\/v2\/opportunities"}],"about":[{"href":"https:\/\/content.carib-export.com\/es\/wp-json\/wp\/v2\/types\/opportunities"}],"author":[{"embeddable":true,"href":"https:\/\/content.carib-export.com\/es\/wp-json\/wp\/v2\/users\/9"}],"version-history":[{"count":0,"href":"https:\/\/content.carib-export.com\/es\/wp-json\/wp\/v2\/opportunities\/316501\/revisions"}],"wp:featuredmedia":[{"embeddable":true,"href":"https:\/\/content.carib-export.com\/es\/wp-json\/wp\/v2\/media\/316470"}],"wp:attachment":[{"href":"https:\/\/content.carib-export.com\/es\/wp-json\/wp\/v2\/media?parent=316501"}],"wp:term":[{"taxonomy":"post_tag","embeddable":true,"href":"https:\/\/content.carib-export.com\/es\/wp-json\/wp\/v2\/tags?post=316501"}],"curies":[{"name":"wp","href":"https:\/\/api.w.org\/{rel}","templated":true}]}}