{"id":375616,"date":"2025-02-11T10:55:18","date_gmt":"2025-02-11T14:55:18","guid":{"rendered":"https:\/\/demo.content.carib-export.com\/opportunities\/eoi-invitation-to-participate-in-the-2025-edition-of-the-vitafoods-europe-trade-show-and-in-market-support-barcelona-spain\/"},"modified":"2025-03-02T07:51:47","modified_gmt":"2025-03-02T11:51:47","slug":"eoi-invitation-to-participate-in-the-2025-edition-of-the-vitafoods-europe-trade-show-and-in-market-support-barcelona-spain","status":"publish","type":"opportunities","link":"https:\/\/content.carib-export.com\/es\/opportunities\/eoi-invitation-to-participate-in-the-2025-edition-of-the-vitafoods-europe-trade-show-and-in-market-support-barcelona-spain\/","title":{"rendered":"EOI: Invitaci\u00f3n a participar en la edici\u00f3n 2025 de la Feria Vitafoods Europe y apoyo en el mercado, Barcelona, Espa\u00f1a"},"content":{"rendered":"\n<p>Caribbean Export, con el apoyo de la Uni\u00f3n Europea, invita a los productores nutrac\u00e9uticos del CARIFORUM a solicitar una oportunidad para exponer en la pr\u00f3xima feria comercial Vitafoods Europe 2025. Este evento de primer orden est\u00e1 previsto que se celebre del 20 al 22 de mayo en la Fira Barcelona Gran Via de Barcelona, Espa\u00f1a. <\/p>\n\n<p>Vitafoods Europe es un acontecimiento anual de primer orden que re\u00fane a la comunidad nutrac\u00e9utica mundial, abarcando toda la cadena de suministro, desde los ingredientes y las materias primas hasta los productos acabados y los servicios. Creado en 1997, el evento ha crecido significativamente, y la edici\u00f3n de 2023 acoger\u00e1 a 18.854 asistentes y 1.060 expositores. El evento atrae a un p\u00fablico internacional diverso y ofrece una plataforma para descubrir las \u00faltimas innovaciones, establecer asociaciones y conectar con l\u00edderes del sector. Para m\u00e1s informaci\u00f3n sobre Vitafoods Europe, visita <a href=\"https:\/\/www.vitafoods.eu.com\/en\/home.html\">https:\/\/www.vitafoods.eu.com\/en\/home.html.<\/a>   <\/p>\n\n<p>Teniendo en cuenta el enorme potencial de mercado de Europa y la ventajosa posici\u00f3n que ofrece el Acuerdo de Asociaci\u00f3n Econ\u00f3mica (AAE) CARIFORUM-UE<br\/>, Caribbean Export se compromete a apoyar a los representantes<br\/>de las empresas del CARIFORUM de los siguientes nichos para que participen en este prestigioso evento:<\/p>\n\n<p><strong>Caribbean Export apoyar\u00e1 a las empresas seleccionadas con lo siguiente:<\/strong><\/p>\n\n<ul class=\"wp-block-list\">\n<li><span style=\"text-decoration: underline;\">Programas de formaci\u00f3n:<\/span> Caribbean Export proporcionar\u00e1 apoyo y orientaci\u00f3n en el mercado a los solicitantes seleccionados antes de la feria comercial. Esto incluir\u00e1 un programa virtual durante marzo y abril de 2025, para ayudar a las empresas a mejorar su estrategia de penetraci\u00f3n o expansi\u00f3n en el mercado de la UE, los beneficios de la UE-EPA, los estudios de mercado, la log\u00edstica y las redes B2B y de distribuidores. Esto culminar\u00e1 con un ejercicio presencial de 2 d\u00edas en Barcelona, los d\u00edas 15 y 16 de mayo, antes de la feria.  <\/li>\n\n\n\n<li><span style=\"text-decoration: underline;\">Provisi\u00f3n de stands:<\/span> Los participantes dispondr\u00e1n de espacio para sus stands en la feria, bajo el Pabell\u00f3n Absolutamente Caribe\u00f1o.<\/li>\n\n\n\n<li><span style=\"text-decoration: underline;\">Dise\u00f1o y construcci\u00f3n de stands: <\/span>Dise\u00f1o y construcci\u00f3n de stands individuales en l\u00ednea con la marca Absolutely Caribbean.<\/li>\n\n\n\n<li><span style=\"text-decoration: underline;\">Cuota de expositor:<\/span> Cubrir el coste de la cuota de expositor como expositor compartido, valorada en 3450 euros por empresa.<\/li>\n\n\n\n<li><span style=\"text-decoration: underline;\">Transporte para la orientaci\u00f3n en el mercado:<\/span> transporte para actividades relacionadas con la orientaci\u00f3n en el mercado y el apoyo B2B.<\/li>\n<\/ul>\n\n<p><strong>El apoyo total de Caribbean Export est\u00e1 valorado en m\u00e1s de 15.000 euros por empresa.<\/strong><br\/><\/p>\n\n<h2 class=\"wp-block-heading\"><strong>El proceso de solicitud<\/strong><\/h2>\n\n<p>El proceso de solicitud para las empresas interesadas en participar en la feria comercial Vitafoods Europe y en el apoyo al mercado es el siguiente:<\/p>\n\n<ul class=\"wp-block-list\">\n<li>Rellena y env\u00eda el siguiente formulario de solicitud en l\u00ednea:\n<ul class=\"wp-block-list\">\n<li><a href=\"https:\/\/www.surveymonkey.com\/r\/N6NXD35\"><strong>Vitafoods Europe Formulario de inscripci\u00f3n<\/strong><\/a><\/li>\n<\/ul>\n<\/li>\n\n\n\n<li>Env\u00eda un v\u00eddeo de 3-5 minutos respondiendo a las siguientes preguntas:\n<ul class=\"wp-block-list\">\n<li>Proporciona una breve descripci\u00f3n de tu empresa.<\/li>\n\n\n\n<li>\u00bfCu\u00e1l es tu motivaci\u00f3n para asistir a la Feria y en la actividad de apoyo al mercado?<\/li>\n<\/ul>\n<\/li>\n\n\n\n<li>\u00bfQu\u00e9 esperas conseguir?<\/li>\n<\/ul>\n\n<p>Por favor, env\u00eda el enlace del v\u00eddeo a <a href=\"mailto:vitafoods2025@carib-export.com\">vitafoods2025@carib-export.com<\/a> y una copia a <a href=\"mailto:technicalprogrammes@carib-export.com\">technicalprogrammes@carib-export.com<\/a> y aseg\u00farate de que ambas direcciones de correo electr\u00f3nico tienen acceso completo al contenido.<\/p>\n\n<p><strong>Las solicitudes deben presentarse antes de las 23:59 AST del lunes 17 de febrero de 2025.<\/strong><br\/><strong>Descarga la Expresi\u00f3n de Inter\u00e9s completa a continuaci\u00f3n<\/strong>.<\/p>\n","protected":false},"excerpt":{"rendered":"<p>Caribbean Export, con el apoyo de la Uni\u00f3n Europea, invita a los productores nutrac\u00e9uticos del CARIFORUM a solicitar una oportunidad para exponer en la pr\u00f3xima feria comercial Vitafoods Europe 2025. Este evento de primer orden est\u00e1 previsto que se celebre del 20 al 22 de mayo en la Fira Barcelona Gran Via de Barcelona, Espa\u00f1a. [&hellip;]<\/p>\n","protected":false},"author":18,"featured_media":376394,"menu_order":0,"template":"","tags":[],"class_list":["post-375616","opportunities","type-opportunities","status-publish","has-post-thumbnail","hentry"],"acf":[],"yoast_head":"<!-- This site is optimized with the Yoast SEO plugin v27.1.1 - https:\/\/yoast.com\/product\/yoast-seo-wordpress\/ -->\n<title>EOI: Invitaci\u00f3n a participar en la edici\u00f3n 2025 de la Feria Vitafoods Europe y apoyo en el mercado, Barcelona, Espa\u00f1a - nombre del Exportaci\u00f3n del Caribe<\/title>\n<meta name=\"description\" content=\"Caribbean Export, con el apoyo de la Uni\u00f3n Europea, invita a los productores nutrac\u00e9uticos del CARIFORUM a solicitar una oportunidad para exponer en la pr\u00f3xima feria comercial Vitafoods Europe 2025. Este evento de primer orden est\u00e1 previsto que se celebre del 20 al 22 de mayo en la Fira Barcelona Gran Via de Barcelona, Espa\u00f1a.\" \/>\n<meta name=\"robots\" content=\"index, follow, max-snippet:-1, max-image-preview:large, max-video-preview:-1\" \/>\n<link rel=\"canonical\" href=\"https:\/\/content.carib-export.com\/es\/opportunities\/eoi-invitation-to-participate-in-the-2025-edition-of-the-vitafoods-europe-trade-show-and-in-market-support-barcelona-spain\/\" \/>\n<meta property=\"og:locale\" content=\"es_ES\" \/>\n<meta property=\"og:type\" content=\"article\" \/>\n<meta property=\"og:title\" content=\"EOI: Invitaci\u00f3n a participar en Vitafoods Europe 2025\" \/>\n<meta property=\"og:description\" content=\"Caribbean Export extiende una invitaci\u00f3n a los productores nutrac\u00e9uticos del CARIFORUM para que soliciten una oportunidad de exponer en la pr\u00f3xima feria comercial Vitafoods Europe 2025.\" \/>\n<meta property=\"og:url\" content=\"https:\/\/content.carib-export.com\/es\/opportunities\/eoi-invitation-to-participate-in-the-2025-edition-of-the-vitafoods-europe-trade-show-and-in-market-support-barcelona-spain\/\" \/>\n<meta property=\"og:site_name\" content=\"Exportaci\u00f3n del Caribe\" \/>\n<meta property=\"article:publisher\" content=\"https:\/\/www.facebook.com\/CaribbeanExport\" \/>\n<meta property=\"article:modified_time\" content=\"2025-03-02T11:51:47+00:00\" \/>\n<meta property=\"og:image\" content=\"https:\/\/content.carib-export.com\/wp-content\/uploads\/2025\/02\/Untitled-design-2-1024x768.png\" \/>\n<meta name=\"twitter:card\" content=\"summary_large_image\" \/>\n<meta name=\"twitter:title\" content=\"EOI: Invitaci\u00f3n a participar en Vitafoods Europe 2025\" \/>\n<meta name=\"twitter:description\" content=\"Caribbean Export extiende una invitaci\u00f3n a los productores nutrac\u00e9uticos del CARIFORUM para que soliciten una oportunidad de exponer en la pr\u00f3xima feria comercial Vitafoods Europe 2025.\" \/>\n<meta name=\"twitter:image\" content=\"https:\/\/content.carib-export.com\/wp-content\/uploads\/2025\/02\/Untitled-design-2-1024x768.png\" \/>\n<meta name=\"twitter:site\" content=\"@CaribXport\" \/>\n<meta name=\"twitter:label1\" content=\"Tiempo de lectura\" \/>\n\t<meta name=\"twitter:data1\" content=\"3 minutos\" \/>\n<script type=\"application\/ld+json\" class=\"yoast-schema-graph\">{\"@context\":\"https:\/\/schema.org\",\"@graph\":[{\"@type\":\"WebPage\",\"@id\":\"https:\/\/content.carib-export.com\/es\/opportunities\/eoi-invitation-to-participate-in-the-2025-edition-of-the-vitafoods-europe-trade-show-and-in-market-support-barcelona-spain\/\",\"url\":\"https:\/\/content.carib-export.com\/es\/opportunities\/eoi-invitation-to-participate-in-the-2025-edition-of-the-vitafoods-europe-trade-show-and-in-market-support-barcelona-spain\/\",\"name\":\"EOI: Invitaci\u00f3n a participar en la edici\u00f3n 2025 de la Feria Vitafoods Europe y apoyo en el mercado, Barcelona, Espa\u00f1a - nombre del Exportaci\u00f3n del Caribe\",\"isPartOf\":{\"@id\":\"https:\/\/content.carib-export.com\/es\/#website\"},\"primaryImageOfPage\":{\"@id\":\"https:\/\/content.carib-export.com\/es\/opportunities\/eoi-invitation-to-participate-in-the-2025-edition-of-the-vitafoods-europe-trade-show-and-in-market-support-barcelona-spain\/#primaryimage\"},\"image\":{\"@id\":\"https:\/\/content.carib-export.com\/es\/opportunities\/eoi-invitation-to-participate-in-the-2025-edition-of-the-vitafoods-europe-trade-show-and-in-market-support-barcelona-spain\/#primaryimage\"},\"thumbnailUrl\":\"https:\/\/content.carib-export.com\/wp-content\/uploads\/2025\/03\/Untitled-design-2.png\",\"datePublished\":\"2025-02-11T14:55:18+00:00\",\"dateModified\":\"2025-03-02T11:51:47+00:00\",\"description\":\"Caribbean Export, con el apoyo de la Uni\u00f3n Europea, invita a los productores nutrac\u00e9uticos del CARIFORUM a solicitar una oportunidad para exponer en la pr\u00f3xima feria comercial Vitafoods Europe 2025. Este evento de primer orden est\u00e1 previsto que se celebre del 20 al 22 de mayo en la Fira Barcelona Gran Via de Barcelona, Espa\u00f1a.\",\"breadcrumb\":{\"@id\":\"https:\/\/content.carib-export.com\/es\/opportunities\/eoi-invitation-to-participate-in-the-2025-edition-of-the-vitafoods-europe-trade-show-and-in-market-support-barcelona-spain\/#breadcrumb\"},\"inLanguage\":\"es\",\"potentialAction\":[{\"@type\":\"ReadAction\",\"target\":[\"https:\/\/content.carib-export.com\/es\/opportunities\/eoi-invitation-to-participate-in-the-2025-edition-of-the-vitafoods-europe-trade-show-and-in-market-support-barcelona-spain\/\"]}]},{\"@type\":\"ImageObject\",\"inLanguage\":\"es\",\"@id\":\"https:\/\/content.carib-export.com\/es\/opportunities\/eoi-invitation-to-participate-in-the-2025-edition-of-the-vitafoods-europe-trade-show-and-in-market-support-barcelona-spain\/#primaryimage\",\"url\":\"https:\/\/content.carib-export.com\/wp-content\/uploads\/2025\/03\/Untitled-design-2.png\",\"contentUrl\":\"https:\/\/content.carib-export.com\/wp-content\/uploads\/2025\/03\/Untitled-design-2.png\",\"width\":1500,\"height\":1125},{\"@type\":\"BreadcrumbList\",\"@id\":\"https:\/\/content.carib-export.com\/es\/opportunities\/eoi-invitation-to-participate-in-the-2025-edition-of-the-vitafoods-europe-trade-show-and-in-market-support-barcelona-spain\/#breadcrumb\",\"itemListElement\":[{\"@type\":\"ListItem\",\"position\":1,\"name\":\"Casa\",\"item\":\"https:\/\/content.carib-export.com\/es\/home\/\"},{\"@type\":\"ListItem\",\"position\":2,\"name\":\"Opportunities\",\"item\":\"https:\/\/content.carib-export.com\/es\/opportunities\/\"},{\"@type\":\"ListItem\",\"position\":3,\"name\":\"EOI: Invitaci\u00f3n a participar en la edici\u00f3n 2025 de la Feria Vitafoods Europe y apoyo en el mercado, Barcelona, Espa\u00f1a\"}]},{\"@type\":\"WebSite\",\"@id\":\"https:\/\/content.carib-export.com\/es\/#website\",\"url\":\"https:\/\/content.carib-export.com\/es\/\",\"name\":\"Exportaci\u00f3n del Caribe\",\"description\":\"La \u00fanica agencia regional de promoci\u00f3n del comercio y las inversiones en el grupo de \u00c1frica, el Caribe y el Pac\u00edfico.\",\"publisher\":{\"@id\":\"https:\/\/content.carib-export.com\/es\/#organization\"},\"potentialAction\":[{\"@type\":\"SearchAction\",\"target\":{\"@type\":\"EntryPoint\",\"urlTemplate\":\"https:\/\/content.carib-export.com\/es\/?s={search_term_string}\"},\"query-input\":{\"@type\":\"PropertyValueSpecification\",\"valueRequired\":true,\"valueName\":\"search_term_string\"}}],\"inLanguage\":\"es\"},{\"@type\":\"Organization\",\"@id\":\"https:\/\/content.carib-export.com\/es\/#organization\",\"name\":\"Agencia de Desarrollo de Exportaciones del Caribe\",\"url\":\"https:\/\/content.carib-export.com\/es\/\",\"logo\":{\"@type\":\"ImageObject\",\"inLanguage\":\"es\",\"@id\":\"https:\/\/content.carib-export.com\/es\/#\/schema\/logo\/image\/\",\"url\":\"https:\/\/content.carib-export.com\/wp-content\/uploads\/2013\/03\/CE-Logo-2013.jpg\",\"contentUrl\":\"https:\/\/content.carib-export.com\/wp-content\/uploads\/2013\/03\/CE-Logo-2013.jpg\",\"width\":1024,\"height\":244,\"caption\":\"Agencia de Desarrollo de Exportaciones del Caribe\"},\"image\":{\"@id\":\"https:\/\/content.carib-export.com\/es\/#\/schema\/logo\/image\/\"},\"sameAs\":[\"https:\/\/www.facebook.com\/CaribbeanExport\",\"https:\/\/x.com\/CaribXport\",\"https:\/\/www.instagram.com\/caribbeanexport\",\"https:\/\/www.linkedin.com\/company\/caribbeanexport\",\"https:\/\/www.youtube.com\/user\/TheCaribbeanExport\"]}]}<\/script>\n<!-- \/ Yoast SEO plugin. -->","yoast_head_json":{"title":"EOI: Invitaci\u00f3n a participar en la edici\u00f3n 2025 de la Feria Vitafoods Europe y apoyo en el mercado, Barcelona, Espa\u00f1a - nombre del Exportaci\u00f3n del Caribe","description":"Caribbean Export, con el apoyo de la Uni\u00f3n Europea, invita a los productores nutrac\u00e9uticos del CARIFORUM a solicitar una oportunidad para exponer en la pr\u00f3xima feria comercial Vitafoods Europe 2025. Este evento de primer orden est\u00e1 previsto que se celebre del 20 al 22 de mayo en la Fira Barcelona Gran Via de Barcelona, Espa\u00f1a.","robots":{"index":"index","follow":"follow","max-snippet":"max-snippet:-1","max-image-preview":"max-image-preview:large","max-video-preview":"max-video-preview:-1"},"canonical":"https:\/\/content.carib-export.com\/es\/opportunities\/eoi-invitation-to-participate-in-the-2025-edition-of-the-vitafoods-europe-trade-show-and-in-market-support-barcelona-spain\/","og_locale":"es_ES","og_type":"article","og_title":"EOI: Invitaci\u00f3n a participar en Vitafoods Europe 2025","og_description":"Caribbean Export extiende una invitaci\u00f3n a los productores nutrac\u00e9uticos del CARIFORUM para que soliciten una oportunidad de exponer en la pr\u00f3xima feria comercial Vitafoods Europe 2025.","og_url":"https:\/\/content.carib-export.com\/es\/opportunities\/eoi-invitation-to-participate-in-the-2025-edition-of-the-vitafoods-europe-trade-show-and-in-market-support-barcelona-spain\/","og_site_name":"Exportaci\u00f3n del Caribe","article_publisher":"https:\/\/www.facebook.com\/CaribbeanExport","article_modified_time":"2025-03-02T11:51:47+00:00","og_image":[{"url":"https:\/\/content.carib-export.com\/wp-content\/uploads\/2025\/02\/Untitled-design-2-1024x768.png","type":"","width":"","height":""}],"twitter_card":"summary_large_image","twitter_title":"EOI: Invitaci\u00f3n a participar en Vitafoods Europe 2025","twitter_description":"Caribbean Export extiende una invitaci\u00f3n a los productores nutrac\u00e9uticos del CARIFORUM para que soliciten una oportunidad de exponer en la pr\u00f3xima feria comercial Vitafoods Europe 2025.","twitter_image":"https:\/\/content.carib-export.com\/wp-content\/uploads\/2025\/02\/Untitled-design-2-1024x768.png","twitter_site":"@CaribXport","twitter_misc":{"Tiempo de lectura":"3 minutos"},"schema":{"@context":"https:\/\/schema.org","@graph":[{"@type":"WebPage","@id":"https:\/\/content.carib-export.com\/es\/opportunities\/eoi-invitation-to-participate-in-the-2025-edition-of-the-vitafoods-europe-trade-show-and-in-market-support-barcelona-spain\/","url":"https:\/\/content.carib-export.com\/es\/opportunities\/eoi-invitation-to-participate-in-the-2025-edition-of-the-vitafoods-europe-trade-show-and-in-market-support-barcelona-spain\/","name":"EOI: Invitaci\u00f3n a participar en la edici\u00f3n 2025 de la Feria Vitafoods Europe y apoyo en el mercado, Barcelona, Espa\u00f1a - nombre del Exportaci\u00f3n del Caribe","isPartOf":{"@id":"https:\/\/content.carib-export.com\/es\/#website"},"primaryImageOfPage":{"@id":"https:\/\/content.carib-export.com\/es\/opportunities\/eoi-invitation-to-participate-in-the-2025-edition-of-the-vitafoods-europe-trade-show-and-in-market-support-barcelona-spain\/#primaryimage"},"image":{"@id":"https:\/\/content.carib-export.com\/es\/opportunities\/eoi-invitation-to-participate-in-the-2025-edition-of-the-vitafoods-europe-trade-show-and-in-market-support-barcelona-spain\/#primaryimage"},"thumbnailUrl":"https:\/\/content.carib-export.com\/wp-content\/uploads\/2025\/03\/Untitled-design-2.png","datePublished":"2025-02-11T14:55:18+00:00","dateModified":"2025-03-02T11:51:47+00:00","description":"Caribbean Export, con el apoyo de la Uni\u00f3n Europea, invita a los productores nutrac\u00e9uticos del CARIFORUM a solicitar una oportunidad para exponer en la pr\u00f3xima feria comercial Vitafoods Europe 2025. Este evento de primer orden est\u00e1 previsto que se celebre del 20 al 22 de mayo en la Fira Barcelona Gran Via de Barcelona, Espa\u00f1a.","breadcrumb":{"@id":"https:\/\/content.carib-export.com\/es\/opportunities\/eoi-invitation-to-participate-in-the-2025-edition-of-the-vitafoods-europe-trade-show-and-in-market-support-barcelona-spain\/#breadcrumb"},"inLanguage":"es","potentialAction":[{"@type":"ReadAction","target":["https:\/\/content.carib-export.com\/es\/opportunities\/eoi-invitation-to-participate-in-the-2025-edition-of-the-vitafoods-europe-trade-show-and-in-market-support-barcelona-spain\/"]}]},{"@type":"ImageObject","inLanguage":"es","@id":"https:\/\/content.carib-export.com\/es\/opportunities\/eoi-invitation-to-participate-in-the-2025-edition-of-the-vitafoods-europe-trade-show-and-in-market-support-barcelona-spain\/#primaryimage","url":"https:\/\/content.carib-export.com\/wp-content\/uploads\/2025\/03\/Untitled-design-2.png","contentUrl":"https:\/\/content.carib-export.com\/wp-content\/uploads\/2025\/03\/Untitled-design-2.png","width":1500,"height":1125},{"@type":"BreadcrumbList","@id":"https:\/\/content.carib-export.com\/es\/opportunities\/eoi-invitation-to-participate-in-the-2025-edition-of-the-vitafoods-europe-trade-show-and-in-market-support-barcelona-spain\/#breadcrumb","itemListElement":[{"@type":"ListItem","position":1,"name":"Casa","item":"https:\/\/content.carib-export.com\/es\/home\/"},{"@type":"ListItem","position":2,"name":"Opportunities","item":"https:\/\/content.carib-export.com\/es\/opportunities\/"},{"@type":"ListItem","position":3,"name":"EOI: Invitaci\u00f3n a participar en la edici\u00f3n 2025 de la Feria Vitafoods Europe y apoyo en el mercado, Barcelona, Espa\u00f1a"}]},{"@type":"WebSite","@id":"https:\/\/content.carib-export.com\/es\/#website","url":"https:\/\/content.carib-export.com\/es\/","name":"Exportaci\u00f3n del Caribe","description":"La \u00fanica agencia regional de promoci\u00f3n del comercio y las inversiones en el grupo de \u00c1frica, el Caribe y el Pac\u00edfico.","publisher":{"@id":"https:\/\/content.carib-export.com\/es\/#organization"},"potentialAction":[{"@type":"SearchAction","target":{"@type":"EntryPoint","urlTemplate":"https:\/\/content.carib-export.com\/es\/?s={search_term_string}"},"query-input":{"@type":"PropertyValueSpecification","valueRequired":true,"valueName":"search_term_string"}}],"inLanguage":"es"},{"@type":"Organization","@id":"https:\/\/content.carib-export.com\/es\/#organization","name":"Agencia de Desarrollo de Exportaciones del Caribe","url":"https:\/\/content.carib-export.com\/es\/","logo":{"@type":"ImageObject","inLanguage":"es","@id":"https:\/\/content.carib-export.com\/es\/#\/schema\/logo\/image\/","url":"https:\/\/content.carib-export.com\/wp-content\/uploads\/2013\/03\/CE-Logo-2013.jpg","contentUrl":"https:\/\/content.carib-export.com\/wp-content\/uploads\/2013\/03\/CE-Logo-2013.jpg","width":1024,"height":244,"caption":"Agencia de Desarrollo de Exportaciones del Caribe"},"image":{"@id":"https:\/\/content.carib-export.com\/es\/#\/schema\/logo\/image\/"},"sameAs":["https:\/\/www.facebook.com\/CaribbeanExport","https:\/\/x.com\/CaribXport","https:\/\/www.instagram.com\/caribbeanexport","https:\/\/www.linkedin.com\/company\/caribbeanexport","https:\/\/www.youtube.com\/user\/TheCaribbeanExport"]}]}},"_links":{"self":[{"href":"https:\/\/content.carib-export.com\/es\/wp-json\/wp\/v2\/opportunities\/375616","targetHints":{"allow":["GET"]}}],"collection":[{"href":"https:\/\/content.carib-export.com\/es\/wp-json\/wp\/v2\/opportunities"}],"about":[{"href":"https:\/\/content.carib-export.com\/es\/wp-json\/wp\/v2\/types\/opportunities"}],"author":[{"embeddable":true,"href":"https:\/\/content.carib-export.com\/es\/wp-json\/wp\/v2\/users\/18"}],"version-history":[{"count":0,"href":"https:\/\/content.carib-export.com\/es\/wp-json\/wp\/v2\/opportunities\/375616\/revisions"}],"wp:featuredmedia":[{"embeddable":true,"href":"https:\/\/content.carib-export.com\/es\/wp-json\/wp\/v2\/media\/376394"}],"wp:attachment":[{"href":"https:\/\/content.carib-export.com\/es\/wp-json\/wp\/v2\/media?parent=375616"}],"wp:term":[{"taxonomy":"post_tag","embeddable":true,"href":"https:\/\/content.carib-export.com\/es\/wp-json\/wp\/v2\/tags?post=375616"}],"curies":[{"name":"wp","href":"https:\/\/api.w.org\/{rel}","templated":true}]}}