{"id":375626,"date":"2025-02-11T10:44:29","date_gmt":"2025-02-11T14:44:29","guid":{"rendered":"https:\/\/demo.content.carib-export.com\/opportunities\/call-for-projects-caribbean-investment-forum-2025-cif\/"},"modified":"2025-03-02T08:00:28","modified_gmt":"2025-03-02T12:00:28","slug":"call-for-projects-caribbean-investment-forum-2025-cif","status":"publish","type":"opportunities","link":"https:\/\/content.carib-export.com\/es\/opportunities\/call-for-projects-caribbean-investment-forum-2025-cif\/","title":{"rendered":"Convocatoria de proyectos &#8211; Foro de Inversi\u00f3n del Caribe 2025 (FIC)"},"content":{"rendered":"\n<p>\u00bfEst\u00e1s preparado para llevar tu proyecto de impacto a nuevas cotas? El Foro de Inversi\u00f3n del Caribe<br\/>busca iniciativas innovadoras que tengan el poder de transformar comunidades y crear<br\/>un impacto nacional o regional duradero. Si tienes una visi\u00f3n audaz que requiera una inversi\u00f3n de capital superior a<br\/>1 mill\u00f3n de d\u00f3lares, \u00e9sta es tu oportunidad de llamar la atenci\u00f3n.<br\/>\u00danete al Movimiento en Sectores Pr\u00f3speros  <\/p>\n\n<ul class=\"wp-block-list\">\n<li>Agricultura sostenible: \u00a1Revolucionar la forma en que cultivamos y consumimos alimentos! Buscamos<br\/>proyectos innovadores que defiendan pr\u00e1cticas ecol\u00f3gicas, mejoren la seguridad alimentaria y<br\/>capaciten a los agricultores locales con soluciones de vanguardia. Ya sea mediante t\u00e9cnicas de agricultura ecol\u00f3gica<br\/>o sistemas de riego avanzados, tu proyecto podr\u00eda allanar el camino hacia una cadena de suministro de alimentos m\u00e1s<br\/>sostenible.  <\/li>\n\n\n\n<li>Transici\u00f3n a la Econom\u00eda Verde: \u00a1S\u00e9 un catalizador del cambio! Comparte tus iniciativas que apoyan<br\/>la transici\u00f3n a una econom\u00eda m\u00e1s verde reduciendo la huella de carbono, aprovechando la energ\u00eda renovable<br\/>y fomentando pr\u00e1cticas empresariales sostenibles. Desde el desarrollo de tecnolog\u00edas ecol\u00f3gicas<br\/>hasta la puesta en marcha de programas comunitarios de reciclaje, tus esfuerzos pueden generar importantes<br\/>beneficios medioambientales y crecimiento econ\u00f3mico.  <\/li>\n\n\n\n<li>Digitalizaci\u00f3n de la empresa: \u00a1Entra en el futuro! Buscamos proyectos visionarios que<br\/>integren a la perfecci\u00f3n las tecnolog\u00edas digitales en las operaciones empresariales, mejorando la eficiencia,<br\/>enriqueciendo las experiencias de los clientes e impulsando el crecimiento econ\u00f3mico. Desde plataformas de comercio electr\u00f3nico<br\/>hasta estrategias de marketing digital, tu proyecto puede capacitar a las empresas locales para<br\/>prosperar en un mundo cada vez m\u00e1s digital.  <\/li>\n<\/ul>\n\n<p><strong>\u00bfPor qu\u00e9 aprovechar esta oportunidad?<\/strong><\/p>\n\n<ul class=\"wp-block-list\">\n<li>Innovadores y emprendedores con proyectos que requieran m\u00e1s de 1 mill\u00f3n de d\u00f3lares de inversi\u00f3n de capital<br\/>.<\/li>\n\n\n\n<li>Equipos preparados para mostrar su potencial de impacto nacional o regional.<\/li>\n\n\n\n<li>Visionarios apasionados por el desarrollo sostenible, el progreso econ\u00f3mico y el cambio social<br\/>.<\/li>\n\n\n\n<li>Organizaciones y empresas establecidas con una misi\u00f3n clara y un historial de<br\/>obtenci\u00f3n de resultados.<br\/><br\/><em><strong>*NB S\u00f3lo son elegibles los proyectos que se ejecuten en los Estados miembros del CARIFORUM.<\/strong><\/em><\/li>\n<\/ul>\n\n<p><strong>\u00bfC\u00f3mo participar?<\/strong><\/p>\n\n<ol class=\"wp-block-list\">\n<li>Descarga y rellena el formulario de <strong>Expresi\u00f3n de Inter\u00e9s<\/strong> online antes del<strong> 15 de marzo de 2025<\/strong>.<\/li>\n\n\n\n<li><br\/>Env\u00eda por correo electr\u00f3nico tu propuesta din\u00e1mica y los siguientes documentos de apoyo antes del <strong>30 de mayo de 2025 a las 16:30 horas AST<\/strong>.<\/li>\n<\/ol>\n\n<p><strong>Elementos de la propuesta completa<\/strong><\/p>\n\n<ul class=\"wp-block-list\">\n<li>Propuesta de proyecto: Una descripci\u00f3n detallada de tu proyecto, incluidos los objetivos, las estrategias de<br\/>, el p\u00fablico destinatario y los resultados previstos. Esboza claramente c\u00f3mo se alinea tu proyecto<br\/>con uno o m\u00e1s sectores especificados y su valor \u00fanico. <\/li>\n\n\n\n<li>Esquema presupuestario: Un presupuesto completo que detalle la inversi\u00f3n de capital y la asignaci\u00f3n de fondos<br\/>. Incluye detalles sobre c\u00f3mo se utilizar\u00e1n los fondos, posibles fuentes de ingresos o<br\/>medidas de ahorro. <\/li>\n\n\n\n<li>Proyecciones financieras a tres a\u00f1os: Proporciona proyecciones financieras detalladas para los pr\u00f3ximos<\/li>\n\n\n\n<li>tres a\u00f1os. Incluye previsiones de ingresos, gastos previstos, m\u00e1rgenes de beneficio y cualquier <\/li>\n\n\n\n<li>los supuestos utilizados en tus proyecciones. Esto nos ayudar\u00e1 a comprender la <\/li>\n\n\n\n<li>viabilidad financiera y sostenibilidad.<\/li>\n\n\n\n<li>Calendario: Un calendario estimado para la ejecuci\u00f3n del proyecto y los hitos clave.<br\/>Destaca las fases cr\u00edticas y los entregables para demostrar la hoja de ruta de tu proyecto hacia el \u00e9xito<br\/>.<\/li>\n\n\n\n<li>Perfil del equipo: Breves biograf\u00edas de los miembros clave del equipo, destacando su experiencia y funciones<br\/>en el proyecto. Muestra las habilidades y experiencias \u00fanicas de tu equipo que te posicionan<br\/>para el \u00e9xito. <\/li>\n\n\n\n<li>Evaluaci\u00f3n del impacto: Una descripci\u00f3n del impacto nacional o regional que se crear\u00e1<br\/>, respaldada por m\u00e9tricas para medir el \u00e9xito y los posibles beneficios sociales,<br\/>econ\u00f3micos y medioambientales de tu proyecto.<\/li>\n\n\n\n<li>Estudio de viabilidad: Un estudio de viabilidad exhaustivo que eval\u00fae la viabilidad de tu proyecto.<br\/>Debe incluir un an\u00e1lisis del mercado, factores de riesgo, retos potenciales y estrategias<br\/>para superar los obst\u00e1culos. Demostrar la viabilidad de tu proyecto es crucial para<br\/>conseguir apoyo. <\/li>\n<\/ul>\n\n<p>No pierdas esta oportunidad de liderar la innovaci\u00f3n, la sostenibilidad y el impacto social. Env\u00eda hoy mismo tu propuesta a<br\/>y \u00fanete a nosotros para crear un futuro caribe\u00f1o m\u00e1s brillante y sostenible. <br\/><\/p>\n\n<p>Todas las comunicaciones y propuestas deben enviarse (en ingl\u00e9s) al <strong>Equipo de Proyectos de los FIC, a la atenci\u00f3n de la Sra. Tonya Cummins<\/strong><a href=\"mailto:cifprojects@carib-export.com\">(cifprojects@carib-export.com)<\/a>, con copia a <a href=\"mailto:technicalprogrammes@carib-export.com\">technicalprogrammes@carib-export.com<\/a>.<br\/><\/p>\n\n<p>Para m\u00e1s informaci\u00f3n sobre el Foro de Inversi\u00f3n del Caribe, visita el sitio web del evento en<br\/><a href=\"https:\/\/caribbeaninvestmentforum.com\/\">www.caribbeaninvestmentforum.com<\/a><br\/><\/p>\n\n<p><strong><em>*Los Estados miembros del CARIFORUM son Antigua y Barbuda, Bahamas, Barbados, Belice, Dominica,<br\/>Rep\u00fablica Dominicana, Granada, Guyana, Hait\u00ed, Jamaica, San Crist\u00f3bal y Nieves, Santa Luc\u00eda, San Vicente<br\/>y las Granadinas, Surinam y Trinidad y Tobago.<\/em><\/strong><\/p>\n","protected":false},"excerpt":{"rendered":"<p>\u00bfEst\u00e1s preparado para llevar tu proyecto de impacto a nuevas cotas? El Foro de Inversi\u00f3n del Caribebusca iniciativas innovadoras que tengan el poder de transformar comunidades y crearun impacto nacional o regional duradero. Si tienes una visi\u00f3n audaz que requiera una inversi\u00f3n de capital superior a1 mill\u00f3n de d\u00f3lares, \u00e9sta es tu oportunidad de llamar [&hellip;]<\/p>\n","protected":false},"author":18,"featured_media":318764,"menu_order":0,"template":"","tags":[],"class_list":["post-375626","opportunities","type-opportunities","status-publish","has-post-thumbnail","hentry"],"acf":[],"yoast_head":"<!-- This site is optimized with the Yoast SEO plugin v27.1.1 - https:\/\/yoast.com\/product\/yoast-seo-wordpress\/ -->\n<title>Convocatoria de proyectos - Foro de Inversi\u00f3n del Caribe 2025 (FIC) - nombre del Exportaci\u00f3n del Caribe<\/title>\n<meta name=\"description\" content=\"El Foro de Inversi\u00f3n del Caribe busca iniciativas innovadoras que tengan el poder de transformar comunidades y crear un impacto nacional o regional duradero.\" \/>\n<meta name=\"robots\" content=\"index, follow, max-snippet:-1, max-image-preview:large, max-video-preview:-1\" \/>\n<link rel=\"canonical\" href=\"https:\/\/content.carib-export.com\/es\/opportunities\/call-for-projects-caribbean-investment-forum-2025-cif\/\" \/>\n<meta property=\"og:locale\" content=\"es_ES\" \/>\n<meta property=\"og:type\" content=\"article\" \/>\n<meta property=\"og:title\" content=\"Convocatoria de proyectos - Foro de Inversi\u00f3n del Caribe 2025 (FIC)\" \/>\n<meta property=\"og:description\" content=\"El Foro de Inversi\u00f3n del Caribe busca iniciativas innovadoras que tengan el poder de transformar comunidades y crear un impacto nacional o regional duradero.\" \/>\n<meta property=\"og:url\" content=\"https:\/\/content.carib-export.com\/es\/opportunities\/call-for-projects-caribbean-investment-forum-2025-cif\/\" \/>\n<meta property=\"og:site_name\" content=\"Exportaci\u00f3n del Caribe\" \/>\n<meta property=\"article:publisher\" content=\"https:\/\/www.facebook.com\/CaribbeanExport\" \/>\n<meta property=\"article:modified_time\" content=\"2025-03-02T12:00:28+00:00\" \/>\n<meta property=\"og:image\" content=\"https:\/\/content.carib-export.com\/wp-content\/uploads\/2024\/03\/New-website-featured-image-1500-x-1125-44-1024x768.png\" \/>\n<meta name=\"twitter:card\" content=\"summary_large_image\" \/>\n<meta name=\"twitter:title\" content=\"Convocatoria de proyectos - Foro de Inversi\u00f3n del Caribe 2025 (FIC)\" \/>\n<meta name=\"twitter:description\" content=\"El Foro de Inversi\u00f3n del Caribe busca iniciativas innovadoras que tengan el poder de transformar comunidades y crear un impacto nacional o regional duradero.\" \/>\n<meta name=\"twitter:image\" content=\"https:\/\/content.carib-export.com\/wp-content\/uploads\/2024\/03\/New-website-featured-image-1500-x-1125-44-1024x768.png\" \/>\n<meta name=\"twitter:site\" content=\"@CaribXport\" \/>\n<meta name=\"twitter:label1\" content=\"Tiempo de lectura\" \/>\n\t<meta name=\"twitter:data1\" content=\"4 minutos\" \/>\n<script type=\"application\/ld+json\" class=\"yoast-schema-graph\">{\"@context\":\"https:\/\/schema.org\",\"@graph\":[{\"@type\":\"WebPage\",\"@id\":\"https:\/\/content.carib-export.com\/es\/opportunities\/call-for-projects-caribbean-investment-forum-2025-cif\/\",\"url\":\"https:\/\/content.carib-export.com\/es\/opportunities\/call-for-projects-caribbean-investment-forum-2025-cif\/\",\"name\":\"Convocatoria de proyectos - Foro de Inversi\u00f3n del Caribe 2025 (FIC) - nombre del Exportaci\u00f3n del Caribe\",\"isPartOf\":{\"@id\":\"https:\/\/content.carib-export.com\/es\/#website\"},\"primaryImageOfPage\":{\"@id\":\"https:\/\/content.carib-export.com\/es\/opportunities\/call-for-projects-caribbean-investment-forum-2025-cif\/#primaryimage\"},\"image\":{\"@id\":\"https:\/\/content.carib-export.com\/es\/opportunities\/call-for-projects-caribbean-investment-forum-2025-cif\/#primaryimage\"},\"thumbnailUrl\":\"https:\/\/content.carib-export.com\/wp-content\/uploads\/2024\/03\/New-website-featured-image-1500-x-1125-44.png\",\"datePublished\":\"2025-02-11T14:44:29+00:00\",\"dateModified\":\"2025-03-02T12:00:28+00:00\",\"description\":\"El Foro de Inversi\u00f3n del Caribe busca iniciativas innovadoras que tengan el poder de transformar comunidades y crear un impacto nacional o regional duradero.\",\"breadcrumb\":{\"@id\":\"https:\/\/content.carib-export.com\/es\/opportunities\/call-for-projects-caribbean-investment-forum-2025-cif\/#breadcrumb\"},\"inLanguage\":\"es\",\"potentialAction\":[{\"@type\":\"ReadAction\",\"target\":[\"https:\/\/content.carib-export.com\/es\/opportunities\/call-for-projects-caribbean-investment-forum-2025-cif\/\"]}]},{\"@type\":\"ImageObject\",\"inLanguage\":\"es\",\"@id\":\"https:\/\/content.carib-export.com\/es\/opportunities\/call-for-projects-caribbean-investment-forum-2025-cif\/#primaryimage\",\"url\":\"https:\/\/content.carib-export.com\/wp-content\/uploads\/2024\/03\/New-website-featured-image-1500-x-1125-44.png\",\"contentUrl\":\"https:\/\/content.carib-export.com\/wp-content\/uploads\/2024\/03\/New-website-featured-image-1500-x-1125-44.png\",\"width\":1500,\"height\":1125},{\"@type\":\"BreadcrumbList\",\"@id\":\"https:\/\/content.carib-export.com\/es\/opportunities\/call-for-projects-caribbean-investment-forum-2025-cif\/#breadcrumb\",\"itemListElement\":[{\"@type\":\"ListItem\",\"position\":1,\"name\":\"Casa\",\"item\":\"https:\/\/content.carib-export.com\/es\/home\/\"},{\"@type\":\"ListItem\",\"position\":2,\"name\":\"Opportunities\",\"item\":\"https:\/\/content.carib-export.com\/es\/opportunities\/\"},{\"@type\":\"ListItem\",\"position\":3,\"name\":\"Convocatoria de proyectos &#8211; Foro de Inversi\u00f3n del Caribe 2025 (FIC)\"}]},{\"@type\":\"WebSite\",\"@id\":\"https:\/\/content.carib-export.com\/es\/#website\",\"url\":\"https:\/\/content.carib-export.com\/es\/\",\"name\":\"Exportaci\u00f3n del Caribe\",\"description\":\"La \u00fanica agencia regional de promoci\u00f3n del comercio y las inversiones en el grupo de \u00c1frica, el Caribe y el Pac\u00edfico.\",\"publisher\":{\"@id\":\"https:\/\/content.carib-export.com\/es\/#organization\"},\"potentialAction\":[{\"@type\":\"SearchAction\",\"target\":{\"@type\":\"EntryPoint\",\"urlTemplate\":\"https:\/\/content.carib-export.com\/es\/?s={search_term_string}\"},\"query-input\":{\"@type\":\"PropertyValueSpecification\",\"valueRequired\":true,\"valueName\":\"search_term_string\"}}],\"inLanguage\":\"es\"},{\"@type\":\"Organization\",\"@id\":\"https:\/\/content.carib-export.com\/es\/#organization\",\"name\":\"Agencia de Desarrollo de Exportaciones del Caribe\",\"url\":\"https:\/\/content.carib-export.com\/es\/\",\"logo\":{\"@type\":\"ImageObject\",\"inLanguage\":\"es\",\"@id\":\"https:\/\/content.carib-export.com\/es\/#\/schema\/logo\/image\/\",\"url\":\"https:\/\/content.carib-export.com\/wp-content\/uploads\/2013\/03\/CE-Logo-2013.jpg\",\"contentUrl\":\"https:\/\/content.carib-export.com\/wp-content\/uploads\/2013\/03\/CE-Logo-2013.jpg\",\"width\":1024,\"height\":244,\"caption\":\"Agencia de Desarrollo de Exportaciones del Caribe\"},\"image\":{\"@id\":\"https:\/\/content.carib-export.com\/es\/#\/schema\/logo\/image\/\"},\"sameAs\":[\"https:\/\/www.facebook.com\/CaribbeanExport\",\"https:\/\/x.com\/CaribXport\",\"https:\/\/www.instagram.com\/caribbeanexport\",\"https:\/\/www.linkedin.com\/company\/caribbeanexport\",\"https:\/\/www.youtube.com\/user\/TheCaribbeanExport\"]}]}<\/script>\n<!-- \/ Yoast SEO plugin. -->","yoast_head_json":{"title":"Convocatoria de proyectos - Foro de Inversi\u00f3n del Caribe 2025 (FIC) - nombre del Exportaci\u00f3n del Caribe","description":"El Foro de Inversi\u00f3n del Caribe busca iniciativas innovadoras que tengan el poder de transformar comunidades y crear un impacto nacional o regional duradero.","robots":{"index":"index","follow":"follow","max-snippet":"max-snippet:-1","max-image-preview":"max-image-preview:large","max-video-preview":"max-video-preview:-1"},"canonical":"https:\/\/content.carib-export.com\/es\/opportunities\/call-for-projects-caribbean-investment-forum-2025-cif\/","og_locale":"es_ES","og_type":"article","og_title":"Convocatoria de proyectos - Foro de Inversi\u00f3n del Caribe 2025 (FIC)","og_description":"El Foro de Inversi\u00f3n del Caribe busca iniciativas innovadoras que tengan el poder de transformar comunidades y crear un impacto nacional o regional duradero.","og_url":"https:\/\/content.carib-export.com\/es\/opportunities\/call-for-projects-caribbean-investment-forum-2025-cif\/","og_site_name":"Exportaci\u00f3n del Caribe","article_publisher":"https:\/\/www.facebook.com\/CaribbeanExport","article_modified_time":"2025-03-02T12:00:28+00:00","og_image":[{"url":"https:\/\/content.carib-export.com\/wp-content\/uploads\/2024\/03\/New-website-featured-image-1500-x-1125-44-1024x768.png","type":"","width":"","height":""}],"twitter_card":"summary_large_image","twitter_title":"Convocatoria de proyectos - Foro de Inversi\u00f3n del Caribe 2025 (FIC)","twitter_description":"El Foro de Inversi\u00f3n del Caribe busca iniciativas innovadoras que tengan el poder de transformar comunidades y crear un impacto nacional o regional duradero.","twitter_image":"https:\/\/content.carib-export.com\/wp-content\/uploads\/2024\/03\/New-website-featured-image-1500-x-1125-44-1024x768.png","twitter_site":"@CaribXport","twitter_misc":{"Tiempo de lectura":"4 minutos"},"schema":{"@context":"https:\/\/schema.org","@graph":[{"@type":"WebPage","@id":"https:\/\/content.carib-export.com\/es\/opportunities\/call-for-projects-caribbean-investment-forum-2025-cif\/","url":"https:\/\/content.carib-export.com\/es\/opportunities\/call-for-projects-caribbean-investment-forum-2025-cif\/","name":"Convocatoria de proyectos - Foro de Inversi\u00f3n del Caribe 2025 (FIC) - nombre del Exportaci\u00f3n del Caribe","isPartOf":{"@id":"https:\/\/content.carib-export.com\/es\/#website"},"primaryImageOfPage":{"@id":"https:\/\/content.carib-export.com\/es\/opportunities\/call-for-projects-caribbean-investment-forum-2025-cif\/#primaryimage"},"image":{"@id":"https:\/\/content.carib-export.com\/es\/opportunities\/call-for-projects-caribbean-investment-forum-2025-cif\/#primaryimage"},"thumbnailUrl":"https:\/\/content.carib-export.com\/wp-content\/uploads\/2024\/03\/New-website-featured-image-1500-x-1125-44.png","datePublished":"2025-02-11T14:44:29+00:00","dateModified":"2025-03-02T12:00:28+00:00","description":"El Foro de Inversi\u00f3n del Caribe busca iniciativas innovadoras que tengan el poder de transformar comunidades y crear un impacto nacional o regional duradero.","breadcrumb":{"@id":"https:\/\/content.carib-export.com\/es\/opportunities\/call-for-projects-caribbean-investment-forum-2025-cif\/#breadcrumb"},"inLanguage":"es","potentialAction":[{"@type":"ReadAction","target":["https:\/\/content.carib-export.com\/es\/opportunities\/call-for-projects-caribbean-investment-forum-2025-cif\/"]}]},{"@type":"ImageObject","inLanguage":"es","@id":"https:\/\/content.carib-export.com\/es\/opportunities\/call-for-projects-caribbean-investment-forum-2025-cif\/#primaryimage","url":"https:\/\/content.carib-export.com\/wp-content\/uploads\/2024\/03\/New-website-featured-image-1500-x-1125-44.png","contentUrl":"https:\/\/content.carib-export.com\/wp-content\/uploads\/2024\/03\/New-website-featured-image-1500-x-1125-44.png","width":1500,"height":1125},{"@type":"BreadcrumbList","@id":"https:\/\/content.carib-export.com\/es\/opportunities\/call-for-projects-caribbean-investment-forum-2025-cif\/#breadcrumb","itemListElement":[{"@type":"ListItem","position":1,"name":"Casa","item":"https:\/\/content.carib-export.com\/es\/home\/"},{"@type":"ListItem","position":2,"name":"Opportunities","item":"https:\/\/content.carib-export.com\/es\/opportunities\/"},{"@type":"ListItem","position":3,"name":"Convocatoria de proyectos &#8211; Foro de Inversi\u00f3n del Caribe 2025 (FIC)"}]},{"@type":"WebSite","@id":"https:\/\/content.carib-export.com\/es\/#website","url":"https:\/\/content.carib-export.com\/es\/","name":"Exportaci\u00f3n del Caribe","description":"La \u00fanica agencia regional de promoci\u00f3n del comercio y las inversiones en el grupo de \u00c1frica, el Caribe y el Pac\u00edfico.","publisher":{"@id":"https:\/\/content.carib-export.com\/es\/#organization"},"potentialAction":[{"@type":"SearchAction","target":{"@type":"EntryPoint","urlTemplate":"https:\/\/content.carib-export.com\/es\/?s={search_term_string}"},"query-input":{"@type":"PropertyValueSpecification","valueRequired":true,"valueName":"search_term_string"}}],"inLanguage":"es"},{"@type":"Organization","@id":"https:\/\/content.carib-export.com\/es\/#organization","name":"Agencia de Desarrollo de Exportaciones del Caribe","url":"https:\/\/content.carib-export.com\/es\/","logo":{"@type":"ImageObject","inLanguage":"es","@id":"https:\/\/content.carib-export.com\/es\/#\/schema\/logo\/image\/","url":"https:\/\/content.carib-export.com\/wp-content\/uploads\/2013\/03\/CE-Logo-2013.jpg","contentUrl":"https:\/\/content.carib-export.com\/wp-content\/uploads\/2013\/03\/CE-Logo-2013.jpg","width":1024,"height":244,"caption":"Agencia de Desarrollo de Exportaciones del Caribe"},"image":{"@id":"https:\/\/content.carib-export.com\/es\/#\/schema\/logo\/image\/"},"sameAs":["https:\/\/www.facebook.com\/CaribbeanExport","https:\/\/x.com\/CaribXport","https:\/\/www.instagram.com\/caribbeanexport","https:\/\/www.linkedin.com\/company\/caribbeanexport","https:\/\/www.youtube.com\/user\/TheCaribbeanExport"]}]}},"_links":{"self":[{"href":"https:\/\/content.carib-export.com\/es\/wp-json\/wp\/v2\/opportunities\/375626","targetHints":{"allow":["GET"]}}],"collection":[{"href":"https:\/\/content.carib-export.com\/es\/wp-json\/wp\/v2\/opportunities"}],"about":[{"href":"https:\/\/content.carib-export.com\/es\/wp-json\/wp\/v2\/types\/opportunities"}],"author":[{"embeddable":true,"href":"https:\/\/content.carib-export.com\/es\/wp-json\/wp\/v2\/users\/18"}],"version-history":[{"count":0,"href":"https:\/\/content.carib-export.com\/es\/wp-json\/wp\/v2\/opportunities\/375626\/revisions"}],"wp:featuredmedia":[{"embeddable":true,"href":"https:\/\/content.carib-export.com\/es\/wp-json\/wp\/v2\/media\/318764"}],"wp:attachment":[{"href":"https:\/\/content.carib-export.com\/es\/wp-json\/wp\/v2\/media?parent=375626"}],"wp:term":[{"taxonomy":"post_tag","embeddable":true,"href":"https:\/\/content.carib-export.com\/es\/wp-json\/wp\/v2\/tags?post=375626"}],"curies":[{"name":"wp","href":"https:\/\/api.w.org\/{rel}","templated":true}]}}