{"id":270566,"date":"2020-04-14T09:14:43","date_gmt":"2020-04-14T13:14:43","guid":{"rendered":"https:\/\/content.carib-export.com\/exporters\/training\/webinars\/"},"modified":"2025-02-04T23:55:03","modified_gmt":"2025-02-05T03:55:03","slug":"webinars","status":"publish","type":"page","link":"https:\/\/content.carib-export.com\/es\/resources\/training\/webinars\/","title":{"rendered":"Seminarios web a pedido"},"content":{"rendered":"\n<p>Bienvenido a la p\u00e1gina de webinars on demand de Caribbean Export, donde puede ver las grabaciones de webinars anteriores. Visite nuestra p\u00e1gina de <a href=\"\/events\">eventos<\/a> para encontrar los pr\u00f3ximos seminarios web para registrarse o <a href=\"http:\/\/eepurl.com\/FFUfv\" target=\"_blank\" rel=\"noreferrer noopener\">inscr\u00edbase en nuestra lista de correo<\/a> para recibir una notificaci\u00f3n por correo electr\u00f3nico cuando se publiquen nuevos eventos.<\/p>\n\n<div style=\"height:40px\" aria-hidden=\"true\" class=\"wp-block-spacer\"><\/div>\n\n<div class=\"wp-block-columns is-layout-flex wp-container-core-columns-is-layout-9d6595d7 wp-block-columns-is-layout-flex\">\n<div class=\"wp-block-column is-layout-flow wp-block-column-is-layout-flow\">\n<figure class=\"wp-block-image size-full\"><img loading=\"lazy\" decoding=\"async\" width=\"1889\" height=\"1063\" src=\"https:\/\/content.carib-export.com\/wp-content\/uploads\/2021\/04\/session1.jpg\" alt=\"\" class=\"wp-image-192417\" srcset=\"https:\/\/content.carib-export.com\/wp-content\/uploads\/2021\/04\/session1.jpg 1889w, https:\/\/content.carib-export.com\/wp-content\/uploads\/2021\/04\/session1-150x84.jpg 150w, https:\/\/content.carib-export.com\/wp-content\/uploads\/2021\/04\/session1-178x100.jpg 178w, https:\/\/content.carib-export.com\/wp-content\/uploads\/2021\/04\/session1-768x432.jpg 768w\" sizes=\"auto, (max-width: 1889px) 100vw, 1889px\" \/><figcaption>Creaci\u00f3n de una s\u00f3lida capacidad comercial en el Caribe con inteligencia de mercado: <strong>estad\u00edsticas comerciales<\/strong><\/figcaption><\/figure>\n<\/div>\n\n\n\n<div class=\"wp-block-column is-layout-flow wp-block-column-is-layout-flow\" style=\"flex-basis:10%\">\n<hr class=\"wp-block-separator has-css-opacity is-style-default\"\/>\n<\/div>\n\n\n\n<div class=\"wp-block-column is-layout-flow wp-block-column-is-layout-flow\">\n<figure class=\"wp-block-image size-full\"><img loading=\"lazy\" decoding=\"async\" width=\"1889\" height=\"1063\" src=\"https:\/\/content.carib-export.com\/wp-content\/uploads\/2021\/04\/UWI-invitation-for-twitter-Session-2.png\" alt=\"\" class=\"wp-image-192536\" srcset=\"https:\/\/content.carib-export.com\/wp-content\/uploads\/2021\/04\/UWI-invitation-for-twitter-Session-2.png 1889w, https:\/\/content.carib-export.com\/wp-content\/uploads\/2021\/04\/UWI-invitation-for-twitter-Session-2-150x84.png 150w, https:\/\/content.carib-export.com\/wp-content\/uploads\/2021\/04\/UWI-invitation-for-twitter-Session-2-178x100.png 178w, https:\/\/content.carib-export.com\/wp-content\/uploads\/2021\/04\/UWI-invitation-for-twitter-Session-2-768x432.png 768w\" sizes=\"auto, (max-width: 1889px) 100vw, 1889px\" \/><figcaption>Construyendo una fuerte capacidad comercial en el Caribe con inteligencia de <strong>mercado: acceso al mercado<\/strong><\/figcaption><\/figure>\n<\/div>\n<\/div>\n\n<div style=\"height:40px\" aria-hidden=\"true\" class=\"wp-block-spacer\"><\/div>\n\n<div class=\"wp-block-media-text alignwide is-stacked-on-mobile\" style=\"grid-template-columns:33% auto\"><figure class=\"wp-block-media-text__media\"><img loading=\"lazy\" decoding=\"async\" width=\"1024\" height=\"1024\" src=\"https:\/\/content.carib-export.com\/wp-content\/uploads\/2021\/03\/Insta-eCommerce-webinar-01-1024x1024.png\" alt=\"\" class=\"wp-image-191534 size-large\" srcset=\"https:\/\/content.carib-export.com\/wp-content\/uploads\/2021\/03\/Insta-eCommerce-webinar-01-1024x1024.png 1024w, https:\/\/content.carib-export.com\/wp-content\/uploads\/2021\/03\/Insta-eCommerce-webinar-01-150x150.png 150w, https:\/\/content.carib-export.com\/wp-content\/uploads\/2021\/03\/Insta-eCommerce-webinar-01-100x100.png 100w, https:\/\/content.carib-export.com\/wp-content\/uploads\/2021\/03\/Insta-eCommerce-webinar-01-768x768.png 768w, https:\/\/content.carib-export.com\/wp-content\/uploads\/2021\/03\/Insta-eCommerce-webinar-01-70x70.png 70w\" sizes=\"auto, (max-width: 1024px) 100vw, 1024px\" \/><\/figure><div class=\"wp-block-media-text__content\">\n<p class=\"has-medium-font-size\">Cree su tienda de comercio electr\u00f3nico desde cero, in\u00edciela y comience a ganar.<\/p>\n\n\n\n<div class=\"wp-block-buttons is-layout-flex wp-block-buttons-is-layout-flex\">\n<div class=\"wp-block-button is-style-outline is-style-outline--2\"><a class=\"wp-block-button__link\" href=\"https:\/\/youtu.be\/WQQAwsDksMg\" style=\"border-radius:0px\" target=\"_blank\" rel=\"noreferrer noopener\">Ver ahora<\/a><\/div>\n<\/div>\n<\/div><\/div>\n\n<div style=\"height:40px\" aria-hidden=\"true\" class=\"wp-block-spacer\"><\/div>\n\n<div class=\"wp-block-media-text alignwide is-stacked-on-mobile\" style=\"grid-template-columns:33% auto\"><figure class=\"wp-block-media-text__media\"><img loading=\"lazy\" decoding=\"async\" width=\"1024\" height=\"1024\" src=\"https:\/\/content.carib-export.com\/wp-content\/uploads\/2020\/09\/ITC-Webinar-natural-1024x1024.jpg\" alt=\"\" class=\"wp-image-190044 size-large\" srcset=\"https:\/\/content.carib-export.com\/wp-content\/uploads\/2020\/09\/ITC-Webinar-natural-1024x1024.jpg 1024w, https:\/\/content.carib-export.com\/wp-content\/uploads\/2020\/09\/ITC-Webinar-natural-150x150.jpg 150w, https:\/\/content.carib-export.com\/wp-content\/uploads\/2020\/09\/ITC-Webinar-natural-100x100.jpg 100w, https:\/\/content.carib-export.com\/wp-content\/uploads\/2020\/09\/ITC-Webinar-natural-768x768.jpg 768w, https:\/\/content.carib-export.com\/wp-content\/uploads\/2020\/09\/ITC-Webinar-natural-70x70.jpg 70w, https:\/\/content.carib-export.com\/wp-content\/uploads\/2020\/09\/ITC-Webinar-natural.jpg 1201w\" sizes=\"auto, (max-width: 1024px) 100vw, 1024px\" \/><\/figure><div class=\"wp-block-media-text__content\">\n<p class=\"has-medium-font-size\">Este seminario web perspicaz comparti\u00f3 informaci\u00f3n sobre las herramientas disponibles para ayudar a los productores naturales a evaluar las demandas actuales, los requisitos del mercado y las oportunidades del mercado.<\/p>\n\n\n\n<div class=\"wp-block-buttons is-layout-flex wp-block-buttons-is-layout-flex\">\n<div class=\"wp-block-button is-style-outline is-style-outline--3\"><a class=\"wp-block-button__link\" href=\"https:\/\/youtu.be\/6y-LS36_jO0\" style=\"border-radius:0px\" target=\"_blank\" rel=\"noreferrer noopener\">Ver ahora<\/a><\/div>\n<\/div>\n<\/div><\/div>\n\n<div style=\"height:40px\" aria-hidden=\"true\" class=\"wp-block-spacer\"><\/div>\n\n<div class=\"wp-block-media-text alignwide is-stacked-on-mobile\" style=\"grid-template-columns:33% auto\"><figure class=\"wp-block-media-text__media\"><img loading=\"lazy\" decoding=\"async\" width=\"1024\" height=\"1024\" src=\"https:\/\/content.carib-export.com\/wp-content\/uploads\/2020\/12\/Webinar-Flyer-Animation-Updated-01-1024x1024.png\" alt=\"\" class=\"wp-image-191010 size-large\" srcset=\"https:\/\/content.carib-export.com\/wp-content\/uploads\/2020\/12\/Webinar-Flyer-Animation-Updated-01-1024x1024.png 1024w, https:\/\/content.carib-export.com\/wp-content\/uploads\/2020\/12\/Webinar-Flyer-Animation-Updated-01-150x150.png 150w, https:\/\/content.carib-export.com\/wp-content\/uploads\/2020\/12\/Webinar-Flyer-Animation-Updated-01-100x100.png 100w, https:\/\/content.carib-export.com\/wp-content\/uploads\/2020\/12\/Webinar-Flyer-Animation-Updated-01-768x768.png 768w, https:\/\/content.carib-export.com\/wp-content\/uploads\/2020\/12\/Webinar-Flyer-Animation-Updated-01-70x70.png 70w\" sizes=\"auto, (max-width: 1024px) 100vw, 1024px\" \/><\/figure><div class=\"wp-block-media-text__content\">\n<p class=\"has-medium-font-size\">Este seminario web abord\u00f3 el mercado actual y las tendencias futuras, los elementos clave para competir internacionalmente y los requisitos para llevar los servicios de animaci\u00f3n al mercado.<\/p>\n\n\n\n<div class=\"wp-block-buttons is-layout-flex wp-block-buttons-is-layout-flex\">\n<div class=\"wp-block-button is-style-outline is-style-outline--4\"><a class=\"wp-block-button__link\" href=\"https:\/\/youtu.be\/1Y5-bh65Gl0\" style=\"border-radius:0px\" target=\"_blank\" rel=\"noreferrer noopener\">Ver ahora<\/a><\/div>\n<\/div>\n<\/div><\/div>\n\n<div style=\"height:40px\" aria-hidden=\"true\" class=\"wp-block-spacer\"><\/div>\n\n<div class=\"wp-block-media-text alignwide is-stacked-on-mobile\" style=\"grid-template-columns:33% auto\"><figure class=\"wp-block-media-text__media\"><img loading=\"lazy\" decoding=\"async\" width=\"1024\" height=\"1024\" src=\"https:\/\/content.carib-export.com\/wp-content\/uploads\/2020\/10\/ITC-Webinar-03-1024x1024.jpg\" alt=\"\" class=\"wp-image-190176 size-large\" srcset=\"https:\/\/content.carib-export.com\/wp-content\/uploads\/2020\/10\/ITC-Webinar-03-1024x1024.jpg 1024w, https:\/\/content.carib-export.com\/wp-content\/uploads\/2020\/10\/ITC-Webinar-03-150x150.jpg 150w, https:\/\/content.carib-export.com\/wp-content\/uploads\/2020\/10\/ITC-Webinar-03-100x100.jpg 100w, https:\/\/content.carib-export.com\/wp-content\/uploads\/2020\/10\/ITC-Webinar-03-768x768.jpg 768w, https:\/\/content.carib-export.com\/wp-content\/uploads\/2020\/10\/ITC-Webinar-03-1536x1536.jpg 1536w, https:\/\/content.carib-export.com\/wp-content\/uploads\/2020\/10\/ITC-Webinar-03-2048x2048.jpg 2048w, https:\/\/content.carib-export.com\/wp-content\/uploads\/2020\/10\/ITC-Webinar-03-70x70.jpg 70w\" sizes=\"auto, (max-width: 1024px) 100vw, 1024px\" \/><\/figure><div class=\"wp-block-media-text__content\">\n<p class=\"has-medium-font-size\">En este seminario web, los productores del sector de salsas y condimentos aprenden a utilizar las herramientas de an\u00e1lisis de mercado para evaluar las demandas actuales, las condiciones de acceso al mercado y los nuevos prospectos\/socios.<\/p>\n\n\n\n<div class=\"wp-block-buttons is-layout-flex wp-block-buttons-is-layout-flex\">\n<div class=\"wp-block-button is-style-outline is-style-outline--5\"><a class=\"wp-block-button__link\" href=\"https:\/\/youtu.be\/V3K5EWjyvS8\" style=\"border-radius:0px\" target=\"_blank\" rel=\"noreferrer noopener\">Ver ahora<\/a><\/div>\n<\/div>\n<\/div><\/div>\n\n<div style=\"height:40px\" aria-hidden=\"true\" class=\"wp-block-spacer\"><\/div>\n\n<div class=\"wp-block-media-text alignwide is-stacked-on-mobile\" style=\"grid-template-columns:33% auto\"><figure class=\"wp-block-media-text__media\"><img loading=\"lazy\" decoding=\"async\" width=\"1024\" height=\"1024\" src=\"https:\/\/content.carib-export.com\/wp-content\/uploads\/2020\/09\/ITC-Webinar-alcohol-1024x1024.jpg\" alt=\"\" class=\"wp-image-190046 size-large\" srcset=\"https:\/\/content.carib-export.com\/wp-content\/uploads\/2020\/09\/ITC-Webinar-alcohol-1024x1024.jpg 1024w, https:\/\/content.carib-export.com\/wp-content\/uploads\/2020\/09\/ITC-Webinar-alcohol-150x150.jpg 150w, https:\/\/content.carib-export.com\/wp-content\/uploads\/2020\/09\/ITC-Webinar-alcohol-100x100.jpg 100w, https:\/\/content.carib-export.com\/wp-content\/uploads\/2020\/09\/ITC-Webinar-alcohol-768x768.jpg 768w, https:\/\/content.carib-export.com\/wp-content\/uploads\/2020\/09\/ITC-Webinar-alcohol-70x70.jpg 70w, https:\/\/content.carib-export.com\/wp-content\/uploads\/2020\/09\/ITC-Webinar-alcohol.jpg 1201w\" sizes=\"auto, (max-width: 1024px) 100vw, 1024px\" \/><\/figure><div class=\"wp-block-media-text__content\">\n<p class=\"has-medium-font-size\">En este seminario web, los productores de bebidas alcoh\u00f3licas aprenden a utilizar las herramientas disponibles para ayudarlos a evaluar las demandas actuales, los requisitos del mercado y las oportunidades del mercado.<\/p>\n\n\n\n<div class=\"wp-block-buttons is-layout-flex wp-block-buttons-is-layout-flex\">\n<div class=\"wp-block-button is-style-outline is-style-outline--6\"><a class=\"wp-block-button__link\" href=\"https:\/\/youtu.be\/E4Ijyd-g9jo\" style=\"border-radius:0px\" target=\"_blank\" rel=\"noreferrer noopener\">Ver ahora<\/a><\/div>\n<\/div>\n<\/div><\/div>\n\n<div style=\"height:40px\" aria-hidden=\"true\" class=\"wp-block-spacer\"><\/div>\n\n<div class=\"wp-block-media-text alignwide is-stacked-on-mobile\" style=\"grid-template-columns:33% auto\"><figure class=\"wp-block-media-text__media\"><img loading=\"lazy\" decoding=\"async\" width=\"1024\" height=\"1024\" src=\"https:\/\/content.carib-export.com\/wp-content\/uploads\/2020\/09\/Music-In-The-Digital-Context-03-1-1024x1024.jpg\" alt=\"Escritores y derechos de autor\" class=\"wp-image-189896 size-large\" srcset=\"https:\/\/content.carib-export.com\/wp-content\/uploads\/2020\/09\/Music-In-The-Digital-Context-03-1-1024x1024.jpg 1024w, https:\/\/content.carib-export.com\/wp-content\/uploads\/2020\/09\/Music-In-The-Digital-Context-03-1-150x150.jpg 150w, https:\/\/content.carib-export.com\/wp-content\/uploads\/2020\/09\/Music-In-The-Digital-Context-03-1-100x100.jpg 100w, https:\/\/content.carib-export.com\/wp-content\/uploads\/2020\/09\/Music-In-The-Digital-Context-03-1-768x768.jpg 768w, https:\/\/content.carib-export.com\/wp-content\/uploads\/2020\/09\/Music-In-The-Digital-Context-03-1-70x70.jpg 70w, https:\/\/content.carib-export.com\/wp-content\/uploads\/2020\/09\/Music-In-The-Digital-Context-03-1.jpg 1601w\" sizes=\"auto, (max-width: 1024px) 100vw, 1024px\" \/><\/figure><div class=\"wp-block-media-text__content\">\n<p class=\"has-medium-font-size\">Este seminario web revis\u00f3 los tipos de derechos asociados con la creaci\u00f3n de m\u00fasica, c\u00f3mo reclamar derechos y cobrar regal\u00edas en m\u00faltiples plataformas.<\/p>\n\n\n\n<div class=\"wp-block-buttons is-layout-flex wp-block-buttons-is-layout-flex\">\n<div class=\"wp-block-button is-style-outline is-style-outline--7\"><a class=\"wp-block-button__link\" href=\"https:\/\/youtu.be\/vB-Qqyicru4\" style=\"border-radius:0px\" target=\"_blank\" rel=\"noreferrer noopener\">Ver ahora<\/a><\/div>\n<\/div>\n<\/div><\/div>\n\n<div style=\"height:40px\" aria-hidden=\"true\" class=\"wp-block-spacer\"><\/div>\n\n<div class=\"wp-block-media-text alignwide is-stacked-on-mobile\" style=\"grid-template-columns:33% auto\"><figure class=\"wp-block-media-text__media\"><img loading=\"lazy\" decoding=\"async\" width=\"1024\" height=\"1024\" src=\"https:\/\/content.carib-export.com\/wp-content\/uploads\/2020\/09\/Music-In-The-Digital-Context-01-1024x1024.jpg\" alt=\"comercializaci\u00f3n de la m\u00fasica\" class=\"wp-image-189898 size-large\" srcset=\"https:\/\/content.carib-export.com\/wp-content\/uploads\/2020\/09\/Music-In-The-Digital-Context-01-1024x1024.jpg 1024w, https:\/\/content.carib-export.com\/wp-content\/uploads\/2020\/09\/Music-In-The-Digital-Context-01-150x150.jpg 150w, https:\/\/content.carib-export.com\/wp-content\/uploads\/2020\/09\/Music-In-The-Digital-Context-01-100x100.jpg 100w, https:\/\/content.carib-export.com\/wp-content\/uploads\/2020\/09\/Music-In-The-Digital-Context-01-768x768.jpg 768w, https:\/\/content.carib-export.com\/wp-content\/uploads\/2020\/09\/Music-In-The-Digital-Context-01-1536x1536.jpg 1536w, https:\/\/content.carib-export.com\/wp-content\/uploads\/2020\/09\/Music-In-The-Digital-Context-01-2048x2048.jpg 2048w, https:\/\/content.carib-export.com\/wp-content\/uploads\/2020\/09\/Music-In-The-Digital-Context-01-70x70.jpg 70w\" sizes=\"auto, (max-width: 1024px) 100vw, 1024px\" \/><\/figure><div class=\"wp-block-media-text__content\">\n<p class=\"has-medium-font-size\">Este seminario web explor\u00f3 la importancia del marketing para los artistas; las plataformas m\u00e1s populares utilizadas; c\u00f3mo establecer una presencia en l\u00ednea unificada y c\u00f3mo implementar una estrategia y un plan de marketing.<\/p>\n\n\n\n<div class=\"wp-block-buttons is-layout-flex wp-block-buttons-is-layout-flex\">\n<div class=\"wp-block-button is-style-outline is-style-outline--8\"><a class=\"wp-block-button__link\" href=\"https:\/\/youtu.be\/4VPC46P4d0I\" style=\"border-radius:0px\" target=\"_blank\" rel=\"noreferrer noopener\">Ver ahora<\/a><\/div>\n<\/div>\n<\/div><\/div>\n\n<div style=\"height:40px\" aria-hidden=\"true\" class=\"wp-block-spacer\"><\/div>\n\n<div class=\"wp-block-media-text alignwide is-stacked-on-mobile\" style=\"grid-template-columns:33% auto\"><figure class=\"wp-block-media-text__media\"><img loading=\"lazy\" decoding=\"async\" width=\"1024\" height=\"1024\" src=\"https:\/\/content.carib-export.com\/wp-content\/uploads\/2020\/09\/Music-In-The-Digital-Context-02-1024x1024.jpg\" alt=\"\" class=\"wp-image-189897 size-large\" srcset=\"https:\/\/content.carib-export.com\/wp-content\/uploads\/2020\/09\/Music-In-The-Digital-Context-02-1024x1024.jpg 1024w, https:\/\/content.carib-export.com\/wp-content\/uploads\/2020\/09\/Music-In-The-Digital-Context-02-150x150.jpg 150w, https:\/\/content.carib-export.com\/wp-content\/uploads\/2020\/09\/Music-In-The-Digital-Context-02-100x100.jpg 100w, https:\/\/content.carib-export.com\/wp-content\/uploads\/2020\/09\/Music-In-The-Digital-Context-02-768x768.jpg 768w, https:\/\/content.carib-export.com\/wp-content\/uploads\/2020\/09\/Music-In-The-Digital-Context-02-1536x1536.jpg 1536w, https:\/\/content.carib-export.com\/wp-content\/uploads\/2020\/09\/Music-In-The-Digital-Context-02-2048x2048.jpg 2048w, https:\/\/content.carib-export.com\/wp-content\/uploads\/2020\/09\/Music-In-The-Digital-Context-02-70x70.jpg 70w\" sizes=\"auto, (max-width: 1024px) 100vw, 1024px\" \/><\/figure><div class=\"wp-block-media-text__content\">\n<p class=\"has-medium-font-size\">En este seminario web profundizamos en la industria de la distribuci\u00f3n digital y c\u00f3mo funciona; c\u00f3mo evaluar las empresas de distribuci\u00f3n y explorar las t\u00e1cticas utilizadas para aprovechar al m\u00e1ximo las empresas de distribuci\u00f3n. <\/p>\n\n\n\n<div class=\"wp-block-buttons is-layout-flex wp-block-buttons-is-layout-flex\">\n<div class=\"wp-block-button is-style-outline is-style-outline--9\"><a class=\"wp-block-button__link\" href=\"https:\/\/youtu.be\/hI0o2EQGbis\" style=\"border-radius:0px\" target=\"_blank\" rel=\"noreferrer noopener\">Ver ahora<\/a><\/div>\n<\/div>\n<\/div><\/div>\n\n<div style=\"height:40px\" aria-hidden=\"true\" class=\"wp-block-spacer\"><\/div>\n\n<div class=\"wp-block-media-text alignwide is-stacked-on-mobile\" style=\"grid-template-columns:33% auto\"><figure class=\"wp-block-media-text__media\"><img loading=\"lazy\" decoding=\"async\" width=\"1024\" height=\"1024\" src=\"https:\/\/content.carib-export.com\/wp-content\/uploads\/2020\/08\/Intellectual-Property_branding-1024x1024.jpg\" alt=\"\" class=\"wp-image-189539 size-large\" srcset=\"https:\/\/content.carib-export.com\/wp-content\/uploads\/2020\/08\/Intellectual-Property_branding-1024x1024.jpg 1024w, https:\/\/content.carib-export.com\/wp-content\/uploads\/2020\/08\/Intellectual-Property_branding-150x150.jpg 150w, https:\/\/content.carib-export.com\/wp-content\/uploads\/2020\/08\/Intellectual-Property_branding-100x100.jpg 100w, https:\/\/content.carib-export.com\/wp-content\/uploads\/2020\/08\/Intellectual-Property_branding-768x768.jpg 768w, https:\/\/content.carib-export.com\/wp-content\/uploads\/2020\/08\/Intellectual-Property_branding-1536x1536.jpg 1536w, https:\/\/content.carib-export.com\/wp-content\/uploads\/2020\/08\/Intellectual-Property_branding-2048x2048.jpg 2048w, https:\/\/content.carib-export.com\/wp-content\/uploads\/2020\/08\/Intellectual-Property_branding-70x70.jpg 70w\" sizes=\"auto, (max-width: 1024px) 100vw, 1024px\" \/><\/figure><div class=\"wp-block-media-text__content\">\n<p class=\"has-medium-font-size\">Este seminario web se centra en; c\u00f3mo crear valores de marca, herramientas clave de PI para usar, uso de PI para crear valor de marca, protecci\u00f3n de marcas contra robos, creaci\u00f3n de su marca de adentro hacia afuera usando PI, y proporciona estudios de casos muy pr\u00e1cticos y relevantes.<\/p>\n\n\n\n<div class=\"wp-block-buttons is-layout-flex wp-block-buttons-is-layout-flex\">\n<div class=\"wp-block-button is-style-outline is-style-outline--10\"><a class=\"wp-block-button__link\" href=\"https:\/\/youtu.be\/vLtbu_pHyN0\" style=\"border-radius:0px\" target=\"_blank\" rel=\"noreferrer noopener\">Ver ahora<\/a><\/div>\n<\/div>\n<\/div><\/div>\n\n<div style=\"height:40px\" aria-hidden=\"true\" class=\"wp-block-spacer\"><\/div>\n\n<div class=\"wp-block-media-text alignwide is-stacked-on-mobile\" style=\"grid-template-columns:33% auto\"><figure class=\"wp-block-media-text__media\"><img loading=\"lazy\" decoding=\"async\" width=\"1024\" height=\"1024\" src=\"https:\/\/content.carib-export.com\/wp-content\/uploads\/2020\/08\/Intellectual-Property_monetise-1024x1024.jpg\" alt=\"\" class=\"wp-image-189540 size-large\" srcset=\"https:\/\/content.carib-export.com\/wp-content\/uploads\/2020\/08\/Intellectual-Property_monetise-1024x1024.jpg 1024w, https:\/\/content.carib-export.com\/wp-content\/uploads\/2020\/08\/Intellectual-Property_monetise-150x150.jpg 150w, https:\/\/content.carib-export.com\/wp-content\/uploads\/2020\/08\/Intellectual-Property_monetise-100x100.jpg 100w, https:\/\/content.carib-export.com\/wp-content\/uploads\/2020\/08\/Intellectual-Property_monetise-768x768.jpg 768w, https:\/\/content.carib-export.com\/wp-content\/uploads\/2020\/08\/Intellectual-Property_monetise-1536x1536.jpg 1536w, https:\/\/content.carib-export.com\/wp-content\/uploads\/2020\/08\/Intellectual-Property_monetise-2048x2048.jpg 2048w, https:\/\/content.carib-export.com\/wp-content\/uploads\/2020\/08\/Intellectual-Property_monetise-70x70.jpg 70w\" sizes=\"auto, (max-width: 1024px) 100vw, 1024px\" \/><\/figure><div class=\"wp-block-media-text__content\">\n<p class=\"has-medium-font-size\">En este seminario web, los participantes aprenden c\u00f3mo las materias primas espec\u00edficas han podido marcar sus productos en los mercados nacionales, regionales e internacionales y analizan c\u00f3mo las MIPYME pueden utilizar el sistema de PI para crear presencia de marca, capturar cuota de mercado y primas de precios.<\/p>\n\n\n\n<div class=\"wp-block-buttons is-layout-flex wp-block-buttons-is-layout-flex\">\n<div class=\"wp-block-button is-style-outline is-style-outline--11\"><a class=\"wp-block-button__link\" href=\"https:\/\/youtu.be\/wmtoVZ1nGWg\" style=\"border-radius:0px\" target=\"_blank\" rel=\"noreferrer noopener\">Ver ahora<\/a><\/div>\n<\/div>\n<\/div><\/div>\n\n<div style=\"height:40px\" aria-hidden=\"true\" class=\"wp-block-spacer\"><\/div>\n\n<div class=\"wp-block-media-text alignwide is-stacked-on-mobile\" style=\"grid-template-columns:33% auto\"><figure class=\"wp-block-media-text__media\"><img loading=\"lazy\" decoding=\"async\" width=\"1024\" height=\"1024\" src=\"https:\/\/content.carib-export.com\/wp-content\/uploads\/2020\/08\/Binational_webinar-updated-1024x1024.jpg\" alt=\"\" class=\"wp-image-189390 size-large\" srcset=\"https:\/\/content.carib-export.com\/wp-content\/uploads\/2020\/08\/Binational_webinar-updated-1024x1024.jpg 1024w, https:\/\/content.carib-export.com\/wp-content\/uploads\/2020\/08\/Binational_webinar-updated-150x150.jpg 150w, https:\/\/content.carib-export.com\/wp-content\/uploads\/2020\/08\/Binational_webinar-updated-100x100.jpg 100w, https:\/\/content.carib-export.com\/wp-content\/uploads\/2020\/08\/Binational_webinar-updated-768x768.jpg 768w, https:\/\/content.carib-export.com\/wp-content\/uploads\/2020\/08\/Binational_webinar-updated-1536x1536.jpg 1536w, https:\/\/content.carib-export.com\/wp-content\/uploads\/2020\/08\/Binational_webinar-updated-2048x2048.jpg 2048w, https:\/\/content.carib-export.com\/wp-content\/uploads\/2020\/08\/Binational_webinar-updated-70x70.jpg 70w\" sizes=\"auto, (max-width: 1024px) 100vw, 1024px\" \/><\/figure><div class=\"wp-block-media-text__content\">\n<p class=\"has-medium-font-size\">Este webinar es una herramienta para promover el di\u00e1logo binacional entre el sector privado de Hait\u00ed y RD, para buscar oportunidades, trabajar juntos y generar empleo. La grabaci\u00f3n est\u00e1 en franc\u00e9s y espa\u00f1ol. <\/p>\n\n\n\n<div class=\"wp-block-buttons is-layout-flex wp-block-buttons-is-layout-flex\">\n<div class=\"wp-block-button is-style-outline is-style-outline--12\"><a class=\"wp-block-button__link\" href=\"https:\/\/youtu.be\/T0Fgw_EM-jw\" style=\"border-radius:0px\" target=\"_blank\" rel=\"noreferrer noopener\">Ver ahora<\/a><\/div>\n<\/div>\n<\/div><\/div>\n\n<div style=\"height:40px\" aria-hidden=\"true\" class=\"wp-block-spacer\"><\/div>\n\n<div class=\"wp-block-media-text alignwide is-stacked-on-mobile\" style=\"grid-template-columns:33% auto\"><figure class=\"wp-block-media-text__media\"><img loading=\"lazy\" decoding=\"async\" width=\"1024\" height=\"1024\" src=\"https:\/\/content.carib-export.com\/wp-content\/uploads\/2020\/08\/Talking-Export-Webinar-02-1-1024x1024.jpg\" alt=\"\" class=\"wp-image-189376 size-large\" srcset=\"https:\/\/content.carib-export.com\/wp-content\/uploads\/2020\/08\/Talking-Export-Webinar-02-1-1024x1024.jpg 1024w, https:\/\/content.carib-export.com\/wp-content\/uploads\/2020\/08\/Talking-Export-Webinar-02-1-150x150.jpg 150w, https:\/\/content.carib-export.com\/wp-content\/uploads\/2020\/08\/Talking-Export-Webinar-02-1-100x100.jpg 100w, https:\/\/content.carib-export.com\/wp-content\/uploads\/2020\/08\/Talking-Export-Webinar-02-1-768x768.jpg 768w, https:\/\/content.carib-export.com\/wp-content\/uploads\/2020\/08\/Talking-Export-Webinar-02-1-1536x1536.jpg 1536w, https:\/\/content.carib-export.com\/wp-content\/uploads\/2020\/08\/Talking-Export-Webinar-02-1-2048x2048.jpg 2048w, https:\/\/content.carib-export.com\/wp-content\/uploads\/2020\/08\/Talking-Export-Webinar-02-1-70x70.jpg 70w\" sizes=\"auto, (max-width: 1024px) 100vw, 1024px\" \/><\/figure><div class=\"wp-block-media-text__content\">\n<p class=\"has-medium-font-size\">Este seminario web se enfoca en &#8216;Bhranding&#8217; y c\u00f3mo marcar su negocio desde adentro hacia afuera. Para que las empresas \u00absobrevivan\u00bb y \u00abprosperen\u00bb, las empresas deben adaptarse r\u00e1pidamente a un mundo COVID-19.<\/p>\n\n\n\n<div class=\"wp-block-buttons is-layout-flex wp-block-buttons-is-layout-flex\">\n<div class=\"wp-block-button is-style-outline is-style-outline--13\"><a class=\"wp-block-button__link\" href=\"https:\/\/youtu.be\/rmW5yalLh58\" style=\"border-radius:0px\" target=\"_blank\" rel=\"noreferrer noopener\">Ver ahora<\/a><\/div>\n<\/div>\n<\/div><\/div>\n\n<div style=\"height:40px\" aria-hidden=\"true\" class=\"wp-block-spacer\"><\/div>\n\n<div class=\"wp-block-media-text alignwide is-stacked-on-mobile\" style=\"grid-template-columns:33% auto\"><figure class=\"wp-block-media-text__media\"><img loading=\"lazy\" decoding=\"async\" width=\"1024\" height=\"1024\" src=\"https:\/\/content.carib-export.com\/wp-content\/uploads\/2020\/08\/Webinar-Aug_2020-05-3-1024x1024.jpg\" alt=\"\" class=\"wp-image-189361 size-large\" srcset=\"https:\/\/content.carib-export.com\/wp-content\/uploads\/2020\/08\/Webinar-Aug_2020-05-3-1024x1024.jpg 1024w, https:\/\/content.carib-export.com\/wp-content\/uploads\/2020\/08\/Webinar-Aug_2020-05-3-150x150.jpg 150w, https:\/\/content.carib-export.com\/wp-content\/uploads\/2020\/08\/Webinar-Aug_2020-05-3-100x100.jpg 100w, https:\/\/content.carib-export.com\/wp-content\/uploads\/2020\/08\/Webinar-Aug_2020-05-3-768x768.jpg 768w, https:\/\/content.carib-export.com\/wp-content\/uploads\/2020\/08\/Webinar-Aug_2020-05-3-1536x1536.jpg 1536w, https:\/\/content.carib-export.com\/wp-content\/uploads\/2020\/08\/Webinar-Aug_2020-05-3-2048x2048.jpg 2048w, https:\/\/content.carib-export.com\/wp-content\/uploads\/2020\/08\/Webinar-Aug_2020-05-3-70x70.jpg 70w\" sizes=\"auto, (max-width: 1024px) 100vw, 1024px\" \/><\/figure><div class=\"wp-block-media-text__content\">\n<p class=\"has-medium-font-size\">Esta tercera sesi\u00f3n de nuestra serie de 4 partes se centra en c\u00f3mo vender sus productos en l\u00ednea.<\/p>\n\n\n\n<div class=\"wp-block-buttons is-layout-flex wp-block-buttons-is-layout-flex\">\n<div class=\"wp-block-button is-style-outline is-style-outline--14\"><a class=\"wp-block-button__link\" href=\"https:\/\/youtu.be\/GoIXwQGlsNc\" style=\"border-radius:0px\" target=\"_blank\" rel=\"noreferrer noopener\">Ver ahora<\/a><\/div>\n<\/div>\n<\/div><\/div>\n\n<div style=\"height:40px\" aria-hidden=\"true\" class=\"wp-block-spacer\"><\/div>\n\n<div class=\"wp-block-media-text alignwide is-stacked-on-mobile\" style=\"grid-template-columns:33% auto\"><figure class=\"wp-block-media-text__media\"><img loading=\"lazy\" decoding=\"async\" width=\"1024\" height=\"1024\" src=\"https:\/\/content.carib-export.com\/wp-content\/uploads\/2020\/08\/Webinar-Aug_2020-06-1-1024x1024.jpg\" alt=\"\" class=\"wp-image-189362 size-large\" srcset=\"https:\/\/content.carib-export.com\/wp-content\/uploads\/2020\/08\/Webinar-Aug_2020-06-1-1024x1024.jpg 1024w, https:\/\/content.carib-export.com\/wp-content\/uploads\/2020\/08\/Webinar-Aug_2020-06-1-150x150.jpg 150w, https:\/\/content.carib-export.com\/wp-content\/uploads\/2020\/08\/Webinar-Aug_2020-06-1-100x100.jpg 100w, https:\/\/content.carib-export.com\/wp-content\/uploads\/2020\/08\/Webinar-Aug_2020-06-1-768x768.jpg 768w, https:\/\/content.carib-export.com\/wp-content\/uploads\/2020\/08\/Webinar-Aug_2020-06-1-1536x1536.jpg 1536w, https:\/\/content.carib-export.com\/wp-content\/uploads\/2020\/08\/Webinar-Aug_2020-06-1-2048x2048.jpg 2048w, https:\/\/content.carib-export.com\/wp-content\/uploads\/2020\/08\/Webinar-Aug_2020-06-1-70x70.jpg 70w\" sizes=\"auto, (max-width: 1024px) 100vw, 1024px\" \/><\/figure><div class=\"wp-block-media-text__content\">\n<p class=\"has-medium-font-size\">La cuarta sesi\u00f3n de la serie se centr\u00f3 en preparar su negocio para la exportaci\u00f3n.<\/p>\n\n\n\n<div class=\"wp-block-buttons is-layout-flex wp-block-buttons-is-layout-flex\">\n<div class=\"wp-block-button is-style-outline is-style-outline--15\"><a class=\"wp-block-button__link\" href=\"https:\/\/youtu.be\/w7riRCImj8o\" style=\"border-radius:0px\" target=\"_blank\" rel=\"noreferrer noopener\">Ver ahora<\/a><\/div>\n<\/div>\n<\/div><\/div>\n\n<div style=\"height:40px\" aria-hidden=\"true\" class=\"wp-block-spacer\"><\/div>\n\n<div class=\"wp-block-media-text alignwide is-stacked-on-mobile\" style=\"grid-template-columns:33% auto\"><figure class=\"wp-block-media-text__media\"><img loading=\"lazy\" decoding=\"async\" width=\"1024\" height=\"1024\" src=\"https:\/\/content.carib-export.com\/wp-content\/uploads\/2020\/08\/Webinar-Aug_2020-08-1024x1024.jpg\" alt=\"\" class=\"wp-image-189344 size-large\" srcset=\"https:\/\/content.carib-export.com\/wp-content\/uploads\/2020\/08\/Webinar-Aug_2020-08-1024x1024.jpg 1024w, https:\/\/content.carib-export.com\/wp-content\/uploads\/2020\/08\/Webinar-Aug_2020-08-150x150.jpg 150w, https:\/\/content.carib-export.com\/wp-content\/uploads\/2020\/08\/Webinar-Aug_2020-08-100x100.jpg 100w, https:\/\/content.carib-export.com\/wp-content\/uploads\/2020\/08\/Webinar-Aug_2020-08-768x768.jpg 768w, https:\/\/content.carib-export.com\/wp-content\/uploads\/2020\/08\/Webinar-Aug_2020-08-1536x1536.jpg 1536w, https:\/\/content.carib-export.com\/wp-content\/uploads\/2020\/08\/Webinar-Aug_2020-08-2048x2048.jpg 2048w, https:\/\/content.carib-export.com\/wp-content\/uploads\/2020\/08\/Webinar-Aug_2020-08-70x70.jpg 70w\" sizes=\"auto, (max-width: 1024px) 100vw, 1024px\" \/><\/figure><div class=\"wp-block-media-text__content\">\n<p class=\"has-medium-font-size\">Esta serie de 4 partes comienza con los fundamentos para construir una marca s\u00f3lida a trav\u00e9s de las redes sociales.<\/p>\n\n\n\n<div class=\"wp-block-buttons is-layout-flex wp-block-buttons-is-layout-flex\">\n<div class=\"wp-block-button is-style-outline is-style-outline--16\"><a class=\"wp-block-button__link\" href=\"https:\/\/youtu.be\/kCrNvOZLCCs\" style=\"border-radius:0px\" target=\"_blank\" rel=\"noreferrer noopener\">Ver ahora<\/a><\/div>\n<\/div>\n<\/div><\/div>\n\n<div style=\"height:40px\" aria-hidden=\"true\" class=\"wp-block-spacer\"><\/div>\n\n<div class=\"wp-block-media-text alignwide is-stacked-on-mobile\" style=\"grid-template-columns:33% auto\"><figure class=\"wp-block-media-text__media\"><img loading=\"lazy\" decoding=\"async\" width=\"1024\" height=\"1024\" src=\"https:\/\/content.carib-export.com\/wp-content\/uploads\/2020\/08\/Webinar-Aug_2020-04-1-1024x1024.jpg\" alt=\"\" class=\"wp-image-189348 size-large\" srcset=\"https:\/\/content.carib-export.com\/wp-content\/uploads\/2020\/08\/Webinar-Aug_2020-04-1-1024x1024.jpg 1024w, https:\/\/content.carib-export.com\/wp-content\/uploads\/2020\/08\/Webinar-Aug_2020-04-1-150x150.jpg 150w, https:\/\/content.carib-export.com\/wp-content\/uploads\/2020\/08\/Webinar-Aug_2020-04-1-100x100.jpg 100w, https:\/\/content.carib-export.com\/wp-content\/uploads\/2020\/08\/Webinar-Aug_2020-04-1-768x768.jpg 768w, https:\/\/content.carib-export.com\/wp-content\/uploads\/2020\/08\/Webinar-Aug_2020-04-1-1536x1536.jpg 1536w, https:\/\/content.carib-export.com\/wp-content\/uploads\/2020\/08\/Webinar-Aug_2020-04-1-2048x2048.jpg 2048w, https:\/\/content.carib-export.com\/wp-content\/uploads\/2020\/08\/Webinar-Aug_2020-04-1-70x70.jpg 70w\" sizes=\"auto, (max-width: 1024px) 100vw, 1024px\" \/><\/figure><div class=\"wp-block-media-text__content\">\n<p class=\"has-medium-font-size\">Esta segunda sesi\u00f3n de nuestra serie de 4 partes se centr\u00f3 en construir su comunidad usando las redes sociales.<\/p>\n\n\n\n<div class=\"wp-block-buttons is-layout-flex wp-block-buttons-is-layout-flex\">\n<div class=\"wp-block-button is-style-outline is-style-outline--17\"><a class=\"wp-block-button__link\" href=\"https:\/\/youtu.be\/i41Eu53uEZM\" style=\"border-radius:0px\" target=\"_blank\" rel=\"noreferrer noopener\">Ver ahora<\/a><\/div>\n<\/div>\n<\/div><\/div>\n\n<div style=\"height:40px\" aria-hidden=\"true\" class=\"wp-block-spacer\"><\/div>\n\n<div class=\"wp-block-media-text alignwide is-stacked-on-mobile\" style=\"grid-template-columns:33% auto\"><figure class=\"wp-block-media-text__media\"><img loading=\"lazy\" decoding=\"async\" width=\"1024\" height=\"1024\" src=\"https:\/\/content.carib-export.com\/wp-content\/uploads\/2020\/07\/Talking-Export-Ecommerce-Webinar-04-2-1024x1024.jpg\" alt=\"\" class=\"wp-image-189304 size-large\" srcset=\"https:\/\/content.carib-export.com\/wp-content\/uploads\/2020\/07\/Talking-Export-Ecommerce-Webinar-04-2-1024x1024.jpg 1024w, https:\/\/content.carib-export.com\/wp-content\/uploads\/2020\/07\/Talking-Export-Ecommerce-Webinar-04-2-150x150.jpg 150w, https:\/\/content.carib-export.com\/wp-content\/uploads\/2020\/07\/Talking-Export-Ecommerce-Webinar-04-2-100x100.jpg 100w, https:\/\/content.carib-export.com\/wp-content\/uploads\/2020\/07\/Talking-Export-Ecommerce-Webinar-04-2-768x768.jpg 768w, https:\/\/content.carib-export.com\/wp-content\/uploads\/2020\/07\/Talking-Export-Ecommerce-Webinar-04-2-1536x1536.jpg 1536w, https:\/\/content.carib-export.com\/wp-content\/uploads\/2020\/07\/Talking-Export-Ecommerce-Webinar-04-2-2048x2048.jpg 2048w, https:\/\/content.carib-export.com\/wp-content\/uploads\/2020\/07\/Talking-Export-Ecommerce-Webinar-04-2-70x70.jpg 70w\" sizes=\"auto, (max-width: 1024px) 100vw, 1024px\" \/><\/figure><div class=\"wp-block-media-text__content\">\n<p class=\"has-medium-font-size\">Este seminario web profundiz\u00f3 en el dise\u00f1o y las plataformas de sitios web de comercio electr\u00f3nico, las soluciones de pago electr\u00f3nico, las regulaciones gubernamentales, la banca y las ventajas y desventajas de las soluciones de comercio electr\u00f3nico.<\/p>\n\n\n\n<div class=\"wp-block-buttons is-layout-flex wp-block-buttons-is-layout-flex\">\n<div class=\"wp-block-button is-style-outline is-style-outline--18\"><a class=\"wp-block-button__link\" href=\"https:\/\/youtu.be\/nK4vNEOgyB4\" style=\"border-radius:0px\" target=\"_blank\" rel=\"noreferrer noopener\">Ver ahora<\/a><\/div>\n<\/div>\n<\/div><\/div>\n\n<div style=\"height:40px\" aria-hidden=\"true\" class=\"wp-block-spacer\"><\/div>\n\n<div class=\"wp-block-media-text alignwide is-stacked-on-mobile\" style=\"grid-template-columns:33% auto\"><figure class=\"wp-block-media-text__media\"><img loading=\"lazy\" decoding=\"async\" width=\"1024\" height=\"1024\" src=\"https:\/\/content.carib-export.com\/wp-content\/uploads\/2020\/07\/Talking-Export-Ecommerce-Webinar-03-1-1024x1024.jpg\" alt=\"\" class=\"wp-image-189305 size-large\" srcset=\"https:\/\/content.carib-export.com\/wp-content\/uploads\/2020\/07\/Talking-Export-Ecommerce-Webinar-03-1-1024x1024.jpg 1024w, https:\/\/content.carib-export.com\/wp-content\/uploads\/2020\/07\/Talking-Export-Ecommerce-Webinar-03-1-150x150.jpg 150w, https:\/\/content.carib-export.com\/wp-content\/uploads\/2020\/07\/Talking-Export-Ecommerce-Webinar-03-1-100x100.jpg 100w, https:\/\/content.carib-export.com\/wp-content\/uploads\/2020\/07\/Talking-Export-Ecommerce-Webinar-03-1-768x768.jpg 768w, https:\/\/content.carib-export.com\/wp-content\/uploads\/2020\/07\/Talking-Export-Ecommerce-Webinar-03-1-1536x1536.jpg 1536w, https:\/\/content.carib-export.com\/wp-content\/uploads\/2020\/07\/Talking-Export-Ecommerce-Webinar-03-1-2048x2048.jpg 2048w, https:\/\/content.carib-export.com\/wp-content\/uploads\/2020\/07\/Talking-Export-Ecommerce-Webinar-03-1-70x70.jpg 70w\" sizes=\"auto, (max-width: 1024px) 100vw, 1024px\" \/><\/figure><div class=\"wp-block-media-text__content\">\n<p class=\"has-medium-font-size\">Este seminario web revis\u00f3 las opciones de env\u00edo y distribuci\u00f3n disponibles y explor\u00f3 los desaf\u00edos de la entrega y distribuci\u00f3n, las soluciones para el seguimiento y el uso de centros log\u00edsticos ubicados estrat\u00e9gicamente.<\/p>\n\n\n\n<div class=\"wp-block-buttons is-layout-flex wp-block-buttons-is-layout-flex\">\n<div class=\"wp-block-button is-style-outline is-style-outline--19\"><a class=\"wp-block-button__link\" href=\"https:\/\/youtu.be\/QJWMJSkORJ0\" style=\"border-radius:0px\" target=\"_blank\" rel=\"noreferrer noopener\">Ver ahora<\/a><\/div>\n<\/div>\n<\/div><\/div>\n\n<div style=\"height:40px\" aria-hidden=\"true\" class=\"wp-block-spacer\"><\/div>\n\n<div class=\"wp-block-media-text alignwide is-stacked-on-mobile\" style=\"grid-template-columns:33% auto\"><figure class=\"wp-block-media-text__media\"><img loading=\"lazy\" decoding=\"async\" width=\"1024\" height=\"1024\" src=\"https:\/\/content.carib-export.com\/wp-content\/uploads\/2020\/07\/Talking-Export-Ecommerce-Webinar-01-1024x1024.jpg\" alt=\"\" class=\"wp-image-189299 size-large\" srcset=\"https:\/\/content.carib-export.com\/wp-content\/uploads\/2020\/07\/Talking-Export-Ecommerce-Webinar-01-1024x1024.jpg 1024w, https:\/\/content.carib-export.com\/wp-content\/uploads\/2020\/07\/Talking-Export-Ecommerce-Webinar-01-150x150.jpg 150w, https:\/\/content.carib-export.com\/wp-content\/uploads\/2020\/07\/Talking-Export-Ecommerce-Webinar-01-100x100.jpg 100w, https:\/\/content.carib-export.com\/wp-content\/uploads\/2020\/07\/Talking-Export-Ecommerce-Webinar-01-768x768.jpg 768w, https:\/\/content.carib-export.com\/wp-content\/uploads\/2020\/07\/Talking-Export-Ecommerce-Webinar-01-1536x1536.jpg 1536w, https:\/\/content.carib-export.com\/wp-content\/uploads\/2020\/07\/Talking-Export-Ecommerce-Webinar-01-2048x2048.jpg 2048w, https:\/\/content.carib-export.com\/wp-content\/uploads\/2020\/07\/Talking-Export-Ecommerce-Webinar-01-70x70.jpg 70w\" sizes=\"auto, (max-width: 1024px) 100vw, 1024px\" \/><\/figure><div class=\"wp-block-media-text__content\">\n<p class=\"has-medium-font-size\">Este webinar revis\u00f3 las caracter\u00edsticas que debe tener una empresa para poder realizar comercio electr\u00f3nico transfronterizo; llegar a los clientes objetivo.<\/p>\n\n\n\n<div class=\"wp-block-buttons is-layout-flex wp-block-buttons-is-layout-flex\">\n<div class=\"wp-block-button is-style-outline is-style-outline--20\"><a class=\"wp-block-button__link\" href=\"https:\/\/youtu.be\/bgcUg2ti4qg\" style=\"border-radius:0px\" target=\"_blank\" rel=\"noreferrer noopener\">Ver ahora<\/a><\/div>\n<\/div>\n<\/div><\/div>\n\n<div style=\"height:40px\" aria-hidden=\"true\" class=\"wp-block-spacer\"><\/div>\n\n<div class=\"wp-block-media-text alignwide is-stacked-on-mobile\" style=\"grid-template-columns:33% auto\"><figure class=\"wp-block-media-text__media\"><img loading=\"lazy\" decoding=\"async\" width=\"1024\" height=\"1024\" src=\"https:\/\/content.carib-export.com\/wp-content\/uploads\/2020\/07\/Talking-Export-Ecommerce-Webinar-02-1024x1024.jpg\" alt=\"\" class=\"wp-image-189298 size-large\" srcset=\"https:\/\/content.carib-export.com\/wp-content\/uploads\/2020\/07\/Talking-Export-Ecommerce-Webinar-02-1024x1024.jpg 1024w, https:\/\/content.carib-export.com\/wp-content\/uploads\/2020\/07\/Talking-Export-Ecommerce-Webinar-02-150x150.jpg 150w, https:\/\/content.carib-export.com\/wp-content\/uploads\/2020\/07\/Talking-Export-Ecommerce-Webinar-02-100x100.jpg 100w, https:\/\/content.carib-export.com\/wp-content\/uploads\/2020\/07\/Talking-Export-Ecommerce-Webinar-02-768x768.jpg 768w, https:\/\/content.carib-export.com\/wp-content\/uploads\/2020\/07\/Talking-Export-Ecommerce-Webinar-02-1536x1536.jpg 1536w, https:\/\/content.carib-export.com\/wp-content\/uploads\/2020\/07\/Talking-Export-Ecommerce-Webinar-02-2048x2048.jpg 2048w, https:\/\/content.carib-export.com\/wp-content\/uploads\/2020\/07\/Talking-Export-Ecommerce-Webinar-02-70x70.jpg 70w\" sizes=\"auto, (max-width: 1024px) 100vw, 1024px\" \/><\/figure><div class=\"wp-block-media-text__content\">\n<p class=\"has-medium-font-size\">Este seminario web se centr\u00f3 en las buenas pr\u00e1cticas globales en comercio electr\u00f3nico y cubri\u00f3: \u00e9xito en l\u00ednea en 2020, pasos para lanzar una tienda en l\u00ednea y m\u00e1s.<\/p>\n\n\n\n<div class=\"wp-block-buttons is-layout-flex wp-block-buttons-is-layout-flex\">\n<div class=\"wp-block-button is-style-outline is-style-outline--21\"><a class=\"wp-block-button__link\" href=\"https:\/\/youtu.be\/nbf_Myc7vmc\" style=\"border-radius:0px\" target=\"_blank\" rel=\"noreferrer noopener\">Ver ahora<\/a><\/div>\n<\/div>\n<\/div><\/div>\n\n<div style=\"height:40px\" aria-hidden=\"true\" class=\"wp-block-spacer\"><\/div>\n\n<div class=\"wp-block-media-text alignwide is-stacked-on-mobile\" style=\"grid-template-columns:33% auto\"><figure class=\"wp-block-media-text__media\"><img loading=\"lazy\" decoding=\"async\" width=\"1024\" height=\"1024\" src=\"https:\/\/content.carib-export.com\/wp-content\/uploads\/2020\/07\/Talking-Export-Webinar-03-1024x1024.jpg\" alt=\"\" class=\"wp-image-189289 size-large\" srcset=\"https:\/\/content.carib-export.com\/wp-content\/uploads\/2020\/07\/Talking-Export-Webinar-03-1024x1024.jpg 1024w, https:\/\/content.carib-export.com\/wp-content\/uploads\/2020\/07\/Talking-Export-Webinar-03-150x150.jpg 150w, https:\/\/content.carib-export.com\/wp-content\/uploads\/2020\/07\/Talking-Export-Webinar-03-100x100.jpg 100w, https:\/\/content.carib-export.com\/wp-content\/uploads\/2020\/07\/Talking-Export-Webinar-03-768x768.jpg 768w, https:\/\/content.carib-export.com\/wp-content\/uploads\/2020\/07\/Talking-Export-Webinar-03-1536x1536.jpg 1536w, https:\/\/content.carib-export.com\/wp-content\/uploads\/2020\/07\/Talking-Export-Webinar-03-2048x2048.jpg 2048w, https:\/\/content.carib-export.com\/wp-content\/uploads\/2020\/07\/Talking-Export-Webinar-03-70x70.jpg 70w\" sizes=\"auto, (max-width: 1024px) 100vw, 1024px\" \/><\/figure><div class=\"wp-block-media-text__content\">\n<p class=\"has-medium-font-size\">Este seminario web se centra en la cadena de suministro y sus partes m\u00f3viles; respuestas en una crisis; enfoques pr\u00e1cticos para administrar su cadena de suministro; c\u00f3mo pasar de la volatilidad y la incertidumbre a la claridad y la agilidad y c\u00f3mo planificar la vida despu\u00e9s de la COVID-19.<\/p>\n\n\n\n<div class=\"wp-block-buttons is-layout-flex wp-block-buttons-is-layout-flex\">\n<div class=\"wp-block-button is-style-outline is-style-outline--22\"><a class=\"wp-block-button__link\" href=\"https:\/\/youtu.be\/ONXE8QUEnWo\" style=\"border-radius:0px\" target=\"_blank\" rel=\"noreferrer noopener\">Ver ahora<\/a><\/div>\n<\/div>\n<\/div><\/div>\n\n<div style=\"height:40px\" aria-hidden=\"true\" class=\"wp-block-spacer\"><\/div>\n\n<div class=\"wp-block-media-text alignwide is-stacked-on-mobile\" style=\"grid-template-columns:33% auto\"><figure class=\"wp-block-media-text__media\"><img loading=\"lazy\" decoding=\"async\" width=\"1024\" height=\"1024\" src=\"https:\/\/content.carib-export.com\/wp-content\/uploads\/2020\/07\/Talking-Export-Webinar-08-1-2-1024x1024.jpg\" alt=\"\" class=\"wp-image-189297 size-large\" srcset=\"https:\/\/content.carib-export.com\/wp-content\/uploads\/2020\/07\/Talking-Export-Webinar-08-1-2-1024x1024.jpg 1024w, https:\/\/content.carib-export.com\/wp-content\/uploads\/2020\/07\/Talking-Export-Webinar-08-1-2-150x150.jpg 150w, https:\/\/content.carib-export.com\/wp-content\/uploads\/2020\/07\/Talking-Export-Webinar-08-1-2-100x100.jpg 100w, https:\/\/content.carib-export.com\/wp-content\/uploads\/2020\/07\/Talking-Export-Webinar-08-1-2-768x768.jpg 768w, https:\/\/content.carib-export.com\/wp-content\/uploads\/2020\/07\/Talking-Export-Webinar-08-1-2-70x70.jpg 70w\" sizes=\"auto, (max-width: 1024px) 100vw, 1024px\" \/><\/figure><div class=\"wp-block-media-text__content\">\n<p class=\"has-medium-font-size\">Este seminario web se enfoca en c\u00f3mo aprovechar el espacio digital para artistas musicales, revisa los desaf\u00edos espec\u00edficos que enfrenta la industria, explora las herramientas disponibles y c\u00f3mo aprovechar las oportunidades de generaci\u00f3n de ingresos disponibles digitalmente.<\/p>\n\n\n\n<div class=\"wp-block-buttons is-layout-flex wp-block-buttons-is-layout-flex\">\n<div class=\"wp-block-button is-style-outline is-style-outline--23\"><a class=\"wp-block-button__link\" href=\"https:\/\/youtu.be\/05qHy1pAZGY\" style=\"border-radius:0px\" target=\"_blank\" rel=\"noreferrer noopener\">Ver ahora<\/a><\/div>\n<\/div>\n<\/div><\/div>\n\n<div style=\"height:40px\" aria-hidden=\"true\" class=\"wp-block-spacer\"><\/div>\n\n<div class=\"wp-block-media-text alignwide is-stacked-on-mobile\" style=\"grid-template-columns:33% auto\"><figure class=\"wp-block-media-text__media\"><img loading=\"lazy\" decoding=\"async\" width=\"1024\" height=\"1024\" src=\"https:\/\/content.carib-export.com\/wp-content\/uploads\/2020\/07\/Talking-Export-Webinar-05-1024x1024.jpg\" alt=\"\" class=\"wp-image-189292 size-large\" srcset=\"https:\/\/content.carib-export.com\/wp-content\/uploads\/2020\/07\/Talking-Export-Webinar-05-1024x1024.jpg 1024w, https:\/\/content.carib-export.com\/wp-content\/uploads\/2020\/07\/Talking-Export-Webinar-05-150x150.jpg 150w, https:\/\/content.carib-export.com\/wp-content\/uploads\/2020\/07\/Talking-Export-Webinar-05-100x100.jpg 100w, https:\/\/content.carib-export.com\/wp-content\/uploads\/2020\/07\/Talking-Export-Webinar-05-768x768.jpg 768w, https:\/\/content.carib-export.com\/wp-content\/uploads\/2020\/07\/Talking-Export-Webinar-05-1536x1536.jpg 1536w, https:\/\/content.carib-export.com\/wp-content\/uploads\/2020\/07\/Talking-Export-Webinar-05-2048x2048.jpg 2048w, https:\/\/content.carib-export.com\/wp-content\/uploads\/2020\/07\/Talking-Export-Webinar-05-70x70.jpg 70w\" sizes=\"auto, (max-width: 1024px) 100vw, 1024px\" \/><\/figure><div class=\"wp-block-media-text__content\">\n<p class=\"has-medium-font-size\">Los l\u00edderes de las pymes deben adaptarse para satisfacer las necesidades tanto del cliente como de los miembros del equipo como resultado del cambiante entorno empresarial.<\/p>\n\n\n\n<div class=\"wp-block-buttons is-layout-flex wp-block-buttons-is-layout-flex\">\n<div class=\"wp-block-button is-style-outline is-style-outline--24\"><a class=\"wp-block-button__link\" href=\"https:\/\/youtu.be\/u3ri3m9eDJA\" style=\"border-radius:0px\" target=\"_blank\" rel=\"noreferrer noopener\">Ver ahora<\/a><\/div>\n<\/div>\n<\/div><\/div>\n\n<div style=\"height:40px\" aria-hidden=\"true\" class=\"wp-block-spacer\"><\/div>\n\n<div class=\"wp-block-media-text alignwide is-stacked-on-mobile\" style=\"grid-template-columns:33% auto\"><figure class=\"wp-block-media-text__media\"><img loading=\"lazy\" decoding=\"async\" width=\"1024\" height=\"1024\" src=\"https:\/\/content.carib-export.com\/wp-content\/uploads\/2020\/07\/Talking-Export-Webinar-07-1024x1024.jpg\" alt=\"\" class=\"wp-image-189293 size-large\" srcset=\"https:\/\/content.carib-export.com\/wp-content\/uploads\/2020\/07\/Talking-Export-Webinar-07-1024x1024.jpg 1024w, https:\/\/content.carib-export.com\/wp-content\/uploads\/2020\/07\/Talking-Export-Webinar-07-150x150.jpg 150w, https:\/\/content.carib-export.com\/wp-content\/uploads\/2020\/07\/Talking-Export-Webinar-07-100x100.jpg 100w, https:\/\/content.carib-export.com\/wp-content\/uploads\/2020\/07\/Talking-Export-Webinar-07-768x768.jpg 768w, https:\/\/content.carib-export.com\/wp-content\/uploads\/2020\/07\/Talking-Export-Webinar-07-1536x1536.jpg 1536w, https:\/\/content.carib-export.com\/wp-content\/uploads\/2020\/07\/Talking-Export-Webinar-07-2048x2048.jpg 2048w, https:\/\/content.carib-export.com\/wp-content\/uploads\/2020\/07\/Talking-Export-Webinar-07-70x70.jpg 70w\" sizes=\"auto, (max-width: 1024px) 100vw, 1024px\" \/><\/figure><div class=\"wp-block-media-text__content\">\n<p class=\"has-medium-font-size\">Este seminario web proporciona una descripci\u00f3n general de la planificaci\u00f3n de la continuidad del negocio y proporciona algunos pasos pr\u00e1cticos de planificaci\u00f3n de la continuidad.<\/p>\n\n\n\n<div class=\"wp-block-buttons is-layout-flex wp-block-buttons-is-layout-flex\">\n<div class=\"wp-block-button is-style-outline is-style-outline--25\"><a class=\"wp-block-button__link\" href=\"https:\/\/youtu.be\/X-WEWB_6_v8\" style=\"border-radius:0px\" target=\"_blank\" rel=\"noreferrer noopener\">Ver ahora<\/a><\/div>\n<\/div>\n<\/div><\/div>\n\n<div style=\"height:40px\" aria-hidden=\"true\" class=\"wp-block-spacer\"><\/div>\n\n<div class=\"wp-block-media-text alignwide is-stacked-on-mobile\" style=\"grid-template-columns:33% auto\"><figure class=\"wp-block-media-text__media\"><img loading=\"lazy\" decoding=\"async\" width=\"1024\" height=\"1024\" src=\"https:\/\/content.carib-export.com\/wp-content\/uploads\/2020\/07\/Talking-Export-Webinar-01-1024x1024.jpg\" alt=\"\" class=\"wp-image-189287 size-large\" srcset=\"https:\/\/content.carib-export.com\/wp-content\/uploads\/2020\/07\/Talking-Export-Webinar-01-1024x1024.jpg 1024w, https:\/\/content.carib-export.com\/wp-content\/uploads\/2020\/07\/Talking-Export-Webinar-01-150x150.jpg 150w, https:\/\/content.carib-export.com\/wp-content\/uploads\/2020\/07\/Talking-Export-Webinar-01-100x100.jpg 100w, https:\/\/content.carib-export.com\/wp-content\/uploads\/2020\/07\/Talking-Export-Webinar-01-768x768.jpg 768w, https:\/\/content.carib-export.com\/wp-content\/uploads\/2020\/07\/Talking-Export-Webinar-01-1536x1536.jpg 1536w, https:\/\/content.carib-export.com\/wp-content\/uploads\/2020\/07\/Talking-Export-Webinar-01-2048x2048.jpg 2048w, https:\/\/content.carib-export.com\/wp-content\/uploads\/2020\/07\/Talking-Export-Webinar-01-70x70.jpg 70w\" sizes=\"auto, (max-width: 1024px) 100vw, 1024px\" \/><\/figure><div class=\"wp-block-media-text__content\">\n<p class=\"has-medium-font-size\">En circunstancias \u00abnormales\u00bb, una buena gesti\u00f3n del flujo de caja es importante para cualquier negocio que busque tener \u00e9xito. En este nuevo entorno de COVID-19, es fundamental sobrevivir a esta crisis.<\/p>\n\n\n\n<div class=\"wp-block-buttons is-layout-flex wp-block-buttons-is-layout-flex\">\n<div class=\"wp-block-button is-style-outline is-style-outline--26\"><a class=\"wp-block-button__link\" href=\"https:\/\/youtu.be\/ApZZ1p3Asj0\" style=\"border-radius:0px\" target=\"_blank\" rel=\"noreferrer noopener\">Ver ahora<\/a><\/div>\n<\/div>\n<\/div><\/div>\n\n<div style=\"height:40px\" aria-hidden=\"true\" class=\"wp-block-spacer\"><\/div>\n\n<div class=\"wp-block-media-text alignwide is-stacked-on-mobile\" style=\"grid-template-columns:33% auto\"><figure class=\"wp-block-media-text__media\"><img loading=\"lazy\" decoding=\"async\" width=\"1024\" height=\"1024\" src=\"https:\/\/content.carib-export.com\/wp-content\/uploads\/2020\/07\/Talking-Export-Webinar-04-1024x1024.jpg\" alt=\"\" class=\"wp-image-189290 size-large\" srcset=\"https:\/\/content.carib-export.com\/wp-content\/uploads\/2020\/07\/Talking-Export-Webinar-04-1024x1024.jpg 1024w, https:\/\/content.carib-export.com\/wp-content\/uploads\/2020\/07\/Talking-Export-Webinar-04-150x150.jpg 150w, https:\/\/content.carib-export.com\/wp-content\/uploads\/2020\/07\/Talking-Export-Webinar-04-100x100.jpg 100w, https:\/\/content.carib-export.com\/wp-content\/uploads\/2020\/07\/Talking-Export-Webinar-04-768x768.jpg 768w, https:\/\/content.carib-export.com\/wp-content\/uploads\/2020\/07\/Talking-Export-Webinar-04-1536x1536.jpg 1536w, https:\/\/content.carib-export.com\/wp-content\/uploads\/2020\/07\/Talking-Export-Webinar-04-2048x2048.jpg 2048w, https:\/\/content.carib-export.com\/wp-content\/uploads\/2020\/07\/Talking-Export-Webinar-04-70x70.jpg 70w\" sizes=\"auto, (max-width: 1024px) 100vw, 1024px\" \/><\/figure><div class=\"wp-block-media-text__content\">\n<p class=\"has-medium-font-size\">Este seminario web se centra en el papel de las redes sociales en las comunicaciones de crisis; c\u00f3mo responder al aumento de la demanda digital, escuchar y monitorear las redes sociales; t\u00e9cnicas de marketing responsable y m\u00e1s.<\/p>\n\n\n\n<div class=\"wp-block-buttons is-layout-flex wp-block-buttons-is-layout-flex\">\n<div class=\"wp-block-button is-style-outline is-style-outline--27\"><a class=\"wp-block-button__link\" href=\"https:\/\/youtu.be\/YjmV5Xmb9GM\" style=\"border-radius:0px\" target=\"_blank\" rel=\"noreferrer noopener\">Ver ahora<\/a><\/div>\n<\/div>\n<\/div><\/div>\n\n<div style=\"height:40px\" aria-hidden=\"true\" class=\"wp-block-spacer\"><\/div>\n\n<div class=\"wp-block-media-text alignwide is-stacked-on-mobile\" style=\"grid-template-columns:33% auto\"><figure class=\"wp-block-media-text__media\"><img loading=\"lazy\" decoding=\"async\" width=\"1024\" height=\"1024\" src=\"https:\/\/content.carib-export.com\/wp-content\/uploads\/2020\/08\/Webinar-Aug_2020-09-1024x1024.jpg\" alt=\"\" class=\"wp-image-189339 size-large\" srcset=\"https:\/\/content.carib-export.com\/wp-content\/uploads\/2020\/08\/Webinar-Aug_2020-09-1024x1024.jpg 1024w, https:\/\/content.carib-export.com\/wp-content\/uploads\/2020\/08\/Webinar-Aug_2020-09-150x150.jpg 150w, https:\/\/content.carib-export.com\/wp-content\/uploads\/2020\/08\/Webinar-Aug_2020-09-100x100.jpg 100w, https:\/\/content.carib-export.com\/wp-content\/uploads\/2020\/08\/Webinar-Aug_2020-09-768x768.jpg 768w, https:\/\/content.carib-export.com\/wp-content\/uploads\/2020\/08\/Webinar-Aug_2020-09-1536x1536.jpg 1536w, https:\/\/content.carib-export.com\/wp-content\/uploads\/2020\/08\/Webinar-Aug_2020-09-2048x2048.jpg 2048w, https:\/\/content.carib-export.com\/wp-content\/uploads\/2020\/08\/Webinar-Aug_2020-09-70x70.jpg 70w\" sizes=\"auto, (max-width: 1024px) 100vw, 1024px\" \/><\/figure><div class=\"wp-block-media-text__content\">\n<p class=\"has-medium-font-size\">El sector de servicios de subcontrataci\u00f3n de finanzas y contabilidad (FAO) est\u00e1 experimentando un cambio importante, impulsado por el poder de las nuevas tecnolog\u00edas que est\u00e1n alterando directamente la forma en que las empresas globales conf\u00edan en estos servicios y c\u00f3mo los socios subcontratados brindan valor estrat\u00e9gico. Este seminario web proporciona informaci\u00f3n \u00fatil y orientaci\u00f3n sobre estos cambios.<\/p>\n\n\n\n<div class=\"wp-block-buttons is-layout-flex wp-block-buttons-is-layout-flex\">\n<div class=\"wp-block-button is-style-outline is-style-outline--28\"><a class=\"wp-block-button__link\" href=\"https:\/\/onlinexperiences.com\/scripts\/Server.nxp?LASCmd=L:0&amp;AI=1&amp;ShowKey=86586&amp;LoginType=0&amp;InitialDisplay=1&amp;ClientBrowser=0&amp;DisplayItem=NULL&amp;LangLocaleID=0&amp;SSO=1&amp;RFR=NULL\" style=\"border-radius:0px\" target=\"_blank\" rel=\"noreferrer noopener\">Reciba el archivo a pedido de este seminario web<\/a><\/div>\n<\/div>\n<\/div><\/div>\n\n<div style=\"height:40px\" aria-hidden=\"true\" class=\"wp-block-spacer\"><\/div>\n\n<div class=\"wp-block-media-text alignwide is-stacked-on-mobile\" style=\"grid-template-columns:33% auto\"><figure class=\"wp-block-media-text__media\"><img loading=\"lazy\" decoding=\"async\" width=\"1024\" height=\"1024\" src=\"https:\/\/content.carib-export.com\/wp-content\/uploads\/2020\/08\/Webinar-Aug_2020-02-1024x1024.jpg\" alt=\"\" class=\"wp-image-189341 size-large\" srcset=\"https:\/\/content.carib-export.com\/wp-content\/uploads\/2020\/08\/Webinar-Aug_2020-02-1024x1024.jpg 1024w, https:\/\/content.carib-export.com\/wp-content\/uploads\/2020\/08\/Webinar-Aug_2020-02-150x150.jpg 150w, https:\/\/content.carib-export.com\/wp-content\/uploads\/2020\/08\/Webinar-Aug_2020-02-100x100.jpg 100w, https:\/\/content.carib-export.com\/wp-content\/uploads\/2020\/08\/Webinar-Aug_2020-02-768x768.jpg 768w, https:\/\/content.carib-export.com\/wp-content\/uploads\/2020\/08\/Webinar-Aug_2020-02-1536x1536.jpg 1536w, https:\/\/content.carib-export.com\/wp-content\/uploads\/2020\/08\/Webinar-Aug_2020-02-2048x2048.jpg 2048w, https:\/\/content.carib-export.com\/wp-content\/uploads\/2020\/08\/Webinar-Aug_2020-02-70x70.jpg 70w\" sizes=\"auto, (max-width: 1024px) 100vw, 1024px\" \/><\/figure><div class=\"wp-block-media-text__content\">\n<p class=\"has-medium-font-size\">La industria del juego es un sector de r\u00e1pido crecimiento con gran potencial en la regi\u00f3n y muchas oportunidades para crear negocios. La presentaci\u00f3n aborda los elementos clave para las personas que desean ingresar a los mercados internacionales y tambi\u00e9n el IndieGameBusiness: The San Francisco Summer Edition 2020 que se llevar\u00e1 a cabo virtualmente el pr\u00f3ximo mes de agosto.<\/p>\n\n\n\n<div class=\"wp-block-buttons is-layout-flex wp-block-buttons-is-layout-flex\">\n<div class=\"wp-block-button is-style-outline is-style-outline--29\"><a class=\"wp-block-button__link\" href=\"https:\/\/youtu.be\/xp8-jO0FP9s\" style=\"border-radius:0px\" target=\"_blank\" rel=\"noreferrer noopener\">Ver ahora<\/a><\/div>\n<\/div>\n<\/div><\/div>\n\n<div style=\"height:40px\" aria-hidden=\"true\" class=\"wp-block-spacer\"><\/div>\n","protected":false},"excerpt":{"rendered":"<p>Bienvenido a la p\u00e1gina de webinars on demand de Caribbean Export, donde puede ver las grabaciones de webinars anteriores. Visite nuestra p\u00e1gina de eventos para encontrar los pr\u00f3ximos seminarios web para registrarse o inscr\u00edbase en nuestra lista de correo para recibir una notificaci\u00f3n por correo electr\u00f3nico cuando se publiquen nuevos eventos.<\/p>\n","protected":false},"author":3,"featured_media":250059,"parent":256316,"menu_order":0,"comment_status":"closed","ping_status":"closed","template":"","meta":{"_acf_changed":false,"inline_featured_image":false,"footnotes":""},"tags":[],"class_list":["post-270566","page","type-page","status-publish","has-post-thumbnail","hentry"],"acf":[],"yoast_head":"<!-- This site is optimized with the Yoast SEO plugin v27.1.1 - https:\/\/yoast.com\/product\/yoast-seo-wordpress\/ -->\n<title>Seminarios web a pedido - nombre del Exportaci\u00f3n del Caribe<\/title>\n<meta name=\"robots\" content=\"index, follow, max-snippet:-1, max-image-preview:large, max-video-preview:-1\" \/>\n<link rel=\"canonical\" href=\"https:\/\/content.carib-export.com\/es\/resources\/training\/webinars\/\" \/>\n<meta property=\"og:locale\" content=\"es_ES\" \/>\n<meta property=\"og:type\" content=\"article\" \/>\n<meta property=\"og:title\" content=\"Seminarios web a pedido - nombre del Exportaci\u00f3n del Caribe\" \/>\n<meta property=\"og:description\" content=\"Bienvenido a la p\u00e1gina de webinars on demand de Caribbean Export, donde puede ver las grabaciones de webinars anteriores. Visite nuestra p\u00e1gina de eventos para encontrar los pr\u00f3ximos seminarios web para registrarse o inscr\u00edbase en nuestra lista de correo para recibir una notificaci\u00f3n por correo electr\u00f3nico cuando se publiquen nuevos eventos.\" \/>\n<meta property=\"og:url\" content=\"https:\/\/content.carib-export.com\/es\/resources\/training\/webinars\/\" \/>\n<meta property=\"og:site_name\" content=\"Exportaci\u00f3n del Caribe\" \/>\n<meta property=\"article:publisher\" content=\"https:\/\/www.facebook.com\/CaribbeanExport\" \/>\n<meta property=\"article:modified_time\" content=\"2025-02-05T03:55:03+00:00\" \/>\n<meta property=\"og:image\" content=\"https:\/\/content.carib-export.com\/wp-content\/uploads\/2020\/04\/Talking-exports.jpg\" \/>\n\t<meta property=\"og:image:width\" content=\"1060\" \/>\n\t<meta property=\"og:image:height\" content=\"665\" \/>\n\t<meta property=\"og:image:type\" content=\"image\/jpeg\" \/>\n<meta name=\"twitter:card\" content=\"summary_large_image\" \/>\n<meta name=\"twitter:site\" content=\"@CaribXport\" \/>\n<meta name=\"twitter:label1\" content=\"Tiempo de lectura\" \/>\n\t<meta name=\"twitter:data1\" content=\"6 minutos\" \/>\n<script type=\"application\/ld+json\" class=\"yoast-schema-graph\">{\"@context\":\"https:\/\/schema.org\",\"@graph\":[{\"@type\":\"WebPage\",\"@id\":\"https:\/\/content.carib-export.com\/es\/resources\/training\/webinars\/\",\"url\":\"https:\/\/content.carib-export.com\/es\/resources\/training\/webinars\/\",\"name\":\"Seminarios web a pedido - nombre del Exportaci\u00f3n del Caribe\",\"isPartOf\":{\"@id\":\"https:\/\/content.carib-export.com\/es\/#website\"},\"primaryImageOfPage\":{\"@id\":\"https:\/\/content.carib-export.com\/es\/resources\/training\/webinars\/#primaryimage\"},\"image\":{\"@id\":\"https:\/\/content.carib-export.com\/es\/resources\/training\/webinars\/#primaryimage\"},\"thumbnailUrl\":\"https:\/\/content.carib-export.com\/wp-content\/uploads\/2020\/04\/Talking-exports.jpg\",\"datePublished\":\"2020-04-14T13:14:43+00:00\",\"dateModified\":\"2025-02-05T03:55:03+00:00\",\"breadcrumb\":{\"@id\":\"https:\/\/content.carib-export.com\/es\/resources\/training\/webinars\/#breadcrumb\"},\"inLanguage\":\"es\",\"potentialAction\":[{\"@type\":\"ReadAction\",\"target\":[\"https:\/\/content.carib-export.com\/es\/resources\/training\/webinars\/\"]}]},{\"@type\":\"ImageObject\",\"inLanguage\":\"es\",\"@id\":\"https:\/\/content.carib-export.com\/es\/resources\/training\/webinars\/#primaryimage\",\"url\":\"https:\/\/content.carib-export.com\/wp-content\/uploads\/2020\/04\/Talking-exports.jpg\",\"contentUrl\":\"https:\/\/content.carib-export.com\/wp-content\/uploads\/2020\/04\/Talking-exports.jpg\",\"width\":1060,\"height\":665,\"caption\":\"talking exports\"},{\"@type\":\"BreadcrumbList\",\"@id\":\"https:\/\/content.carib-export.com\/es\/resources\/training\/webinars\/#breadcrumb\",\"itemListElement\":[{\"@type\":\"ListItem\",\"position\":1,\"name\":\"Casa\",\"item\":\"https:\/\/content.carib-export.com\/es\/home\/\"},{\"@type\":\"ListItem\",\"position\":2,\"name\":\"Recursos\",\"item\":\"https:\/\/content.carib-export.com\/es\/resources\/\"},{\"@type\":\"ListItem\",\"position\":3,\"name\":\"Capacitaci\u00f3n\",\"item\":\"https:\/\/content.carib-export.com\/es\/resources\/training\/\"},{\"@type\":\"ListItem\",\"position\":4,\"name\":\"Seminarios web a pedido\"}]},{\"@type\":\"WebSite\",\"@id\":\"https:\/\/content.carib-export.com\/es\/#website\",\"url\":\"https:\/\/content.carib-export.com\/es\/\",\"name\":\"Exportaci\u00f3n del Caribe\",\"description\":\"La \u00fanica agencia regional de promoci\u00f3n del comercio y las inversiones en el grupo de \u00c1frica, el Caribe y el Pac\u00edfico.\",\"publisher\":{\"@id\":\"https:\/\/content.carib-export.com\/es\/#organization\"},\"potentialAction\":[{\"@type\":\"SearchAction\",\"target\":{\"@type\":\"EntryPoint\",\"urlTemplate\":\"https:\/\/content.carib-export.com\/es\/?s={search_term_string}\"},\"query-input\":{\"@type\":\"PropertyValueSpecification\",\"valueRequired\":true,\"valueName\":\"search_term_string\"}}],\"inLanguage\":\"es\"},{\"@type\":\"Organization\",\"@id\":\"https:\/\/content.carib-export.com\/es\/#organization\",\"name\":\"Agencia de Desarrollo de Exportaciones del Caribe\",\"url\":\"https:\/\/content.carib-export.com\/es\/\",\"logo\":{\"@type\":\"ImageObject\",\"inLanguage\":\"es\",\"@id\":\"https:\/\/content.carib-export.com\/es\/#\/schema\/logo\/image\/\",\"url\":\"https:\/\/content.carib-export.com\/wp-content\/uploads\/2013\/03\/CE-Logo-2013.jpg\",\"contentUrl\":\"https:\/\/content.carib-export.com\/wp-content\/uploads\/2013\/03\/CE-Logo-2013.jpg\",\"width\":1024,\"height\":244,\"caption\":\"Agencia de Desarrollo de Exportaciones del Caribe\"},\"image\":{\"@id\":\"https:\/\/content.carib-export.com\/es\/#\/schema\/logo\/image\/\"},\"sameAs\":[\"https:\/\/www.facebook.com\/CaribbeanExport\",\"https:\/\/x.com\/CaribXport\",\"https:\/\/www.instagram.com\/caribbeanexport\",\"https:\/\/www.linkedin.com\/company\/caribbeanexport\",\"https:\/\/www.youtube.com\/user\/TheCaribbeanExport\"]}]}<\/script>\n<!-- \/ Yoast SEO plugin. -->","yoast_head_json":{"title":"Seminarios web a pedido - nombre del Exportaci\u00f3n del Caribe","robots":{"index":"index","follow":"follow","max-snippet":"max-snippet:-1","max-image-preview":"max-image-preview:large","max-video-preview":"max-video-preview:-1"},"canonical":"https:\/\/content.carib-export.com\/es\/resources\/training\/webinars\/","og_locale":"es_ES","og_type":"article","og_title":"Seminarios web a pedido - nombre del Exportaci\u00f3n del Caribe","og_description":"Bienvenido a la p\u00e1gina de webinars on demand de Caribbean Export, donde puede ver las grabaciones de webinars anteriores. Visite nuestra p\u00e1gina de eventos para encontrar los pr\u00f3ximos seminarios web para registrarse o inscr\u00edbase en nuestra lista de correo para recibir una notificaci\u00f3n por correo electr\u00f3nico cuando se publiquen nuevos eventos.","og_url":"https:\/\/content.carib-export.com\/es\/resources\/training\/webinars\/","og_site_name":"Exportaci\u00f3n del Caribe","article_publisher":"https:\/\/www.facebook.com\/CaribbeanExport","article_modified_time":"2025-02-05T03:55:03+00:00","og_image":[{"width":1060,"height":665,"url":"https:\/\/content.carib-export.com\/wp-content\/uploads\/2020\/04\/Talking-exports.jpg","type":"image\/jpeg"}],"twitter_card":"summary_large_image","twitter_site":"@CaribXport","twitter_misc":{"Tiempo de lectura":"6 minutos"},"schema":{"@context":"https:\/\/schema.org","@graph":[{"@type":"WebPage","@id":"https:\/\/content.carib-export.com\/es\/resources\/training\/webinars\/","url":"https:\/\/content.carib-export.com\/es\/resources\/training\/webinars\/","name":"Seminarios web a pedido - nombre del Exportaci\u00f3n del Caribe","isPartOf":{"@id":"https:\/\/content.carib-export.com\/es\/#website"},"primaryImageOfPage":{"@id":"https:\/\/content.carib-export.com\/es\/resources\/training\/webinars\/#primaryimage"},"image":{"@id":"https:\/\/content.carib-export.com\/es\/resources\/training\/webinars\/#primaryimage"},"thumbnailUrl":"https:\/\/content.carib-export.com\/wp-content\/uploads\/2020\/04\/Talking-exports.jpg","datePublished":"2020-04-14T13:14:43+00:00","dateModified":"2025-02-05T03:55:03+00:00","breadcrumb":{"@id":"https:\/\/content.carib-export.com\/es\/resources\/training\/webinars\/#breadcrumb"},"inLanguage":"es","potentialAction":[{"@type":"ReadAction","target":["https:\/\/content.carib-export.com\/es\/resources\/training\/webinars\/"]}]},{"@type":"ImageObject","inLanguage":"es","@id":"https:\/\/content.carib-export.com\/es\/resources\/training\/webinars\/#primaryimage","url":"https:\/\/content.carib-export.com\/wp-content\/uploads\/2020\/04\/Talking-exports.jpg","contentUrl":"https:\/\/content.carib-export.com\/wp-content\/uploads\/2020\/04\/Talking-exports.jpg","width":1060,"height":665,"caption":"talking exports"},{"@type":"BreadcrumbList","@id":"https:\/\/content.carib-export.com\/es\/resources\/training\/webinars\/#breadcrumb","itemListElement":[{"@type":"ListItem","position":1,"name":"Casa","item":"https:\/\/content.carib-export.com\/es\/home\/"},{"@type":"ListItem","position":2,"name":"Recursos","item":"https:\/\/content.carib-export.com\/es\/resources\/"},{"@type":"ListItem","position":3,"name":"Capacitaci\u00f3n","item":"https:\/\/content.carib-export.com\/es\/resources\/training\/"},{"@type":"ListItem","position":4,"name":"Seminarios web a pedido"}]},{"@type":"WebSite","@id":"https:\/\/content.carib-export.com\/es\/#website","url":"https:\/\/content.carib-export.com\/es\/","name":"Exportaci\u00f3n del Caribe","description":"La \u00fanica agencia regional de promoci\u00f3n del comercio y las inversiones en el grupo de \u00c1frica, el Caribe y el Pac\u00edfico.","publisher":{"@id":"https:\/\/content.carib-export.com\/es\/#organization"},"potentialAction":[{"@type":"SearchAction","target":{"@type":"EntryPoint","urlTemplate":"https:\/\/content.carib-export.com\/es\/?s={search_term_string}"},"query-input":{"@type":"PropertyValueSpecification","valueRequired":true,"valueName":"search_term_string"}}],"inLanguage":"es"},{"@type":"Organization","@id":"https:\/\/content.carib-export.com\/es\/#organization","name":"Agencia de Desarrollo de Exportaciones del Caribe","url":"https:\/\/content.carib-export.com\/es\/","logo":{"@type":"ImageObject","inLanguage":"es","@id":"https:\/\/content.carib-export.com\/es\/#\/schema\/logo\/image\/","url":"https:\/\/content.carib-export.com\/wp-content\/uploads\/2013\/03\/CE-Logo-2013.jpg","contentUrl":"https:\/\/content.carib-export.com\/wp-content\/uploads\/2013\/03\/CE-Logo-2013.jpg","width":1024,"height":244,"caption":"Agencia de Desarrollo de Exportaciones del Caribe"},"image":{"@id":"https:\/\/content.carib-export.com\/es\/#\/schema\/logo\/image\/"},"sameAs":["https:\/\/www.facebook.com\/CaribbeanExport","https:\/\/x.com\/CaribXport","https:\/\/www.instagram.com\/caribbeanexport","https:\/\/www.linkedin.com\/company\/caribbeanexport","https:\/\/www.youtube.com\/user\/TheCaribbeanExport"]}]}},"_links":{"self":[{"href":"https:\/\/content.carib-export.com\/es\/wp-json\/wp\/v2\/pages\/270566","targetHints":{"allow":["GET"]}}],"collection":[{"href":"https:\/\/content.carib-export.com\/es\/wp-json\/wp\/v2\/pages"}],"about":[{"href":"https:\/\/content.carib-export.com\/es\/wp-json\/wp\/v2\/types\/page"}],"author":[{"embeddable":true,"href":"https:\/\/content.carib-export.com\/es\/wp-json\/wp\/v2\/users\/3"}],"replies":[{"embeddable":true,"href":"https:\/\/content.carib-export.com\/es\/wp-json\/wp\/v2\/comments?post=270566"}],"version-history":[{"count":0,"href":"https:\/\/content.carib-export.com\/es\/wp-json\/wp\/v2\/pages\/270566\/revisions"}],"up":[{"embeddable":true,"href":"https:\/\/content.carib-export.com\/es\/wp-json\/wp\/v2\/pages\/256316"}],"wp:featuredmedia":[{"embeddable":true,"href":"https:\/\/content.carib-export.com\/es\/wp-json\/wp\/v2\/media\/250059"}],"wp:attachment":[{"href":"https:\/\/content.carib-export.com\/es\/wp-json\/wp\/v2\/media?parent=270566"}],"wp:term":[{"taxonomy":"post_tag","embeddable":true,"href":"https:\/\/content.carib-export.com\/es\/wp-json\/wp\/v2\/tags?post=270566"}],"curies":[{"name":"wp","href":"https:\/\/api.w.org\/{rel}","templated":true}]}}