{"version":"1.0","provider_name":"Exportation Cara\u00efbes","provider_url":"https:\/\/content.carib-export.com\/fr\/","author_name":"Romily Thevenin","author_url":"https:\/\/content.carib-export.com\/fr\/author\/romily\/","title":"Appel \u00e0 d\u00e9fis - Acc\u00e9l\u00e9rateur num\u00e9rique UE-ALC","type":"rich","width":600,"height":338,"html":"<blockquote class=\"wp-embedded-content\" data-secret=\"hWrDAwtKKV\"><a href=\"https:\/\/content.carib-export.com\/fr\/opportunities\/call-for-challenges-eu-lac-digital-accelerator\/\">Appel \u00e0 d\u00e9fis &#8211; Acc\u00e9l\u00e9rateur num\u00e9rique UE-ALC<\/a><\/blockquote><iframe sandbox=\"allow-scripts\" security=\"restricted\" src=\"https:\/\/content.carib-export.com\/fr\/opportunities\/call-for-challenges-eu-lac-digital-accelerator\/embed\/#?secret=hWrDAwtKKV\" width=\"600\" height=\"338\" title=\"\u00ab\u00a0Appel \u00e0 d\u00e9fis &#8211; Acc\u00e9l\u00e9rateur num\u00e9rique UE-ALC\u00a0\u00bb &#8212; Exportation Cara\u00efbes\" data-secret=\"hWrDAwtKKV\" frameborder=\"0\" marginwidth=\"0\" marginheight=\"0\" scrolling=\"no\" class=\"wp-embedded-content\"><\/iframe><script>\n\/*! This file is auto-generated *\/\n!function(d,l){\"use strict\";l.querySelector&&d.addEventListener&&\"undefined\"!=typeof URL&&(d.wp=d.wp||{},d.wp.receiveEmbedMessage||(d.wp.receiveEmbedMessage=function(e){var t=e.data;if((t||t.secret||t.message||t.value)&&!\/[^a-zA-Z0-9]\/.test(t.secret)){for(var s,r,n,a=l.querySelectorAll('iframe[data-secret=\"'+t.secret+'\"]'),o=l.querySelectorAll('blockquote[data-secret=\"'+t.secret+'\"]'),c=new RegExp(\"^https?:$\",\"i\"),i=0;i<o.length;i++)o[i].style.display=\"none\";for(i=0;i<a.length;i++)s=a[i],e.source===s.contentWindow&&(s.removeAttribute(\"style\"),\"height\"===t.message?(1e3<(r=parseInt(t.value,10))?r=1e3:~~r<200&&(r=200),s.height=r):\"link\"===t.message&&(r=new URL(s.getAttribute(\"src\")),n=new URL(t.value),c.test(n.protocol))&&n.host===r.host&&l.activeElement===s&&(d.top.location.href=t.value))}},d.addEventListener(\"message\",d.wp.receiveEmbedMessage,!1),l.addEventListener(\"DOMContentLoaded\",function(){for(var e,t,s=l.querySelectorAll(\"iframe.wp-embedded-content\"),r=0;r<s.length;r++)(t=(e=s[r]).getAttribute(\"data-secret\"))||(t=Math.random().toString(36).substring(2,12),e.src+=\"#?secret=\"+t,e.setAttribute(\"data-secret\",t)),e.contentWindow.postMessage({message:\"ready\",secret:t},\"*\")},!1)))}(window,document);\n\/\/# sourceURL=https:\/\/content.carib-export.com\/wp-includes\/js\/wp-embed.min.js\n<\/script>\n","thumbnail_url":"https:\/\/content.carib-export.com\/wp-content\/uploads\/2023\/11\/Call-for-corporates-banner-1-004-CE-resized-1024x576.png","thumbnail_width":600,"thumbnail_height":338,"description":"L'Agence de d\u00e9veloppement des exportations des Cara\u00efbes (Caribbean Export), en collaboration avec un consortium de partenaires europ\u00e9ens et latino-am\u00e9ricains, met actuellement en \u0153uvre le programme financ\u00e9 par l'Union europ\u00e9enne et, \u00e0 ce stade, appelle les entreprises et les grandes organisations \u00e0 identifier et \u00e0 soumettre des d\u00e9fis sur la \u00a8Smart Production\u00a8 afin de lib\u00e9rer le potentiel num\u00e9rique de l'Am\u00e9rique latine et des Cara\u00efbes."}