{"id":305704,"date":"2022-11-25T12:15:44","date_gmt":"2022-11-25T16:15:44","guid":{"rendered":"https:\/\/content.carib-export.com\/events\/webinar-increase-your-export-competitivenes\/"},"modified":"2023-02-08T12:00:27","modified_gmt":"2023-02-08T16:00:27","slug":"webinar-increase-your-export-competitivenes","status":"publish","type":"events","link":"https:\/\/content.carib-export.com\/fr\/events\/webinar-increase-your-export-competitivenes\/","title":{"rendered":"Webinar &#8211; Augmentez votre comp\u00e9titivit\u00e9 \u00e0 l&rsquo;exportation"},"content":{"rendered":"\n<p><\/p>\n\n<div class=\"wp-block-buttons is-layout-flex wp-block-buttons-is-layout-flex\"><\/div>\n","protected":false},"excerpt":{"rendered":"","protected":false},"author":3,"featured_media":0,"menu_order":0,"template":"","tags":[],"class_list":["post-305704","events","type-events","status-publish","hentry"],"acf":[],"yoast_head":"<!-- This site is optimized with the Yoast SEO plugin v27.1.1 - https:\/\/yoast.com\/product\/yoast-seo-wordpress\/ -->\n<title>de Webinar - Augmentez votre comp\u00e9titivit\u00e9 \u00e0 l&#039;exportation - Exportation Cara\u00efbes<\/title>\n<meta name=\"description\" content=\"Rejoignez-nous pour le webinaire de fin de programme o\u00f9 vous entendrez les experts et les entreprises vous parler des le\u00e7ons apprises et de la mani\u00e8re de relever les d\u00e9fis communs du secteur.\" \/>\n<meta name=\"robots\" content=\"index, follow, max-snippet:-1, max-image-preview:large, max-video-preview:-1\" \/>\n<link rel=\"canonical\" href=\"https:\/\/content.carib-export.com\/fr\/events\/webinar-increase-your-export-competitivenes\/\" \/>\n<meta property=\"og:locale\" content=\"fr_FR\" \/>\n<meta property=\"og:type\" content=\"article\" \/>\n<meta property=\"og:title\" content=\"de Webinar - Augmentez votre comp\u00e9titivit\u00e9 \u00e0 l&#039;exportation - Exportation Cara\u00efbes\" \/>\n<meta property=\"og:description\" content=\"Rejoignez-nous pour le webinaire de fin de programme o\u00f9 vous entendrez les experts et les entreprises vous parler des le\u00e7ons apprises et de la mani\u00e8re de relever les d\u00e9fis communs du secteur.\" \/>\n<meta property=\"og:url\" content=\"https:\/\/content.carib-export.com\/fr\/events\/webinar-increase-your-export-competitivenes\/\" \/>\n<meta property=\"og:site_name\" content=\"Exportation Cara\u00efbes\" \/>\n<meta property=\"article:publisher\" content=\"https:\/\/www.facebook.com\/CaribbeanExport\" \/>\n<meta property=\"article:modified_time\" content=\"2023-02-08T16:00:27+00:00\" \/>\n<meta property=\"og:image\" content=\"https:\/\/content.carib-export.com\/wp-content\/uploads\/2019\/06\/CEDA-default-square.jpg\" \/>\n\t<meta property=\"og:image:width\" content=\"1000\" \/>\n\t<meta property=\"og:image:height\" content=\"1000\" \/>\n\t<meta property=\"og:image:type\" content=\"image\/jpeg\" \/>\n<meta name=\"twitter:card\" content=\"summary_large_image\" \/>\n<meta name=\"twitter:site\" content=\"@CaribXport\" \/>\n<script type=\"application\/ld+json\" class=\"yoast-schema-graph\">{\"@context\":\"https:\/\/schema.org\",\"@graph\":[{\"@type\":\"WebPage\",\"@id\":\"https:\/\/content.carib-export.com\/fr\/events\/webinar-increase-your-export-competitivenes\/\",\"url\":\"https:\/\/content.carib-export.com\/fr\/events\/webinar-increase-your-export-competitivenes\/\",\"name\":\"de Webinar - Augmentez votre comp\u00e9titivit\u00e9 \u00e0 l'exportation - Exportation Cara\u00efbes\",\"isPartOf\":{\"@id\":\"https:\/\/content.carib-export.com\/fr\/#website\"},\"datePublished\":\"2022-11-25T16:15:44+00:00\",\"dateModified\":\"2023-02-08T16:00:27+00:00\",\"description\":\"Rejoignez-nous pour le webinaire de fin de programme o\u00f9 vous entendrez les experts et les entreprises vous parler des le\u00e7ons apprises et de la mani\u00e8re de relever les d\u00e9fis communs du secteur.\",\"breadcrumb\":{\"@id\":\"https:\/\/content.carib-export.com\/fr\/events\/webinar-increase-your-export-competitivenes\/#breadcrumb\"},\"inLanguage\":\"fr-FR\",\"potentialAction\":[{\"@type\":\"ReadAction\",\"target\":[\"https:\/\/content.carib-export.com\/fr\/events\/webinar-increase-your-export-competitivenes\/\"]}]},{\"@type\":\"BreadcrumbList\",\"@id\":\"https:\/\/content.carib-export.com\/fr\/events\/webinar-increase-your-export-competitivenes\/#breadcrumb\",\"itemListElement\":[{\"@type\":\"ListItem\",\"position\":1,\"name\":\"Accueil\",\"item\":\"https:\/\/content.carib-export.com\/fr\/home\/\"},{\"@type\":\"ListItem\",\"position\":2,\"name\":\"Events\",\"item\":\"https:\/\/content.carib-export.com\/fr\/events\/\"},{\"@type\":\"ListItem\",\"position\":3,\"name\":\"Webinar &#8211; Augmentez votre comp\u00e9titivit\u00e9 \u00e0 l&#8217;exportation\"}]},{\"@type\":\"WebSite\",\"@id\":\"https:\/\/content.carib-export.com\/fr\/#website\",\"url\":\"https:\/\/content.carib-export.com\/fr\/\",\"name\":\"Exportation Cara\u00efbes\",\"description\":\"La seule agence r\u00e9gionale de promotion du commerce et des investissements du groupe Afrique, Cara\u00efbes et Pacifique.\",\"publisher\":{\"@id\":\"https:\/\/content.carib-export.com\/fr\/#organization\"},\"potentialAction\":[{\"@type\":\"SearchAction\",\"target\":{\"@type\":\"EntryPoint\",\"urlTemplate\":\"https:\/\/content.carib-export.com\/fr\/?s={search_term_string}\"},\"query-input\":{\"@type\":\"PropertyValueSpecification\",\"valueRequired\":true,\"valueName\":\"search_term_string\"}}],\"inLanguage\":\"fr-FR\"},{\"@type\":\"Organization\",\"@id\":\"https:\/\/content.carib-export.com\/fr\/#organization\",\"name\":\"Agence carib\u00e9enne de d\u00e9veloppement des exportations\",\"url\":\"https:\/\/content.carib-export.com\/fr\/\",\"logo\":{\"@type\":\"ImageObject\",\"inLanguage\":\"fr-FR\",\"@id\":\"https:\/\/content.carib-export.com\/fr\/#\/schema\/logo\/image\/\",\"url\":\"https:\/\/content.carib-export.com\/wp-content\/uploads\/2013\/03\/CE-Logo-2013.jpg\",\"contentUrl\":\"https:\/\/content.carib-export.com\/wp-content\/uploads\/2013\/03\/CE-Logo-2013.jpg\",\"width\":1024,\"height\":244,\"caption\":\"Agence carib\u00e9enne de d\u00e9veloppement des exportations\"},\"image\":{\"@id\":\"https:\/\/content.carib-export.com\/fr\/#\/schema\/logo\/image\/\"},\"sameAs\":[\"https:\/\/www.facebook.com\/CaribbeanExport\",\"https:\/\/x.com\/CaribXport\",\"https:\/\/www.instagram.com\/caribbeanexport\",\"https:\/\/www.linkedin.com\/company\/caribbeanexport\",\"https:\/\/www.youtube.com\/user\/TheCaribbeanExport\"]}]}<\/script>\n<!-- \/ Yoast SEO plugin. -->","yoast_head_json":{"title":"de Webinar - Augmentez votre comp\u00e9titivit\u00e9 \u00e0 l'exportation - Exportation Cara\u00efbes","description":"Rejoignez-nous pour le webinaire de fin de programme o\u00f9 vous entendrez les experts et les entreprises vous parler des le\u00e7ons apprises et de la mani\u00e8re de relever les d\u00e9fis communs du secteur.","robots":{"index":"index","follow":"follow","max-snippet":"max-snippet:-1","max-image-preview":"max-image-preview:large","max-video-preview":"max-video-preview:-1"},"canonical":"https:\/\/content.carib-export.com\/fr\/events\/webinar-increase-your-export-competitivenes\/","og_locale":"fr_FR","og_type":"article","og_title":"de Webinar - Augmentez votre comp\u00e9titivit\u00e9 \u00e0 l'exportation - Exportation Cara\u00efbes","og_description":"Rejoignez-nous pour le webinaire de fin de programme o\u00f9 vous entendrez les experts et les entreprises vous parler des le\u00e7ons apprises et de la mani\u00e8re de relever les d\u00e9fis communs du secteur.","og_url":"https:\/\/content.carib-export.com\/fr\/events\/webinar-increase-your-export-competitivenes\/","og_site_name":"Exportation Cara\u00efbes","article_publisher":"https:\/\/www.facebook.com\/CaribbeanExport","article_modified_time":"2023-02-08T16:00:27+00:00","og_image":[{"width":1000,"height":1000,"url":"https:\/\/content.carib-export.com\/wp-content\/uploads\/2019\/06\/CEDA-default-square.jpg","type":"image\/jpeg"}],"twitter_card":"summary_large_image","twitter_site":"@CaribXport","schema":{"@context":"https:\/\/schema.org","@graph":[{"@type":"WebPage","@id":"https:\/\/content.carib-export.com\/fr\/events\/webinar-increase-your-export-competitivenes\/","url":"https:\/\/content.carib-export.com\/fr\/events\/webinar-increase-your-export-competitivenes\/","name":"de Webinar - Augmentez votre comp\u00e9titivit\u00e9 \u00e0 l'exportation - Exportation Cara\u00efbes","isPartOf":{"@id":"https:\/\/content.carib-export.com\/fr\/#website"},"datePublished":"2022-11-25T16:15:44+00:00","dateModified":"2023-02-08T16:00:27+00:00","description":"Rejoignez-nous pour le webinaire de fin de programme o\u00f9 vous entendrez les experts et les entreprises vous parler des le\u00e7ons apprises et de la mani\u00e8re de relever les d\u00e9fis communs du secteur.","breadcrumb":{"@id":"https:\/\/content.carib-export.com\/fr\/events\/webinar-increase-your-export-competitivenes\/#breadcrumb"},"inLanguage":"fr-FR","potentialAction":[{"@type":"ReadAction","target":["https:\/\/content.carib-export.com\/fr\/events\/webinar-increase-your-export-competitivenes\/"]}]},{"@type":"BreadcrumbList","@id":"https:\/\/content.carib-export.com\/fr\/events\/webinar-increase-your-export-competitivenes\/#breadcrumb","itemListElement":[{"@type":"ListItem","position":1,"name":"Accueil","item":"https:\/\/content.carib-export.com\/fr\/home\/"},{"@type":"ListItem","position":2,"name":"Events","item":"https:\/\/content.carib-export.com\/fr\/events\/"},{"@type":"ListItem","position":3,"name":"Webinar &#8211; Augmentez votre comp\u00e9titivit\u00e9 \u00e0 l&#8217;exportation"}]},{"@type":"WebSite","@id":"https:\/\/content.carib-export.com\/fr\/#website","url":"https:\/\/content.carib-export.com\/fr\/","name":"Exportation Cara\u00efbes","description":"La seule agence r\u00e9gionale de promotion du commerce et des investissements du groupe Afrique, Cara\u00efbes et Pacifique.","publisher":{"@id":"https:\/\/content.carib-export.com\/fr\/#organization"},"potentialAction":[{"@type":"SearchAction","target":{"@type":"EntryPoint","urlTemplate":"https:\/\/content.carib-export.com\/fr\/?s={search_term_string}"},"query-input":{"@type":"PropertyValueSpecification","valueRequired":true,"valueName":"search_term_string"}}],"inLanguage":"fr-FR"},{"@type":"Organization","@id":"https:\/\/content.carib-export.com\/fr\/#organization","name":"Agence carib\u00e9enne de d\u00e9veloppement des exportations","url":"https:\/\/content.carib-export.com\/fr\/","logo":{"@type":"ImageObject","inLanguage":"fr-FR","@id":"https:\/\/content.carib-export.com\/fr\/#\/schema\/logo\/image\/","url":"https:\/\/content.carib-export.com\/wp-content\/uploads\/2013\/03\/CE-Logo-2013.jpg","contentUrl":"https:\/\/content.carib-export.com\/wp-content\/uploads\/2013\/03\/CE-Logo-2013.jpg","width":1024,"height":244,"caption":"Agence carib\u00e9enne de d\u00e9veloppement des exportations"},"image":{"@id":"https:\/\/content.carib-export.com\/fr\/#\/schema\/logo\/image\/"},"sameAs":["https:\/\/www.facebook.com\/CaribbeanExport","https:\/\/x.com\/CaribXport","https:\/\/www.instagram.com\/caribbeanexport","https:\/\/www.linkedin.com\/company\/caribbeanexport","https:\/\/www.youtube.com\/user\/TheCaribbeanExport"]}]}},"_links":{"self":[{"href":"https:\/\/content.carib-export.com\/fr\/wp-json\/wp\/v2\/events\/305704","targetHints":{"allow":["GET"]}}],"collection":[{"href":"https:\/\/content.carib-export.com\/fr\/wp-json\/wp\/v2\/events"}],"about":[{"href":"https:\/\/content.carib-export.com\/fr\/wp-json\/wp\/v2\/types\/events"}],"author":[{"embeddable":true,"href":"https:\/\/content.carib-export.com\/fr\/wp-json\/wp\/v2\/users\/3"}],"wp:attachment":[{"href":"https:\/\/content.carib-export.com\/fr\/wp-json\/wp\/v2\/media?parent=305704"}],"wp:term":[{"taxonomy":"post_tag","embeddable":true,"href":"https:\/\/content.carib-export.com\/fr\/wp-json\/wp\/v2\/tags?post=305704"}],"curies":[{"name":"wp","href":"https:\/\/api.w.org\/{rel}","templated":true}]}}