{"id":308670,"date":"2023-02-28T10:46:51","date_gmt":"2023-02-28T14:46:51","guid":{"rendered":"https:\/\/content.carib-export.com\/events\/presentation-of-colead-programmes-services-and-activities-in-the-caribbean-region\/"},"modified":"2023-04-04T09:01:46","modified_gmt":"2023-04-04T13:01:46","slug":"presentation-of-colead-programmes-services-and-activities-in-the-caribbean-region","status":"publish","type":"events","link":"https:\/\/content.carib-export.com\/fr\/events\/presentation-of-colead-programmes-services-and-activities-in-the-caribbean-region\/","title":{"rendered":"Pr\u00e9sentation de COLEAD : programmes, services et activit\u00e9s dans la r\u00e9gion des Cara\u00efbes"},"content":{"rendered":"\n<p>Fit For Market+ (FFM+) apporte un soutien au secteur horticole dans les pays membres de l&rsquo;Organisation des \u00c9tats d&rsquo;Afrique, des Cara\u00efbes et du Pacifique (OACPS) afin d&rsquo;am\u00e9liorer la capacit\u00e9 des petits exploitants, des groupes d&rsquo;agriculteurs et des MPME horticoles \u00e0 acc\u00e9der aux march\u00e9s nationaux, r\u00e9gionaux et internationaux gr\u00e2ce \u00e0 l&rsquo;intensification progressive et durable du secteur horticole, tout en s&rsquo;adaptant aux changements de leur environnement op\u00e9rationnel dus \u00e0 la Covid-19 et au changement climatique.<\/p>\n\n<p>Le webinaire s&rsquo;adresse aux MPME du secteur de l&rsquo;agriculture et de l&rsquo;horticulture qui souhaitent en savoir plus sur le programme FFM+.<\/p>\n\n<p>Le FFM+ est un programme mis en \u0153uvre par COLEAD dans le cadre de la coop\u00e9ration au d\u00e9veloppement entre l&rsquo;Organisation des \u00c9tats d&rsquo;Afrique, des Cara\u00efbes et du Pacifique et l&rsquo;Union europ\u00e9enne.<\/p>\n\n<h1 class=\"wp-block-heading\"><a href=\"https:\/\/us06web.zoom.us\/webinar\/register\/WN_Iy1q4PtvRFWDVjf6KsenQA\" target=\"_blank\" rel=\"noreferrer noopener\">S&rsquo;inscrire maintenant<\/a><\/h1>\n\n<p>Apr\u00e8s votre inscription, vous recevrez un e-mail de confirmation contenant des informations sur la participation au webinaire.<\/p>\n\n<h2 class=\"wp-block-heading\">Agenda<\/h2>\n\n<ol class=\"wp-block-list\">\n<li>Bienvenue et introduction<\/li>\n\n\n\n<li>Pr\u00e9sentation de l&rsquo;organisation et des activit\u00e9s de COLEAD<\/li>\n\n\n\n<li>Pr\u00e9sentations des parties prenantes des Cara\u00efbes<\/li>\n\n\n\n<li>Questions-r\u00e9ponses et \u00e9change de vues sur les principales difficult\u00e9s rencontr\u00e9es dans le secteur des fruits et l\u00e9gumes des Cara\u00efbes et pour r\u00e9pondre aux exigences du march\u00e9.<\/li>\n\n\n\n<li>Remerciements et remarques de cl\u00f4ture<\/li>\n<\/ol>\n\n<h1 class=\"wp-block-heading\"><a href=\"https:\/\/us06web.zoom.us\/webinar\/register\/WN_Iy1q4PtvRFWDVjf6KsenQA\">S&rsquo;inscrire maintenant<\/a><\/h1>\n\n<p><\/p>\n","protected":false},"excerpt":{"rendered":"<p>Fit For Market+ (FFM+) apporte un soutien au secteur horticole dans les pays membres de l&rsquo;Organisation des \u00c9tats d&rsquo;Afrique, des Cara\u00efbes et du Pacifique (OACPS) afin d&rsquo;am\u00e9liorer la capacit\u00e9 des petits exploitants, des groupes d&rsquo;agriculteurs et des MPME horticoles \u00e0 acc\u00e9der aux march\u00e9s nationaux, r\u00e9gionaux et internationaux gr\u00e2ce \u00e0 l&rsquo;intensification progressive et durable du secteur [&hellip;]<\/p>\n","protected":false},"author":9,"featured_media":309092,"menu_order":0,"template":"","tags":[],"class_list":["post-308670","events","type-events","status-publish","has-post-thumbnail","hentry"],"acf":[],"yoast_head":"<!-- This site is optimized with the Yoast SEO plugin v27.1.1 - https:\/\/yoast.com\/product\/yoast-seo-wordpress\/ -->\n<title>de Pr\u00e9sentation de COLEAD : programmes, services et activit\u00e9s dans la r\u00e9gion des Cara\u00efbes - Exportation Cara\u00efbes<\/title>\n<meta name=\"description\" content=\"Le webinaire s&#039;adresse aux MPME du secteur de l&#039;agriculture et de l&#039;horticulture pour leur permettre d&#039;en savoir plus sur le programme Fit For Market plus (FFM+) - COLEAD.\" \/>\n<meta name=\"robots\" content=\"index, follow, max-snippet:-1, max-image-preview:large, max-video-preview:-1\" \/>\n<link rel=\"canonical\" href=\"https:\/\/content.carib-export.com\/fr\/events\/presentation-of-colead-programmes-services-and-activities-in-the-caribbean-region\/\" \/>\n<meta property=\"og:locale\" content=\"fr_FR\" \/>\n<meta property=\"og:type\" content=\"article\" \/>\n<meta property=\"og:title\" content=\"Pr\u00e9sentation de COLEAD : programmes, services et activit\u00e9s dans la r\u00e9gion des Cara\u00efbes\" \/>\n<meta property=\"og:description\" content=\"Le webinaire s&#039;adresse aux MPME du secteur de l&#039;agriculture et de l&#039;horticulture qui souhaitent en savoir plus sur le programme Fit For Market plus (FFM+) - COLEAD.\" \/>\n<meta property=\"og:url\" content=\"https:\/\/content.carib-export.com\/fr\/events\/presentation-of-colead-programmes-services-and-activities-in-the-caribbean-region\/\" \/>\n<meta property=\"og:site_name\" content=\"Exportation Cara\u00efbes\" \/>\n<meta property=\"article:publisher\" content=\"https:\/\/www.facebook.com\/CaribbeanExport\" \/>\n<meta property=\"article:modified_time\" content=\"2023-04-04T13:01:46+00:00\" \/>\n<meta property=\"og:image\" content=\"https:\/\/content.carib-export.com\/wp-content\/uploads\/2023\/02\/Presentation-Of-COLEAD2-791x1024.jpg\" \/>\n<meta name=\"twitter:card\" content=\"summary_large_image\" \/>\n<meta name=\"twitter:title\" content=\"Pr\u00e9sentation de COLEAD : programmes, services et activit\u00e9s dans la r\u00e9gion des Cara\u00efbes\" \/>\n<meta name=\"twitter:description\" content=\"Le webinaire s&#039;adresse aux MPME du secteur de l&#039;agriculture et de l&#039;horticulture qui souhaitent en savoir plus sur le programme Fit For Market plus (FFM+) - COLEAD.\" \/>\n<meta name=\"twitter:image\" content=\"https:\/\/content.carib-export.com\/wp-content\/uploads\/2023\/02\/Presentation-Of-COLEAD2-791x1024.jpg\" \/>\n<meta name=\"twitter:site\" content=\"@CaribXport\" \/>\n<meta name=\"twitter:label1\" content=\"Dur\u00e9e de lecture estim\u00e9e\" \/>\n\t<meta name=\"twitter:data1\" content=\"1 minute\" \/>\n<script type=\"application\/ld+json\" class=\"yoast-schema-graph\">{\"@context\":\"https:\/\/schema.org\",\"@graph\":[{\"@type\":\"WebPage\",\"@id\":\"https:\/\/content.carib-export.com\/fr\/events\/presentation-of-colead-programmes-services-and-activities-in-the-caribbean-region\/\",\"url\":\"https:\/\/content.carib-export.com\/fr\/events\/presentation-of-colead-programmes-services-and-activities-in-the-caribbean-region\/\",\"name\":\"de Pr\u00e9sentation de COLEAD : programmes, services et activit\u00e9s dans la r\u00e9gion des Cara\u00efbes - Exportation Cara\u00efbes\",\"isPartOf\":{\"@id\":\"https:\/\/content.carib-export.com\/fr\/#website\"},\"primaryImageOfPage\":{\"@id\":\"https:\/\/content.carib-export.com\/fr\/events\/presentation-of-colead-programmes-services-and-activities-in-the-caribbean-region\/#primaryimage\"},\"image\":{\"@id\":\"https:\/\/content.carib-export.com\/fr\/events\/presentation-of-colead-programmes-services-and-activities-in-the-caribbean-region\/#primaryimage\"},\"thumbnailUrl\":\"https:\/\/content.carib-export.com\/wp-content\/uploads\/2023\/02\/colead-register-now-image.png\",\"datePublished\":\"2023-02-28T14:46:51+00:00\",\"dateModified\":\"2023-04-04T13:01:46+00:00\",\"description\":\"Le webinaire s'adresse aux MPME du secteur de l'agriculture et de l'horticulture pour leur permettre d'en savoir plus sur le programme Fit For Market plus (FFM+) - COLEAD.\",\"breadcrumb\":{\"@id\":\"https:\/\/content.carib-export.com\/fr\/events\/presentation-of-colead-programmes-services-and-activities-in-the-caribbean-region\/#breadcrumb\"},\"inLanguage\":\"fr-FR\",\"potentialAction\":[{\"@type\":\"ReadAction\",\"target\":[\"https:\/\/content.carib-export.com\/fr\/events\/presentation-of-colead-programmes-services-and-activities-in-the-caribbean-region\/\"]}]},{\"@type\":\"ImageObject\",\"inLanguage\":\"fr-FR\",\"@id\":\"https:\/\/content.carib-export.com\/fr\/events\/presentation-of-colead-programmes-services-and-activities-in-the-caribbean-region\/#primaryimage\",\"url\":\"https:\/\/content.carib-export.com\/wp-content\/uploads\/2023\/02\/colead-register-now-image.png\",\"contentUrl\":\"https:\/\/content.carib-export.com\/wp-content\/uploads\/2023\/02\/colead-register-now-image.png\",\"width\":1500,\"height\":1125},{\"@type\":\"BreadcrumbList\",\"@id\":\"https:\/\/content.carib-export.com\/fr\/events\/presentation-of-colead-programmes-services-and-activities-in-the-caribbean-region\/#breadcrumb\",\"itemListElement\":[{\"@type\":\"ListItem\",\"position\":1,\"name\":\"Accueil\",\"item\":\"https:\/\/content.carib-export.com\/fr\/home\/\"},{\"@type\":\"ListItem\",\"position\":2,\"name\":\"Events\",\"item\":\"https:\/\/content.carib-export.com\/fr\/events\/\"},{\"@type\":\"ListItem\",\"position\":3,\"name\":\"Pr\u00e9sentation de COLEAD : programmes, services et activit\u00e9s dans la r\u00e9gion des Cara\u00efbes\"}]},{\"@type\":\"WebSite\",\"@id\":\"https:\/\/content.carib-export.com\/fr\/#website\",\"url\":\"https:\/\/content.carib-export.com\/fr\/\",\"name\":\"Exportation Cara\u00efbes\",\"description\":\"La seule agence r\u00e9gionale de promotion du commerce et des investissements du groupe Afrique, Cara\u00efbes et Pacifique.\",\"publisher\":{\"@id\":\"https:\/\/content.carib-export.com\/fr\/#organization\"},\"potentialAction\":[{\"@type\":\"SearchAction\",\"target\":{\"@type\":\"EntryPoint\",\"urlTemplate\":\"https:\/\/content.carib-export.com\/fr\/?s={search_term_string}\"},\"query-input\":{\"@type\":\"PropertyValueSpecification\",\"valueRequired\":true,\"valueName\":\"search_term_string\"}}],\"inLanguage\":\"fr-FR\"},{\"@type\":\"Organization\",\"@id\":\"https:\/\/content.carib-export.com\/fr\/#organization\",\"name\":\"Agence carib\u00e9enne de d\u00e9veloppement des exportations\",\"url\":\"https:\/\/content.carib-export.com\/fr\/\",\"logo\":{\"@type\":\"ImageObject\",\"inLanguage\":\"fr-FR\",\"@id\":\"https:\/\/content.carib-export.com\/fr\/#\/schema\/logo\/image\/\",\"url\":\"https:\/\/content.carib-export.com\/wp-content\/uploads\/2013\/03\/CE-Logo-2013.jpg\",\"contentUrl\":\"https:\/\/content.carib-export.com\/wp-content\/uploads\/2013\/03\/CE-Logo-2013.jpg\",\"width\":1024,\"height\":244,\"caption\":\"Agence carib\u00e9enne de d\u00e9veloppement des exportations\"},\"image\":{\"@id\":\"https:\/\/content.carib-export.com\/fr\/#\/schema\/logo\/image\/\"},\"sameAs\":[\"https:\/\/www.facebook.com\/CaribbeanExport\",\"https:\/\/x.com\/CaribXport\",\"https:\/\/www.instagram.com\/caribbeanexport\",\"https:\/\/www.linkedin.com\/company\/caribbeanexport\",\"https:\/\/www.youtube.com\/user\/TheCaribbeanExport\"]}]}<\/script>\n<!-- \/ Yoast SEO plugin. -->","yoast_head_json":{"title":"de Pr\u00e9sentation de COLEAD : programmes, services et activit\u00e9s dans la r\u00e9gion des Cara\u00efbes - Exportation Cara\u00efbes","description":"Le webinaire s'adresse aux MPME du secteur de l'agriculture et de l'horticulture pour leur permettre d'en savoir plus sur le programme Fit For Market plus (FFM+) - COLEAD.","robots":{"index":"index","follow":"follow","max-snippet":"max-snippet:-1","max-image-preview":"max-image-preview:large","max-video-preview":"max-video-preview:-1"},"canonical":"https:\/\/content.carib-export.com\/fr\/events\/presentation-of-colead-programmes-services-and-activities-in-the-caribbean-region\/","og_locale":"fr_FR","og_type":"article","og_title":"Pr\u00e9sentation de COLEAD : programmes, services et activit\u00e9s dans la r\u00e9gion des Cara\u00efbes","og_description":"Le webinaire s'adresse aux MPME du secteur de l'agriculture et de l'horticulture qui souhaitent en savoir plus sur le programme Fit For Market plus (FFM+) - COLEAD.","og_url":"https:\/\/content.carib-export.com\/fr\/events\/presentation-of-colead-programmes-services-and-activities-in-the-caribbean-region\/","og_site_name":"Exportation Cara\u00efbes","article_publisher":"https:\/\/www.facebook.com\/CaribbeanExport","article_modified_time":"2023-04-04T13:01:46+00:00","og_image":[{"url":"https:\/\/content.carib-export.com\/wp-content\/uploads\/2023\/02\/Presentation-Of-COLEAD2-791x1024.jpg","type":"","width":"","height":""}],"twitter_card":"summary_large_image","twitter_title":"Pr\u00e9sentation de COLEAD : programmes, services et activit\u00e9s dans la r\u00e9gion des Cara\u00efbes","twitter_description":"Le webinaire s'adresse aux MPME du secteur de l'agriculture et de l'horticulture qui souhaitent en savoir plus sur le programme Fit For Market plus (FFM+) - COLEAD.","twitter_image":"https:\/\/content.carib-export.com\/wp-content\/uploads\/2023\/02\/Presentation-Of-COLEAD2-791x1024.jpg","twitter_site":"@CaribXport","twitter_misc":{"Dur\u00e9e de lecture estim\u00e9e":"1 minute"},"schema":{"@context":"https:\/\/schema.org","@graph":[{"@type":"WebPage","@id":"https:\/\/content.carib-export.com\/fr\/events\/presentation-of-colead-programmes-services-and-activities-in-the-caribbean-region\/","url":"https:\/\/content.carib-export.com\/fr\/events\/presentation-of-colead-programmes-services-and-activities-in-the-caribbean-region\/","name":"de Pr\u00e9sentation de COLEAD : programmes, services et activit\u00e9s dans la r\u00e9gion des Cara\u00efbes - Exportation Cara\u00efbes","isPartOf":{"@id":"https:\/\/content.carib-export.com\/fr\/#website"},"primaryImageOfPage":{"@id":"https:\/\/content.carib-export.com\/fr\/events\/presentation-of-colead-programmes-services-and-activities-in-the-caribbean-region\/#primaryimage"},"image":{"@id":"https:\/\/content.carib-export.com\/fr\/events\/presentation-of-colead-programmes-services-and-activities-in-the-caribbean-region\/#primaryimage"},"thumbnailUrl":"https:\/\/content.carib-export.com\/wp-content\/uploads\/2023\/02\/colead-register-now-image.png","datePublished":"2023-02-28T14:46:51+00:00","dateModified":"2023-04-04T13:01:46+00:00","description":"Le webinaire s'adresse aux MPME du secteur de l'agriculture et de l'horticulture pour leur permettre d'en savoir plus sur le programme Fit For Market plus (FFM+) - COLEAD.","breadcrumb":{"@id":"https:\/\/content.carib-export.com\/fr\/events\/presentation-of-colead-programmes-services-and-activities-in-the-caribbean-region\/#breadcrumb"},"inLanguage":"fr-FR","potentialAction":[{"@type":"ReadAction","target":["https:\/\/content.carib-export.com\/fr\/events\/presentation-of-colead-programmes-services-and-activities-in-the-caribbean-region\/"]}]},{"@type":"ImageObject","inLanguage":"fr-FR","@id":"https:\/\/content.carib-export.com\/fr\/events\/presentation-of-colead-programmes-services-and-activities-in-the-caribbean-region\/#primaryimage","url":"https:\/\/content.carib-export.com\/wp-content\/uploads\/2023\/02\/colead-register-now-image.png","contentUrl":"https:\/\/content.carib-export.com\/wp-content\/uploads\/2023\/02\/colead-register-now-image.png","width":1500,"height":1125},{"@type":"BreadcrumbList","@id":"https:\/\/content.carib-export.com\/fr\/events\/presentation-of-colead-programmes-services-and-activities-in-the-caribbean-region\/#breadcrumb","itemListElement":[{"@type":"ListItem","position":1,"name":"Accueil","item":"https:\/\/content.carib-export.com\/fr\/home\/"},{"@type":"ListItem","position":2,"name":"Events","item":"https:\/\/content.carib-export.com\/fr\/events\/"},{"@type":"ListItem","position":3,"name":"Pr\u00e9sentation de COLEAD : programmes, services et activit\u00e9s dans la r\u00e9gion des Cara\u00efbes"}]},{"@type":"WebSite","@id":"https:\/\/content.carib-export.com\/fr\/#website","url":"https:\/\/content.carib-export.com\/fr\/","name":"Exportation Cara\u00efbes","description":"La seule agence r\u00e9gionale de promotion du commerce et des investissements du groupe Afrique, Cara\u00efbes et Pacifique.","publisher":{"@id":"https:\/\/content.carib-export.com\/fr\/#organization"},"potentialAction":[{"@type":"SearchAction","target":{"@type":"EntryPoint","urlTemplate":"https:\/\/content.carib-export.com\/fr\/?s={search_term_string}"},"query-input":{"@type":"PropertyValueSpecification","valueRequired":true,"valueName":"search_term_string"}}],"inLanguage":"fr-FR"},{"@type":"Organization","@id":"https:\/\/content.carib-export.com\/fr\/#organization","name":"Agence carib\u00e9enne de d\u00e9veloppement des exportations","url":"https:\/\/content.carib-export.com\/fr\/","logo":{"@type":"ImageObject","inLanguage":"fr-FR","@id":"https:\/\/content.carib-export.com\/fr\/#\/schema\/logo\/image\/","url":"https:\/\/content.carib-export.com\/wp-content\/uploads\/2013\/03\/CE-Logo-2013.jpg","contentUrl":"https:\/\/content.carib-export.com\/wp-content\/uploads\/2013\/03\/CE-Logo-2013.jpg","width":1024,"height":244,"caption":"Agence carib\u00e9enne de d\u00e9veloppement des exportations"},"image":{"@id":"https:\/\/content.carib-export.com\/fr\/#\/schema\/logo\/image\/"},"sameAs":["https:\/\/www.facebook.com\/CaribbeanExport","https:\/\/x.com\/CaribXport","https:\/\/www.instagram.com\/caribbeanexport","https:\/\/www.linkedin.com\/company\/caribbeanexport","https:\/\/www.youtube.com\/user\/TheCaribbeanExport"]}]}},"_links":{"self":[{"href":"https:\/\/content.carib-export.com\/fr\/wp-json\/wp\/v2\/events\/308670","targetHints":{"allow":["GET"]}}],"collection":[{"href":"https:\/\/content.carib-export.com\/fr\/wp-json\/wp\/v2\/events"}],"about":[{"href":"https:\/\/content.carib-export.com\/fr\/wp-json\/wp\/v2\/types\/events"}],"author":[{"embeddable":true,"href":"https:\/\/content.carib-export.com\/fr\/wp-json\/wp\/v2\/users\/9"}],"wp:featuredmedia":[{"embeddable":true,"href":"https:\/\/content.carib-export.com\/fr\/wp-json\/wp\/v2\/media\/309092"}],"wp:attachment":[{"href":"https:\/\/content.carib-export.com\/fr\/wp-json\/wp\/v2\/media?parent=308670"}],"wp:term":[{"taxonomy":"post_tag","embeddable":true,"href":"https:\/\/content.carib-export.com\/fr\/wp-json\/wp\/v2\/tags?post=308670"}],"curies":[{"name":"wp","href":"https:\/\/api.w.org\/{rel}","templated":true}]}}