{"id":309360,"date":"2023-03-22T15:04:15","date_gmt":"2023-03-22T19:04:15","guid":{"rendered":"https:\/\/content.carib-export.com\/events\/enhancing-competitiveness-through-voluntary-sustainability-standards-key-considerations-for-caribbean-cocoa-coffee-and-tea-producers\/"},"modified":"2023-03-23T10:24:51","modified_gmt":"2023-03-23T14:24:51","slug":"enhancing-competitiveness-through-voluntary-sustainability-standards-key-considerations-for-caribbean-cocoa-coffee-and-tea-producers","status":"publish","type":"events","link":"https:\/\/content.carib-export.com\/fr\/events\/enhancing-competitiveness-through-voluntary-sustainability-standards-key-considerations-for-caribbean-cocoa-coffee-and-tea-producers\/","title":{"rendered":"Am\u00e9liorer la comp\u00e9titivit\u00e9 gr\u00e2ce \u00e0 des normes volontaires de durabilit\u00e9 : Consid\u00e9rations cl\u00e9s pour les producteurs de cacao, de caf\u00e9 et de th\u00e9 des Cara\u00efbes"},"content":{"rendered":"","protected":false},"excerpt":{"rendered":"","protected":false},"author":9,"featured_media":309352,"menu_order":0,"template":"","tags":[],"class_list":["post-309360","events","type-events","status-publish","has-post-thumbnail","hentry"],"acf":[],"yoast_head":"<!-- This site is optimized with the Yoast SEO plugin v27.1.1 - https:\/\/yoast.com\/product\/yoast-seo-wordpress\/ -->\n<title>de Am\u00e9liorer la comp\u00e9titivit\u00e9 gr\u00e2ce \u00e0 des normes volontaires de durabilit\u00e9 : Consid\u00e9rations cl\u00e9s pour les producteurs de cacao, de caf\u00e9 et de th\u00e9 des Cara\u00efbes - Exportation Cara\u00efbes<\/title>\n<meta name=\"description\" content=\"Les producteurs de cacao, de caf\u00e9 et de th\u00e9 des Cara\u00efbes sont invit\u00e9s \u00e0 nous rejoindre les 12 et 13 avril 2023 pour en savoir plus sur l&#039;am\u00e9lioration de leur comp\u00e9titivit\u00e9 gr\u00e2ce aux normes volontaires de durabilit\u00e9.\" \/>\n<meta name=\"robots\" content=\"index, follow, max-snippet:-1, max-image-preview:large, max-video-preview:-1\" \/>\n<link rel=\"canonical\" href=\"https:\/\/content.carib-export.com\/fr\/events\/enhancing-competitiveness-through-voluntary-sustainability-standards-key-considerations-for-caribbean-cocoa-coffee-and-tea-producers\/\" \/>\n<meta property=\"og:locale\" content=\"fr_FR\" \/>\n<meta property=\"og:type\" content=\"article\" \/>\n<meta property=\"og:title\" content=\"Am\u00e9liorer la comp\u00e9titivit\u00e9 gr\u00e2ce \u00e0 des normes volontaires de durabilit\u00e9 : Consid\u00e9rations cl\u00e9s pour les producteurs de cacao, de caf\u00e9 et de th\u00e9 des Cara\u00efbes\" \/>\n<meta property=\"og:description\" content=\"Les producteurs de cacao, de caf\u00e9 et de th\u00e9 des Cara\u00efbes sont invit\u00e9s \u00e0 nous rejoindre les 12 et 13 avril 2023 pour en savoir plus sur l&#039;am\u00e9lioration de leur comp\u00e9titivit\u00e9 gr\u00e2ce aux normes volontaires de durabilit\u00e9.\" \/>\n<meta property=\"og:url\" content=\"https:\/\/content.carib-export.com\/fr\/events\/enhancing-competitiveness-through-voluntary-sustainability-standards-key-considerations-for-caribbean-cocoa-coffee-and-tea-producers\/\" \/>\n<meta property=\"og:site_name\" content=\"Exportation Cara\u00efbes\" \/>\n<meta property=\"article:publisher\" content=\"https:\/\/www.facebook.com\/CaribbeanExport\" \/>\n<meta property=\"article:modified_time\" content=\"2023-03-23T14:24:51+00:00\" \/>\n<meta property=\"og:image\" content=\"https:\/\/content.carib-export.com\/wp-content\/uploads\/2023\/03\/Enhancing-Competitiveness-through-Voluntary-Sustainability-Standards-2.jpg\" \/>\n\t<meta property=\"og:image:width\" content=\"1275\" \/>\n\t<meta property=\"og:image:height\" content=\"1650\" \/>\n\t<meta property=\"og:image:type\" content=\"image\/jpeg\" \/>\n<meta name=\"twitter:card\" content=\"summary_large_image\" \/>\n<meta name=\"twitter:title\" content=\"Am\u00e9liorer la comp\u00e9titivit\u00e9 gr\u00e2ce \u00e0 des normes volontaires de durabilit\u00e9 : Consid\u00e9rations cl\u00e9s pour les producteurs de cacao, de caf\u00e9 et de th\u00e9 des Cara\u00efbes\" \/>\n<meta name=\"twitter:description\" content=\"Les producteurs de cacao, de caf\u00e9 et de th\u00e9 des Cara\u00efbes sont invit\u00e9s \u00e0 nous rejoindre les 12 et 13 avril 2023 pour en savoir plus sur l&#039;am\u00e9lioration de leur comp\u00e9titivit\u00e9 gr\u00e2ce aux normes volontaires de durabilit\u00e9.\" \/>\n<meta name=\"twitter:site\" content=\"@CaribXport\" \/>\n<script type=\"application\/ld+json\" class=\"yoast-schema-graph\">{\"@context\":\"https:\/\/schema.org\",\"@graph\":[{\"@type\":\"WebPage\",\"@id\":\"https:\/\/content.carib-export.com\/fr\/events\/enhancing-competitiveness-through-voluntary-sustainability-standards-key-considerations-for-caribbean-cocoa-coffee-and-tea-producers\/\",\"url\":\"https:\/\/content.carib-export.com\/fr\/events\/enhancing-competitiveness-through-voluntary-sustainability-standards-key-considerations-for-caribbean-cocoa-coffee-and-tea-producers\/\",\"name\":\"de Am\u00e9liorer la comp\u00e9titivit\u00e9 gr\u00e2ce \u00e0 des normes volontaires de durabilit\u00e9 : Consid\u00e9rations cl\u00e9s pour les producteurs de cacao, de caf\u00e9 et de th\u00e9 des Cara\u00efbes - Exportation Cara\u00efbes\",\"isPartOf\":{\"@id\":\"https:\/\/content.carib-export.com\/fr\/#website\"},\"primaryImageOfPage\":{\"@id\":\"https:\/\/content.carib-export.com\/fr\/events\/enhancing-competitiveness-through-voluntary-sustainability-standards-key-considerations-for-caribbean-cocoa-coffee-and-tea-producers\/#primaryimage\"},\"image\":{\"@id\":\"https:\/\/content.carib-export.com\/fr\/events\/enhancing-competitiveness-through-voluntary-sustainability-standards-key-considerations-for-caribbean-cocoa-coffee-and-tea-producers\/#primaryimage\"},\"thumbnailUrl\":\"https:\/\/content.carib-export.com\/wp-content\/uploads\/2023\/03\/Enhancing-Competitiveness-through-Voluntary-Sustainability-Standards-2.jpg\",\"datePublished\":\"2023-03-22T19:04:15+00:00\",\"dateModified\":\"2023-03-23T14:24:51+00:00\",\"description\":\"Les producteurs de cacao, de caf\u00e9 et de th\u00e9 des Cara\u00efbes sont invit\u00e9s \u00e0 nous rejoindre les 12 et 13 avril 2023 pour en savoir plus sur l'am\u00e9lioration de leur comp\u00e9titivit\u00e9 gr\u00e2ce aux normes volontaires de durabilit\u00e9.\",\"breadcrumb\":{\"@id\":\"https:\/\/content.carib-export.com\/fr\/events\/enhancing-competitiveness-through-voluntary-sustainability-standards-key-considerations-for-caribbean-cocoa-coffee-and-tea-producers\/#breadcrumb\"},\"inLanguage\":\"fr-FR\",\"potentialAction\":[{\"@type\":\"ReadAction\",\"target\":[\"https:\/\/content.carib-export.com\/fr\/events\/enhancing-competitiveness-through-voluntary-sustainability-standards-key-considerations-for-caribbean-cocoa-coffee-and-tea-producers\/\"]}]},{\"@type\":\"ImageObject\",\"inLanguage\":\"fr-FR\",\"@id\":\"https:\/\/content.carib-export.com\/fr\/events\/enhancing-competitiveness-through-voluntary-sustainability-standards-key-considerations-for-caribbean-cocoa-coffee-and-tea-producers\/#primaryimage\",\"url\":\"https:\/\/content.carib-export.com\/wp-content\/uploads\/2023\/03\/Enhancing-Competitiveness-through-Voluntary-Sustainability-Standards-2.jpg\",\"contentUrl\":\"https:\/\/content.carib-export.com\/wp-content\/uploads\/2023\/03\/Enhancing-Competitiveness-through-Voluntary-Sustainability-Standards-2.jpg\",\"width\":1275,\"height\":1650},{\"@type\":\"BreadcrumbList\",\"@id\":\"https:\/\/content.carib-export.com\/fr\/events\/enhancing-competitiveness-through-voluntary-sustainability-standards-key-considerations-for-caribbean-cocoa-coffee-and-tea-producers\/#breadcrumb\",\"itemListElement\":[{\"@type\":\"ListItem\",\"position\":1,\"name\":\"Accueil\",\"item\":\"https:\/\/content.carib-export.com\/fr\/home\/\"},{\"@type\":\"ListItem\",\"position\":2,\"name\":\"Events\",\"item\":\"https:\/\/content.carib-export.com\/fr\/events\/\"},{\"@type\":\"ListItem\",\"position\":3,\"name\":\"Am\u00e9liorer la comp\u00e9titivit\u00e9 gr\u00e2ce \u00e0 des normes volontaires de durabilit\u00e9 : Consid\u00e9rations cl\u00e9s pour les producteurs de cacao, de caf\u00e9 et de th\u00e9 des Cara\u00efbes\"}]},{\"@type\":\"WebSite\",\"@id\":\"https:\/\/content.carib-export.com\/fr\/#website\",\"url\":\"https:\/\/content.carib-export.com\/fr\/\",\"name\":\"Exportation Cara\u00efbes\",\"description\":\"La seule agence r\u00e9gionale de promotion du commerce et des investissements du groupe Afrique, Cara\u00efbes et Pacifique.\",\"publisher\":{\"@id\":\"https:\/\/content.carib-export.com\/fr\/#organization\"},\"potentialAction\":[{\"@type\":\"SearchAction\",\"target\":{\"@type\":\"EntryPoint\",\"urlTemplate\":\"https:\/\/content.carib-export.com\/fr\/?s={search_term_string}\"},\"query-input\":{\"@type\":\"PropertyValueSpecification\",\"valueRequired\":true,\"valueName\":\"search_term_string\"}}],\"inLanguage\":\"fr-FR\"},{\"@type\":\"Organization\",\"@id\":\"https:\/\/content.carib-export.com\/fr\/#organization\",\"name\":\"Agence carib\u00e9enne de d\u00e9veloppement des exportations\",\"url\":\"https:\/\/content.carib-export.com\/fr\/\",\"logo\":{\"@type\":\"ImageObject\",\"inLanguage\":\"fr-FR\",\"@id\":\"https:\/\/content.carib-export.com\/fr\/#\/schema\/logo\/image\/\",\"url\":\"https:\/\/content.carib-export.com\/wp-content\/uploads\/2013\/03\/CE-Logo-2013.jpg\",\"contentUrl\":\"https:\/\/content.carib-export.com\/wp-content\/uploads\/2013\/03\/CE-Logo-2013.jpg\",\"width\":1024,\"height\":244,\"caption\":\"Agence carib\u00e9enne de d\u00e9veloppement des exportations\"},\"image\":{\"@id\":\"https:\/\/content.carib-export.com\/fr\/#\/schema\/logo\/image\/\"},\"sameAs\":[\"https:\/\/www.facebook.com\/CaribbeanExport\",\"https:\/\/x.com\/CaribXport\",\"https:\/\/www.instagram.com\/caribbeanexport\",\"https:\/\/www.linkedin.com\/company\/caribbeanexport\",\"https:\/\/www.youtube.com\/user\/TheCaribbeanExport\"]}]}<\/script>\n<!-- \/ Yoast SEO plugin. -->","yoast_head_json":{"title":"de Am\u00e9liorer la comp\u00e9titivit\u00e9 gr\u00e2ce \u00e0 des normes volontaires de durabilit\u00e9 : Consid\u00e9rations cl\u00e9s pour les producteurs de cacao, de caf\u00e9 et de th\u00e9 des Cara\u00efbes - Exportation Cara\u00efbes","description":"Les producteurs de cacao, de caf\u00e9 et de th\u00e9 des Cara\u00efbes sont invit\u00e9s \u00e0 nous rejoindre les 12 et 13 avril 2023 pour en savoir plus sur l'am\u00e9lioration de leur comp\u00e9titivit\u00e9 gr\u00e2ce aux normes volontaires de durabilit\u00e9.","robots":{"index":"index","follow":"follow","max-snippet":"max-snippet:-1","max-image-preview":"max-image-preview:large","max-video-preview":"max-video-preview:-1"},"canonical":"https:\/\/content.carib-export.com\/fr\/events\/enhancing-competitiveness-through-voluntary-sustainability-standards-key-considerations-for-caribbean-cocoa-coffee-and-tea-producers\/","og_locale":"fr_FR","og_type":"article","og_title":"Am\u00e9liorer la comp\u00e9titivit\u00e9 gr\u00e2ce \u00e0 des normes volontaires de durabilit\u00e9 : Consid\u00e9rations cl\u00e9s pour les producteurs de cacao, de caf\u00e9 et de th\u00e9 des Cara\u00efbes","og_description":"Les producteurs de cacao, de caf\u00e9 et de th\u00e9 des Cara\u00efbes sont invit\u00e9s \u00e0 nous rejoindre les 12 et 13 avril 2023 pour en savoir plus sur l'am\u00e9lioration de leur comp\u00e9titivit\u00e9 gr\u00e2ce aux normes volontaires de durabilit\u00e9.","og_url":"https:\/\/content.carib-export.com\/fr\/events\/enhancing-competitiveness-through-voluntary-sustainability-standards-key-considerations-for-caribbean-cocoa-coffee-and-tea-producers\/","og_site_name":"Exportation Cara\u00efbes","article_publisher":"https:\/\/www.facebook.com\/CaribbeanExport","article_modified_time":"2023-03-23T14:24:51+00:00","og_image":[{"width":1275,"height":1650,"url":"https:\/\/content.carib-export.com\/wp-content\/uploads\/2023\/03\/Enhancing-Competitiveness-through-Voluntary-Sustainability-Standards-2.jpg","type":"image\/jpeg"}],"twitter_card":"summary_large_image","twitter_title":"Am\u00e9liorer la comp\u00e9titivit\u00e9 gr\u00e2ce \u00e0 des normes volontaires de durabilit\u00e9 : Consid\u00e9rations cl\u00e9s pour les producteurs de cacao, de caf\u00e9 et de th\u00e9 des Cara\u00efbes","twitter_description":"Les producteurs de cacao, de caf\u00e9 et de th\u00e9 des Cara\u00efbes sont invit\u00e9s \u00e0 nous rejoindre les 12 et 13 avril 2023 pour en savoir plus sur l'am\u00e9lioration de leur comp\u00e9titivit\u00e9 gr\u00e2ce aux normes volontaires de durabilit\u00e9.","twitter_site":"@CaribXport","schema":{"@context":"https:\/\/schema.org","@graph":[{"@type":"WebPage","@id":"https:\/\/content.carib-export.com\/fr\/events\/enhancing-competitiveness-through-voluntary-sustainability-standards-key-considerations-for-caribbean-cocoa-coffee-and-tea-producers\/","url":"https:\/\/content.carib-export.com\/fr\/events\/enhancing-competitiveness-through-voluntary-sustainability-standards-key-considerations-for-caribbean-cocoa-coffee-and-tea-producers\/","name":"de Am\u00e9liorer la comp\u00e9titivit\u00e9 gr\u00e2ce \u00e0 des normes volontaires de durabilit\u00e9 : Consid\u00e9rations cl\u00e9s pour les producteurs de cacao, de caf\u00e9 et de th\u00e9 des Cara\u00efbes - Exportation Cara\u00efbes","isPartOf":{"@id":"https:\/\/content.carib-export.com\/fr\/#website"},"primaryImageOfPage":{"@id":"https:\/\/content.carib-export.com\/fr\/events\/enhancing-competitiveness-through-voluntary-sustainability-standards-key-considerations-for-caribbean-cocoa-coffee-and-tea-producers\/#primaryimage"},"image":{"@id":"https:\/\/content.carib-export.com\/fr\/events\/enhancing-competitiveness-through-voluntary-sustainability-standards-key-considerations-for-caribbean-cocoa-coffee-and-tea-producers\/#primaryimage"},"thumbnailUrl":"https:\/\/content.carib-export.com\/wp-content\/uploads\/2023\/03\/Enhancing-Competitiveness-through-Voluntary-Sustainability-Standards-2.jpg","datePublished":"2023-03-22T19:04:15+00:00","dateModified":"2023-03-23T14:24:51+00:00","description":"Les producteurs de cacao, de caf\u00e9 et de th\u00e9 des Cara\u00efbes sont invit\u00e9s \u00e0 nous rejoindre les 12 et 13 avril 2023 pour en savoir plus sur l'am\u00e9lioration de leur comp\u00e9titivit\u00e9 gr\u00e2ce aux normes volontaires de durabilit\u00e9.","breadcrumb":{"@id":"https:\/\/content.carib-export.com\/fr\/events\/enhancing-competitiveness-through-voluntary-sustainability-standards-key-considerations-for-caribbean-cocoa-coffee-and-tea-producers\/#breadcrumb"},"inLanguage":"fr-FR","potentialAction":[{"@type":"ReadAction","target":["https:\/\/content.carib-export.com\/fr\/events\/enhancing-competitiveness-through-voluntary-sustainability-standards-key-considerations-for-caribbean-cocoa-coffee-and-tea-producers\/"]}]},{"@type":"ImageObject","inLanguage":"fr-FR","@id":"https:\/\/content.carib-export.com\/fr\/events\/enhancing-competitiveness-through-voluntary-sustainability-standards-key-considerations-for-caribbean-cocoa-coffee-and-tea-producers\/#primaryimage","url":"https:\/\/content.carib-export.com\/wp-content\/uploads\/2023\/03\/Enhancing-Competitiveness-through-Voluntary-Sustainability-Standards-2.jpg","contentUrl":"https:\/\/content.carib-export.com\/wp-content\/uploads\/2023\/03\/Enhancing-Competitiveness-through-Voluntary-Sustainability-Standards-2.jpg","width":1275,"height":1650},{"@type":"BreadcrumbList","@id":"https:\/\/content.carib-export.com\/fr\/events\/enhancing-competitiveness-through-voluntary-sustainability-standards-key-considerations-for-caribbean-cocoa-coffee-and-tea-producers\/#breadcrumb","itemListElement":[{"@type":"ListItem","position":1,"name":"Accueil","item":"https:\/\/content.carib-export.com\/fr\/home\/"},{"@type":"ListItem","position":2,"name":"Events","item":"https:\/\/content.carib-export.com\/fr\/events\/"},{"@type":"ListItem","position":3,"name":"Am\u00e9liorer la comp\u00e9titivit\u00e9 gr\u00e2ce \u00e0 des normes volontaires de durabilit\u00e9 : Consid\u00e9rations cl\u00e9s pour les producteurs de cacao, de caf\u00e9 et de th\u00e9 des Cara\u00efbes"}]},{"@type":"WebSite","@id":"https:\/\/content.carib-export.com\/fr\/#website","url":"https:\/\/content.carib-export.com\/fr\/","name":"Exportation Cara\u00efbes","description":"La seule agence r\u00e9gionale de promotion du commerce et des investissements du groupe Afrique, Cara\u00efbes et Pacifique.","publisher":{"@id":"https:\/\/content.carib-export.com\/fr\/#organization"},"potentialAction":[{"@type":"SearchAction","target":{"@type":"EntryPoint","urlTemplate":"https:\/\/content.carib-export.com\/fr\/?s={search_term_string}"},"query-input":{"@type":"PropertyValueSpecification","valueRequired":true,"valueName":"search_term_string"}}],"inLanguage":"fr-FR"},{"@type":"Organization","@id":"https:\/\/content.carib-export.com\/fr\/#organization","name":"Agence carib\u00e9enne de d\u00e9veloppement des exportations","url":"https:\/\/content.carib-export.com\/fr\/","logo":{"@type":"ImageObject","inLanguage":"fr-FR","@id":"https:\/\/content.carib-export.com\/fr\/#\/schema\/logo\/image\/","url":"https:\/\/content.carib-export.com\/wp-content\/uploads\/2013\/03\/CE-Logo-2013.jpg","contentUrl":"https:\/\/content.carib-export.com\/wp-content\/uploads\/2013\/03\/CE-Logo-2013.jpg","width":1024,"height":244,"caption":"Agence carib\u00e9enne de d\u00e9veloppement des exportations"},"image":{"@id":"https:\/\/content.carib-export.com\/fr\/#\/schema\/logo\/image\/"},"sameAs":["https:\/\/www.facebook.com\/CaribbeanExport","https:\/\/x.com\/CaribXport","https:\/\/www.instagram.com\/caribbeanexport","https:\/\/www.linkedin.com\/company\/caribbeanexport","https:\/\/www.youtube.com\/user\/TheCaribbeanExport"]}]}},"_links":{"self":[{"href":"https:\/\/content.carib-export.com\/fr\/wp-json\/wp\/v2\/events\/309360","targetHints":{"allow":["GET"]}}],"collection":[{"href":"https:\/\/content.carib-export.com\/fr\/wp-json\/wp\/v2\/events"}],"about":[{"href":"https:\/\/content.carib-export.com\/fr\/wp-json\/wp\/v2\/types\/events"}],"author":[{"embeddable":true,"href":"https:\/\/content.carib-export.com\/fr\/wp-json\/wp\/v2\/users\/9"}],"wp:featuredmedia":[{"embeddable":true,"href":"https:\/\/content.carib-export.com\/fr\/wp-json\/wp\/v2\/media\/309352"}],"wp:attachment":[{"href":"https:\/\/content.carib-export.com\/fr\/wp-json\/wp\/v2\/media?parent=309360"}],"wp:term":[{"taxonomy":"post_tag","embeddable":true,"href":"https:\/\/content.carib-export.com\/fr\/wp-json\/wp\/v2\/tags?post=309360"}],"curies":[{"name":"wp","href":"https:\/\/api.w.org\/{rel}","templated":true}]}}