{"id":320730,"date":"2024-04-17T11:45:46","date_gmt":"2024-04-17T15:45:46","guid":{"rendered":"https:\/\/content.carib-export.com\/events\/tirer-parti-du-cariforum-accord-de-partenariat-economique-de-lue-atelier-de-lepa-jamaique\/"},"modified":"2024-05-08T16:19:31","modified_gmt":"2024-05-08T20:19:31","slug":"tirer-parti-du-cariforum-accord-de-partenariat-economique-de-lue-atelier-de-lepa-jamaique","status":"publish","type":"events","link":"https:\/\/content.carib-export.com\/fr\/events\/tirer-parti-du-cariforum-accord-de-partenariat-economique-de-lue-atelier-de-lepa-jamaique\/","title":{"rendered":"Atelier sur l&rsquo;exploitation de l&rsquo;accord de partenariat \u00e9conomique (APE) CARIFORUM-UE &#8211; JAMA\u00cfQUE"},"content":{"rendered":"","protected":false},"excerpt":{"rendered":"","protected":false},"author":26,"featured_media":320667,"menu_order":0,"template":"","tags":[],"class_list":["post-320730","events","type-events","status-publish","has-post-thumbnail","hentry"],"acf":[],"yoast_head":"<!-- This site is optimized with the Yoast SEO plugin v27.1.1 - https:\/\/yoast.com\/product\/yoast-seo-wordpress\/ -->\n<title>de Atelier sur l&#039;exploitation de l&#039;accord de partenariat \u00e9conomique (APE) CARIFORUM-UE - JAMA\u00cfQUE - Exportation Cara\u00efbes<\/title>\n<meta name=\"description\" content=\"L&#039;Agence de d\u00e9veloppement des exportations des Cara\u00efbes, en collaboration avec l&#039;Association des fabricants et exportateurs de la Jama\u00efque (JMEA), organisera un atelier pour les exportateurs et les entreprises susceptibles d&#039;exporter sur la fa\u00e7on de \u00a8Leverage CARIFORUM-EU Economic Partnership Agreement (EPA)\u00a8 \u00e0 Kingston, en Jama\u00efque, les 15 et 16 mai 2024 \u00e0 l&#039;h\u00f4tel The Jamaica Pegasus.\" \/>\n<meta name=\"robots\" content=\"index, follow, max-snippet:-1, max-image-preview:large, max-video-preview:-1\" \/>\n<link rel=\"canonical\" href=\"https:\/\/content.carib-export.com\/fr\/events\/tirer-parti-du-cariforum-accord-de-partenariat-economique-de-lue-atelier-de-lepa-jamaique\/\" \/>\n<meta property=\"og:locale\" content=\"fr_FR\" \/>\n<meta property=\"og:type\" content=\"article\" \/>\n<meta property=\"og:title\" content=\"de Atelier sur l&#039;exploitation de l&#039;accord de partenariat \u00e9conomique (APE) CARIFORUM-UE - JAMA\u00cfQUE - Exportation Cara\u00efbes\" \/>\n<meta property=\"og:description\" content=\"L&#039;Agence de d\u00e9veloppement des exportations des Cara\u00efbes, en collaboration avec l&#039;Association des fabricants et exportateurs de la Jama\u00efque (JMEA), organisera un atelier pour les exportateurs et les entreprises susceptibles d&#039;exporter sur la fa\u00e7on de \u00a8Leverage CARIFORUM-EU Economic Partnership Agreement (EPA)\u00a8 \u00e0 Kingston, en Jama\u00efque, les 15 et 16 mai 2024 \u00e0 l&#039;h\u00f4tel The Jamaica Pegasus.\" \/>\n<meta property=\"og:url\" content=\"https:\/\/content.carib-export.com\/fr\/events\/tirer-parti-du-cariforum-accord-de-partenariat-economique-de-lue-atelier-de-lepa-jamaique\/\" \/>\n<meta property=\"og:site_name\" content=\"Exportation Cara\u00efbes\" \/>\n<meta property=\"article:publisher\" content=\"https:\/\/www.facebook.com\/CaribbeanExport\" \/>\n<meta property=\"article:modified_time\" content=\"2024-05-08T20:19:31+00:00\" \/>\n<meta property=\"og:image\" content=\"https:\/\/content.carib-export.com\/wp-content\/uploads\/2024\/04\/CARIFORUM-EU-Economic-Partnership-Agreement_Jamaica.jpg\" \/>\n\t<meta property=\"og:image:width\" content=\"1275\" \/>\n\t<meta property=\"og:image:height\" content=\"1650\" \/>\n\t<meta property=\"og:image:type\" content=\"image\/jpeg\" \/>\n<meta name=\"twitter:card\" content=\"summary_large_image\" \/>\n<meta name=\"twitter:site\" content=\"@CaribXport\" \/>\n<script type=\"application\/ld+json\" class=\"yoast-schema-graph\">{\"@context\":\"https:\/\/schema.org\",\"@graph\":[{\"@type\":\"WebPage\",\"@id\":\"https:\/\/content.carib-export.com\/fr\/events\/tirer-parti-du-cariforum-accord-de-partenariat-economique-de-lue-atelier-de-lepa-jamaique\/\",\"url\":\"https:\/\/content.carib-export.com\/fr\/events\/tirer-parti-du-cariforum-accord-de-partenariat-economique-de-lue-atelier-de-lepa-jamaique\/\",\"name\":\"de Atelier sur l'exploitation de l'accord de partenariat \u00e9conomique (APE) CARIFORUM-UE - JAMA\u00cfQUE - Exportation Cara\u00efbes\",\"isPartOf\":{\"@id\":\"https:\/\/content.carib-export.com\/fr\/#website\"},\"primaryImageOfPage\":{\"@id\":\"https:\/\/content.carib-export.com\/fr\/events\/tirer-parti-du-cariforum-accord-de-partenariat-economique-de-lue-atelier-de-lepa-jamaique\/#primaryimage\"},\"image\":{\"@id\":\"https:\/\/content.carib-export.com\/fr\/events\/tirer-parti-du-cariforum-accord-de-partenariat-economique-de-lue-atelier-de-lepa-jamaique\/#primaryimage\"},\"thumbnailUrl\":\"https:\/\/content.carib-export.com\/wp-content\/uploads\/2024\/04\/CARIFORUM-EU-Economic-Partnership-Agreement_Jamaica.jpg\",\"datePublished\":\"2024-04-17T15:45:46+00:00\",\"dateModified\":\"2024-05-08T20:19:31+00:00\",\"description\":\"L'Agence de d\u00e9veloppement des exportations des Cara\u00efbes, en collaboration avec l'Association des fabricants et exportateurs de la Jama\u00efque (JMEA), organisera un atelier pour les exportateurs et les entreprises susceptibles d'exporter sur la fa\u00e7on de \u00a8Leverage CARIFORUM-EU Economic Partnership Agreement (EPA)\u00a8 \u00e0 Kingston, en Jama\u00efque, les 15 et 16 mai 2024 \u00e0 l'h\u00f4tel The Jamaica Pegasus.\",\"breadcrumb\":{\"@id\":\"https:\/\/content.carib-export.com\/fr\/events\/tirer-parti-du-cariforum-accord-de-partenariat-economique-de-lue-atelier-de-lepa-jamaique\/#breadcrumb\"},\"inLanguage\":\"fr-FR\",\"potentialAction\":[{\"@type\":\"ReadAction\",\"target\":[\"https:\/\/content.carib-export.com\/fr\/events\/tirer-parti-du-cariforum-accord-de-partenariat-economique-de-lue-atelier-de-lepa-jamaique\/\"]}]},{\"@type\":\"ImageObject\",\"inLanguage\":\"fr-FR\",\"@id\":\"https:\/\/content.carib-export.com\/fr\/events\/tirer-parti-du-cariforum-accord-de-partenariat-economique-de-lue-atelier-de-lepa-jamaique\/#primaryimage\",\"url\":\"https:\/\/content.carib-export.com\/wp-content\/uploads\/2024\/04\/CARIFORUM-EU-Economic-Partnership-Agreement_Jamaica.jpg\",\"contentUrl\":\"https:\/\/content.carib-export.com\/wp-content\/uploads\/2024\/04\/CARIFORUM-EU-Economic-Partnership-Agreement_Jamaica.jpg\",\"width\":1275,\"height\":1650},{\"@type\":\"BreadcrumbList\",\"@id\":\"https:\/\/content.carib-export.com\/fr\/events\/tirer-parti-du-cariforum-accord-de-partenariat-economique-de-lue-atelier-de-lepa-jamaique\/#breadcrumb\",\"itemListElement\":[{\"@type\":\"ListItem\",\"position\":1,\"name\":\"Accueil\",\"item\":\"https:\/\/content.carib-export.com\/fr\/home\/\"},{\"@type\":\"ListItem\",\"position\":2,\"name\":\"Events\",\"item\":\"https:\/\/content.carib-export.com\/fr\/events\/\"},{\"@type\":\"ListItem\",\"position\":3,\"name\":\"Atelier sur l&#8217;exploitation de l&#8217;accord de partenariat \u00e9conomique (APE) CARIFORUM-UE &#8211; JAMA\u00cfQUE\"}]},{\"@type\":\"WebSite\",\"@id\":\"https:\/\/content.carib-export.com\/fr\/#website\",\"url\":\"https:\/\/content.carib-export.com\/fr\/\",\"name\":\"Exportation Cara\u00efbes\",\"description\":\"La seule agence r\u00e9gionale de promotion du commerce et des investissements du groupe Afrique, Cara\u00efbes et Pacifique.\",\"publisher\":{\"@id\":\"https:\/\/content.carib-export.com\/fr\/#organization\"},\"potentialAction\":[{\"@type\":\"SearchAction\",\"target\":{\"@type\":\"EntryPoint\",\"urlTemplate\":\"https:\/\/content.carib-export.com\/fr\/?s={search_term_string}\"},\"query-input\":{\"@type\":\"PropertyValueSpecification\",\"valueRequired\":true,\"valueName\":\"search_term_string\"}}],\"inLanguage\":\"fr-FR\"},{\"@type\":\"Organization\",\"@id\":\"https:\/\/content.carib-export.com\/fr\/#organization\",\"name\":\"Agence carib\u00e9enne de d\u00e9veloppement des exportations\",\"url\":\"https:\/\/content.carib-export.com\/fr\/\",\"logo\":{\"@type\":\"ImageObject\",\"inLanguage\":\"fr-FR\",\"@id\":\"https:\/\/content.carib-export.com\/fr\/#\/schema\/logo\/image\/\",\"url\":\"https:\/\/content.carib-export.com\/wp-content\/uploads\/2013\/03\/CE-Logo-2013.jpg\",\"contentUrl\":\"https:\/\/content.carib-export.com\/wp-content\/uploads\/2013\/03\/CE-Logo-2013.jpg\",\"width\":1024,\"height\":244,\"caption\":\"Agence carib\u00e9enne de d\u00e9veloppement des exportations\"},\"image\":{\"@id\":\"https:\/\/content.carib-export.com\/fr\/#\/schema\/logo\/image\/\"},\"sameAs\":[\"https:\/\/www.facebook.com\/CaribbeanExport\",\"https:\/\/x.com\/CaribXport\",\"https:\/\/www.instagram.com\/caribbeanexport\",\"https:\/\/www.linkedin.com\/company\/caribbeanexport\",\"https:\/\/www.youtube.com\/user\/TheCaribbeanExport\"]}]}<\/script>\n<!-- \/ Yoast SEO plugin. -->","yoast_head_json":{"title":"de Atelier sur l'exploitation de l'accord de partenariat \u00e9conomique (APE) CARIFORUM-UE - JAMA\u00cfQUE - Exportation Cara\u00efbes","description":"L'Agence de d\u00e9veloppement des exportations des Cara\u00efbes, en collaboration avec l'Association des fabricants et exportateurs de la Jama\u00efque (JMEA), organisera un atelier pour les exportateurs et les entreprises susceptibles d'exporter sur la fa\u00e7on de \u00a8Leverage CARIFORUM-EU Economic Partnership Agreement (EPA)\u00a8 \u00e0 Kingston, en Jama\u00efque, les 15 et 16 mai 2024 \u00e0 l'h\u00f4tel The Jamaica Pegasus.","robots":{"index":"index","follow":"follow","max-snippet":"max-snippet:-1","max-image-preview":"max-image-preview:large","max-video-preview":"max-video-preview:-1"},"canonical":"https:\/\/content.carib-export.com\/fr\/events\/tirer-parti-du-cariforum-accord-de-partenariat-economique-de-lue-atelier-de-lepa-jamaique\/","og_locale":"fr_FR","og_type":"article","og_title":"de Atelier sur l'exploitation de l'accord de partenariat \u00e9conomique (APE) CARIFORUM-UE - JAMA\u00cfQUE - Exportation Cara\u00efbes","og_description":"L'Agence de d\u00e9veloppement des exportations des Cara\u00efbes, en collaboration avec l'Association des fabricants et exportateurs de la Jama\u00efque (JMEA), organisera un atelier pour les exportateurs et les entreprises susceptibles d'exporter sur la fa\u00e7on de \u00a8Leverage CARIFORUM-EU Economic Partnership Agreement (EPA)\u00a8 \u00e0 Kingston, en Jama\u00efque, les 15 et 16 mai 2024 \u00e0 l'h\u00f4tel The Jamaica Pegasus.","og_url":"https:\/\/content.carib-export.com\/fr\/events\/tirer-parti-du-cariforum-accord-de-partenariat-economique-de-lue-atelier-de-lepa-jamaique\/","og_site_name":"Exportation Cara\u00efbes","article_publisher":"https:\/\/www.facebook.com\/CaribbeanExport","article_modified_time":"2024-05-08T20:19:31+00:00","og_image":[{"width":1275,"height":1650,"url":"https:\/\/content.carib-export.com\/wp-content\/uploads\/2024\/04\/CARIFORUM-EU-Economic-Partnership-Agreement_Jamaica.jpg","type":"image\/jpeg"}],"twitter_card":"summary_large_image","twitter_site":"@CaribXport","schema":{"@context":"https:\/\/schema.org","@graph":[{"@type":"WebPage","@id":"https:\/\/content.carib-export.com\/fr\/events\/tirer-parti-du-cariforum-accord-de-partenariat-economique-de-lue-atelier-de-lepa-jamaique\/","url":"https:\/\/content.carib-export.com\/fr\/events\/tirer-parti-du-cariforum-accord-de-partenariat-economique-de-lue-atelier-de-lepa-jamaique\/","name":"de Atelier sur l'exploitation de l'accord de partenariat \u00e9conomique (APE) CARIFORUM-UE - JAMA\u00cfQUE - Exportation Cara\u00efbes","isPartOf":{"@id":"https:\/\/content.carib-export.com\/fr\/#website"},"primaryImageOfPage":{"@id":"https:\/\/content.carib-export.com\/fr\/events\/tirer-parti-du-cariforum-accord-de-partenariat-economique-de-lue-atelier-de-lepa-jamaique\/#primaryimage"},"image":{"@id":"https:\/\/content.carib-export.com\/fr\/events\/tirer-parti-du-cariforum-accord-de-partenariat-economique-de-lue-atelier-de-lepa-jamaique\/#primaryimage"},"thumbnailUrl":"https:\/\/content.carib-export.com\/wp-content\/uploads\/2024\/04\/CARIFORUM-EU-Economic-Partnership-Agreement_Jamaica.jpg","datePublished":"2024-04-17T15:45:46+00:00","dateModified":"2024-05-08T20:19:31+00:00","description":"L'Agence de d\u00e9veloppement des exportations des Cara\u00efbes, en collaboration avec l'Association des fabricants et exportateurs de la Jama\u00efque (JMEA), organisera un atelier pour les exportateurs et les entreprises susceptibles d'exporter sur la fa\u00e7on de \u00a8Leverage CARIFORUM-EU Economic Partnership Agreement (EPA)\u00a8 \u00e0 Kingston, en Jama\u00efque, les 15 et 16 mai 2024 \u00e0 l'h\u00f4tel The Jamaica Pegasus.","breadcrumb":{"@id":"https:\/\/content.carib-export.com\/fr\/events\/tirer-parti-du-cariforum-accord-de-partenariat-economique-de-lue-atelier-de-lepa-jamaique\/#breadcrumb"},"inLanguage":"fr-FR","potentialAction":[{"@type":"ReadAction","target":["https:\/\/content.carib-export.com\/fr\/events\/tirer-parti-du-cariforum-accord-de-partenariat-economique-de-lue-atelier-de-lepa-jamaique\/"]}]},{"@type":"ImageObject","inLanguage":"fr-FR","@id":"https:\/\/content.carib-export.com\/fr\/events\/tirer-parti-du-cariforum-accord-de-partenariat-economique-de-lue-atelier-de-lepa-jamaique\/#primaryimage","url":"https:\/\/content.carib-export.com\/wp-content\/uploads\/2024\/04\/CARIFORUM-EU-Economic-Partnership-Agreement_Jamaica.jpg","contentUrl":"https:\/\/content.carib-export.com\/wp-content\/uploads\/2024\/04\/CARIFORUM-EU-Economic-Partnership-Agreement_Jamaica.jpg","width":1275,"height":1650},{"@type":"BreadcrumbList","@id":"https:\/\/content.carib-export.com\/fr\/events\/tirer-parti-du-cariforum-accord-de-partenariat-economique-de-lue-atelier-de-lepa-jamaique\/#breadcrumb","itemListElement":[{"@type":"ListItem","position":1,"name":"Accueil","item":"https:\/\/content.carib-export.com\/fr\/home\/"},{"@type":"ListItem","position":2,"name":"Events","item":"https:\/\/content.carib-export.com\/fr\/events\/"},{"@type":"ListItem","position":3,"name":"Atelier sur l&#8217;exploitation de l&#8217;accord de partenariat \u00e9conomique (APE) CARIFORUM-UE &#8211; JAMA\u00cfQUE"}]},{"@type":"WebSite","@id":"https:\/\/content.carib-export.com\/fr\/#website","url":"https:\/\/content.carib-export.com\/fr\/","name":"Exportation Cara\u00efbes","description":"La seule agence r\u00e9gionale de promotion du commerce et des investissements du groupe Afrique, Cara\u00efbes et Pacifique.","publisher":{"@id":"https:\/\/content.carib-export.com\/fr\/#organization"},"potentialAction":[{"@type":"SearchAction","target":{"@type":"EntryPoint","urlTemplate":"https:\/\/content.carib-export.com\/fr\/?s={search_term_string}"},"query-input":{"@type":"PropertyValueSpecification","valueRequired":true,"valueName":"search_term_string"}}],"inLanguage":"fr-FR"},{"@type":"Organization","@id":"https:\/\/content.carib-export.com\/fr\/#organization","name":"Agence carib\u00e9enne de d\u00e9veloppement des exportations","url":"https:\/\/content.carib-export.com\/fr\/","logo":{"@type":"ImageObject","inLanguage":"fr-FR","@id":"https:\/\/content.carib-export.com\/fr\/#\/schema\/logo\/image\/","url":"https:\/\/content.carib-export.com\/wp-content\/uploads\/2013\/03\/CE-Logo-2013.jpg","contentUrl":"https:\/\/content.carib-export.com\/wp-content\/uploads\/2013\/03\/CE-Logo-2013.jpg","width":1024,"height":244,"caption":"Agence carib\u00e9enne de d\u00e9veloppement des exportations"},"image":{"@id":"https:\/\/content.carib-export.com\/fr\/#\/schema\/logo\/image\/"},"sameAs":["https:\/\/www.facebook.com\/CaribbeanExport","https:\/\/x.com\/CaribXport","https:\/\/www.instagram.com\/caribbeanexport","https:\/\/www.linkedin.com\/company\/caribbeanexport","https:\/\/www.youtube.com\/user\/TheCaribbeanExport"]}]}},"_links":{"self":[{"href":"https:\/\/content.carib-export.com\/fr\/wp-json\/wp\/v2\/events\/320730","targetHints":{"allow":["GET"]}}],"collection":[{"href":"https:\/\/content.carib-export.com\/fr\/wp-json\/wp\/v2\/events"}],"about":[{"href":"https:\/\/content.carib-export.com\/fr\/wp-json\/wp\/v2\/types\/events"}],"author":[{"embeddable":true,"href":"https:\/\/content.carib-export.com\/fr\/wp-json\/wp\/v2\/users\/26"}],"wp:featuredmedia":[{"embeddable":true,"href":"https:\/\/content.carib-export.com\/fr\/wp-json\/wp\/v2\/media\/320667"}],"wp:attachment":[{"href":"https:\/\/content.carib-export.com\/fr\/wp-json\/wp\/v2\/media?parent=320730"}],"wp:term":[{"taxonomy":"post_tag","embeddable":true,"href":"https:\/\/content.carib-export.com\/fr\/wp-json\/wp\/v2\/tags?post=320730"}],"curies":[{"name":"wp","href":"https:\/\/api.w.org\/{rel}","templated":true}]}}