{"id":316530,"date":"2023-11-17T14:26:45","date_gmt":"2023-11-17T18:26:45","guid":{"rendered":"https:\/\/content.carib-export.com\/opportunities\/call-for-challenges-eu-lac-digital-accelerator\/"},"modified":"2023-11-20T14:30:54","modified_gmt":"2023-11-20T18:30:54","slug":"call-for-challenges-eu-lac-digital-accelerator","status":"publish","type":"opportunities","link":"https:\/\/content.carib-export.com\/fr\/opportunities\/call-for-challenges-eu-lac-digital-accelerator\/","title":{"rendered":"Appel \u00e0 d\u00e9fis &#8211; Acc\u00e9l\u00e9rateur num\u00e9rique UE-ALC"},"content":{"rendered":"\n<p><\/p>\n\n<p>L&rsquo;<a href=\"https:\/\/eulacdigitalaccelerator.com\/\">acc\u00e9l\u00e9rateur num\u00e9rique UE-ALC <\/a> est une plateforme multilat\u00e9rale qui relie les opportunit\u00e9s commerciales des entreprises aux startups et aux PME innovantes. Notre objectif est de soutenir les coentreprises (partenariats UE-ALC) jusqu&rsquo;\u00e0 ce qu&rsquo;elles soient pr\u00eates \u00e0 investir et de fournir des services d&rsquo;acc\u00e9l\u00e9ration sp\u00e9cifiques \u00e0 chacune d&rsquo;entre elles.<\/p>\n\n<p>L&rsquo;Agence de d\u00e9veloppement des exportations des Cara\u00efbes (Caribbean Export), en collaboration avec un consortium de partenaires europ\u00e9ens et latino-am\u00e9ricains, met actuellement en \u0153uvre le programme financ\u00e9 par l&rsquo;Union europ\u00e9enne. <strong>appeler les entreprises et les grandes<\/strong> <strong>organisations<\/strong> d&rsquo;identifier et de soumettre des d\u00e9fis sur <strong>\u00a8Smart Production\u00a8<\/strong> pour lib\u00e9rer le potentiel num\u00e9rique de l&rsquo;Am\u00e9rique latine et des Cara\u00efbes.<\/p>\n\n<p>Les entreprises \u00e9tablies dans les r\u00e9gions ALC, confront\u00e9es \u00e0 des d\u00e9fis dans la sph\u00e8re num\u00e9rique et recherchant des solutions innovantes aupr\u00e8s d&rsquo;entrepreneurs et de startups peuvent postuler \u00e0 notre appel \u00e0 d\u00e9fis sur la plateforme de l&rsquo;acc\u00e9l\u00e9rateur num\u00e9rique UE-ALC.<\/p>\n\n<figure class=\"wp-block-image size-large\"><a href=\"https:\/\/eulacdigitalaccelerator.com\/corporates\/\" target=\"_blank\" rel=\"noreferrer noopener\"><img loading=\"lazy\" decoding=\"async\" width=\"1024\" height=\"538\" src=\"https:\/\/content.carib-export.com\/wp-content\/uploads\/2023\/11\/WIIFY-1024x538.png\" alt=\"\" class=\"wp-image-316553\" srcset=\"https:\/\/content.carib-export.com\/wp-content\/uploads\/2023\/11\/WIIFY-1024x538.png 1024w, https:\/\/content.carib-export.com\/wp-content\/uploads\/2023\/11\/WIIFY-150x79.png 150w, https:\/\/content.carib-export.com\/wp-content\/uploads\/2023\/11\/WIIFY-190x100.png 190w, https:\/\/content.carib-export.com\/wp-content\/uploads\/2023\/11\/WIIFY-768x403.png 768w, https:\/\/content.carib-export.com\/wp-content\/uploads\/2023\/11\/WIIFY.png 1242w\" sizes=\"auto, (max-width: 1024px) 100vw, 1024px\" \/><\/a><\/figure>\n\n<p><a href=\"https:\/\/eulacdigitalaccelerator.com\/corporates\/\" target=\"_blank\" rel=\"noreferrer noopener\">POUR SOUMETTRE VOTRE D\u00c9FI, CLIQUEZ ICI !<\/a><\/p>\n\n<p><strong>La date limite de soumission des d\u00e9fis est fix\u00e9e au <u><sup>30<\/sup> novembre 2023<\/u>.<\/strong><\/p>\n\n<p>Notre \u00e9quipe est disponible pour vous rencontrer afin de discuter de la mani\u00e8re dont votre participation \u00e0 l&rsquo;acc\u00e9l\u00e9rateur num\u00e9rique EU-LAC peut aboutir \u00e0 la transformation num\u00e9rique de votre entreprise. <\/p>\n\n<p>Veuillez nous contacter \u00e0 l&rsquo;adresse <a href=\"mailto:eu-lacdigitalaccel@carib-export.com\">suivante : eu-lacdigitalaccel@carib-export.com<\/a><\/p>\n","protected":false},"excerpt":{"rendered":"<p>L&rsquo;acc\u00e9l\u00e9rateur num\u00e9rique UE-ALC est une plateforme multilat\u00e9rale qui relie les opportunit\u00e9s commerciales des entreprises aux startups et aux PME innovantes. Notre objectif est de soutenir les coentreprises (partenariats UE-ALC) jusqu&rsquo;\u00e0 ce qu&rsquo;elles soient pr\u00eates \u00e0 investir et de fournir des services d&rsquo;acc\u00e9l\u00e9ration sp\u00e9cifiques \u00e0 chacune d&rsquo;entre elles. L&rsquo;Agence de d\u00e9veloppement des exportations des Cara\u00efbes (Caribbean [&hellip;]<\/p>\n","protected":false},"author":26,"featured_media":316519,"menu_order":0,"template":"","tags":[],"class_list":["post-316530","opportunities","type-opportunities","status-publish","has-post-thumbnail","hentry"],"acf":[],"yoast_head":"<!-- This site is optimized with the Yoast SEO plugin v27.1.1 - https:\/\/yoast.com\/product\/yoast-seo-wordpress\/ -->\n<title>de Appel \u00e0 d\u00e9fis - Acc\u00e9l\u00e9rateur num\u00e9rique UE-ALC - Exportation Cara\u00efbes<\/title>\n<meta name=\"description\" content=\"L&#039;Agence de d\u00e9veloppement des exportations des Cara\u00efbes (Caribbean Export), en collaboration avec un consortium de partenaires europ\u00e9ens et latino-am\u00e9ricains, met actuellement en \u0153uvre le programme d&#039;acc\u00e9l\u00e9rateur num\u00e9rique EU-LAC financ\u00e9 par l&#039;Union europ\u00e9enne et, \u00e0 ce stade, appelle les entreprises et les grandes organisations \u00e0 identifier et \u00e0 soumettre des d\u00e9fis sur la \u00a8Smart Production\u00a8 afin de lib\u00e9rer le potentiel de num\u00e9risation de l&#039;Am\u00e9rique latine et des Cara\u00efbes.\" \/>\n<meta name=\"robots\" content=\"index, follow, max-snippet:-1, max-image-preview:large, max-video-preview:-1\" \/>\n<link rel=\"canonical\" href=\"https:\/\/content.carib-export.com\/fr\/opportunities\/call-for-challenges-eu-lac-digital-accelerator\/\" \/>\n<meta property=\"og:locale\" content=\"fr_FR\" \/>\n<meta property=\"og:type\" content=\"article\" \/>\n<meta property=\"og:title\" content=\"Appel \u00e0 d\u00e9fis - Acc\u00e9l\u00e9rateur num\u00e9rique UE-ALC\" \/>\n<meta property=\"og:description\" content=\"L&#039;Agence de d\u00e9veloppement des exportations des Cara\u00efbes (Caribbean Export), en collaboration avec un consortium de partenaires europ\u00e9ens et latino-am\u00e9ricains, met actuellement en \u0153uvre le programme financ\u00e9 par l&#039;Union europ\u00e9enne et, \u00e0 ce stade, appelle les entreprises et les grandes organisations \u00e0 identifier et \u00e0 soumettre des d\u00e9fis sur la \u00a8Smart Production\u00a8 afin de lib\u00e9rer le potentiel num\u00e9rique de l&#039;Am\u00e9rique latine et des Cara\u00efbes.\" \/>\n<meta property=\"og:url\" content=\"https:\/\/content.carib-export.com\/fr\/opportunities\/call-for-challenges-eu-lac-digital-accelerator\/\" \/>\n<meta property=\"og:site_name\" content=\"Exportation Cara\u00efbes\" \/>\n<meta property=\"article:publisher\" content=\"https:\/\/www.facebook.com\/CaribbeanExport\" \/>\n<meta property=\"article:modified_time\" content=\"2023-11-20T18:30:54+00:00\" \/>\n<meta property=\"og:image\" content=\"https:\/\/content.carib-export.com\/wp-content\/uploads\/2023\/11\/Call-for-corporates-banner-1-004-CE-resized-1024x576.png\" \/>\n<meta name=\"twitter:card\" content=\"summary_large_image\" \/>\n<meta name=\"twitter:title\" content=\"Appel \u00e0 d\u00e9fis - Acc\u00e9l\u00e9rateur num\u00e9rique UE-ALC\" \/>\n<meta name=\"twitter:description\" content=\"L&#039;Agence de d\u00e9veloppement des exportations des Cara\u00efbes (Caribbean Export), en collaboration avec un consortium de partenaires europ\u00e9ens et latino-am\u00e9ricains, met actuellement en \u0153uvre le programme financ\u00e9 par l&#039;Union europ\u00e9enne et, \u00e0 ce stade, appelle les entreprises et les grandes organisations \u00e0 identifier et \u00e0 soumettre des d\u00e9fis sur la \u00a8Smart Production\u00a8 afin de lib\u00e9rer le potentiel num\u00e9rique de l&#039;Am\u00e9rique latine et des Cara\u00efbes.\" \/>\n<meta name=\"twitter:image\" content=\"https:\/\/content.carib-export.com\/wp-content\/uploads\/2023\/11\/Call-for-corporates-banner-1-004-CE-resized-1024x576.png\" \/>\n<meta name=\"twitter:site\" content=\"@CaribXport\" \/>\n<meta name=\"twitter:label1\" content=\"Dur\u00e9e de lecture estim\u00e9e\" \/>\n\t<meta name=\"twitter:data1\" content=\"1 minute\" \/>\n<script type=\"application\/ld+json\" class=\"yoast-schema-graph\">{\"@context\":\"https:\/\/schema.org\",\"@graph\":[{\"@type\":\"WebPage\",\"@id\":\"https:\/\/content.carib-export.com\/fr\/opportunities\/call-for-challenges-eu-lac-digital-accelerator\/\",\"url\":\"https:\/\/content.carib-export.com\/fr\/opportunities\/call-for-challenges-eu-lac-digital-accelerator\/\",\"name\":\"de Appel \u00e0 d\u00e9fis - Acc\u00e9l\u00e9rateur num\u00e9rique UE-ALC - Exportation Cara\u00efbes\",\"isPartOf\":{\"@id\":\"https:\/\/content.carib-export.com\/fr\/#website\"},\"primaryImageOfPage\":{\"@id\":\"https:\/\/content.carib-export.com\/fr\/opportunities\/call-for-challenges-eu-lac-digital-accelerator\/#primaryimage\"},\"image\":{\"@id\":\"https:\/\/content.carib-export.com\/fr\/opportunities\/call-for-challenges-eu-lac-digital-accelerator\/#primaryimage\"},\"thumbnailUrl\":\"https:\/\/content.carib-export.com\/wp-content\/uploads\/2023\/11\/Call-for-corporates-banner-1-004-CE-resized.png\",\"datePublished\":\"2023-11-17T18:26:45+00:00\",\"dateModified\":\"2023-11-20T18:30:54+00:00\",\"description\":\"L'Agence de d\u00e9veloppement des exportations des Cara\u00efbes (Caribbean Export), en collaboration avec un consortium de partenaires europ\u00e9ens et latino-am\u00e9ricains, met actuellement en \u0153uvre le programme d'acc\u00e9l\u00e9rateur num\u00e9rique EU-LAC financ\u00e9 par l'Union europ\u00e9enne et, \u00e0 ce stade, appelle les entreprises et les grandes organisations \u00e0 identifier et \u00e0 soumettre des d\u00e9fis sur la \u00a8Smart Production\u00a8 afin de lib\u00e9rer le potentiel de num\u00e9risation de l'Am\u00e9rique latine et des Cara\u00efbes.\",\"breadcrumb\":{\"@id\":\"https:\/\/content.carib-export.com\/fr\/opportunities\/call-for-challenges-eu-lac-digital-accelerator\/#breadcrumb\"},\"inLanguage\":\"fr-FR\",\"potentialAction\":[{\"@type\":\"ReadAction\",\"target\":[\"https:\/\/content.carib-export.com\/fr\/opportunities\/call-for-challenges-eu-lac-digital-accelerator\/\"]}]},{\"@type\":\"ImageObject\",\"inLanguage\":\"fr-FR\",\"@id\":\"https:\/\/content.carib-export.com\/fr\/opportunities\/call-for-challenges-eu-lac-digital-accelerator\/#primaryimage\",\"url\":\"https:\/\/content.carib-export.com\/wp-content\/uploads\/2023\/11\/Call-for-corporates-banner-1-004-CE-resized.png\",\"contentUrl\":\"https:\/\/content.carib-export.com\/wp-content\/uploads\/2023\/11\/Call-for-corporates-banner-1-004-CE-resized.png\",\"width\":1500,\"height\":844},{\"@type\":\"BreadcrumbList\",\"@id\":\"https:\/\/content.carib-export.com\/fr\/opportunities\/call-for-challenges-eu-lac-digital-accelerator\/#breadcrumb\",\"itemListElement\":[{\"@type\":\"ListItem\",\"position\":1,\"name\":\"Accueil\",\"item\":\"https:\/\/content.carib-export.com\/fr\/home\/\"},{\"@type\":\"ListItem\",\"position\":2,\"name\":\"Opportunities\",\"item\":\"https:\/\/content.carib-export.com\/fr\/opportunities\/\"},{\"@type\":\"ListItem\",\"position\":3,\"name\":\"Appel \u00e0 d\u00e9fis &#8211; Acc\u00e9l\u00e9rateur num\u00e9rique UE-ALC\"}]},{\"@type\":\"WebSite\",\"@id\":\"https:\/\/content.carib-export.com\/fr\/#website\",\"url\":\"https:\/\/content.carib-export.com\/fr\/\",\"name\":\"Exportation Cara\u00efbes\",\"description\":\"La seule agence r\u00e9gionale de promotion du commerce et des investissements du groupe Afrique, Cara\u00efbes et Pacifique.\",\"publisher\":{\"@id\":\"https:\/\/content.carib-export.com\/fr\/#organization\"},\"potentialAction\":[{\"@type\":\"SearchAction\",\"target\":{\"@type\":\"EntryPoint\",\"urlTemplate\":\"https:\/\/content.carib-export.com\/fr\/?s={search_term_string}\"},\"query-input\":{\"@type\":\"PropertyValueSpecification\",\"valueRequired\":true,\"valueName\":\"search_term_string\"}}],\"inLanguage\":\"fr-FR\"},{\"@type\":\"Organization\",\"@id\":\"https:\/\/content.carib-export.com\/fr\/#organization\",\"name\":\"Agence carib\u00e9enne de d\u00e9veloppement des exportations\",\"url\":\"https:\/\/content.carib-export.com\/fr\/\",\"logo\":{\"@type\":\"ImageObject\",\"inLanguage\":\"fr-FR\",\"@id\":\"https:\/\/content.carib-export.com\/fr\/#\/schema\/logo\/image\/\",\"url\":\"https:\/\/content.carib-export.com\/wp-content\/uploads\/2013\/03\/CE-Logo-2013.jpg\",\"contentUrl\":\"https:\/\/content.carib-export.com\/wp-content\/uploads\/2013\/03\/CE-Logo-2013.jpg\",\"width\":1024,\"height\":244,\"caption\":\"Agence carib\u00e9enne de d\u00e9veloppement des exportations\"},\"image\":{\"@id\":\"https:\/\/content.carib-export.com\/fr\/#\/schema\/logo\/image\/\"},\"sameAs\":[\"https:\/\/www.facebook.com\/CaribbeanExport\",\"https:\/\/x.com\/CaribXport\",\"https:\/\/www.instagram.com\/caribbeanexport\",\"https:\/\/www.linkedin.com\/company\/caribbeanexport\",\"https:\/\/www.youtube.com\/user\/TheCaribbeanExport\"]}]}<\/script>\n<!-- \/ Yoast SEO plugin. -->","yoast_head_json":{"title":"de Appel \u00e0 d\u00e9fis - Acc\u00e9l\u00e9rateur num\u00e9rique UE-ALC - Exportation Cara\u00efbes","description":"L'Agence de d\u00e9veloppement des exportations des Cara\u00efbes (Caribbean Export), en collaboration avec un consortium de partenaires europ\u00e9ens et latino-am\u00e9ricains, met actuellement en \u0153uvre le programme d'acc\u00e9l\u00e9rateur num\u00e9rique EU-LAC financ\u00e9 par l'Union europ\u00e9enne et, \u00e0 ce stade, appelle les entreprises et les grandes organisations \u00e0 identifier et \u00e0 soumettre des d\u00e9fis sur la \u00a8Smart Production\u00a8 afin de lib\u00e9rer le potentiel de num\u00e9risation de l'Am\u00e9rique latine et des Cara\u00efbes.","robots":{"index":"index","follow":"follow","max-snippet":"max-snippet:-1","max-image-preview":"max-image-preview:large","max-video-preview":"max-video-preview:-1"},"canonical":"https:\/\/content.carib-export.com\/fr\/opportunities\/call-for-challenges-eu-lac-digital-accelerator\/","og_locale":"fr_FR","og_type":"article","og_title":"Appel \u00e0 d\u00e9fis - Acc\u00e9l\u00e9rateur num\u00e9rique UE-ALC","og_description":"L'Agence de d\u00e9veloppement des exportations des Cara\u00efbes (Caribbean Export), en collaboration avec un consortium de partenaires europ\u00e9ens et latino-am\u00e9ricains, met actuellement en \u0153uvre le programme financ\u00e9 par l'Union europ\u00e9enne et, \u00e0 ce stade, appelle les entreprises et les grandes organisations \u00e0 identifier et \u00e0 soumettre des d\u00e9fis sur la \u00a8Smart Production\u00a8 afin de lib\u00e9rer le potentiel num\u00e9rique de l'Am\u00e9rique latine et des Cara\u00efbes.","og_url":"https:\/\/content.carib-export.com\/fr\/opportunities\/call-for-challenges-eu-lac-digital-accelerator\/","og_site_name":"Exportation Cara\u00efbes","article_publisher":"https:\/\/www.facebook.com\/CaribbeanExport","article_modified_time":"2023-11-20T18:30:54+00:00","og_image":[{"url":"https:\/\/content.carib-export.com\/wp-content\/uploads\/2023\/11\/Call-for-corporates-banner-1-004-CE-resized-1024x576.png","type":"","width":"","height":""}],"twitter_card":"summary_large_image","twitter_title":"Appel \u00e0 d\u00e9fis - Acc\u00e9l\u00e9rateur num\u00e9rique UE-ALC","twitter_description":"L'Agence de d\u00e9veloppement des exportations des Cara\u00efbes (Caribbean Export), en collaboration avec un consortium de partenaires europ\u00e9ens et latino-am\u00e9ricains, met actuellement en \u0153uvre le programme financ\u00e9 par l'Union europ\u00e9enne et, \u00e0 ce stade, appelle les entreprises et les grandes organisations \u00e0 identifier et \u00e0 soumettre des d\u00e9fis sur la \u00a8Smart Production\u00a8 afin de lib\u00e9rer le potentiel num\u00e9rique de l'Am\u00e9rique latine et des Cara\u00efbes.","twitter_image":"https:\/\/content.carib-export.com\/wp-content\/uploads\/2023\/11\/Call-for-corporates-banner-1-004-CE-resized-1024x576.png","twitter_site":"@CaribXport","twitter_misc":{"Dur\u00e9e de lecture estim\u00e9e":"1 minute"},"schema":{"@context":"https:\/\/schema.org","@graph":[{"@type":"WebPage","@id":"https:\/\/content.carib-export.com\/fr\/opportunities\/call-for-challenges-eu-lac-digital-accelerator\/","url":"https:\/\/content.carib-export.com\/fr\/opportunities\/call-for-challenges-eu-lac-digital-accelerator\/","name":"de Appel \u00e0 d\u00e9fis - Acc\u00e9l\u00e9rateur num\u00e9rique UE-ALC - Exportation Cara\u00efbes","isPartOf":{"@id":"https:\/\/content.carib-export.com\/fr\/#website"},"primaryImageOfPage":{"@id":"https:\/\/content.carib-export.com\/fr\/opportunities\/call-for-challenges-eu-lac-digital-accelerator\/#primaryimage"},"image":{"@id":"https:\/\/content.carib-export.com\/fr\/opportunities\/call-for-challenges-eu-lac-digital-accelerator\/#primaryimage"},"thumbnailUrl":"https:\/\/content.carib-export.com\/wp-content\/uploads\/2023\/11\/Call-for-corporates-banner-1-004-CE-resized.png","datePublished":"2023-11-17T18:26:45+00:00","dateModified":"2023-11-20T18:30:54+00:00","description":"L'Agence de d\u00e9veloppement des exportations des Cara\u00efbes (Caribbean Export), en collaboration avec un consortium de partenaires europ\u00e9ens et latino-am\u00e9ricains, met actuellement en \u0153uvre le programme d'acc\u00e9l\u00e9rateur num\u00e9rique EU-LAC financ\u00e9 par l'Union europ\u00e9enne et, \u00e0 ce stade, appelle les entreprises et les grandes organisations \u00e0 identifier et \u00e0 soumettre des d\u00e9fis sur la \u00a8Smart Production\u00a8 afin de lib\u00e9rer le potentiel de num\u00e9risation de l'Am\u00e9rique latine et des Cara\u00efbes.","breadcrumb":{"@id":"https:\/\/content.carib-export.com\/fr\/opportunities\/call-for-challenges-eu-lac-digital-accelerator\/#breadcrumb"},"inLanguage":"fr-FR","potentialAction":[{"@type":"ReadAction","target":["https:\/\/content.carib-export.com\/fr\/opportunities\/call-for-challenges-eu-lac-digital-accelerator\/"]}]},{"@type":"ImageObject","inLanguage":"fr-FR","@id":"https:\/\/content.carib-export.com\/fr\/opportunities\/call-for-challenges-eu-lac-digital-accelerator\/#primaryimage","url":"https:\/\/content.carib-export.com\/wp-content\/uploads\/2023\/11\/Call-for-corporates-banner-1-004-CE-resized.png","contentUrl":"https:\/\/content.carib-export.com\/wp-content\/uploads\/2023\/11\/Call-for-corporates-banner-1-004-CE-resized.png","width":1500,"height":844},{"@type":"BreadcrumbList","@id":"https:\/\/content.carib-export.com\/fr\/opportunities\/call-for-challenges-eu-lac-digital-accelerator\/#breadcrumb","itemListElement":[{"@type":"ListItem","position":1,"name":"Accueil","item":"https:\/\/content.carib-export.com\/fr\/home\/"},{"@type":"ListItem","position":2,"name":"Opportunities","item":"https:\/\/content.carib-export.com\/fr\/opportunities\/"},{"@type":"ListItem","position":3,"name":"Appel \u00e0 d\u00e9fis &#8211; Acc\u00e9l\u00e9rateur num\u00e9rique UE-ALC"}]},{"@type":"WebSite","@id":"https:\/\/content.carib-export.com\/fr\/#website","url":"https:\/\/content.carib-export.com\/fr\/","name":"Exportation Cara\u00efbes","description":"La seule agence r\u00e9gionale de promotion du commerce et des investissements du groupe Afrique, Cara\u00efbes et Pacifique.","publisher":{"@id":"https:\/\/content.carib-export.com\/fr\/#organization"},"potentialAction":[{"@type":"SearchAction","target":{"@type":"EntryPoint","urlTemplate":"https:\/\/content.carib-export.com\/fr\/?s={search_term_string}"},"query-input":{"@type":"PropertyValueSpecification","valueRequired":true,"valueName":"search_term_string"}}],"inLanguage":"fr-FR"},{"@type":"Organization","@id":"https:\/\/content.carib-export.com\/fr\/#organization","name":"Agence carib\u00e9enne de d\u00e9veloppement des exportations","url":"https:\/\/content.carib-export.com\/fr\/","logo":{"@type":"ImageObject","inLanguage":"fr-FR","@id":"https:\/\/content.carib-export.com\/fr\/#\/schema\/logo\/image\/","url":"https:\/\/content.carib-export.com\/wp-content\/uploads\/2013\/03\/CE-Logo-2013.jpg","contentUrl":"https:\/\/content.carib-export.com\/wp-content\/uploads\/2013\/03\/CE-Logo-2013.jpg","width":1024,"height":244,"caption":"Agence carib\u00e9enne de d\u00e9veloppement des exportations"},"image":{"@id":"https:\/\/content.carib-export.com\/fr\/#\/schema\/logo\/image\/"},"sameAs":["https:\/\/www.facebook.com\/CaribbeanExport","https:\/\/x.com\/CaribXport","https:\/\/www.instagram.com\/caribbeanexport","https:\/\/www.linkedin.com\/company\/caribbeanexport","https:\/\/www.youtube.com\/user\/TheCaribbeanExport"]}]}},"_links":{"self":[{"href":"https:\/\/content.carib-export.com\/fr\/wp-json\/wp\/v2\/opportunities\/316530","targetHints":{"allow":["GET"]}}],"collection":[{"href":"https:\/\/content.carib-export.com\/fr\/wp-json\/wp\/v2\/opportunities"}],"about":[{"href":"https:\/\/content.carib-export.com\/fr\/wp-json\/wp\/v2\/types\/opportunities"}],"author":[{"embeddable":true,"href":"https:\/\/content.carib-export.com\/fr\/wp-json\/wp\/v2\/users\/26"}],"version-history":[{"count":0,"href":"https:\/\/content.carib-export.com\/fr\/wp-json\/wp\/v2\/opportunities\/316530\/revisions"}],"wp:featuredmedia":[{"embeddable":true,"href":"https:\/\/content.carib-export.com\/fr\/wp-json\/wp\/v2\/media\/316519"}],"wp:attachment":[{"href":"https:\/\/content.carib-export.com\/fr\/wp-json\/wp\/v2\/media?parent=316530"}],"wp:term":[{"taxonomy":"post_tag","embeddable":true,"href":"https:\/\/content.carib-export.com\/fr\/wp-json\/wp\/v2\/tags?post=316530"}],"curies":[{"name":"wp","href":"https:\/\/api.w.org\/{rel}","templated":true}]}}