{"id":317283,"date":"2023-12-13T12:17:59","date_gmt":"2023-12-13T16:17:59","guid":{"rendered":"https:\/\/content.carib-export.com\/opportunities\/vacancy-for-the-position-of-procurement-officer\/"},"modified":"2023-12-13T12:20:14","modified_gmt":"2023-12-13T16:20:14","slug":"vacancy-for-the-position-of-procurement-officer","status":"publish","type":"opportunities","link":"https:\/\/content.carib-export.com\/fr\/opportunities\/vacancy-for-the-position-of-procurement-officer\/","title":{"rendered":"Offre d&#8217;emploi pour le poste de responsable des achats"},"content":{"rendered":"\n<p>Les ressortissants des \u00c9tats membres du Fonds de d\u00e9veloppement de la CARICOM (CDF) int\u00e9ress\u00e9s et d\u00fbment qualifi\u00e9s sont invit\u00e9s \u00e0 pr\u00e9senter leur candidature au poste de responsable des achats.<\/p>\n\n<p>Tous les d\u00e9tails de ce poste peuvent \u00eatre obtenus en t\u00e9l\u00e9chargeant la description du poste ci-dessous.<\/p>\n\n<p>Les candidatures, accompagn\u00e9es d&rsquo;un curriculum vitae complet comprenant la nationalit\u00e9, l&rsquo;exp\u00e9rience professionnelle, les dipl\u00f4mes, un r\u00e9sum\u00e9 des comp\u00e9tences professionnelles et\/ou de l&rsquo;expertise, les comp\u00e9tences linguistiques, les coordonn\u00e9es (y compris les adresses \u00e9lectroniques) de deux (2) personnes de r\u00e9f\u00e9rence (dont l&rsquo;une au moins doit \u00eatre famili\u00e8re avec le travail du candidat) et d&rsquo;autres informations pertinentes, doivent \u00eatre adress\u00e9es \u00e0 l&rsquo;adresse suivante<\/p>\n\n<p>\u00ab\u00a0Candidature au poste de responsable des achats<br\/>Le directeur g\u00e9n\u00e9ral<br\/>Fonds de d\u00e9veloppement du CARICOM<br\/>1er \u00e9tage Est, SKY Mall<br\/>Haggatt Hall, St. Michael BB11063<br\/>BARBADE<\/p>\n\n<p>et envoy\u00e9es par courrier \u00e9lectronique \u00e0 l&rsquo;adresse suivante<br\/>opportunity@caricomdf.org et aparris@caricomdf.org<\/p>\n\n<p>La date limite de d\u00e9p\u00f4t des candidatures est fix\u00e9e au 2 janvier 2024.<\/p>\n","protected":false},"excerpt":{"rendered":"<p>Les ressortissants des \u00c9tats membres du Fonds de d\u00e9veloppement de la CARICOM (CDF) int\u00e9ress\u00e9s et d\u00fbment qualifi\u00e9s sont invit\u00e9s \u00e0 pr\u00e9senter leur candidature au poste de responsable des achats. Tous les d\u00e9tails de ce poste peuvent \u00eatre obtenus en t\u00e9l\u00e9chargeant la description du poste ci-dessous. Les candidatures, accompagn\u00e9es d&rsquo;un curriculum vitae complet comprenant la nationalit\u00e9, [&hellip;]<\/p>\n","protected":false},"author":9,"featured_media":316469,"menu_order":0,"template":"","tags":[],"class_list":["post-317283","opportunities","type-opportunities","status-publish","has-post-thumbnail","hentry"],"acf":[],"yoast_head":"<!-- This site is optimized with the Yoast SEO plugin v27.1.1 - https:\/\/yoast.com\/product\/yoast-seo-wordpress\/ -->\n<title>de Offre d&#039;emploi pour le poste de responsable des achats - Exportation Cara\u00efbes<\/title>\n<meta name=\"description\" content=\"Les ressortissants des \u00c9tats membres du Fonds de d\u00e9veloppement de la CARICOM (CDF) int\u00e9ress\u00e9s et d\u00fbment qualifi\u00e9s sont invit\u00e9s \u00e0 pr\u00e9senter leur candidature au poste de responsable des achats.\" \/>\n<meta name=\"robots\" content=\"index, follow, max-snippet:-1, max-image-preview:large, max-video-preview:-1\" \/>\n<link rel=\"canonical\" href=\"https:\/\/content.carib-export.com\/fr\/opportunities\/vacancy-for-the-position-of-procurement-officer\/\" \/>\n<meta property=\"og:locale\" content=\"fr_FR\" \/>\n<meta property=\"og:type\" content=\"article\" \/>\n<meta property=\"og:title\" content=\"Offre d&#039;emploi pour le poste de responsable des achats\" \/>\n<meta property=\"og:description\" content=\"Les ressortissants des \u00c9tats membres du Fonds de d\u00e9veloppement de la CARICOM (CDF) int\u00e9ress\u00e9s et d\u00fbment qualifi\u00e9s sont invit\u00e9s \u00e0 pr\u00e9senter leur candidature au poste de responsable des achats.\" \/>\n<meta property=\"og:url\" content=\"https:\/\/content.carib-export.com\/fr\/opportunities\/vacancy-for-the-position-of-procurement-officer\/\" \/>\n<meta property=\"og:site_name\" content=\"Exportation Cara\u00efbes\" \/>\n<meta property=\"article:publisher\" content=\"https:\/\/www.facebook.com\/CaribbeanExport\" \/>\n<meta property=\"article:modified_time\" content=\"2023-12-13T16:20:14+00:00\" \/>\n<meta property=\"og:image\" content=\"https:\/\/content.carib-export.com\/wp-content\/uploads\/2023\/11\/cdflogo.jpg\" \/>\n<meta name=\"twitter:card\" content=\"summary_large_image\" \/>\n<meta name=\"twitter:title\" content=\"Offre d&#039;emploi pour le poste de responsable des achats\" \/>\n<meta name=\"twitter:description\" content=\"Les ressortissants des \u00c9tats membres du Fonds de d\u00e9veloppement de la CARICOM (CDF) int\u00e9ress\u00e9s et d\u00fbment qualifi\u00e9s sont invit\u00e9s \u00e0 pr\u00e9senter leur candidature au poste de responsable des achats.\" \/>\n<meta name=\"twitter:image\" content=\"https:\/\/content.carib-export.com\/wp-content\/uploads\/2023\/11\/cdflogo.jpg\" \/>\n<meta name=\"twitter:site\" content=\"@CaribXport\" \/>\n<meta name=\"twitter:label1\" content=\"Dur\u00e9e de lecture estim\u00e9e\" \/>\n\t<meta name=\"twitter:data1\" content=\"1 minute\" \/>\n<script type=\"application\/ld+json\" class=\"yoast-schema-graph\">{\"@context\":\"https:\/\/schema.org\",\"@graph\":[{\"@type\":\"WebPage\",\"@id\":\"https:\/\/content.carib-export.com\/fr\/opportunities\/vacancy-for-the-position-of-procurement-officer\/\",\"url\":\"https:\/\/content.carib-export.com\/fr\/opportunities\/vacancy-for-the-position-of-procurement-officer\/\",\"name\":\"de Offre d'emploi pour le poste de responsable des achats - Exportation Cara\u00efbes\",\"isPartOf\":{\"@id\":\"https:\/\/content.carib-export.com\/fr\/#website\"},\"primaryImageOfPage\":{\"@id\":\"https:\/\/content.carib-export.com\/fr\/opportunities\/vacancy-for-the-position-of-procurement-officer\/#primaryimage\"},\"image\":{\"@id\":\"https:\/\/content.carib-export.com\/fr\/opportunities\/vacancy-for-the-position-of-procurement-officer\/#primaryimage\"},\"thumbnailUrl\":\"https:\/\/content.carib-export.com\/wp-content\/uploads\/2023\/11\/cdflogo.jpg\",\"datePublished\":\"2023-12-13T16:17:59+00:00\",\"dateModified\":\"2023-12-13T16:20:14+00:00\",\"description\":\"Les ressortissants des \u00c9tats membres du Fonds de d\u00e9veloppement de la CARICOM (CDF) int\u00e9ress\u00e9s et d\u00fbment qualifi\u00e9s sont invit\u00e9s \u00e0 pr\u00e9senter leur candidature au poste de responsable des achats.\",\"breadcrumb\":{\"@id\":\"https:\/\/content.carib-export.com\/fr\/opportunities\/vacancy-for-the-position-of-procurement-officer\/#breadcrumb\"},\"inLanguage\":\"fr-FR\",\"potentialAction\":[{\"@type\":\"ReadAction\",\"target\":[\"https:\/\/content.carib-export.com\/fr\/opportunities\/vacancy-for-the-position-of-procurement-officer\/\"]}]},{\"@type\":\"ImageObject\",\"inLanguage\":\"fr-FR\",\"@id\":\"https:\/\/content.carib-export.com\/fr\/opportunities\/vacancy-for-the-position-of-procurement-officer\/#primaryimage\",\"url\":\"https:\/\/content.carib-export.com\/wp-content\/uploads\/2023\/11\/cdflogo.jpg\",\"contentUrl\":\"https:\/\/content.carib-export.com\/wp-content\/uploads\/2023\/11\/cdflogo.jpg\",\"width\":800,\"height\":600},{\"@type\":\"BreadcrumbList\",\"@id\":\"https:\/\/content.carib-export.com\/fr\/opportunities\/vacancy-for-the-position-of-procurement-officer\/#breadcrumb\",\"itemListElement\":[{\"@type\":\"ListItem\",\"position\":1,\"name\":\"Accueil\",\"item\":\"https:\/\/content.carib-export.com\/fr\/home\/\"},{\"@type\":\"ListItem\",\"position\":2,\"name\":\"Opportunities\",\"item\":\"https:\/\/content.carib-export.com\/fr\/opportunities\/\"},{\"@type\":\"ListItem\",\"position\":3,\"name\":\"Offre d&#8217;emploi pour le poste de responsable des achats\"}]},{\"@type\":\"WebSite\",\"@id\":\"https:\/\/content.carib-export.com\/fr\/#website\",\"url\":\"https:\/\/content.carib-export.com\/fr\/\",\"name\":\"Exportation Cara\u00efbes\",\"description\":\"La seule agence r\u00e9gionale de promotion du commerce et des investissements du groupe Afrique, Cara\u00efbes et Pacifique.\",\"publisher\":{\"@id\":\"https:\/\/content.carib-export.com\/fr\/#organization\"},\"potentialAction\":[{\"@type\":\"SearchAction\",\"target\":{\"@type\":\"EntryPoint\",\"urlTemplate\":\"https:\/\/content.carib-export.com\/fr\/?s={search_term_string}\"},\"query-input\":{\"@type\":\"PropertyValueSpecification\",\"valueRequired\":true,\"valueName\":\"search_term_string\"}}],\"inLanguage\":\"fr-FR\"},{\"@type\":\"Organization\",\"@id\":\"https:\/\/content.carib-export.com\/fr\/#organization\",\"name\":\"Agence carib\u00e9enne de d\u00e9veloppement des exportations\",\"url\":\"https:\/\/content.carib-export.com\/fr\/\",\"logo\":{\"@type\":\"ImageObject\",\"inLanguage\":\"fr-FR\",\"@id\":\"https:\/\/content.carib-export.com\/fr\/#\/schema\/logo\/image\/\",\"url\":\"https:\/\/content.carib-export.com\/wp-content\/uploads\/2013\/03\/CE-Logo-2013.jpg\",\"contentUrl\":\"https:\/\/content.carib-export.com\/wp-content\/uploads\/2013\/03\/CE-Logo-2013.jpg\",\"width\":1024,\"height\":244,\"caption\":\"Agence carib\u00e9enne de d\u00e9veloppement des exportations\"},\"image\":{\"@id\":\"https:\/\/content.carib-export.com\/fr\/#\/schema\/logo\/image\/\"},\"sameAs\":[\"https:\/\/www.facebook.com\/CaribbeanExport\",\"https:\/\/x.com\/CaribXport\",\"https:\/\/www.instagram.com\/caribbeanexport\",\"https:\/\/www.linkedin.com\/company\/caribbeanexport\",\"https:\/\/www.youtube.com\/user\/TheCaribbeanExport\"]}]}<\/script>\n<!-- \/ Yoast SEO plugin. -->","yoast_head_json":{"title":"de Offre d'emploi pour le poste de responsable des achats - Exportation Cara\u00efbes","description":"Les ressortissants des \u00c9tats membres du Fonds de d\u00e9veloppement de la CARICOM (CDF) int\u00e9ress\u00e9s et d\u00fbment qualifi\u00e9s sont invit\u00e9s \u00e0 pr\u00e9senter leur candidature au poste de responsable des achats.","robots":{"index":"index","follow":"follow","max-snippet":"max-snippet:-1","max-image-preview":"max-image-preview:large","max-video-preview":"max-video-preview:-1"},"canonical":"https:\/\/content.carib-export.com\/fr\/opportunities\/vacancy-for-the-position-of-procurement-officer\/","og_locale":"fr_FR","og_type":"article","og_title":"Offre d'emploi pour le poste de responsable des achats","og_description":"Les ressortissants des \u00c9tats membres du Fonds de d\u00e9veloppement de la CARICOM (CDF) int\u00e9ress\u00e9s et d\u00fbment qualifi\u00e9s sont invit\u00e9s \u00e0 pr\u00e9senter leur candidature au poste de responsable des achats.","og_url":"https:\/\/content.carib-export.com\/fr\/opportunities\/vacancy-for-the-position-of-procurement-officer\/","og_site_name":"Exportation Cara\u00efbes","article_publisher":"https:\/\/www.facebook.com\/CaribbeanExport","article_modified_time":"2023-12-13T16:20:14+00:00","og_image":[{"url":"https:\/\/content.carib-export.com\/wp-content\/uploads\/2023\/11\/cdflogo.jpg","type":"","width":"","height":""}],"twitter_card":"summary_large_image","twitter_title":"Offre d'emploi pour le poste de responsable des achats","twitter_description":"Les ressortissants des \u00c9tats membres du Fonds de d\u00e9veloppement de la CARICOM (CDF) int\u00e9ress\u00e9s et d\u00fbment qualifi\u00e9s sont invit\u00e9s \u00e0 pr\u00e9senter leur candidature au poste de responsable des achats.","twitter_image":"https:\/\/content.carib-export.com\/wp-content\/uploads\/2023\/11\/cdflogo.jpg","twitter_site":"@CaribXport","twitter_misc":{"Dur\u00e9e de lecture estim\u00e9e":"1 minute"},"schema":{"@context":"https:\/\/schema.org","@graph":[{"@type":"WebPage","@id":"https:\/\/content.carib-export.com\/fr\/opportunities\/vacancy-for-the-position-of-procurement-officer\/","url":"https:\/\/content.carib-export.com\/fr\/opportunities\/vacancy-for-the-position-of-procurement-officer\/","name":"de Offre d'emploi pour le poste de responsable des achats - Exportation Cara\u00efbes","isPartOf":{"@id":"https:\/\/content.carib-export.com\/fr\/#website"},"primaryImageOfPage":{"@id":"https:\/\/content.carib-export.com\/fr\/opportunities\/vacancy-for-the-position-of-procurement-officer\/#primaryimage"},"image":{"@id":"https:\/\/content.carib-export.com\/fr\/opportunities\/vacancy-for-the-position-of-procurement-officer\/#primaryimage"},"thumbnailUrl":"https:\/\/content.carib-export.com\/wp-content\/uploads\/2023\/11\/cdflogo.jpg","datePublished":"2023-12-13T16:17:59+00:00","dateModified":"2023-12-13T16:20:14+00:00","description":"Les ressortissants des \u00c9tats membres du Fonds de d\u00e9veloppement de la CARICOM (CDF) int\u00e9ress\u00e9s et d\u00fbment qualifi\u00e9s sont invit\u00e9s \u00e0 pr\u00e9senter leur candidature au poste de responsable des achats.","breadcrumb":{"@id":"https:\/\/content.carib-export.com\/fr\/opportunities\/vacancy-for-the-position-of-procurement-officer\/#breadcrumb"},"inLanguage":"fr-FR","potentialAction":[{"@type":"ReadAction","target":["https:\/\/content.carib-export.com\/fr\/opportunities\/vacancy-for-the-position-of-procurement-officer\/"]}]},{"@type":"ImageObject","inLanguage":"fr-FR","@id":"https:\/\/content.carib-export.com\/fr\/opportunities\/vacancy-for-the-position-of-procurement-officer\/#primaryimage","url":"https:\/\/content.carib-export.com\/wp-content\/uploads\/2023\/11\/cdflogo.jpg","contentUrl":"https:\/\/content.carib-export.com\/wp-content\/uploads\/2023\/11\/cdflogo.jpg","width":800,"height":600},{"@type":"BreadcrumbList","@id":"https:\/\/content.carib-export.com\/fr\/opportunities\/vacancy-for-the-position-of-procurement-officer\/#breadcrumb","itemListElement":[{"@type":"ListItem","position":1,"name":"Accueil","item":"https:\/\/content.carib-export.com\/fr\/home\/"},{"@type":"ListItem","position":2,"name":"Opportunities","item":"https:\/\/content.carib-export.com\/fr\/opportunities\/"},{"@type":"ListItem","position":3,"name":"Offre d&#8217;emploi pour le poste de responsable des achats"}]},{"@type":"WebSite","@id":"https:\/\/content.carib-export.com\/fr\/#website","url":"https:\/\/content.carib-export.com\/fr\/","name":"Exportation Cara\u00efbes","description":"La seule agence r\u00e9gionale de promotion du commerce et des investissements du groupe Afrique, Cara\u00efbes et Pacifique.","publisher":{"@id":"https:\/\/content.carib-export.com\/fr\/#organization"},"potentialAction":[{"@type":"SearchAction","target":{"@type":"EntryPoint","urlTemplate":"https:\/\/content.carib-export.com\/fr\/?s={search_term_string}"},"query-input":{"@type":"PropertyValueSpecification","valueRequired":true,"valueName":"search_term_string"}}],"inLanguage":"fr-FR"},{"@type":"Organization","@id":"https:\/\/content.carib-export.com\/fr\/#organization","name":"Agence carib\u00e9enne de d\u00e9veloppement des exportations","url":"https:\/\/content.carib-export.com\/fr\/","logo":{"@type":"ImageObject","inLanguage":"fr-FR","@id":"https:\/\/content.carib-export.com\/fr\/#\/schema\/logo\/image\/","url":"https:\/\/content.carib-export.com\/wp-content\/uploads\/2013\/03\/CE-Logo-2013.jpg","contentUrl":"https:\/\/content.carib-export.com\/wp-content\/uploads\/2013\/03\/CE-Logo-2013.jpg","width":1024,"height":244,"caption":"Agence carib\u00e9enne de d\u00e9veloppement des exportations"},"image":{"@id":"https:\/\/content.carib-export.com\/fr\/#\/schema\/logo\/image\/"},"sameAs":["https:\/\/www.facebook.com\/CaribbeanExport","https:\/\/x.com\/CaribXport","https:\/\/www.instagram.com\/caribbeanexport","https:\/\/www.linkedin.com\/company\/caribbeanexport","https:\/\/www.youtube.com\/user\/TheCaribbeanExport"]}]}},"_links":{"self":[{"href":"https:\/\/content.carib-export.com\/fr\/wp-json\/wp\/v2\/opportunities\/317283","targetHints":{"allow":["GET"]}}],"collection":[{"href":"https:\/\/content.carib-export.com\/fr\/wp-json\/wp\/v2\/opportunities"}],"about":[{"href":"https:\/\/content.carib-export.com\/fr\/wp-json\/wp\/v2\/types\/opportunities"}],"author":[{"embeddable":true,"href":"https:\/\/content.carib-export.com\/fr\/wp-json\/wp\/v2\/users\/9"}],"version-history":[{"count":0,"href":"https:\/\/content.carib-export.com\/fr\/wp-json\/wp\/v2\/opportunities\/317283\/revisions"}],"wp:featuredmedia":[{"embeddable":true,"href":"https:\/\/content.carib-export.com\/fr\/wp-json\/wp\/v2\/media\/316469"}],"wp:attachment":[{"href":"https:\/\/content.carib-export.com\/fr\/wp-json\/wp\/v2\/media?parent=317283"}],"wp:term":[{"taxonomy":"post_tag","embeddable":true,"href":"https:\/\/content.carib-export.com\/fr\/wp-json\/wp\/v2\/tags?post=317283"}],"curies":[{"name":"wp","href":"https:\/\/api.w.org\/{rel}","templated":true}]}}