{"id":318015,"date":"2024-02-07T11:56:24","date_gmt":"2024-02-07T15:56:24","guid":{"rendered":"https:\/\/content.carib-export.com\/opportunities\/call-for-the-entrepreneurship-incubator-integration-into-an-entrepreneurial-regional-ecosystem\/"},"modified":"2024-02-07T12:02:50","modified_gmt":"2024-02-07T16:02:50","slug":"call-for-the-entrepreneurship-incubator-integration-into-an-entrepreneurial-regional-ecosystem","status":"publish","type":"opportunities","link":"https:\/\/content.carib-export.com\/fr\/opportunities\/call-for-the-entrepreneurship-incubator-integration-into-an-entrepreneurial-regional-ecosystem\/","title":{"rendered":"Appel \u00e0 candidatures pour l&rsquo;incubateur d&rsquo;entreprises \u00ab\u00a0Int\u00e9gration dans un \u00e9cosyst\u00e8me r\u00e9gional entrepreneurial\u00a0\u00bb."},"content":{"rendered":"\n<p><\/p>\n\n<p>Cet appel \u00e0 candidatures est lanc\u00e9 dans le cadre de <em>Transcultura : Int\u00e9grer Cuba, les Cara\u00efbes et l&rsquo;Union europ\u00e9enne par la culture et la cr\u00e9ativit\u00e9<\/em>, un programme quinquennal mis en \u0153uvre par le Bureau r\u00e9gional de l&rsquo;UNESCO \u00e0 La Havane avec le soutien de l&rsquo;Union europ\u00e9enne.<\/p>\n\n<p>L&rsquo;objectif g\u00e9n\u00e9ral du programme est d&rsquo;approfondir l&rsquo;int\u00e9gration culturelle dans les Cara\u00efbes et de renforcer la coop\u00e9ration et les \u00e9changes entre les peuples dans la r\u00e9gion et avec l&rsquo;Union europ\u00e9enne. En particulier, le volet \u00ab\u00a0Entrepreneuriat et incubateur\u00a0\u00bb vise \u00e0 renforcer les capacit\u00e9s pour le d\u00e9veloppement de nouveaux projets culturels, l&rsquo;auto-emploi et les activit\u00e9s de d\u00e9marrage et d&rsquo;expansion. Le d\u00e9veloppement de projets innovants et entrepreneuriaux soutenu par le programme am\u00e9liorera l&rsquo;acc\u00e8s des b\u00e9n\u00e9ficiaires \u00e0 de nouvelles connaissances, \u00e0 de nouveaux march\u00e9s, \u00e0 de nouveaux mod\u00e8les de gestion et \u00e0 de nouvelles sources de financement.<\/p>\n\n<p>Dans ce contexte, l&rsquo;<strong>incubateur d&rsquo;entreprises<em>:Int\u00e9gration dans un \u00e9cosyst\u00e8me r\u00e9gional entrepreneurial est<\/em><\/strong>une initiative d&rsquo;incubateur en ligne qui offre aux entrepreneurs cr\u00e9atifs un lien leur permettant de partager leurs id\u00e9es stimulantes et de travailler au sein d&rsquo;une communaut\u00e9 \u00e9largie de professionnels de la culture. Gr\u00e2ce \u00e0 cette initiative, les id\u00e9es de projets cr\u00e9atifs et \u00e9volutifs, au sein des industries culturelles et cr\u00e9atives et \u00e0 un stade pr\u00e9coce de leur d\u00e9veloppement, auront la possibilit\u00e9 de se connecter et de s&rsquo;appuyer sur un \u00e9cosyst\u00e8me collaboratif afin d&rsquo;accro\u00eetre les capacit\u00e9s entrepreneuriales pour la cr\u00e9ation d&rsquo;entreprises comp\u00e9titives et de connexions pertinentes pour la g\u00e9n\u00e9ration de financements et d&rsquo;opportunit\u00e9s d&#8217;emploi ind\u00e9pendant. <\/p>\n\n<p>Au cours de ce programme de huit semaines, de fin f\u00e9vrier 2024 \u00e0 mi-avril 2024, les participants s&rsquo;engageront dans une vari\u00e9t\u00e9 d&rsquo;activit\u00e9s enrichissantes con\u00e7ues pour am\u00e9liorer leurs comp\u00e9tences entrepreneuriales \u00e0 travers le d\u00e9veloppement et l&rsquo;activation d&rsquo;un \u00e9cosyst\u00e8me cr\u00e9atif dans les Cara\u00efbes.<\/p>\n\n<p><a href=\"https:\/\/caribbeanintransit.info\/\" target=\"_blank\" rel=\"noreferrer noopener\"><strong>Acc\u00e9dez aux conditions de l&rsquo;appel et postulez !<\/strong><\/a><\/p>\n\n<p><a href=\"https:\/\/caribbeanintransit.info\/\" target=\"_blank\" rel=\"noreferrer noopener\"><strong>Acc\u00e9dez aux bases de la convocation et demandez votre place !<\/strong><\/a><\/p>\n\n<p><a href=\"https:\/\/caribbeanintransit.info\/\" target=\"_blank\" rel=\"noreferrer noopener\"><strong>Acc\u00e9dez aux termes et conditions de l&rsquo;appel \u00e0 candidatures et postulez !<\/strong><\/a><\/p>\n\n<p><\/p>\n","protected":false},"excerpt":{"rendered":"<p>Cet appel \u00e0 candidatures est lanc\u00e9 dans le cadre de Transcultura : Int\u00e9grer Cuba, les Cara\u00efbes et l&rsquo;Union europ\u00e9enne par la culture et la cr\u00e9ativit\u00e9, un programme quinquennal mis en \u0153uvre par le Bureau r\u00e9gional de l&rsquo;UNESCO \u00e0 La Havane avec le soutien de l&rsquo;Union europ\u00e9enne. L&rsquo;objectif g\u00e9n\u00e9ral du programme est d&rsquo;approfondir l&rsquo;int\u00e9gration culturelle dans [&hellip;]<\/p>\n","protected":false},"author":26,"featured_media":317962,"menu_order":0,"template":"","tags":[],"class_list":["post-318015","opportunities","type-opportunities","status-publish","has-post-thumbnail","hentry"],"acf":[],"yoast_head":"<!-- This site is optimized with the Yoast SEO plugin v27.1.1 - https:\/\/yoast.com\/product\/yoast-seo-wordpress\/ -->\n<title>de Appel \u00e0 candidatures pour l&#039;incubateur d&#039;entreprises &quot;Int\u00e9gration dans un \u00e9cosyst\u00e8me r\u00e9gional entrepreneurial&quot;. - Exportation Cara\u00efbes<\/title>\n<meta name=\"robots\" content=\"index, follow, max-snippet:-1, max-image-preview:large, max-video-preview:-1\" \/>\n<link rel=\"canonical\" href=\"https:\/\/content.carib-export.com\/fr\/opportunities\/call-for-the-entrepreneurship-incubator-integration-into-an-entrepreneurial-regional-ecosystem\/\" \/>\n<meta property=\"og:locale\" content=\"fr_FR\" \/>\n<meta property=\"og:type\" content=\"article\" \/>\n<meta property=\"og:title\" content=\"Appel \u00e0 candidatures pour l&#039;incubateur d&#039;entreprises &quot;Int\u00e9gration dans un \u00e9cosyst\u00e8me r\u00e9gional entrepreneurial&quot;.\" \/>\n<meta property=\"og:description\" content=\"Cet appel \u00e0 candidatures est lanc\u00e9 dans le cadre de Transcultura : Int\u00e9grer Cuba, les Cara\u00efbes et l&#039;Union europ\u00e9enne par la culture et la cr\u00e9ativit\u00e9, un programme quinquennal mis en \u0153uvre par le Bureau r\u00e9gional de l&#039;UNESCO \u00e0 La Havane avec le soutien de l&#039;Union europ\u00e9enne.\" \/>\n<meta property=\"og:url\" content=\"https:\/\/content.carib-export.com\/fr\/opportunities\/call-for-the-entrepreneurship-incubator-integration-into-an-entrepreneurial-regional-ecosystem\/\" \/>\n<meta property=\"og:site_name\" content=\"Exportation Cara\u00efbes\" \/>\n<meta property=\"article:publisher\" content=\"https:\/\/www.facebook.com\/CaribbeanExport\" \/>\n<meta property=\"article:modified_time\" content=\"2024-02-07T16:02:50+00:00\" \/>\n<meta property=\"og:image\" content=\"https:\/\/content.carib-export.com\/wp-content\/uploads\/2024\/02\/Call-for-Entrepreneurship-Incubator.png\" \/>\n<meta name=\"twitter:card\" content=\"summary_large_image\" \/>\n<meta name=\"twitter:title\" content=\"Appel \u00e0 candidatures pour l&#039;incubateur d&#039;entreprises &quot;Int\u00e9gration dans un \u00e9cosyst\u00e8me r\u00e9gional entrepreneurial&quot;.\" \/>\n<meta name=\"twitter:description\" content=\"Cet appel \u00e0 candidatures est lanc\u00e9 dans le cadre de Transcultura : Int\u00e9grer Cuba, les Cara\u00efbes et l&#039;Union europ\u00e9enne par la culture et la cr\u00e9ativit\u00e9, un programme quinquennal mis en \u0153uvre par le Bureau r\u00e9gional de l&#039;UNESCO \u00e0 La Havane avec le soutien de l&#039;Union europ\u00e9enne.\" \/>\n<meta name=\"twitter:image\" content=\"https:\/\/content.carib-export.com\/wp-content\/uploads\/2024\/02\/Call-for-Entrepreneurship-Incubator.png\" \/>\n<meta name=\"twitter:site\" content=\"@CaribXport\" \/>\n<meta name=\"twitter:label1\" content=\"Dur\u00e9e de lecture estim\u00e9e\" \/>\n\t<meta name=\"twitter:data1\" content=\"2 minutes\" \/>\n<script type=\"application\/ld+json\" class=\"yoast-schema-graph\">{\"@context\":\"https:\/\/schema.org\",\"@graph\":[{\"@type\":\"WebPage\",\"@id\":\"https:\/\/content.carib-export.com\/fr\/opportunities\/call-for-the-entrepreneurship-incubator-integration-into-an-entrepreneurial-regional-ecosystem\/\",\"url\":\"https:\/\/content.carib-export.com\/fr\/opportunities\/call-for-the-entrepreneurship-incubator-integration-into-an-entrepreneurial-regional-ecosystem\/\",\"name\":\"de Appel \u00e0 candidatures pour l'incubateur d'entreprises \\\"Int\u00e9gration dans un \u00e9cosyst\u00e8me r\u00e9gional entrepreneurial\\\". - Exportation Cara\u00efbes\",\"isPartOf\":{\"@id\":\"https:\/\/content.carib-export.com\/fr\/#website\"},\"primaryImageOfPage\":{\"@id\":\"https:\/\/content.carib-export.com\/fr\/opportunities\/call-for-the-entrepreneurship-incubator-integration-into-an-entrepreneurial-regional-ecosystem\/#primaryimage\"},\"image\":{\"@id\":\"https:\/\/content.carib-export.com\/fr\/opportunities\/call-for-the-entrepreneurship-incubator-integration-into-an-entrepreneurial-regional-ecosystem\/#primaryimage\"},\"thumbnailUrl\":\"https:\/\/content.carib-export.com\/wp-content\/uploads\/2024\/02\/Call-for-Entrepreneurship-Incubator.png\",\"datePublished\":\"2024-02-07T15:56:24+00:00\",\"dateModified\":\"2024-02-07T16:02:50+00:00\",\"breadcrumb\":{\"@id\":\"https:\/\/content.carib-export.com\/fr\/opportunities\/call-for-the-entrepreneurship-incubator-integration-into-an-entrepreneurial-regional-ecosystem\/#breadcrumb\"},\"inLanguage\":\"fr-FR\",\"potentialAction\":[{\"@type\":\"ReadAction\",\"target\":[\"https:\/\/content.carib-export.com\/fr\/opportunities\/call-for-the-entrepreneurship-incubator-integration-into-an-entrepreneurial-regional-ecosystem\/\"]}]},{\"@type\":\"ImageObject\",\"inLanguage\":\"fr-FR\",\"@id\":\"https:\/\/content.carib-export.com\/fr\/opportunities\/call-for-the-entrepreneurship-incubator-integration-into-an-entrepreneurial-regional-ecosystem\/#primaryimage\",\"url\":\"https:\/\/content.carib-export.com\/wp-content\/uploads\/2024\/02\/Call-for-Entrepreneurship-Incubator.png\",\"contentUrl\":\"https:\/\/content.carib-export.com\/wp-content\/uploads\/2024\/02\/Call-for-Entrepreneurship-Incubator.png\",\"width\":916,\"height\":457},{\"@type\":\"BreadcrumbList\",\"@id\":\"https:\/\/content.carib-export.com\/fr\/opportunities\/call-for-the-entrepreneurship-incubator-integration-into-an-entrepreneurial-regional-ecosystem\/#breadcrumb\",\"itemListElement\":[{\"@type\":\"ListItem\",\"position\":1,\"name\":\"Accueil\",\"item\":\"https:\/\/content.carib-export.com\/fr\/home\/\"},{\"@type\":\"ListItem\",\"position\":2,\"name\":\"Opportunities\",\"item\":\"https:\/\/content.carib-export.com\/fr\/opportunities\/\"},{\"@type\":\"ListItem\",\"position\":3,\"name\":\"Appel \u00e0 candidatures pour l&#8217;incubateur d&#8217;entreprises &#8220;Int\u00e9gration dans un \u00e9cosyst\u00e8me r\u00e9gional entrepreneurial&#8221;.\"}]},{\"@type\":\"WebSite\",\"@id\":\"https:\/\/content.carib-export.com\/fr\/#website\",\"url\":\"https:\/\/content.carib-export.com\/fr\/\",\"name\":\"Exportation Cara\u00efbes\",\"description\":\"La seule agence r\u00e9gionale de promotion du commerce et des investissements du groupe Afrique, Cara\u00efbes et Pacifique.\",\"publisher\":{\"@id\":\"https:\/\/content.carib-export.com\/fr\/#organization\"},\"potentialAction\":[{\"@type\":\"SearchAction\",\"target\":{\"@type\":\"EntryPoint\",\"urlTemplate\":\"https:\/\/content.carib-export.com\/fr\/?s={search_term_string}\"},\"query-input\":{\"@type\":\"PropertyValueSpecification\",\"valueRequired\":true,\"valueName\":\"search_term_string\"}}],\"inLanguage\":\"fr-FR\"},{\"@type\":\"Organization\",\"@id\":\"https:\/\/content.carib-export.com\/fr\/#organization\",\"name\":\"Agence carib\u00e9enne de d\u00e9veloppement des exportations\",\"url\":\"https:\/\/content.carib-export.com\/fr\/\",\"logo\":{\"@type\":\"ImageObject\",\"inLanguage\":\"fr-FR\",\"@id\":\"https:\/\/content.carib-export.com\/fr\/#\/schema\/logo\/image\/\",\"url\":\"https:\/\/content.carib-export.com\/wp-content\/uploads\/2013\/03\/CE-Logo-2013.jpg\",\"contentUrl\":\"https:\/\/content.carib-export.com\/wp-content\/uploads\/2013\/03\/CE-Logo-2013.jpg\",\"width\":1024,\"height\":244,\"caption\":\"Agence carib\u00e9enne de d\u00e9veloppement des exportations\"},\"image\":{\"@id\":\"https:\/\/content.carib-export.com\/fr\/#\/schema\/logo\/image\/\"},\"sameAs\":[\"https:\/\/www.facebook.com\/CaribbeanExport\",\"https:\/\/x.com\/CaribXport\",\"https:\/\/www.instagram.com\/caribbeanexport\",\"https:\/\/www.linkedin.com\/company\/caribbeanexport\",\"https:\/\/www.youtube.com\/user\/TheCaribbeanExport\"]}]}<\/script>\n<!-- \/ Yoast SEO plugin. -->","yoast_head_json":{"title":"de Appel \u00e0 candidatures pour l'incubateur d'entreprises \"Int\u00e9gration dans un \u00e9cosyst\u00e8me r\u00e9gional entrepreneurial\". - Exportation Cara\u00efbes","robots":{"index":"index","follow":"follow","max-snippet":"max-snippet:-1","max-image-preview":"max-image-preview:large","max-video-preview":"max-video-preview:-1"},"canonical":"https:\/\/content.carib-export.com\/fr\/opportunities\/call-for-the-entrepreneurship-incubator-integration-into-an-entrepreneurial-regional-ecosystem\/","og_locale":"fr_FR","og_type":"article","og_title":"Appel \u00e0 candidatures pour l'incubateur d'entreprises \"Int\u00e9gration dans un \u00e9cosyst\u00e8me r\u00e9gional entrepreneurial\".","og_description":"Cet appel \u00e0 candidatures est lanc\u00e9 dans le cadre de Transcultura : Int\u00e9grer Cuba, les Cara\u00efbes et l'Union europ\u00e9enne par la culture et la cr\u00e9ativit\u00e9, un programme quinquennal mis en \u0153uvre par le Bureau r\u00e9gional de l'UNESCO \u00e0 La Havane avec le soutien de l'Union europ\u00e9enne.","og_url":"https:\/\/content.carib-export.com\/fr\/opportunities\/call-for-the-entrepreneurship-incubator-integration-into-an-entrepreneurial-regional-ecosystem\/","og_site_name":"Exportation Cara\u00efbes","article_publisher":"https:\/\/www.facebook.com\/CaribbeanExport","article_modified_time":"2024-02-07T16:02:50+00:00","og_image":[{"url":"https:\/\/content.carib-export.com\/wp-content\/uploads\/2024\/02\/Call-for-Entrepreneurship-Incubator.png","type":"","width":"","height":""}],"twitter_card":"summary_large_image","twitter_title":"Appel \u00e0 candidatures pour l'incubateur d'entreprises \"Int\u00e9gration dans un \u00e9cosyst\u00e8me r\u00e9gional entrepreneurial\".","twitter_description":"Cet appel \u00e0 candidatures est lanc\u00e9 dans le cadre de Transcultura : Int\u00e9grer Cuba, les Cara\u00efbes et l'Union europ\u00e9enne par la culture et la cr\u00e9ativit\u00e9, un programme quinquennal mis en \u0153uvre par le Bureau r\u00e9gional de l'UNESCO \u00e0 La Havane avec le soutien de l'Union europ\u00e9enne.","twitter_image":"https:\/\/content.carib-export.com\/wp-content\/uploads\/2024\/02\/Call-for-Entrepreneurship-Incubator.png","twitter_site":"@CaribXport","twitter_misc":{"Dur\u00e9e de lecture estim\u00e9e":"2 minutes"},"schema":{"@context":"https:\/\/schema.org","@graph":[{"@type":"WebPage","@id":"https:\/\/content.carib-export.com\/fr\/opportunities\/call-for-the-entrepreneurship-incubator-integration-into-an-entrepreneurial-regional-ecosystem\/","url":"https:\/\/content.carib-export.com\/fr\/opportunities\/call-for-the-entrepreneurship-incubator-integration-into-an-entrepreneurial-regional-ecosystem\/","name":"de Appel \u00e0 candidatures pour l'incubateur d'entreprises \"Int\u00e9gration dans un \u00e9cosyst\u00e8me r\u00e9gional entrepreneurial\". - Exportation Cara\u00efbes","isPartOf":{"@id":"https:\/\/content.carib-export.com\/fr\/#website"},"primaryImageOfPage":{"@id":"https:\/\/content.carib-export.com\/fr\/opportunities\/call-for-the-entrepreneurship-incubator-integration-into-an-entrepreneurial-regional-ecosystem\/#primaryimage"},"image":{"@id":"https:\/\/content.carib-export.com\/fr\/opportunities\/call-for-the-entrepreneurship-incubator-integration-into-an-entrepreneurial-regional-ecosystem\/#primaryimage"},"thumbnailUrl":"https:\/\/content.carib-export.com\/wp-content\/uploads\/2024\/02\/Call-for-Entrepreneurship-Incubator.png","datePublished":"2024-02-07T15:56:24+00:00","dateModified":"2024-02-07T16:02:50+00:00","breadcrumb":{"@id":"https:\/\/content.carib-export.com\/fr\/opportunities\/call-for-the-entrepreneurship-incubator-integration-into-an-entrepreneurial-regional-ecosystem\/#breadcrumb"},"inLanguage":"fr-FR","potentialAction":[{"@type":"ReadAction","target":["https:\/\/content.carib-export.com\/fr\/opportunities\/call-for-the-entrepreneurship-incubator-integration-into-an-entrepreneurial-regional-ecosystem\/"]}]},{"@type":"ImageObject","inLanguage":"fr-FR","@id":"https:\/\/content.carib-export.com\/fr\/opportunities\/call-for-the-entrepreneurship-incubator-integration-into-an-entrepreneurial-regional-ecosystem\/#primaryimage","url":"https:\/\/content.carib-export.com\/wp-content\/uploads\/2024\/02\/Call-for-Entrepreneurship-Incubator.png","contentUrl":"https:\/\/content.carib-export.com\/wp-content\/uploads\/2024\/02\/Call-for-Entrepreneurship-Incubator.png","width":916,"height":457},{"@type":"BreadcrumbList","@id":"https:\/\/content.carib-export.com\/fr\/opportunities\/call-for-the-entrepreneurship-incubator-integration-into-an-entrepreneurial-regional-ecosystem\/#breadcrumb","itemListElement":[{"@type":"ListItem","position":1,"name":"Accueil","item":"https:\/\/content.carib-export.com\/fr\/home\/"},{"@type":"ListItem","position":2,"name":"Opportunities","item":"https:\/\/content.carib-export.com\/fr\/opportunities\/"},{"@type":"ListItem","position":3,"name":"Appel \u00e0 candidatures pour l&#8217;incubateur d&#8217;entreprises &#8220;Int\u00e9gration dans un \u00e9cosyst\u00e8me r\u00e9gional entrepreneurial&#8221;."}]},{"@type":"WebSite","@id":"https:\/\/content.carib-export.com\/fr\/#website","url":"https:\/\/content.carib-export.com\/fr\/","name":"Exportation Cara\u00efbes","description":"La seule agence r\u00e9gionale de promotion du commerce et des investissements du groupe Afrique, Cara\u00efbes et Pacifique.","publisher":{"@id":"https:\/\/content.carib-export.com\/fr\/#organization"},"potentialAction":[{"@type":"SearchAction","target":{"@type":"EntryPoint","urlTemplate":"https:\/\/content.carib-export.com\/fr\/?s={search_term_string}"},"query-input":{"@type":"PropertyValueSpecification","valueRequired":true,"valueName":"search_term_string"}}],"inLanguage":"fr-FR"},{"@type":"Organization","@id":"https:\/\/content.carib-export.com\/fr\/#organization","name":"Agence carib\u00e9enne de d\u00e9veloppement des exportations","url":"https:\/\/content.carib-export.com\/fr\/","logo":{"@type":"ImageObject","inLanguage":"fr-FR","@id":"https:\/\/content.carib-export.com\/fr\/#\/schema\/logo\/image\/","url":"https:\/\/content.carib-export.com\/wp-content\/uploads\/2013\/03\/CE-Logo-2013.jpg","contentUrl":"https:\/\/content.carib-export.com\/wp-content\/uploads\/2013\/03\/CE-Logo-2013.jpg","width":1024,"height":244,"caption":"Agence carib\u00e9enne de d\u00e9veloppement des exportations"},"image":{"@id":"https:\/\/content.carib-export.com\/fr\/#\/schema\/logo\/image\/"},"sameAs":["https:\/\/www.facebook.com\/CaribbeanExport","https:\/\/x.com\/CaribXport","https:\/\/www.instagram.com\/caribbeanexport","https:\/\/www.linkedin.com\/company\/caribbeanexport","https:\/\/www.youtube.com\/user\/TheCaribbeanExport"]}]}},"_links":{"self":[{"href":"https:\/\/content.carib-export.com\/fr\/wp-json\/wp\/v2\/opportunities\/318015","targetHints":{"allow":["GET"]}}],"collection":[{"href":"https:\/\/content.carib-export.com\/fr\/wp-json\/wp\/v2\/opportunities"}],"about":[{"href":"https:\/\/content.carib-export.com\/fr\/wp-json\/wp\/v2\/types\/opportunities"}],"author":[{"embeddable":true,"href":"https:\/\/content.carib-export.com\/fr\/wp-json\/wp\/v2\/users\/26"}],"version-history":[{"count":0,"href":"https:\/\/content.carib-export.com\/fr\/wp-json\/wp\/v2\/opportunities\/318015\/revisions"}],"wp:featuredmedia":[{"embeddable":true,"href":"https:\/\/content.carib-export.com\/fr\/wp-json\/wp\/v2\/media\/317962"}],"wp:attachment":[{"href":"https:\/\/content.carib-export.com\/fr\/wp-json\/wp\/v2\/media?parent=318015"}],"wp:term":[{"taxonomy":"post_tag","embeddable":true,"href":"https:\/\/content.carib-export.com\/fr\/wp-json\/wp\/v2\/tags?post=318015"}],"curies":[{"name":"wp","href":"https:\/\/api.w.org\/{rel}","templated":true}]}}