{"id":377316,"date":"2025-03-11T16:12:24","date_gmt":"2025-03-11T20:12:24","guid":{"rendered":"https:\/\/content.carib-export.com\/opportunities\/eoi-invitation-to-participate-in-agroalimentaria-2025-trade-show-santo-domingo-dominican-republic\/"},"modified":"2025-03-25T17:59:29","modified_gmt":"2025-03-25T21:59:29","slug":"eoi-invitation-to-participate-in-agroalimentaria-2025-trade-show-santo-domingo-dominican-republic","status":"publish","type":"opportunities","link":"https:\/\/content.carib-export.com\/fr\/opportunities\/eoi-invitation-to-participate-in-agroalimentaria-2025-trade-show-santo-domingo-dominican-republic\/","title":{"rendered":"EOI : Invitation \u00e0 participer au salon Agroalimentaria 2025, Saint-Domingue, R\u00e9publique dominicaine"},"content":{"rendered":"\n<p><strong>MISE A JOUR : LA NOUVELLE DATE LIMITE POUR SOUMETTRE UN FORMULAIRE D&rsquo;EXPRESION D&rsquo;INTERET EN LIGNE EST LE <em>04 AVRIL 2025<\/em>.<\/strong><\/p>\n\n<p>L&rsquo;Agence de d\u00e9veloppement des exportations des Cara\u00efbes (Caribbean Export), avec le soutien de l&rsquo;Union europ\u00e9enne, invite les entreprises agro-industrielles bas\u00e9es dans la r\u00e9gion CARICOM \u00e0 poser leur candidature pour avoir une chance d&rsquo;exposer au prochain salon <strong>Agroalimentaria 2025<\/strong>. Cet \u00e9v\u00e9nement prestigieux aura lieu du <strong>28 au 31 mai 2025<\/strong> au <strong>Dominican Fiesta Hotel &amp; Convention Center<\/strong> \u00e0 <strong>Saint-Domingue, en R\u00e9publique dominicaine<\/strong>. <\/p>\n\n<p>Reconnu comme l&rsquo;un des plus importants <strong>salons de l&rsquo;industrie alimentaire<\/strong> dans la r\u00e9gion des Cara\u00efbes, Agroalimentaria offre une plateforme unique aux entreprises du secteur de l&rsquo;alimentation, du tabac et des boissons pour pr\u00e9senter leurs produits aux acheteurs internationaux. La 9e \u00e9dition d&rsquo;Agroalimentaria est organis\u00e9e par le Conseil dominicain de l&rsquo;agro-industrie (JAD) et le bureau dominicain de promotion du commerce et de l&rsquo;investissement, ProDominicana<strong>.<\/strong> <\/p>\n\n<p>Pour plus d&rsquo;informations sur Agroalimentaria 2025, veuillez consulter le <a href=\"http:\/\/agroalimentaria.com.do\/\" target=\"_blank\" rel=\"noreferrer noopener\">site : http:\/\/agroalimentaria.com.do\/<\/a><\/p>\n\n<hr class=\"wp-block-separator has-alpha-channel-opacity\"\/>\n\n<p><strong>Soutien \u00e0 l&rsquo;exportation dans les Cara\u00efbes pour des entreprises s\u00e9lectionn\u00e9es<\/strong><\/p>\n\n<p>Caribbean Export fournira aux entreprises s\u00e9lectionn\u00e9es les \u00e9l\u00e9ments suivants :<\/p>\n\n<ul class=\"wp-block-list\">\n<li>Espace d&rsquo;exposition au sein du Pavillon Absolument Cara\u00efbe de Caribbean Export<\/li>\n\n\n\n<li>Inscription \u00e0 l&rsquo;\u00e9v\u00e9nement<\/li>\n\n\n\n<li>Conception et d\u00e9coration du stand<\/li>\n\n\n\n<li>Participation \u00e0 toutes les activit\u00e9s officielles de l&rsquo;\u00e9v\u00e9nement, y compris\n<ul class=\"wp-block-list\">\n<li>Conf\u00e9rences<\/li>\n\n\n\n<li>R\u00e9unions interentreprises (B2B) avec des acheteurs\/distributeurs locaux et internationaux<\/li>\n\n\n\n<li>Caribbean Kitchen, un \u00e9v\u00e9nement gastronomique sp\u00e9cialement con\u00e7u<\/li>\n<\/ul>\n<\/li>\n<\/ul>\n\n<p>Les participants sont responsables de leurs propres frais de voyage, y compris le billet d&rsquo;avion, l&rsquo;h\u00e9bergement, les repas, le transport terrestre, l&rsquo;envoi d&rsquo;\u00e9chantillons et tous les autres co\u00fbts associ\u00e9s.<\/p>\n\n<hr class=\"wp-block-separator has-alpha-channel-opacity\"\/>\n\n<p><strong>Crit\u00e8res d&rsquo;admissibilit\u00e9<\/strong><\/p>\n\n<p>Pour pouvoir participer, les entreprises doivent r\u00e9pondre aux crit\u00e8res suivants :<\/p>\n\n<ul class=\"wp-block-list\">\n<li>\u00eatre enregistr\u00e9 et op\u00e9rer dans un pays de la CARICOM<\/li>\n\n\n\n<li>Avoir \u00e9t\u00e9 en activit\u00e9 pendant au moins deux ans<\/li>\n\n\n\n<li>D\u00e9montrer un potentiel d&rsquo;exportation ou \u00eatre un exportateur existant<\/li>\n\n\n\n<li>Respecter les normes internationales, l&rsquo;enregistrement de la qualit\u00e9 et les normes techniques de certification (par exemple, HACCP, FSMA, ISO, etc.).<\/li>\n\n\n\n<li>Avoir la capacit\u00e9 de r\u00e9pondre aux commandes d&rsquo;exportation g\u00e9n\u00e9r\u00e9es par la participation \u00e0 la foire commerciale<\/li>\n<\/ul>\n\n<hr class=\"wp-block-separator has-alpha-channel-opacity\"\/>\n\n<p><strong>Le processus de candidature<\/strong><\/p>\n\n<p>Les entreprises int\u00e9ress\u00e9es doivent soumettre un formulaire de manifestation d&rsquo;int\u00e9r\u00eat en ligne au plus tard le  <strong>16h00 AST (DR time) le <u><sup>04<\/sup> avril 2025<\/u>.<\/strong><\/p>\n\n<p><strong><a href=\"https:\/\/www.surveymonkey.com\/r\/RPV5FYD\" target=\"_blank\" rel=\"noreferrer noopener\">Remplissez le formulaire de manifestation d&rsquo;int\u00e9r\u00eat ICI<\/a><\/strong><\/p>\n\n<p>Les candidatures seront examin\u00e9es par le comit\u00e9 de s\u00e9lection de Caribbean Export. Les participants retenus seront inform\u00e9s au plus tard le <strong><u>le<sup>8<\/sup> avril 2025.<\/u><\/strong> <\/p>\n\n<p><strong>Note : La<\/strong> soumission de ce formulaire <strong>ne garantit pas la participation.<\/strong> Seules les candidatures d\u00fbment compl\u00e9t\u00e9es seront examin\u00e9es et \u00e9valu\u00e9es.<\/p>\n\n<p>Les informations fournies seront trait\u00e9es de mani\u00e8re strictement confidentielle et seront utilis\u00e9es pour l&rsquo;examen de la s\u00e9lection, la mise en relation B2B et les activit\u00e9s de suivi et d&rsquo;\u00e9valuation.<\/p>\n\n<p><strong>T\u00e9l\u00e9chargez l&rsquo;int\u00e9gralit\u00e9 de la d\u00e9claration d&rsquo;int\u00e9r\u00eat ci-dessous.<\/strong><\/p>\n\n<p><\/p>\n","protected":false},"excerpt":{"rendered":"<p>MISE A JOUR : LA NOUVELLE DATE LIMITE POUR SOUMETTRE UN FORMULAIRE D&rsquo;EXPRESION D&rsquo;INTERET EN LIGNE EST LE 04 AVRIL 2025. L&rsquo;Agence de d\u00e9veloppement des exportations des Cara\u00efbes (Caribbean Export), avec le soutien de l&rsquo;Union europ\u00e9enne, invite les entreprises agro-industrielles bas\u00e9es dans la r\u00e9gion CARICOM \u00e0 poser leur candidature pour avoir une chance d&rsquo;exposer au [&hellip;]<\/p>\n","protected":false},"author":26,"featured_media":377291,"menu_order":0,"template":"","tags":[],"class_list":["post-377316","opportunities","type-opportunities","status-publish","has-post-thumbnail","hentry"],"acf":[],"yoast_head":"<!-- This site is optimized with the Yoast SEO plugin v27.1.1 - https:\/\/yoast.com\/product\/yoast-seo-wordpress\/ -->\n<title>de EOI : Invitation \u00e0 participer au salon Agroalimentaria 2025, Saint-Domingue, R\u00e9publique dominicaine - Exportation Cara\u00efbes<\/title>\n<meta name=\"robots\" content=\"index, follow, max-snippet:-1, max-image-preview:large, max-video-preview:-1\" \/>\n<link rel=\"canonical\" href=\"https:\/\/content.carib-export.com\/fr\/opportunities\/eoi-invitation-to-participate-in-agroalimentaria-2025-trade-show-santo-domingo-dominican-republic\/\" \/>\n<meta property=\"og:locale\" content=\"fr_FR\" \/>\n<meta property=\"og:type\" content=\"article\" \/>\n<meta property=\"og:title\" content=\"de EOI : Invitation \u00e0 participer au salon Agroalimentaria 2025, Saint-Domingue, R\u00e9publique dominicaine - Exportation Cara\u00efbes\" \/>\n<meta property=\"og:description\" content=\"MISE A JOUR : LA NOUVELLE DATE LIMITE POUR SOUMETTRE UN FORMULAIRE D&rsquo;EXPRESION D&rsquo;INTERET EN LIGNE EST LE 04 AVRIL 2025. L&rsquo;Agence de d\u00e9veloppement des exportations des Cara\u00efbes (Caribbean Export), avec le soutien de l&rsquo;Union europ\u00e9enne, invite les entreprises agro-industrielles bas\u00e9es dans la r\u00e9gion CARICOM \u00e0 poser leur candidature pour avoir une chance d&rsquo;exposer au [&hellip;]\" \/>\n<meta property=\"og:url\" content=\"https:\/\/content.carib-export.com\/fr\/opportunities\/eoi-invitation-to-participate-in-agroalimentaria-2025-trade-show-santo-domingo-dominican-republic\/\" \/>\n<meta property=\"og:site_name\" content=\"Exportation Cara\u00efbes\" \/>\n<meta property=\"article:publisher\" content=\"https:\/\/www.facebook.com\/CaribbeanExport\" \/>\n<meta property=\"article:modified_time\" content=\"2025-03-25T21:59:29+00:00\" \/>\n<meta property=\"og:image\" content=\"https:\/\/content.carib-export.com\/wp-content\/uploads\/2025\/03\/Page-1-AGROLIMENTARIA-2025-resized.jpg\" \/>\n\t<meta property=\"og:image:width\" content=\"1007\" \/>\n\t<meta property=\"og:image:height\" content=\"1125\" \/>\n\t<meta property=\"og:image:type\" content=\"image\/jpeg\" \/>\n<meta name=\"twitter:card\" content=\"summary_large_image\" \/>\n<meta name=\"twitter:site\" content=\"@CaribXport\" \/>\n<meta name=\"twitter:label1\" content=\"Dur\u00e9e de lecture estim\u00e9e\" \/>\n\t<meta name=\"twitter:data1\" content=\"2 minutes\" \/>\n<script type=\"application\/ld+json\" class=\"yoast-schema-graph\">{\"@context\":\"https:\/\/schema.org\",\"@graph\":[{\"@type\":\"WebPage\",\"@id\":\"https:\/\/content.carib-export.com\/fr\/opportunities\/eoi-invitation-to-participate-in-agroalimentaria-2025-trade-show-santo-domingo-dominican-republic\/\",\"url\":\"https:\/\/content.carib-export.com\/fr\/opportunities\/eoi-invitation-to-participate-in-agroalimentaria-2025-trade-show-santo-domingo-dominican-republic\/\",\"name\":\"de EOI : Invitation \u00e0 participer au salon Agroalimentaria 2025, Saint-Domingue, R\u00e9publique dominicaine - Exportation Cara\u00efbes\",\"isPartOf\":{\"@id\":\"https:\/\/content.carib-export.com\/fr\/#website\"},\"primaryImageOfPage\":{\"@id\":\"https:\/\/content.carib-export.com\/fr\/opportunities\/eoi-invitation-to-participate-in-agroalimentaria-2025-trade-show-santo-domingo-dominican-republic\/#primaryimage\"},\"image\":{\"@id\":\"https:\/\/content.carib-export.com\/fr\/opportunities\/eoi-invitation-to-participate-in-agroalimentaria-2025-trade-show-santo-domingo-dominican-republic\/#primaryimage\"},\"thumbnailUrl\":\"https:\/\/content.carib-export.com\/wp-content\/uploads\/2025\/03\/Page-1-AGROLIMENTARIA-2025-resized.jpg\",\"datePublished\":\"2025-03-11T20:12:24+00:00\",\"dateModified\":\"2025-03-25T21:59:29+00:00\",\"breadcrumb\":{\"@id\":\"https:\/\/content.carib-export.com\/fr\/opportunities\/eoi-invitation-to-participate-in-agroalimentaria-2025-trade-show-santo-domingo-dominican-republic\/#breadcrumb\"},\"inLanguage\":\"fr-FR\",\"potentialAction\":[{\"@type\":\"ReadAction\",\"target\":[\"https:\/\/content.carib-export.com\/fr\/opportunities\/eoi-invitation-to-participate-in-agroalimentaria-2025-trade-show-santo-domingo-dominican-republic\/\"]}]},{\"@type\":\"ImageObject\",\"inLanguage\":\"fr-FR\",\"@id\":\"https:\/\/content.carib-export.com\/fr\/opportunities\/eoi-invitation-to-participate-in-agroalimentaria-2025-trade-show-santo-domingo-dominican-republic\/#primaryimage\",\"url\":\"https:\/\/content.carib-export.com\/wp-content\/uploads\/2025\/03\/Page-1-AGROLIMENTARIA-2025-resized.jpg\",\"contentUrl\":\"https:\/\/content.carib-export.com\/wp-content\/uploads\/2025\/03\/Page-1-AGROLIMENTARIA-2025-resized.jpg\",\"width\":1007,\"height\":1125},{\"@type\":\"BreadcrumbList\",\"@id\":\"https:\/\/content.carib-export.com\/fr\/opportunities\/eoi-invitation-to-participate-in-agroalimentaria-2025-trade-show-santo-domingo-dominican-republic\/#breadcrumb\",\"itemListElement\":[{\"@type\":\"ListItem\",\"position\":1,\"name\":\"Accueil\",\"item\":\"https:\/\/content.carib-export.com\/fr\/home\/\"},{\"@type\":\"ListItem\",\"position\":2,\"name\":\"Opportunities\",\"item\":\"https:\/\/content.carib-export.com\/fr\/opportunities\/\"},{\"@type\":\"ListItem\",\"position\":3,\"name\":\"EOI : Invitation \u00e0 participer au salon Agroalimentaria 2025, Saint-Domingue, R\u00e9publique dominicaine\"}]},{\"@type\":\"WebSite\",\"@id\":\"https:\/\/content.carib-export.com\/fr\/#website\",\"url\":\"https:\/\/content.carib-export.com\/fr\/\",\"name\":\"Exportation Cara\u00efbes\",\"description\":\"La seule agence r\u00e9gionale de promotion du commerce et des investissements du groupe Afrique, Cara\u00efbes et Pacifique.\",\"publisher\":{\"@id\":\"https:\/\/content.carib-export.com\/fr\/#organization\"},\"potentialAction\":[{\"@type\":\"SearchAction\",\"target\":{\"@type\":\"EntryPoint\",\"urlTemplate\":\"https:\/\/content.carib-export.com\/fr\/?s={search_term_string}\"},\"query-input\":{\"@type\":\"PropertyValueSpecification\",\"valueRequired\":true,\"valueName\":\"search_term_string\"}}],\"inLanguage\":\"fr-FR\"},{\"@type\":\"Organization\",\"@id\":\"https:\/\/content.carib-export.com\/fr\/#organization\",\"name\":\"Agence carib\u00e9enne de d\u00e9veloppement des exportations\",\"url\":\"https:\/\/content.carib-export.com\/fr\/\",\"logo\":{\"@type\":\"ImageObject\",\"inLanguage\":\"fr-FR\",\"@id\":\"https:\/\/content.carib-export.com\/fr\/#\/schema\/logo\/image\/\",\"url\":\"https:\/\/content.carib-export.com\/wp-content\/uploads\/2013\/03\/CE-Logo-2013.jpg\",\"contentUrl\":\"https:\/\/content.carib-export.com\/wp-content\/uploads\/2013\/03\/CE-Logo-2013.jpg\",\"width\":1024,\"height\":244,\"caption\":\"Agence carib\u00e9enne de d\u00e9veloppement des exportations\"},\"image\":{\"@id\":\"https:\/\/content.carib-export.com\/fr\/#\/schema\/logo\/image\/\"},\"sameAs\":[\"https:\/\/www.facebook.com\/CaribbeanExport\",\"https:\/\/x.com\/CaribXport\",\"https:\/\/www.instagram.com\/caribbeanexport\",\"https:\/\/www.linkedin.com\/company\/caribbeanexport\",\"https:\/\/www.youtube.com\/user\/TheCaribbeanExport\"]}]}<\/script>\n<!-- \/ Yoast SEO plugin. -->","yoast_head_json":{"title":"de EOI : Invitation \u00e0 participer au salon Agroalimentaria 2025, Saint-Domingue, R\u00e9publique dominicaine - Exportation Cara\u00efbes","robots":{"index":"index","follow":"follow","max-snippet":"max-snippet:-1","max-image-preview":"max-image-preview:large","max-video-preview":"max-video-preview:-1"},"canonical":"https:\/\/content.carib-export.com\/fr\/opportunities\/eoi-invitation-to-participate-in-agroalimentaria-2025-trade-show-santo-domingo-dominican-republic\/","og_locale":"fr_FR","og_type":"article","og_title":"de EOI : Invitation \u00e0 participer au salon Agroalimentaria 2025, Saint-Domingue, R\u00e9publique dominicaine - Exportation Cara\u00efbes","og_description":"MISE A JOUR : LA NOUVELLE DATE LIMITE POUR SOUMETTRE UN FORMULAIRE D&rsquo;EXPRESION D&rsquo;INTERET EN LIGNE EST LE 04 AVRIL 2025. L&rsquo;Agence de d\u00e9veloppement des exportations des Cara\u00efbes (Caribbean Export), avec le soutien de l&rsquo;Union europ\u00e9enne, invite les entreprises agro-industrielles bas\u00e9es dans la r\u00e9gion CARICOM \u00e0 poser leur candidature pour avoir une chance d&rsquo;exposer au [&hellip;]","og_url":"https:\/\/content.carib-export.com\/fr\/opportunities\/eoi-invitation-to-participate-in-agroalimentaria-2025-trade-show-santo-domingo-dominican-republic\/","og_site_name":"Exportation Cara\u00efbes","article_publisher":"https:\/\/www.facebook.com\/CaribbeanExport","article_modified_time":"2025-03-25T21:59:29+00:00","og_image":[{"width":1007,"height":1125,"url":"https:\/\/content.carib-export.com\/wp-content\/uploads\/2025\/03\/Page-1-AGROLIMENTARIA-2025-resized.jpg","type":"image\/jpeg"}],"twitter_card":"summary_large_image","twitter_site":"@CaribXport","twitter_misc":{"Dur\u00e9e de lecture estim\u00e9e":"2 minutes"},"schema":{"@context":"https:\/\/schema.org","@graph":[{"@type":"WebPage","@id":"https:\/\/content.carib-export.com\/fr\/opportunities\/eoi-invitation-to-participate-in-agroalimentaria-2025-trade-show-santo-domingo-dominican-republic\/","url":"https:\/\/content.carib-export.com\/fr\/opportunities\/eoi-invitation-to-participate-in-agroalimentaria-2025-trade-show-santo-domingo-dominican-republic\/","name":"de EOI : Invitation \u00e0 participer au salon Agroalimentaria 2025, Saint-Domingue, R\u00e9publique dominicaine - Exportation Cara\u00efbes","isPartOf":{"@id":"https:\/\/content.carib-export.com\/fr\/#website"},"primaryImageOfPage":{"@id":"https:\/\/content.carib-export.com\/fr\/opportunities\/eoi-invitation-to-participate-in-agroalimentaria-2025-trade-show-santo-domingo-dominican-republic\/#primaryimage"},"image":{"@id":"https:\/\/content.carib-export.com\/fr\/opportunities\/eoi-invitation-to-participate-in-agroalimentaria-2025-trade-show-santo-domingo-dominican-republic\/#primaryimage"},"thumbnailUrl":"https:\/\/content.carib-export.com\/wp-content\/uploads\/2025\/03\/Page-1-AGROLIMENTARIA-2025-resized.jpg","datePublished":"2025-03-11T20:12:24+00:00","dateModified":"2025-03-25T21:59:29+00:00","breadcrumb":{"@id":"https:\/\/content.carib-export.com\/fr\/opportunities\/eoi-invitation-to-participate-in-agroalimentaria-2025-trade-show-santo-domingo-dominican-republic\/#breadcrumb"},"inLanguage":"fr-FR","potentialAction":[{"@type":"ReadAction","target":["https:\/\/content.carib-export.com\/fr\/opportunities\/eoi-invitation-to-participate-in-agroalimentaria-2025-trade-show-santo-domingo-dominican-republic\/"]}]},{"@type":"ImageObject","inLanguage":"fr-FR","@id":"https:\/\/content.carib-export.com\/fr\/opportunities\/eoi-invitation-to-participate-in-agroalimentaria-2025-trade-show-santo-domingo-dominican-republic\/#primaryimage","url":"https:\/\/content.carib-export.com\/wp-content\/uploads\/2025\/03\/Page-1-AGROLIMENTARIA-2025-resized.jpg","contentUrl":"https:\/\/content.carib-export.com\/wp-content\/uploads\/2025\/03\/Page-1-AGROLIMENTARIA-2025-resized.jpg","width":1007,"height":1125},{"@type":"BreadcrumbList","@id":"https:\/\/content.carib-export.com\/fr\/opportunities\/eoi-invitation-to-participate-in-agroalimentaria-2025-trade-show-santo-domingo-dominican-republic\/#breadcrumb","itemListElement":[{"@type":"ListItem","position":1,"name":"Accueil","item":"https:\/\/content.carib-export.com\/fr\/home\/"},{"@type":"ListItem","position":2,"name":"Opportunities","item":"https:\/\/content.carib-export.com\/fr\/opportunities\/"},{"@type":"ListItem","position":3,"name":"EOI : Invitation \u00e0 participer au salon Agroalimentaria 2025, Saint-Domingue, R\u00e9publique dominicaine"}]},{"@type":"WebSite","@id":"https:\/\/content.carib-export.com\/fr\/#website","url":"https:\/\/content.carib-export.com\/fr\/","name":"Exportation Cara\u00efbes","description":"La seule agence r\u00e9gionale de promotion du commerce et des investissements du groupe Afrique, Cara\u00efbes et Pacifique.","publisher":{"@id":"https:\/\/content.carib-export.com\/fr\/#organization"},"potentialAction":[{"@type":"SearchAction","target":{"@type":"EntryPoint","urlTemplate":"https:\/\/content.carib-export.com\/fr\/?s={search_term_string}"},"query-input":{"@type":"PropertyValueSpecification","valueRequired":true,"valueName":"search_term_string"}}],"inLanguage":"fr-FR"},{"@type":"Organization","@id":"https:\/\/content.carib-export.com\/fr\/#organization","name":"Agence carib\u00e9enne de d\u00e9veloppement des exportations","url":"https:\/\/content.carib-export.com\/fr\/","logo":{"@type":"ImageObject","inLanguage":"fr-FR","@id":"https:\/\/content.carib-export.com\/fr\/#\/schema\/logo\/image\/","url":"https:\/\/content.carib-export.com\/wp-content\/uploads\/2013\/03\/CE-Logo-2013.jpg","contentUrl":"https:\/\/content.carib-export.com\/wp-content\/uploads\/2013\/03\/CE-Logo-2013.jpg","width":1024,"height":244,"caption":"Agence carib\u00e9enne de d\u00e9veloppement des exportations"},"image":{"@id":"https:\/\/content.carib-export.com\/fr\/#\/schema\/logo\/image\/"},"sameAs":["https:\/\/www.facebook.com\/CaribbeanExport","https:\/\/x.com\/CaribXport","https:\/\/www.instagram.com\/caribbeanexport","https:\/\/www.linkedin.com\/company\/caribbeanexport","https:\/\/www.youtube.com\/user\/TheCaribbeanExport"]}]}},"_links":{"self":[{"href":"https:\/\/content.carib-export.com\/fr\/wp-json\/wp\/v2\/opportunities\/377316","targetHints":{"allow":["GET"]}}],"collection":[{"href":"https:\/\/content.carib-export.com\/fr\/wp-json\/wp\/v2\/opportunities"}],"about":[{"href":"https:\/\/content.carib-export.com\/fr\/wp-json\/wp\/v2\/types\/opportunities"}],"author":[{"embeddable":true,"href":"https:\/\/content.carib-export.com\/fr\/wp-json\/wp\/v2\/users\/26"}],"version-history":[{"count":0,"href":"https:\/\/content.carib-export.com\/fr\/wp-json\/wp\/v2\/opportunities\/377316\/revisions"}],"wp:featuredmedia":[{"embeddable":true,"href":"https:\/\/content.carib-export.com\/fr\/wp-json\/wp\/v2\/media\/377291"}],"wp:attachment":[{"href":"https:\/\/content.carib-export.com\/fr\/wp-json\/wp\/v2\/media?parent=377316"}],"wp:term":[{"taxonomy":"post_tag","embeddable":true,"href":"https:\/\/content.carib-export.com\/fr\/wp-json\/wp\/v2\/tags?post=377316"}],"curies":[{"name":"wp","href":"https:\/\/api.w.org\/{rel}","templated":true}]}}