{"id":377704,"date":"2025-03-31T18:40:01","date_gmt":"2025-03-31T22:40:01","guid":{"rendered":"https:\/\/content.carib-export.com\/opportunities\/eoi-invitation-to-participate-in-the-eu-standards-and-certification-programme\/"},"modified":"2025-03-31T19:18:02","modified_gmt":"2025-03-31T23:18:02","slug":"eoi-invitation-to-participate-in-the-eu-standards-and-certification-programme","status":"publish","type":"opportunities","link":"https:\/\/content.carib-export.com\/fr\/opportunities\/eoi-invitation-to-participate-in-the-eu-standards-and-certification-programme\/","title":{"rendered":"EOI : Invitation \u00e0 participer au programme de normalisation et de certification de l&rsquo;UE"},"content":{"rendered":"\n<p>L&rsquo;Agence de d\u00e9veloppement des exportations des Cara\u00efbes, avec le soutien du Programme r\u00e9gional de d\u00e9veloppement du secteur priv\u00e9 III de l&rsquo;Union europ\u00e9enne, vous invite \u00e0 participer \u00e0 un programme exclusif con\u00e7u pour aider les entreprises carib\u00e9ennes de produits alimentaires et de boissons \u00e0 r\u00e9pondre aux normes du march\u00e9 de l&rsquo;Union europ\u00e9enne et aux exigences en mati\u00e8re de certification.<\/p>\n\n<p><\/p>\n\n<p><strong>Dur\u00e9e du programme<\/strong><\/p>\n\n<p>Ce programme, qui se d\u00e9roule d&rsquo;avril \u00e0 septembre 2025, fournira \u00e0 votre entreprise les connaissances et les outils essentiels pour r\u00e9pondre efficacement \u00e0 ces exigences.<\/p>\n\n<p><\/p>\n\n<p><strong>Avantages du programme<\/strong><\/p>\n\n<p><em><strong>Deux webinaires<\/strong><\/em> &#8211; D\u00e9couvrez les normes europ\u00e9ennes en vigueur, les exigences de conformit\u00e9 et les sources d&rsquo;information les plus pertinentes.<\/p>\n\n<ul start=\"1\" class=\"wp-block-list\">\n<li>Webinar 1 : Entr\u00e9e sur le march\u00e9 de l&rsquo;UE : Comprendre les normes et certifications de l&rsquo;UE en mati\u00e8re de s\u00e9curit\u00e9 alimentaire, de qualit\u00e9, d&#8217;emballage et d&rsquo;\u00e9tiquetage\n<ul class=\"wp-block-list\">\n<li>Date : Apr 15, 2025 11:00 AM La Paz<\/li>\n<\/ul>\n<\/li>\n\n\n\n<li>Webinar 2 : Entr\u00e9e sur le march\u00e9 de l&rsquo;UE : Comprendre les normes de durabilit\u00e9 et les certifications\n<ul class=\"wp-block-list\">\n<li>Date : Apr 29, 2025 11:00 AM La Paz <\/li>\n<\/ul>\n<\/li>\n<\/ul>\n\n<p><em><strong>Deux jours de formation sur site<\/strong><\/em> &#8211; Apprenez de mani\u00e8re pratique \u00e0 vous y retrouver dans les exigences de conformit\u00e9 et d\u00e9veloppez des strat\u00e9gies concr\u00e8tes gr\u00e2ce \u00e0 l&rsquo;apprentissage par l&rsquo;action et au partage des meilleures pratiques.<\/p>\n\n<p><em><strong>Audit exclusif et conseils sur place<\/strong><\/em> &#8211; Une s\u00e9lection d&rsquo;entreprises b\u00e9n\u00e9ficiera d&rsquo;un soutien personnalis\u00e9 pour \u00e9valuer leur niveau de conformit\u00e9 et se pr\u00e9parer \u00e0 la certification.<\/p>\n\n<p><\/p>\n\n<p><strong>Qui doit poser sa candidature ?<\/strong><br\/>Ce programme est con\u00e7u pour les producteurs d&rsquo;aliments et de boissons transform\u00e9s des Cara\u00efbes qui souhaitent renforcer leur comp\u00e9titivit\u00e9 sur le march\u00e9 europ\u00e9en.<\/p>\n\n<p><\/p>\n\n<p><strong>Comment postuler<\/strong>?<\/p>\n\n<p>Les parties int\u00e9ress\u00e9es sont invit\u00e9es \u00e0 remplir la manifestation d&rsquo;int\u00e9r\u00eat en ligne en utilisant le lien ci-dessous avant le <strong>30 avril 2025<\/strong>.<\/p>\n\n<p>Lien d&rsquo;enregistrement : <a href=\"https:\/\/www.surveymonkey.com\/r\/FCYKGFR\">EOI &#8211; Programme de normalisation et de certification de l&rsquo;UE<\/a><\/p>\n\n<p><\/p>\n","protected":false},"excerpt":{"rendered":"<p>L&rsquo;Agence de d\u00e9veloppement des exportations des Cara\u00efbes, avec le soutien du Programme r\u00e9gional de d\u00e9veloppement du secteur priv\u00e9 III de l&rsquo;Union europ\u00e9enne, vous invite \u00e0 participer \u00e0 un programme exclusif con\u00e7u pour aider les entreprises carib\u00e9ennes de produits alimentaires et de boissons \u00e0 r\u00e9pondre aux normes du march\u00e9 de l&rsquo;Union europ\u00e9enne et aux exigences en [&hellip;]<\/p>\n","protected":false},"author":18,"featured_media":377693,"menu_order":0,"template":"","tags":[],"class_list":["post-377704","opportunities","type-opportunities","status-publish","has-post-thumbnail","hentry"],"acf":[],"yoast_head":"<!-- This site is optimized with the Yoast SEO plugin v27.1.1 - https:\/\/yoast.com\/product\/yoast-seo-wordpress\/ -->\n<title>de EOI : Invitation \u00e0 participer au programme de normalisation et de certification de l&#039;UE - Exportation Cara\u00efbes<\/title>\n<meta name=\"description\" content=\"L&#039;Agence de d\u00e9veloppement des exportations des Cara\u00efbes, avec le soutien du Programme r\u00e9gional de d\u00e9veloppement du secteur priv\u00e9 III de l&#039;Union europ\u00e9enne, vous invite \u00e0 participer \u00e0 un programme exclusif con\u00e7u pour aider les entreprises carib\u00e9ennes de produits alimentaires et de boissons \u00e0 r\u00e9pondre aux normes du march\u00e9 de l&#039;Union europ\u00e9enne et aux exigences en mati\u00e8re de certification.\" \/>\n<meta name=\"robots\" content=\"index, follow, max-snippet:-1, max-image-preview:large, max-video-preview:-1\" \/>\n<link rel=\"canonical\" href=\"https:\/\/content.carib-export.com\/fr\/opportunities\/eoi-invitation-to-participate-in-the-eu-standards-and-certification-programme\/\" \/>\n<meta property=\"og:locale\" content=\"fr_FR\" \/>\n<meta property=\"og:type\" content=\"article\" \/>\n<meta property=\"og:title\" content=\"EOI : Invitation \u00e0 participer au programme de normalisation et de certification de l&#039;UE\" \/>\n<meta property=\"og:description\" content=\"L&#039;Agence de d\u00e9veloppement des exportations des Cara\u00efbes, avec le soutien du Programme r\u00e9gional de d\u00e9veloppement du secteur priv\u00e9 III de l&#039;Union europ\u00e9enne, vous invite \u00e0 participer \u00e0 un programme exclusif con\u00e7u pour aider les entreprises carib\u00e9ennes de produits alimentaires et de boissons \u00e0 r\u00e9pondre aux normes du march\u00e9 de l&#039;Union europ\u00e9enne et aux exigences en mati\u00e8re de certification.\" \/>\n<meta property=\"og:url\" content=\"https:\/\/content.carib-export.com\/fr\/opportunities\/eoi-invitation-to-participate-in-the-eu-standards-and-certification-programme\/\" \/>\n<meta property=\"og:site_name\" content=\"Exportation Cara\u00efbes\" \/>\n<meta property=\"article:publisher\" content=\"https:\/\/www.facebook.com\/CaribbeanExport\" \/>\n<meta property=\"article:modified_time\" content=\"2025-03-31T23:18:02+00:00\" \/>\n<meta property=\"og:image\" content=\"https:\/\/content.carib-export.com\/wp-content\/uploads\/2025\/03\/17-1024x576.png\" \/>\n<meta name=\"twitter:card\" content=\"summary_large_image\" \/>\n<meta name=\"twitter:title\" content=\"EOI : Invitation \u00e0 participer au programme de normalisation et de certification de l&#039;UE\" \/>\n<meta name=\"twitter:description\" content=\"L&#039;Agence de d\u00e9veloppement des exportations des Cara\u00efbes, avec le soutien du Programme r\u00e9gional de d\u00e9veloppement du secteur priv\u00e9 III de l&#039;Union europ\u00e9enne, vous invite \u00e0 participer \u00e0 un programme exclusif con\u00e7u pour aider les entreprises carib\u00e9ennes de produits alimentaires et de boissons \u00e0 r\u00e9pondre aux normes du march\u00e9 de l&#039;Union europ\u00e9enne et aux exigences en mati\u00e8re de certification.\" \/>\n<meta name=\"twitter:image\" content=\"https:\/\/content.carib-export.com\/wp-content\/uploads\/2025\/03\/17-1024x576.png\" \/>\n<meta name=\"twitter:site\" content=\"@CaribXport\" \/>\n<meta name=\"twitter:label1\" content=\"Dur\u00e9e de lecture estim\u00e9e\" \/>\n\t<meta name=\"twitter:data1\" content=\"2 minutes\" \/>\n<script type=\"application\/ld+json\" class=\"yoast-schema-graph\">{\"@context\":\"https:\/\/schema.org\",\"@graph\":[{\"@type\":\"WebPage\",\"@id\":\"https:\/\/content.carib-export.com\/fr\/opportunities\/eoi-invitation-to-participate-in-the-eu-standards-and-certification-programme\/\",\"url\":\"https:\/\/content.carib-export.com\/fr\/opportunities\/eoi-invitation-to-participate-in-the-eu-standards-and-certification-programme\/\",\"name\":\"de EOI : Invitation \u00e0 participer au programme de normalisation et de certification de l'UE - Exportation Cara\u00efbes\",\"isPartOf\":{\"@id\":\"https:\/\/content.carib-export.com\/fr\/#website\"},\"primaryImageOfPage\":{\"@id\":\"https:\/\/content.carib-export.com\/fr\/opportunities\/eoi-invitation-to-participate-in-the-eu-standards-and-certification-programme\/#primaryimage\"},\"image\":{\"@id\":\"https:\/\/content.carib-export.com\/fr\/opportunities\/eoi-invitation-to-participate-in-the-eu-standards-and-certification-programme\/#primaryimage\"},\"thumbnailUrl\":\"https:\/\/content.carib-export.com\/wp-content\/uploads\/2025\/03\/17.png\",\"datePublished\":\"2025-03-31T22:40:01+00:00\",\"dateModified\":\"2025-03-31T23:18:02+00:00\",\"description\":\"L'Agence de d\u00e9veloppement des exportations des Cara\u00efbes, avec le soutien du Programme r\u00e9gional de d\u00e9veloppement du secteur priv\u00e9 III de l'Union europ\u00e9enne, vous invite \u00e0 participer \u00e0 un programme exclusif con\u00e7u pour aider les entreprises carib\u00e9ennes de produits alimentaires et de boissons \u00e0 r\u00e9pondre aux normes du march\u00e9 de l'Union europ\u00e9enne et aux exigences en mati\u00e8re de certification.\",\"breadcrumb\":{\"@id\":\"https:\/\/content.carib-export.com\/fr\/opportunities\/eoi-invitation-to-participate-in-the-eu-standards-and-certification-programme\/#breadcrumb\"},\"inLanguage\":\"fr-FR\",\"potentialAction\":[{\"@type\":\"ReadAction\",\"target\":[\"https:\/\/content.carib-export.com\/fr\/opportunities\/eoi-invitation-to-participate-in-the-eu-standards-and-certification-programme\/\"]}]},{\"@type\":\"ImageObject\",\"inLanguage\":\"fr-FR\",\"@id\":\"https:\/\/content.carib-export.com\/fr\/opportunities\/eoi-invitation-to-participate-in-the-eu-standards-and-certification-programme\/#primaryimage\",\"url\":\"https:\/\/content.carib-export.com\/wp-content\/uploads\/2025\/03\/17.png\",\"contentUrl\":\"https:\/\/content.carib-export.com\/wp-content\/uploads\/2025\/03\/17.png\",\"width\":1800,\"height\":1012},{\"@type\":\"BreadcrumbList\",\"@id\":\"https:\/\/content.carib-export.com\/fr\/opportunities\/eoi-invitation-to-participate-in-the-eu-standards-and-certification-programme\/#breadcrumb\",\"itemListElement\":[{\"@type\":\"ListItem\",\"position\":1,\"name\":\"Accueil\",\"item\":\"https:\/\/content.carib-export.com\/fr\/home\/\"},{\"@type\":\"ListItem\",\"position\":2,\"name\":\"Opportunities\",\"item\":\"https:\/\/content.carib-export.com\/fr\/opportunities\/\"},{\"@type\":\"ListItem\",\"position\":3,\"name\":\"EOI : Invitation \u00e0 participer au programme de normalisation et de certification de l&rsquo;UE\"}]},{\"@type\":\"WebSite\",\"@id\":\"https:\/\/content.carib-export.com\/fr\/#website\",\"url\":\"https:\/\/content.carib-export.com\/fr\/\",\"name\":\"Exportation Cara\u00efbes\",\"description\":\"La seule agence r\u00e9gionale de promotion du commerce et des investissements du groupe Afrique, Cara\u00efbes et Pacifique.\",\"publisher\":{\"@id\":\"https:\/\/content.carib-export.com\/fr\/#organization\"},\"potentialAction\":[{\"@type\":\"SearchAction\",\"target\":{\"@type\":\"EntryPoint\",\"urlTemplate\":\"https:\/\/content.carib-export.com\/fr\/?s={search_term_string}\"},\"query-input\":{\"@type\":\"PropertyValueSpecification\",\"valueRequired\":true,\"valueName\":\"search_term_string\"}}],\"inLanguage\":\"fr-FR\"},{\"@type\":\"Organization\",\"@id\":\"https:\/\/content.carib-export.com\/fr\/#organization\",\"name\":\"Agence carib\u00e9enne de d\u00e9veloppement des exportations\",\"url\":\"https:\/\/content.carib-export.com\/fr\/\",\"logo\":{\"@type\":\"ImageObject\",\"inLanguage\":\"fr-FR\",\"@id\":\"https:\/\/content.carib-export.com\/fr\/#\/schema\/logo\/image\/\",\"url\":\"https:\/\/content.carib-export.com\/wp-content\/uploads\/2013\/03\/CE-Logo-2013.jpg\",\"contentUrl\":\"https:\/\/content.carib-export.com\/wp-content\/uploads\/2013\/03\/CE-Logo-2013.jpg\",\"width\":1024,\"height\":244,\"caption\":\"Agence carib\u00e9enne de d\u00e9veloppement des exportations\"},\"image\":{\"@id\":\"https:\/\/content.carib-export.com\/fr\/#\/schema\/logo\/image\/\"},\"sameAs\":[\"https:\/\/www.facebook.com\/CaribbeanExport\",\"https:\/\/x.com\/CaribXport\",\"https:\/\/www.instagram.com\/caribbeanexport\",\"https:\/\/www.linkedin.com\/company\/caribbeanexport\",\"https:\/\/www.youtube.com\/user\/TheCaribbeanExport\"]}]}<\/script>\n<!-- \/ Yoast SEO plugin. -->","yoast_head_json":{"title":"de EOI : Invitation \u00e0 participer au programme de normalisation et de certification de l'UE - Exportation Cara\u00efbes","description":"L'Agence de d\u00e9veloppement des exportations des Cara\u00efbes, avec le soutien du Programme r\u00e9gional de d\u00e9veloppement du secteur priv\u00e9 III de l'Union europ\u00e9enne, vous invite \u00e0 participer \u00e0 un programme exclusif con\u00e7u pour aider les entreprises carib\u00e9ennes de produits alimentaires et de boissons \u00e0 r\u00e9pondre aux normes du march\u00e9 de l'Union europ\u00e9enne et aux exigences en mati\u00e8re de certification.","robots":{"index":"index","follow":"follow","max-snippet":"max-snippet:-1","max-image-preview":"max-image-preview:large","max-video-preview":"max-video-preview:-1"},"canonical":"https:\/\/content.carib-export.com\/fr\/opportunities\/eoi-invitation-to-participate-in-the-eu-standards-and-certification-programme\/","og_locale":"fr_FR","og_type":"article","og_title":"EOI : Invitation \u00e0 participer au programme de normalisation et de certification de l'UE","og_description":"L'Agence de d\u00e9veloppement des exportations des Cara\u00efbes, avec le soutien du Programme r\u00e9gional de d\u00e9veloppement du secteur priv\u00e9 III de l'Union europ\u00e9enne, vous invite \u00e0 participer \u00e0 un programme exclusif con\u00e7u pour aider les entreprises carib\u00e9ennes de produits alimentaires et de boissons \u00e0 r\u00e9pondre aux normes du march\u00e9 de l'Union europ\u00e9enne et aux exigences en mati\u00e8re de certification.","og_url":"https:\/\/content.carib-export.com\/fr\/opportunities\/eoi-invitation-to-participate-in-the-eu-standards-and-certification-programme\/","og_site_name":"Exportation Cara\u00efbes","article_publisher":"https:\/\/www.facebook.com\/CaribbeanExport","article_modified_time":"2025-03-31T23:18:02+00:00","og_image":[{"url":"https:\/\/content.carib-export.com\/wp-content\/uploads\/2025\/03\/17-1024x576.png","type":"","width":"","height":""}],"twitter_card":"summary_large_image","twitter_title":"EOI : Invitation \u00e0 participer au programme de normalisation et de certification de l'UE","twitter_description":"L'Agence de d\u00e9veloppement des exportations des Cara\u00efbes, avec le soutien du Programme r\u00e9gional de d\u00e9veloppement du secteur priv\u00e9 III de l'Union europ\u00e9enne, vous invite \u00e0 participer \u00e0 un programme exclusif con\u00e7u pour aider les entreprises carib\u00e9ennes de produits alimentaires et de boissons \u00e0 r\u00e9pondre aux normes du march\u00e9 de l'Union europ\u00e9enne et aux exigences en mati\u00e8re de certification.","twitter_image":"https:\/\/content.carib-export.com\/wp-content\/uploads\/2025\/03\/17-1024x576.png","twitter_site":"@CaribXport","twitter_misc":{"Dur\u00e9e de lecture estim\u00e9e":"2 minutes"},"schema":{"@context":"https:\/\/schema.org","@graph":[{"@type":"WebPage","@id":"https:\/\/content.carib-export.com\/fr\/opportunities\/eoi-invitation-to-participate-in-the-eu-standards-and-certification-programme\/","url":"https:\/\/content.carib-export.com\/fr\/opportunities\/eoi-invitation-to-participate-in-the-eu-standards-and-certification-programme\/","name":"de EOI : Invitation \u00e0 participer au programme de normalisation et de certification de l'UE - Exportation Cara\u00efbes","isPartOf":{"@id":"https:\/\/content.carib-export.com\/fr\/#website"},"primaryImageOfPage":{"@id":"https:\/\/content.carib-export.com\/fr\/opportunities\/eoi-invitation-to-participate-in-the-eu-standards-and-certification-programme\/#primaryimage"},"image":{"@id":"https:\/\/content.carib-export.com\/fr\/opportunities\/eoi-invitation-to-participate-in-the-eu-standards-and-certification-programme\/#primaryimage"},"thumbnailUrl":"https:\/\/content.carib-export.com\/wp-content\/uploads\/2025\/03\/17.png","datePublished":"2025-03-31T22:40:01+00:00","dateModified":"2025-03-31T23:18:02+00:00","description":"L'Agence de d\u00e9veloppement des exportations des Cara\u00efbes, avec le soutien du Programme r\u00e9gional de d\u00e9veloppement du secteur priv\u00e9 III de l'Union europ\u00e9enne, vous invite \u00e0 participer \u00e0 un programme exclusif con\u00e7u pour aider les entreprises carib\u00e9ennes de produits alimentaires et de boissons \u00e0 r\u00e9pondre aux normes du march\u00e9 de l'Union europ\u00e9enne et aux exigences en mati\u00e8re de certification.","breadcrumb":{"@id":"https:\/\/content.carib-export.com\/fr\/opportunities\/eoi-invitation-to-participate-in-the-eu-standards-and-certification-programme\/#breadcrumb"},"inLanguage":"fr-FR","potentialAction":[{"@type":"ReadAction","target":["https:\/\/content.carib-export.com\/fr\/opportunities\/eoi-invitation-to-participate-in-the-eu-standards-and-certification-programme\/"]}]},{"@type":"ImageObject","inLanguage":"fr-FR","@id":"https:\/\/content.carib-export.com\/fr\/opportunities\/eoi-invitation-to-participate-in-the-eu-standards-and-certification-programme\/#primaryimage","url":"https:\/\/content.carib-export.com\/wp-content\/uploads\/2025\/03\/17.png","contentUrl":"https:\/\/content.carib-export.com\/wp-content\/uploads\/2025\/03\/17.png","width":1800,"height":1012},{"@type":"BreadcrumbList","@id":"https:\/\/content.carib-export.com\/fr\/opportunities\/eoi-invitation-to-participate-in-the-eu-standards-and-certification-programme\/#breadcrumb","itemListElement":[{"@type":"ListItem","position":1,"name":"Accueil","item":"https:\/\/content.carib-export.com\/fr\/home\/"},{"@type":"ListItem","position":2,"name":"Opportunities","item":"https:\/\/content.carib-export.com\/fr\/opportunities\/"},{"@type":"ListItem","position":3,"name":"EOI : Invitation \u00e0 participer au programme de normalisation et de certification de l&rsquo;UE"}]},{"@type":"WebSite","@id":"https:\/\/content.carib-export.com\/fr\/#website","url":"https:\/\/content.carib-export.com\/fr\/","name":"Exportation Cara\u00efbes","description":"La seule agence r\u00e9gionale de promotion du commerce et des investissements du groupe Afrique, Cara\u00efbes et Pacifique.","publisher":{"@id":"https:\/\/content.carib-export.com\/fr\/#organization"},"potentialAction":[{"@type":"SearchAction","target":{"@type":"EntryPoint","urlTemplate":"https:\/\/content.carib-export.com\/fr\/?s={search_term_string}"},"query-input":{"@type":"PropertyValueSpecification","valueRequired":true,"valueName":"search_term_string"}}],"inLanguage":"fr-FR"},{"@type":"Organization","@id":"https:\/\/content.carib-export.com\/fr\/#organization","name":"Agence carib\u00e9enne de d\u00e9veloppement des exportations","url":"https:\/\/content.carib-export.com\/fr\/","logo":{"@type":"ImageObject","inLanguage":"fr-FR","@id":"https:\/\/content.carib-export.com\/fr\/#\/schema\/logo\/image\/","url":"https:\/\/content.carib-export.com\/wp-content\/uploads\/2013\/03\/CE-Logo-2013.jpg","contentUrl":"https:\/\/content.carib-export.com\/wp-content\/uploads\/2013\/03\/CE-Logo-2013.jpg","width":1024,"height":244,"caption":"Agence carib\u00e9enne de d\u00e9veloppement des exportations"},"image":{"@id":"https:\/\/content.carib-export.com\/fr\/#\/schema\/logo\/image\/"},"sameAs":["https:\/\/www.facebook.com\/CaribbeanExport","https:\/\/x.com\/CaribXport","https:\/\/www.instagram.com\/caribbeanexport","https:\/\/www.linkedin.com\/company\/caribbeanexport","https:\/\/www.youtube.com\/user\/TheCaribbeanExport"]}]}},"_links":{"self":[{"href":"https:\/\/content.carib-export.com\/fr\/wp-json\/wp\/v2\/opportunities\/377704","targetHints":{"allow":["GET"]}}],"collection":[{"href":"https:\/\/content.carib-export.com\/fr\/wp-json\/wp\/v2\/opportunities"}],"about":[{"href":"https:\/\/content.carib-export.com\/fr\/wp-json\/wp\/v2\/types\/opportunities"}],"author":[{"embeddable":true,"href":"https:\/\/content.carib-export.com\/fr\/wp-json\/wp\/v2\/users\/18"}],"version-history":[{"count":0,"href":"https:\/\/content.carib-export.com\/fr\/wp-json\/wp\/v2\/opportunities\/377704\/revisions"}],"wp:featuredmedia":[{"embeddable":true,"href":"https:\/\/content.carib-export.com\/fr\/wp-json\/wp\/v2\/media\/377693"}],"wp:attachment":[{"href":"https:\/\/content.carib-export.com\/fr\/wp-json\/wp\/v2\/media?parent=377704"}],"wp:term":[{"taxonomy":"post_tag","embeddable":true,"href":"https:\/\/content.carib-export.com\/fr\/wp-json\/wp\/v2\/tags?post=377704"}],"curies":[{"name":"wp","href":"https:\/\/api.w.org\/{rel}","templated":true}]}}