{"id":281303,"date":"2019-10-30T11:58:38","date_gmt":"2019-10-30T15:58:38","guid":{"rendered":"https:\/\/content.carib-export.com\/publications\/impact-study-culture-in-the-cariforum-eu-economic-partnership-agreement-rebalancing-trade-flows-between-europe-and-the-caribbean\/"},"modified":"2022-07-07T13:42:38","modified_gmt":"2022-07-07T17:42:38","slug":"impact-study-culture-in-the-cariforum-eu-economic-partnership-agreement-rebalancing-trade-flows-between-europe-and-the-caribbean","status":"publish","type":"publications","link":"https:\/\/content.carib-export.com\/fr\/publications\/impact-study-culture-in-the-cariforum-eu-economic-partnership-agreement-rebalancing-trade-flows-between-europe-and-the-caribbean\/","title":{"rendered":"\u00c9tude d&rsquo;impact &#8211; La culture dans l&rsquo;accord de partenariat \u00e9conomique CARIFORUM-UE &#8211; R\u00e9\u00e9quilibrer les flux commerciaux entre l&rsquo;Europe et les Cara\u00efbes ?"},"content":{"rendered":"\n<p>Le potentiel de l&rsquo;article 16 pour contribuer \u00e0 des \u00e9changes culturels dynamiques avec des effets durables dans les pays d\u00e9velopp\u00e9s et en d\u00e9veloppement est \u00e9vident, mais sa mise en \u0153uvre et son impact r\u00e9els sur le terrain restent sous-d\u00e9velopp\u00e9s et sous-explor\u00e9s. Cette \u00e9tude men\u00e9e par Mira Burri et Keith Nurse, qui examine l&rsquo;Accord de partenariat \u00e9conomique (APE) conclu en octobre 2008 entre l&rsquo;Union europ\u00e9enne (UE) et les \u00c9tats du CARIFORUM, vise \u00e0 combler cette lacune.<\/p>\n","protected":false},"excerpt":{"rendered":"<p>Le potentiel de l&rsquo;article 16 pour contribuer \u00e0 des \u00e9changes culturels dynamiques avec des effets durables dans les pays d\u00e9velopp\u00e9s et en d\u00e9veloppement est \u00e9vident, mais sa mise en \u0153uvre et son impact r\u00e9els sur le terrain restent sous-d\u00e9velopp\u00e9s et sous-explor\u00e9s. Cette \u00e9tude men\u00e9e par Mira Burri et Keith Nurse, qui examine l&rsquo;Accord de partenariat [&hellip;]<\/p>\n","protected":false},"author":9,"featured_media":248268,"menu_order":0,"template":"","tags":[],"class_list":["post-281303","publications","type-publications","status-publish","has-post-thumbnail","hentry"],"acf":[],"yoast_head":"<!-- This site is optimized with the Yoast SEO plugin v27.1.1 - https:\/\/yoast.com\/product\/yoast-seo-wordpress\/ -->\n<title>de \u00c9tude d&#039;impact - La culture dans l&#039;accord de partenariat \u00e9conomique CARIFORUM-UE - R\u00e9\u00e9quilibrer les flux commerciaux entre l&#039;Europe et les Cara\u00efbes ? - Exportation Cara\u00efbes<\/title>\n<meta name=\"robots\" content=\"index, follow, max-snippet:-1, max-image-preview:large, max-video-preview:-1\" \/>\n<link rel=\"canonical\" href=\"https:\/\/content.carib-export.com\/fr\/publications\/impact-study-culture-in-the-cariforum-eu-economic-partnership-agreement-rebalancing-trade-flows-between-europe-and-the-caribbean\/\" \/>\n<meta property=\"og:locale\" content=\"fr_FR\" \/>\n<meta property=\"og:type\" content=\"article\" \/>\n<meta property=\"og:title\" content=\"\u00c9tude d&#039;impact - La culture dans l&#039;accord de partenariat \u00e9conomique CARIFORUM-UE - R\u00e9\u00e9quilibrer les flux commerciaux entre l&#039;Europe et les Cara\u00efbes ?\" \/>\n<meta property=\"og:description\" content=\"Le potentiel de l&rsquo;article 16 pour contribuer \u00e0 des \u00e9changes culturels dynamiques avec des effets durables dans les pays d\u00e9velopp\u00e9s et en d\u00e9veloppement est \u00e9vident, mais sa mise en \u0153uvre et son impact r\u00e9els sur le terrain restent sous-d\u00e9velopp\u00e9s et sous-explor\u00e9s. Cette \u00e9tude men\u00e9e par Mira Burri et Keith Nurse, qui examine l&rsquo;Accord de partenariat [&hellip;]\" \/>\n<meta property=\"og:url\" content=\"https:\/\/content.carib-export.com\/fr\/publications\/impact-study-culture-in-the-cariforum-eu-economic-partnership-agreement-rebalancing-trade-flows-between-europe-and-the-caribbean\/\" \/>\n<meta property=\"og:site_name\" content=\"Exportation Cara\u00efbes\" \/>\n<meta property=\"article:publisher\" content=\"https:\/\/www.facebook.com\/CaribbeanExport\" \/>\n<meta property=\"article:modified_time\" content=\"2022-07-07T17:42:38+00:00\" \/>\n<meta property=\"og:image\" content=\"https:\/\/content.carib-export.com\/wp-content\/uploads\/2019\/10\/Untitled-design-2.png\" \/>\n<meta name=\"twitter:card\" content=\"summary_large_image\" \/>\n<meta name=\"twitter:title\" content=\"\u00c9tude d&#039;impact - La culture dans l&#039;accord de partenariat \u00e9conomique CARIFORUM-UE - R\u00e9\u00e9quilibrer les flux commerciaux entre l&#039;Europe et les Cara\u00efbes ?\" \/>\n<meta name=\"twitter:image\" content=\"https:\/\/content.carib-export.com\/wp-content\/uploads\/2019\/10\/Untitled-design-2.png\" \/>\n<meta name=\"twitter:site\" content=\"@CaribXport\" \/>\n<script type=\"application\/ld+json\" class=\"yoast-schema-graph\">{\"@context\":\"https:\/\/schema.org\",\"@graph\":[{\"@type\":\"WebPage\",\"@id\":\"https:\/\/content.carib-export.com\/fr\/publications\/impact-study-culture-in-the-cariforum-eu-economic-partnership-agreement-rebalancing-trade-flows-between-europe-and-the-caribbean\/\",\"url\":\"https:\/\/content.carib-export.com\/fr\/publications\/impact-study-culture-in-the-cariforum-eu-economic-partnership-agreement-rebalancing-trade-flows-between-europe-and-the-caribbean\/\",\"name\":\"de \u00c9tude d'impact - La culture dans l'accord de partenariat \u00e9conomique CARIFORUM-UE - R\u00e9\u00e9quilibrer les flux commerciaux entre l'Europe et les Cara\u00efbes ? - Exportation Cara\u00efbes\",\"isPartOf\":{\"@id\":\"https:\/\/content.carib-export.com\/fr\/#website\"},\"primaryImageOfPage\":{\"@id\":\"https:\/\/content.carib-export.com\/fr\/publications\/impact-study-culture-in-the-cariforum-eu-economic-partnership-agreement-rebalancing-trade-flows-between-europe-and-the-caribbean\/#primaryimage\"},\"image\":{\"@id\":\"https:\/\/content.carib-export.com\/fr\/publications\/impact-study-culture-in-the-cariforum-eu-economic-partnership-agreement-rebalancing-trade-flows-between-europe-and-the-caribbean\/#primaryimage\"},\"thumbnailUrl\":\"https:\/\/content.carib-export.com\/wp-content\/uploads\/2019\/10\/Untitled-design-2.png\",\"datePublished\":\"2019-10-30T15:58:38+00:00\",\"dateModified\":\"2022-07-07T17:42:38+00:00\",\"breadcrumb\":{\"@id\":\"https:\/\/content.carib-export.com\/fr\/publications\/impact-study-culture-in-the-cariforum-eu-economic-partnership-agreement-rebalancing-trade-flows-between-europe-and-the-caribbean\/#breadcrumb\"},\"inLanguage\":\"fr-FR\",\"potentialAction\":[{\"@type\":\"ReadAction\",\"target\":[\"https:\/\/content.carib-export.com\/fr\/publications\/impact-study-culture-in-the-cariforum-eu-economic-partnership-agreement-rebalancing-trade-flows-between-europe-and-the-caribbean\/\"]}]},{\"@type\":\"ImageObject\",\"inLanguage\":\"fr-FR\",\"@id\":\"https:\/\/content.carib-export.com\/fr\/publications\/impact-study-culture-in-the-cariforum-eu-economic-partnership-agreement-rebalancing-trade-flows-between-europe-and-the-caribbean\/#primaryimage\",\"url\":\"https:\/\/content.carib-export.com\/wp-content\/uploads\/2019\/10\/Untitled-design-2.png\",\"contentUrl\":\"https:\/\/content.carib-export.com\/wp-content\/uploads\/2019\/10\/Untitled-design-2.png\",\"width\":346,\"height\":346},{\"@type\":\"BreadcrumbList\",\"@id\":\"https:\/\/content.carib-export.com\/fr\/publications\/impact-study-culture-in-the-cariforum-eu-economic-partnership-agreement-rebalancing-trade-flows-between-europe-and-the-caribbean\/#breadcrumb\",\"itemListElement\":[{\"@type\":\"ListItem\",\"position\":1,\"name\":\"Accueil\",\"item\":\"https:\/\/content.carib-export.com\/fr\/home\/\"},{\"@type\":\"ListItem\",\"position\":2,\"name\":\"Publications\",\"item\":\"https:\/\/content.carib-export.com\/fr\/publications\/\"},{\"@type\":\"ListItem\",\"position\":3,\"name\":\"\u00c9tude d'impact - La culture dans l'accord de partenariat \u00e9conomique CARIFORUM-UE - R\u00e9\u00e9quilibrer les flux commerciaux entre l'Europe et les Cara\u00efbes ?\"}]},{\"@type\":\"WebSite\",\"@id\":\"https:\/\/content.carib-export.com\/fr\/#website\",\"url\":\"https:\/\/content.carib-export.com\/fr\/\",\"name\":\"Exportation Cara\u00efbes\",\"description\":\"La seule agence r\u00e9gionale de promotion du commerce et des investissements du groupe Afrique, Cara\u00efbes et Pacifique.\",\"publisher\":{\"@id\":\"https:\/\/content.carib-export.com\/fr\/#organization\"},\"potentialAction\":[{\"@type\":\"SearchAction\",\"target\":{\"@type\":\"EntryPoint\",\"urlTemplate\":\"https:\/\/content.carib-export.com\/fr\/?s={search_term_string}\"},\"query-input\":{\"@type\":\"PropertyValueSpecification\",\"valueRequired\":true,\"valueName\":\"search_term_string\"}}],\"inLanguage\":\"fr-FR\"},{\"@type\":\"Organization\",\"@id\":\"https:\/\/content.carib-export.com\/fr\/#organization\",\"name\":\"Agence carib\u00e9enne de d\u00e9veloppement des exportations\",\"url\":\"https:\/\/content.carib-export.com\/fr\/\",\"logo\":{\"@type\":\"ImageObject\",\"inLanguage\":\"fr-FR\",\"@id\":\"https:\/\/content.carib-export.com\/fr\/#\/schema\/logo\/image\/\",\"url\":\"https:\/\/content.carib-export.com\/wp-content\/uploads\/2013\/03\/CE-Logo-2013.jpg\",\"contentUrl\":\"https:\/\/content.carib-export.com\/wp-content\/uploads\/2013\/03\/CE-Logo-2013.jpg\",\"width\":1024,\"height\":244,\"caption\":\"Agence carib\u00e9enne de d\u00e9veloppement des exportations\"},\"image\":{\"@id\":\"https:\/\/content.carib-export.com\/fr\/#\/schema\/logo\/image\/\"},\"sameAs\":[\"https:\/\/www.facebook.com\/CaribbeanExport\",\"https:\/\/x.com\/CaribXport\",\"https:\/\/www.instagram.com\/caribbeanexport\",\"https:\/\/www.linkedin.com\/company\/caribbeanexport\",\"https:\/\/www.youtube.com\/user\/TheCaribbeanExport\"]}]}<\/script>\n<!-- \/ Yoast SEO plugin. -->","yoast_head_json":{"title":"de \u00c9tude d'impact - La culture dans l'accord de partenariat \u00e9conomique CARIFORUM-UE - R\u00e9\u00e9quilibrer les flux commerciaux entre l'Europe et les Cara\u00efbes ? - Exportation Cara\u00efbes","robots":{"index":"index","follow":"follow","max-snippet":"max-snippet:-1","max-image-preview":"max-image-preview:large","max-video-preview":"max-video-preview:-1"},"canonical":"https:\/\/content.carib-export.com\/fr\/publications\/impact-study-culture-in-the-cariforum-eu-economic-partnership-agreement-rebalancing-trade-flows-between-europe-and-the-caribbean\/","og_locale":"fr_FR","og_type":"article","og_title":"\u00c9tude d'impact - La culture dans l'accord de partenariat \u00e9conomique CARIFORUM-UE - R\u00e9\u00e9quilibrer les flux commerciaux entre l'Europe et les Cara\u00efbes ?","og_description":"Le potentiel de l&rsquo;article 16 pour contribuer \u00e0 des \u00e9changes culturels dynamiques avec des effets durables dans les pays d\u00e9velopp\u00e9s et en d\u00e9veloppement est \u00e9vident, mais sa mise en \u0153uvre et son impact r\u00e9els sur le terrain restent sous-d\u00e9velopp\u00e9s et sous-explor\u00e9s. Cette \u00e9tude men\u00e9e par Mira Burri et Keith Nurse, qui examine l&rsquo;Accord de partenariat [&hellip;]","og_url":"https:\/\/content.carib-export.com\/fr\/publications\/impact-study-culture-in-the-cariforum-eu-economic-partnership-agreement-rebalancing-trade-flows-between-europe-and-the-caribbean\/","og_site_name":"Exportation Cara\u00efbes","article_publisher":"https:\/\/www.facebook.com\/CaribbeanExport","article_modified_time":"2022-07-07T17:42:38+00:00","og_image":[{"url":"https:\/\/content.carib-export.com\/wp-content\/uploads\/2019\/10\/Untitled-design-2.png","type":"","width":"","height":""}],"twitter_card":"summary_large_image","twitter_title":"\u00c9tude d'impact - La culture dans l'accord de partenariat \u00e9conomique CARIFORUM-UE - R\u00e9\u00e9quilibrer les flux commerciaux entre l'Europe et les Cara\u00efbes ?","twitter_image":"https:\/\/content.carib-export.com\/wp-content\/uploads\/2019\/10\/Untitled-design-2.png","twitter_site":"@CaribXport","schema":{"@context":"https:\/\/schema.org","@graph":[{"@type":"WebPage","@id":"https:\/\/content.carib-export.com\/fr\/publications\/impact-study-culture-in-the-cariforum-eu-economic-partnership-agreement-rebalancing-trade-flows-between-europe-and-the-caribbean\/","url":"https:\/\/content.carib-export.com\/fr\/publications\/impact-study-culture-in-the-cariforum-eu-economic-partnership-agreement-rebalancing-trade-flows-between-europe-and-the-caribbean\/","name":"de \u00c9tude d'impact - La culture dans l'accord de partenariat \u00e9conomique CARIFORUM-UE - R\u00e9\u00e9quilibrer les flux commerciaux entre l'Europe et les Cara\u00efbes ? - Exportation Cara\u00efbes","isPartOf":{"@id":"https:\/\/content.carib-export.com\/fr\/#website"},"primaryImageOfPage":{"@id":"https:\/\/content.carib-export.com\/fr\/publications\/impact-study-culture-in-the-cariforum-eu-economic-partnership-agreement-rebalancing-trade-flows-between-europe-and-the-caribbean\/#primaryimage"},"image":{"@id":"https:\/\/content.carib-export.com\/fr\/publications\/impact-study-culture-in-the-cariforum-eu-economic-partnership-agreement-rebalancing-trade-flows-between-europe-and-the-caribbean\/#primaryimage"},"thumbnailUrl":"https:\/\/content.carib-export.com\/wp-content\/uploads\/2019\/10\/Untitled-design-2.png","datePublished":"2019-10-30T15:58:38+00:00","dateModified":"2022-07-07T17:42:38+00:00","breadcrumb":{"@id":"https:\/\/content.carib-export.com\/fr\/publications\/impact-study-culture-in-the-cariforum-eu-economic-partnership-agreement-rebalancing-trade-flows-between-europe-and-the-caribbean\/#breadcrumb"},"inLanguage":"fr-FR","potentialAction":[{"@type":"ReadAction","target":["https:\/\/content.carib-export.com\/fr\/publications\/impact-study-culture-in-the-cariforum-eu-economic-partnership-agreement-rebalancing-trade-flows-between-europe-and-the-caribbean\/"]}]},{"@type":"ImageObject","inLanguage":"fr-FR","@id":"https:\/\/content.carib-export.com\/fr\/publications\/impact-study-culture-in-the-cariforum-eu-economic-partnership-agreement-rebalancing-trade-flows-between-europe-and-the-caribbean\/#primaryimage","url":"https:\/\/content.carib-export.com\/wp-content\/uploads\/2019\/10\/Untitled-design-2.png","contentUrl":"https:\/\/content.carib-export.com\/wp-content\/uploads\/2019\/10\/Untitled-design-2.png","width":346,"height":346},{"@type":"BreadcrumbList","@id":"https:\/\/content.carib-export.com\/fr\/publications\/impact-study-culture-in-the-cariforum-eu-economic-partnership-agreement-rebalancing-trade-flows-between-europe-and-the-caribbean\/#breadcrumb","itemListElement":[{"@type":"ListItem","position":1,"name":"Accueil","item":"https:\/\/content.carib-export.com\/fr\/home\/"},{"@type":"ListItem","position":2,"name":"Publications","item":"https:\/\/content.carib-export.com\/fr\/publications\/"},{"@type":"ListItem","position":3,"name":"\u00c9tude d'impact - La culture dans l'accord de partenariat \u00e9conomique CARIFORUM-UE - R\u00e9\u00e9quilibrer les flux commerciaux entre l'Europe et les Cara\u00efbes ?"}]},{"@type":"WebSite","@id":"https:\/\/content.carib-export.com\/fr\/#website","url":"https:\/\/content.carib-export.com\/fr\/","name":"Exportation Cara\u00efbes","description":"La seule agence r\u00e9gionale de promotion du commerce et des investissements du groupe Afrique, Cara\u00efbes et Pacifique.","publisher":{"@id":"https:\/\/content.carib-export.com\/fr\/#organization"},"potentialAction":[{"@type":"SearchAction","target":{"@type":"EntryPoint","urlTemplate":"https:\/\/content.carib-export.com\/fr\/?s={search_term_string}"},"query-input":{"@type":"PropertyValueSpecification","valueRequired":true,"valueName":"search_term_string"}}],"inLanguage":"fr-FR"},{"@type":"Organization","@id":"https:\/\/content.carib-export.com\/fr\/#organization","name":"Agence carib\u00e9enne de d\u00e9veloppement des exportations","url":"https:\/\/content.carib-export.com\/fr\/","logo":{"@type":"ImageObject","inLanguage":"fr-FR","@id":"https:\/\/content.carib-export.com\/fr\/#\/schema\/logo\/image\/","url":"https:\/\/content.carib-export.com\/wp-content\/uploads\/2013\/03\/CE-Logo-2013.jpg","contentUrl":"https:\/\/content.carib-export.com\/wp-content\/uploads\/2013\/03\/CE-Logo-2013.jpg","width":1024,"height":244,"caption":"Agence carib\u00e9enne de d\u00e9veloppement des exportations"},"image":{"@id":"https:\/\/content.carib-export.com\/fr\/#\/schema\/logo\/image\/"},"sameAs":["https:\/\/www.facebook.com\/CaribbeanExport","https:\/\/x.com\/CaribXport","https:\/\/www.instagram.com\/caribbeanexport","https:\/\/www.linkedin.com\/company\/caribbeanexport","https:\/\/www.youtube.com\/user\/TheCaribbeanExport"]}]}},"_links":{"self":[{"href":"https:\/\/content.carib-export.com\/fr\/wp-json\/wp\/v2\/publications\/281303","targetHints":{"allow":["GET"]}}],"collection":[{"href":"https:\/\/content.carib-export.com\/fr\/wp-json\/wp\/v2\/publications"}],"about":[{"href":"https:\/\/content.carib-export.com\/fr\/wp-json\/wp\/v2\/types\/publications"}],"author":[{"embeddable":true,"href":"https:\/\/content.carib-export.com\/fr\/wp-json\/wp\/v2\/users\/9"}],"version-history":[{"count":0,"href":"https:\/\/content.carib-export.com\/fr\/wp-json\/wp\/v2\/publications\/281303\/revisions"}],"wp:featuredmedia":[{"embeddable":true,"href":"https:\/\/content.carib-export.com\/fr\/wp-json\/wp\/v2\/media\/248268"}],"wp:attachment":[{"href":"https:\/\/content.carib-export.com\/fr\/wp-json\/wp\/v2\/media?parent=281303"}],"wp:term":[{"taxonomy":"post_tag","embeddable":true,"href":"https:\/\/content.carib-export.com\/fr\/wp-json\/wp\/v2\/tags?post=281303"}],"curies":[{"name":"wp","href":"https:\/\/api.w.org\/{rel}","templated":true}]}}