{"id":309042,"date":"2023-03-08T10:17:07","date_gmt":"2023-03-08T14:17:07","guid":{"rendered":"https:\/\/content.carib-export.com\/opportunities\/procurement-industrial-machinery-and-equipment-specifications-for-the-binational-project-to-support-the-essential-oils-and-cosmetics-value-chain\/"},"modified":"2023-03-08T10:24:08","modified_gmt":"2023-03-08T14:24:08","slug":"procurement-industrial-machinery-and-equipment-specifications-for-the-binational-project-to-support-the-essential-oils-and-cosmetics-value-chain","status":"publish","type":"opportunities","link":"https:\/\/content.carib-export.com\/nl\/opportunities\/procurement-industrial-machinery-and-equipment-specifications-for-the-binational-project-to-support-the-essential-oils-and-cosmetics-value-chain\/","title":{"rendered":"Aanbesteding: Specificaties voor industri\u00eble machines en uitrusting voor het BiNationale project ter ondersteuning van de waardeketen van essenti\u00eble oli\u00ebn en cosmetica."},"content":{"rendered":"\n<p>Caribbean Export Development Agency (Caribbean Export) is door de regeringen van de Dominicaanse Republiek, Ha\u00efti en de Europese Unie belast met de uitvoering van het onderdeel &#8220;Handel en particuliere sector&#8221; van het binationaal samenwerkingsprogramma Ha\u00efti-Dominicaanse Republiek, in het kader van het elfde (11e) Europees Ontwikkelingsfonds (EOF) FED\/2018\/399-379. De algemene doelstelling van dit programma is &#8220;de economische en commerci\u00eble samenwerking tussen Ha\u00efti en de Dominicaanse Republiek op duurzame wijze te versterken en initiatieven te ondersteunen die de huidige onevenwichtigheden op lange termijn kunnen verminderen en de armoede kunnen terugdringen&#8221;.<\/p>\n\n<p>In die zin maakt deze oproep tot het indienen van voorstellen deel uit van de activiteiten die met het bedrijf Savons des Iles uit Ha\u00efti zijn overeengekomen in de overeenkomst die met Caribbean Export is ondertekend, om de uitbreiding van hun markt en hun verkoop te ondersteunen.<\/p>\n\n<p>Caribbean Export is op zoek naar geschikte leveranciers in Ha\u00efti om een Proforma in te dienen.<\/p>\n\n<p>De Proforma moet het volgende vermelden:<\/p>\n\n<ol class=\"wp-block-list\">\n<li>Garantietijd<\/li>\n\n\n\n<li>Levertijd<\/li>\n\n\n\n<li>Betalingsvoorwaarden<\/li>\n\n\n\n<li>Detail van de technische specificaties van de apparatuur<\/li>\n\n\n\n<li>Dit omvat de levering van de apparatuur op de locatie van de begunstigde onderneming, de installatie en het opstarten van de apparatuur.<\/li>\n\n\n\n<li>Te betalen bedrag in USD.<\/li>\n<\/ol>\n\n<p>De uiterste datum voor het verzenden van uw Proforma is 20 maart 2023. Bekijk de onderstaande documenten en stuur uw voorstel naar mevrouw Ileana Tejada op het volgende adres: itejada[at]carib-export.com , onder vermelding van &#8220;Equipment for Savos des Iles&#8221;.<\/p>\n\n<p><\/p>\n\n<p><\/p>\n","protected":false},"excerpt":{"rendered":"<p>Caribbean Export Development Agency (Caribbean Export) is door de regeringen van de Dominicaanse Republiek, Ha\u00efti en de Europese Unie belast met de uitvoering van het onderdeel &#8220;Handel en particuliere sector&#8221; van het binationaal samenwerkingsprogramma Ha\u00efti-Dominicaanse Republiek, in het kader van het elfde (11e) Europees Ontwikkelingsfonds (EOF) FED\/2018\/399-379. De algemene doelstelling van dit programma is &#8220;de [&hellip;]<\/p>\n","protected":false},"author":9,"featured_media":309035,"menu_order":0,"template":"","tags":[],"class_list":["post-309042","opportunities","type-opportunities","status-publish","has-post-thumbnail","hentry"],"acf":[],"yoast_head":"<!-- This site is optimized with the Yoast SEO plugin v27.1.1 - https:\/\/yoast.com\/product\/yoast-seo-wordpress\/ -->\n<title>Aanbesteding: Specificaties voor industri\u00eble machines en uitrusting voor het BiNationale project ter ondersteuning van de waardeketen van essenti\u00eble oli\u00ebn en cosmetica. - Caribische Export<\/title>\n<meta name=\"description\" content=\"Caribbean Export is op zoek naar geschikte leveranciers in Ha\u00efti om een Proforma in te dienen voor de levering van industri\u00eble machines voor het BiNational Project to Support the Essential Oils and Cosmetics Value Chain.\" \/>\n<meta name=\"robots\" content=\"index, follow, max-snippet:-1, max-image-preview:large, max-video-preview:-1\" \/>\n<link rel=\"canonical\" href=\"https:\/\/content.carib-export.com\/nl\/opportunities\/procurement-industrial-machinery-and-equipment-specifications-for-the-binational-project-to-support-the-essential-oils-and-cosmetics-value-chain\/\" \/>\n<meta property=\"og:locale\" content=\"nl_NL\" \/>\n<meta property=\"og:type\" content=\"article\" \/>\n<meta property=\"og:title\" content=\"Aanbesteding: Specificaties voor industri\u00eble machines en uitrusting voor het BiNationale project ter ondersteuning van de waardeketen van essenti\u00eble oli\u00ebn en cosmetica.\" \/>\n<meta property=\"og:description\" content=\"Caribbean Export is op zoek naar geschikte leveranciers in Ha\u00efti om een Proforma in te dienen voor de levering van industri\u00eble machines voor het BiNational Project to Support the Essential Oils and Cosmetics Value Chain.\" \/>\n<meta property=\"og:url\" content=\"https:\/\/content.carib-export.com\/nl\/opportunities\/procurement-industrial-machinery-and-equipment-specifications-for-the-binational-project-to-support-the-essential-oils-and-cosmetics-value-chain\/\" \/>\n<meta property=\"og:site_name\" content=\"Caribische Export\" \/>\n<meta property=\"article:publisher\" content=\"https:\/\/www.facebook.com\/CaribbeanExport\" \/>\n<meta property=\"article:modified_time\" content=\"2023-03-08T14:24:08+00:00\" \/>\n<meta property=\"og:image\" content=\"https:\/\/content.carib-export.com\/wp-content\/uploads\/2023\/03\/savon-des-iles-equipment-procurement-image-1024x768.png\" \/>\n<meta name=\"twitter:card\" content=\"summary_large_image\" \/>\n<meta name=\"twitter:title\" content=\"Aanbesteding: Specificaties voor industri\u00eble machines en uitrusting voor het BiNationale project ter ondersteuning van de waardeketen van essenti\u00eble oli\u00ebn en cosmetica.\" \/>\n<meta name=\"twitter:description\" content=\"Caribbean Export is op zoek naar geschikte leveranciers in Ha\u00efti om een Proforma in te dienen voor de levering van industri\u00eble machines voor het BiNational Project to Support the Essential Oils and Cosmetics Value Chain.\" \/>\n<meta name=\"twitter:image\" content=\"https:\/\/content.carib-export.com\/wp-content\/uploads\/2023\/03\/savon-des-iles-equipment-procurement-image-1024x768.png\" \/>\n<meta name=\"twitter:site\" content=\"@CaribXport\" \/>\n<meta name=\"twitter:label1\" content=\"Geschatte leestijd\" \/>\n\t<meta name=\"twitter:data1\" content=\"1 minuut\" \/>\n<script type=\"application\/ld+json\" class=\"yoast-schema-graph\">{\"@context\":\"https:\/\/schema.org\",\"@graph\":[{\"@type\":\"WebPage\",\"@id\":\"https:\/\/content.carib-export.com\/nl\/opportunities\/procurement-industrial-machinery-and-equipment-specifications-for-the-binational-project-to-support-the-essential-oils-and-cosmetics-value-chain\/\",\"url\":\"https:\/\/content.carib-export.com\/nl\/opportunities\/procurement-industrial-machinery-and-equipment-specifications-for-the-binational-project-to-support-the-essential-oils-and-cosmetics-value-chain\/\",\"name\":\"Aanbesteding: Specificaties voor industri\u00eble machines en uitrusting voor het BiNationale project ter ondersteuning van de waardeketen van essenti\u00eble oli\u00ebn en cosmetica. - Caribische Export\",\"isPartOf\":{\"@id\":\"https:\/\/content.carib-export.com\/nl\/#website\"},\"primaryImageOfPage\":{\"@id\":\"https:\/\/content.carib-export.com\/nl\/opportunities\/procurement-industrial-machinery-and-equipment-specifications-for-the-binational-project-to-support-the-essential-oils-and-cosmetics-value-chain\/#primaryimage\"},\"image\":{\"@id\":\"https:\/\/content.carib-export.com\/nl\/opportunities\/procurement-industrial-machinery-and-equipment-specifications-for-the-binational-project-to-support-the-essential-oils-and-cosmetics-value-chain\/#primaryimage\"},\"thumbnailUrl\":\"https:\/\/content.carib-export.com\/wp-content\/uploads\/2023\/03\/savon-des-iles-equipment-procurement-image.png\",\"datePublished\":\"2023-03-08T14:17:07+00:00\",\"dateModified\":\"2023-03-08T14:24:08+00:00\",\"description\":\"Caribbean Export is op zoek naar geschikte leveranciers in Ha\u00efti om een Proforma in te dienen voor de levering van industri\u00eble machines voor het BiNational Project to Support the Essential Oils and Cosmetics Value Chain.\",\"breadcrumb\":{\"@id\":\"https:\/\/content.carib-export.com\/nl\/opportunities\/procurement-industrial-machinery-and-equipment-specifications-for-the-binational-project-to-support-the-essential-oils-and-cosmetics-value-chain\/#breadcrumb\"},\"inLanguage\":\"nl-NL\",\"potentialAction\":[{\"@type\":\"ReadAction\",\"target\":[\"https:\/\/content.carib-export.com\/nl\/opportunities\/procurement-industrial-machinery-and-equipment-specifications-for-the-binational-project-to-support-the-essential-oils-and-cosmetics-value-chain\/\"]}]},{\"@type\":\"ImageObject\",\"inLanguage\":\"nl-NL\",\"@id\":\"https:\/\/content.carib-export.com\/nl\/opportunities\/procurement-industrial-machinery-and-equipment-specifications-for-the-binational-project-to-support-the-essential-oils-and-cosmetics-value-chain\/#primaryimage\",\"url\":\"https:\/\/content.carib-export.com\/wp-content\/uploads\/2023\/03\/savon-des-iles-equipment-procurement-image.png\",\"contentUrl\":\"https:\/\/content.carib-export.com\/wp-content\/uploads\/2023\/03\/savon-des-iles-equipment-procurement-image.png\",\"width\":1500,\"height\":1125},{\"@type\":\"BreadcrumbList\",\"@id\":\"https:\/\/content.carib-export.com\/nl\/opportunities\/procurement-industrial-machinery-and-equipment-specifications-for-the-binational-project-to-support-the-essential-oils-and-cosmetics-value-chain\/#breadcrumb\",\"itemListElement\":[{\"@type\":\"ListItem\",\"position\":1,\"name\":\"Huis\",\"item\":\"https:\/\/content.carib-export.com\/nl\/home\/\"},{\"@type\":\"ListItem\",\"position\":2,\"name\":\"Opportunities\",\"item\":\"https:\/\/content.carib-export.com\/nl\/opportunities\/\"},{\"@type\":\"ListItem\",\"position\":3,\"name\":\"Aanbesteding: Specificaties voor industri\u00eble machines en uitrusting voor het BiNationale project ter ondersteuning van de waardeketen van essenti\u00eble oli\u00ebn en cosmetica.\"}]},{\"@type\":\"WebSite\",\"@id\":\"https:\/\/content.carib-export.com\/nl\/#website\",\"url\":\"https:\/\/content.carib-export.com\/nl\/\",\"name\":\"Caribische Export\",\"description\":\"Het enige regionale bureau voor handels- en investeringsbevordering in de groep in Afrika, het Caribisch gebied en de Stille Oceaan.\",\"publisher\":{\"@id\":\"https:\/\/content.carib-export.com\/nl\/#organization\"},\"potentialAction\":[{\"@type\":\"SearchAction\",\"target\":{\"@type\":\"EntryPoint\",\"urlTemplate\":\"https:\/\/content.carib-export.com\/nl\/?s={search_term_string}\"},\"query-input\":{\"@type\":\"PropertyValueSpecification\",\"valueRequired\":true,\"valueName\":\"search_term_string\"}}],\"inLanguage\":\"nl-NL\"},{\"@type\":\"Organization\",\"@id\":\"https:\/\/content.carib-export.com\/nl\/#organization\",\"name\":\"Caribbean Export Development Agency\",\"url\":\"https:\/\/content.carib-export.com\/nl\/\",\"logo\":{\"@type\":\"ImageObject\",\"inLanguage\":\"nl-NL\",\"@id\":\"https:\/\/content.carib-export.com\/nl\/#\/schema\/logo\/image\/\",\"url\":\"https:\/\/content.carib-export.com\/wp-content\/uploads\/2013\/03\/CE-Logo-2013.jpg\",\"contentUrl\":\"https:\/\/content.carib-export.com\/wp-content\/uploads\/2013\/03\/CE-Logo-2013.jpg\",\"width\":1024,\"height\":244,\"caption\":\"Caribbean Export Development Agency\"},\"image\":{\"@id\":\"https:\/\/content.carib-export.com\/nl\/#\/schema\/logo\/image\/\"},\"sameAs\":[\"https:\/\/www.facebook.com\/CaribbeanExport\",\"https:\/\/x.com\/CaribXport\",\"https:\/\/www.instagram.com\/caribbeanexport\",\"https:\/\/www.linkedin.com\/company\/caribbeanexport\",\"https:\/\/www.youtube.com\/user\/TheCaribbeanExport\"]}]}<\/script>\n<!-- \/ Yoast SEO plugin. -->","yoast_head_json":{"title":"Aanbesteding: Specificaties voor industri\u00eble machines en uitrusting voor het BiNationale project ter ondersteuning van de waardeketen van essenti\u00eble oli\u00ebn en cosmetica. - Caribische Export","description":"Caribbean Export is op zoek naar geschikte leveranciers in Ha\u00efti om een Proforma in te dienen voor de levering van industri\u00eble machines voor het BiNational Project to Support the Essential Oils and Cosmetics Value Chain.","robots":{"index":"index","follow":"follow","max-snippet":"max-snippet:-1","max-image-preview":"max-image-preview:large","max-video-preview":"max-video-preview:-1"},"canonical":"https:\/\/content.carib-export.com\/nl\/opportunities\/procurement-industrial-machinery-and-equipment-specifications-for-the-binational-project-to-support-the-essential-oils-and-cosmetics-value-chain\/","og_locale":"nl_NL","og_type":"article","og_title":"Aanbesteding: Specificaties voor industri\u00eble machines en uitrusting voor het BiNationale project ter ondersteuning van de waardeketen van essenti\u00eble oli\u00ebn en cosmetica.","og_description":"Caribbean Export is op zoek naar geschikte leveranciers in Ha\u00efti om een Proforma in te dienen voor de levering van industri\u00eble machines voor het BiNational Project to Support the Essential Oils and Cosmetics Value Chain.","og_url":"https:\/\/content.carib-export.com\/nl\/opportunities\/procurement-industrial-machinery-and-equipment-specifications-for-the-binational-project-to-support-the-essential-oils-and-cosmetics-value-chain\/","og_site_name":"Caribische Export","article_publisher":"https:\/\/www.facebook.com\/CaribbeanExport","article_modified_time":"2023-03-08T14:24:08+00:00","og_image":[{"url":"https:\/\/content.carib-export.com\/wp-content\/uploads\/2023\/03\/savon-des-iles-equipment-procurement-image-1024x768.png","type":"","width":"","height":""}],"twitter_card":"summary_large_image","twitter_title":"Aanbesteding: Specificaties voor industri\u00eble machines en uitrusting voor het BiNationale project ter ondersteuning van de waardeketen van essenti\u00eble oli\u00ebn en cosmetica.","twitter_description":"Caribbean Export is op zoek naar geschikte leveranciers in Ha\u00efti om een Proforma in te dienen voor de levering van industri\u00eble machines voor het BiNational Project to Support the Essential Oils and Cosmetics Value Chain.","twitter_image":"https:\/\/content.carib-export.com\/wp-content\/uploads\/2023\/03\/savon-des-iles-equipment-procurement-image-1024x768.png","twitter_site":"@CaribXport","twitter_misc":{"Geschatte leestijd":"1 minuut"},"schema":{"@context":"https:\/\/schema.org","@graph":[{"@type":"WebPage","@id":"https:\/\/content.carib-export.com\/nl\/opportunities\/procurement-industrial-machinery-and-equipment-specifications-for-the-binational-project-to-support-the-essential-oils-and-cosmetics-value-chain\/","url":"https:\/\/content.carib-export.com\/nl\/opportunities\/procurement-industrial-machinery-and-equipment-specifications-for-the-binational-project-to-support-the-essential-oils-and-cosmetics-value-chain\/","name":"Aanbesteding: Specificaties voor industri\u00eble machines en uitrusting voor het BiNationale project ter ondersteuning van de waardeketen van essenti\u00eble oli\u00ebn en cosmetica. - Caribische Export","isPartOf":{"@id":"https:\/\/content.carib-export.com\/nl\/#website"},"primaryImageOfPage":{"@id":"https:\/\/content.carib-export.com\/nl\/opportunities\/procurement-industrial-machinery-and-equipment-specifications-for-the-binational-project-to-support-the-essential-oils-and-cosmetics-value-chain\/#primaryimage"},"image":{"@id":"https:\/\/content.carib-export.com\/nl\/opportunities\/procurement-industrial-machinery-and-equipment-specifications-for-the-binational-project-to-support-the-essential-oils-and-cosmetics-value-chain\/#primaryimage"},"thumbnailUrl":"https:\/\/content.carib-export.com\/wp-content\/uploads\/2023\/03\/savon-des-iles-equipment-procurement-image.png","datePublished":"2023-03-08T14:17:07+00:00","dateModified":"2023-03-08T14:24:08+00:00","description":"Caribbean Export is op zoek naar geschikte leveranciers in Ha\u00efti om een Proforma in te dienen voor de levering van industri\u00eble machines voor het BiNational Project to Support the Essential Oils and Cosmetics Value Chain.","breadcrumb":{"@id":"https:\/\/content.carib-export.com\/nl\/opportunities\/procurement-industrial-machinery-and-equipment-specifications-for-the-binational-project-to-support-the-essential-oils-and-cosmetics-value-chain\/#breadcrumb"},"inLanguage":"nl-NL","potentialAction":[{"@type":"ReadAction","target":["https:\/\/content.carib-export.com\/nl\/opportunities\/procurement-industrial-machinery-and-equipment-specifications-for-the-binational-project-to-support-the-essential-oils-and-cosmetics-value-chain\/"]}]},{"@type":"ImageObject","inLanguage":"nl-NL","@id":"https:\/\/content.carib-export.com\/nl\/opportunities\/procurement-industrial-machinery-and-equipment-specifications-for-the-binational-project-to-support-the-essential-oils-and-cosmetics-value-chain\/#primaryimage","url":"https:\/\/content.carib-export.com\/wp-content\/uploads\/2023\/03\/savon-des-iles-equipment-procurement-image.png","contentUrl":"https:\/\/content.carib-export.com\/wp-content\/uploads\/2023\/03\/savon-des-iles-equipment-procurement-image.png","width":1500,"height":1125},{"@type":"BreadcrumbList","@id":"https:\/\/content.carib-export.com\/nl\/opportunities\/procurement-industrial-machinery-and-equipment-specifications-for-the-binational-project-to-support-the-essential-oils-and-cosmetics-value-chain\/#breadcrumb","itemListElement":[{"@type":"ListItem","position":1,"name":"Huis","item":"https:\/\/content.carib-export.com\/nl\/home\/"},{"@type":"ListItem","position":2,"name":"Opportunities","item":"https:\/\/content.carib-export.com\/nl\/opportunities\/"},{"@type":"ListItem","position":3,"name":"Aanbesteding: Specificaties voor industri\u00eble machines en uitrusting voor het BiNationale project ter ondersteuning van de waardeketen van essenti\u00eble oli\u00ebn en cosmetica."}]},{"@type":"WebSite","@id":"https:\/\/content.carib-export.com\/nl\/#website","url":"https:\/\/content.carib-export.com\/nl\/","name":"Caribische Export","description":"Het enige regionale bureau voor handels- en investeringsbevordering in de groep in Afrika, het Caribisch gebied en de Stille Oceaan.","publisher":{"@id":"https:\/\/content.carib-export.com\/nl\/#organization"},"potentialAction":[{"@type":"SearchAction","target":{"@type":"EntryPoint","urlTemplate":"https:\/\/content.carib-export.com\/nl\/?s={search_term_string}"},"query-input":{"@type":"PropertyValueSpecification","valueRequired":true,"valueName":"search_term_string"}}],"inLanguage":"nl-NL"},{"@type":"Organization","@id":"https:\/\/content.carib-export.com\/nl\/#organization","name":"Caribbean Export Development Agency","url":"https:\/\/content.carib-export.com\/nl\/","logo":{"@type":"ImageObject","inLanguage":"nl-NL","@id":"https:\/\/content.carib-export.com\/nl\/#\/schema\/logo\/image\/","url":"https:\/\/content.carib-export.com\/wp-content\/uploads\/2013\/03\/CE-Logo-2013.jpg","contentUrl":"https:\/\/content.carib-export.com\/wp-content\/uploads\/2013\/03\/CE-Logo-2013.jpg","width":1024,"height":244,"caption":"Caribbean Export Development Agency"},"image":{"@id":"https:\/\/content.carib-export.com\/nl\/#\/schema\/logo\/image\/"},"sameAs":["https:\/\/www.facebook.com\/CaribbeanExport","https:\/\/x.com\/CaribXport","https:\/\/www.instagram.com\/caribbeanexport","https:\/\/www.linkedin.com\/company\/caribbeanexport","https:\/\/www.youtube.com\/user\/TheCaribbeanExport"]}]}},"_links":{"self":[{"href":"https:\/\/content.carib-export.com\/nl\/wp-json\/wp\/v2\/opportunities\/309042","targetHints":{"allow":["GET"]}}],"collection":[{"href":"https:\/\/content.carib-export.com\/nl\/wp-json\/wp\/v2\/opportunities"}],"about":[{"href":"https:\/\/content.carib-export.com\/nl\/wp-json\/wp\/v2\/types\/opportunities"}],"author":[{"embeddable":true,"href":"https:\/\/content.carib-export.com\/nl\/wp-json\/wp\/v2\/users\/9"}],"version-history":[{"count":0,"href":"https:\/\/content.carib-export.com\/nl\/wp-json\/wp\/v2\/opportunities\/309042\/revisions"}],"wp:featuredmedia":[{"embeddable":true,"href":"https:\/\/content.carib-export.com\/nl\/wp-json\/wp\/v2\/media\/309035"}],"wp:attachment":[{"href":"https:\/\/content.carib-export.com\/nl\/wp-json\/wp\/v2\/media?parent=309042"}],"wp:term":[{"taxonomy":"post_tag","embeddable":true,"href":"https:\/\/content.carib-export.com\/nl\/wp-json\/wp\/v2\/tags?post=309042"}],"curies":[{"name":"wp","href":"https:\/\/api.w.org\/{rel}","templated":true}]}}